{"id":23615,"date":"2021-04-30T11:37:05","date_gmt":"2021-04-30T09:37:05","guid":{"rendered":"https:\/\/espanoleschool.com\/?page_id=23615"},"modified":"2025-07-08T13:14:13","modified_gmt":"2025-07-08T11:14:13","slug":"cours-espagnol-valence","status":"publish","type":"page","link":"https:\/\/espanoleschool.com\/fr\/cours-espagnol-valence\/","title":{"rendered":"Cours d\u2019espagnol"},"content":{"rendered":"<p>[vc_row full_width=&#8221;stretch_row&#8221; content_placement=&#8221;middle&#8221; el_class=&#8221;cabecera-curso&#8221;][vc_column][vc_column_text]\n\n<div class=\"mybreadcrumb\"> \n    <a href=\"\/\">HOME<\/a> >  TOUS LES COURS<\/div>\n<h1>Cours d\u2019espagnol \u00e0 Valence: le meilleur choix pour apprendre l\u2019espagnol en Espagne<\/h1>\n<p>Cours d\u2019espagnol adapt\u00e9s aux besoins de chaque \u00e9tudiant: que vous recherchiez un cours intensif d\u2019espagnol en Espagne ou un programme personnalis\u00e9, nos cours d\u2019espagnol \u00e0 Valence sont con\u00e7us pour vous. Profitez d\u2019un environnement immersif unique avec des cours d\u2019espagnol en Espagne pour adultes, dispens\u00e9s par des professeurs natifs dans une ville m\u00e9diterran\u00e9enne dynamique et accueillante.<\/p>\n<p><button class=\"botones bot-trans-blanco bot-enlinea-mleft\"><a title=\"CONSULTER LES DATES ET LES PRIX\" href=\"https:\/\/espanoleschool.com\/es\/fechas-precios-curso-espanol\/\">CONSULTER LES DATES ET LES PRIX<\/a><\/button>[\/vc_column_text][\/vc_column][\/vc_row][vc_row][vc_column][\/vc_column][\/vc_row][vc_row content_placement=&#8221;middle&#8221;][vc_column][vc_column_text]<\/p>\n<h2><\/h2>\n<h2 style=\"text-align: center;\">Nos cours les plus populaires<\/h2>\n<p style=\"text-align: center;\">Cours d&#8217;espagnol adapt\u00e9s aux besoins de chaque \u00e9tudiant.<\/p>\n<div class=\"vc_grid vc_row vc_pageable-wrapper vc_hook_hover grid-cursos-rel\" data-vc-pageable-content=\"true\">\n            <div class=\"vc_pageable-slide-wrapper vc_clearfix\" data-vc-grid-content=\"true\">\n        <div class=\" vc_clearfix vc_col-sm-3 vc_grid-item-zone-c-bottom vc_visible-item fadeIn animated\">\n                    <div class=\"vc_grid-item-mini vc_clearfix\">\n                        <div class=\"vc_gitem-animated-block\">\n                            <div class=\"vc_gitem-zone vc_gitem-zone-a vc-gitem-zone-height-mode-auto vc-gitem-zone-height-mode-auto-1-1 vc_gitem-is-link\" style=\"background-image: url('https:\/\/espanoleschool.com\/escuela\/wp-content\/uploads\/2021\/05\/i20150ppi.png') !important;\">\n                                <a href=\"https:\/\/espanoleschool.com\/fr\/cours-intensif20\/\" title=\"Intensif 20\" class=\"vc_gitem-link vc-zone-link\"><\/a>\n                                <img decoding=\"async\" src=\"https:\/\/espanoleschool.com\/escuela\/wp-content\/uploads\/2021\/05\/i20150ppi.png\" class=\"vc_gitem-zone-img\" alt=\"\">\n                                <div class=\"vc_gitem-zone-mini\"><\/div>\n                            <\/div>\n                        <\/div>\n                        <div class=\"vc_gitem-zone vc_gitem-zone-c \">\n                            <div class=\"vc_gitem-zone-mini\">\n                                <div class=\"vc_gitem_row vc_row vc_gitem-row-position-top\">\n                                    <div class=\"vc_col-sm-12 vc_gitem-col vc_gitem-col-align-\">\n                                        <div class=\"vc_custom_heading vc_gitem-post-data vc_gitem-post-data-source-post_title\">\n                                            <h4>Intensif 20<\/h4>\n                                        <\/div>\n                                        <div class=\"vc_custom_heading vc_gitem-post-data vc_gitem-post-data-source-post_excerpt\">\n                                           <div class=\"ancho-50-minigrid\">\n                                                <div id=\"iconMini-classnumber\" class=\"iconMini-izq\">\n                                                    <p>20 cours                                                    \n                                                    <\/p>\n                                                <\/div><\/div>\n                                            <div class=\"ancho-50-minigrid\">\n                                                <div id=\"iconMini-time\" class=\"iconMini-izq\"><p>50'<\/p>\n                                                <\/div><\/div>\n                                            <div class=\"ancho-50-minigrid\"><div id=\"iconMini-level\" class=\"iconMini-izq\"><p>A1 - C2<\/p><\/div><\/div>\n                                            <div class=\"ancho-50-minigrid\"><div id=\"iconMini-people\" class=\"iconMini-izq\"><p>Max 10<\/p><\/div><\/div>\n\n                                        <\/div>\n                                        <div style=\"text-align: center; clear: both;\">\n                                            <a class=\"vc_general btn-grid\" a=\"\" href=\"https:\/\/espanoleschool.com\/fr\/cours-intensif20\/\" title=\"En savoir plus\">Plus d'informations<\/a>\n                                       <\/div>\n                                    <\/div>\n                                <\/div>\n                            <\/div>\n                        <\/div>\n                    <\/div>\n                    <div class=\"vc_clearfix\"><\/div>\n                <\/div>\n\n\n            \n        <div class=\" vc_clearfix vc_col-sm-3 vc_grid-item-zone-c-bottom vc_visible-item fadeIn animated\">\n                    <div class=\"vc_grid-item-mini vc_clearfix\">\n                        <div class=\"vc_gitem-animated-block\">\n                            <div class=\"vc_gitem-zone vc_gitem-zone-a vc-gitem-zone-height-mode-auto vc-gitem-zone-height-mode-auto-1-1 vc_gitem-is-link\" style=\"background-image: url('https:\/\/espanoleschool.com\/escuela\/wp-content\/uploads\/2021\/07\/DELE150ppi.png') !important;\">\n                                <a href=\"https:\/\/espanoleschool.com\/fr\/preparation-examen-dele\/\" title=\"DELE\" class=\"vc_gitem-link vc-zone-link\"><\/a>\n                                <img decoding=\"async\" src=\"https:\/\/espanoleschool.com\/escuela\/wp-content\/uploads\/2021\/07\/DELE150ppi.png\" class=\"vc_gitem-zone-img\" alt=\"\">\n                                <div class=\"vc_gitem-zone-mini\"><\/div>\n                            <\/div>\n                        <\/div>\n                        <div class=\"vc_gitem-zone vc_gitem-zone-c \">\n                            <div class=\"vc_gitem-zone-mini\">\n                                <div class=\"vc_gitem_row vc_row vc_gitem-row-position-top\">\n                                    <div class=\"vc_col-sm-12 vc_gitem-col vc_gitem-col-align-\">\n                                        <div class=\"vc_custom_heading vc_gitem-post-data vc_gitem-post-data-source-post_title\">\n                                            <h4>DELE<\/h4>\n                                        <\/div>\n                                        <div class=\"vc_custom_heading vc_gitem-post-data vc_gitem-post-data-source-post_excerpt\">\n                                           <div class=\"ancho-50-minigrid\">\n                                                <div id=\"iconMini-classnumber\" class=\"iconMini-izq\">\n                                                    <p>20 cours                                                    \n                                                    <\/p>\n                                                <\/div><\/div>\n                                            <div class=\"ancho-50-minigrid\">\n                                                <div id=\"iconMini-time\" class=\"iconMini-izq\"><p>50'<\/p>\n                                                <\/div><\/div>\n                                            <div class=\"ancho-50-minigrid\"><div id=\"iconMini-level\" class=\"iconMini-izq\"><p>A2 - C1<\/p><\/div><\/div>\n                                            <div class=\"ancho-50-minigrid\"><div id=\"iconMini-people\" class=\"iconMini-izq\"><p>Max 10<\/p><\/div><\/div>\n\n                                        <\/div>\n                                        <div style=\"text-align: center; clear: both;\">\n                                            <a class=\"vc_general btn-grid\" a=\"\" href=\"https:\/\/espanoleschool.com\/fr\/preparation-examen-dele\/\" title=\"En savoir plus\">Plus d'informations<\/a>\n                                       <\/div>\n                                    <\/div>\n                                <\/div>\n                            <\/div>\n                        <\/div>\n                    <\/div>\n                    <div class=\"vc_clearfix\"><\/div>\n                <\/div>\n\n\n            \n        <div class=\" vc_clearfix vc_col-sm-3 vc_grid-item-zone-c-bottom vc_visible-item fadeIn animated\">\n                    <div class=\"vc_grid-item-mini vc_clearfix\">\n                        <div class=\"vc_gitem-animated-block\">\n                            <div class=\"vc_gitem-zone vc_gitem-zone-a vc-gitem-zone-height-mode-auto vc-gitem-zone-height-mode-auto-1-1 vc_gitem-is-link\" style=\"background-image: url('https:\/\/espanoleschool.com\/escuela\/wp-content\/uploads\/2021\/07\/english-summer-camp.png') !important;\">\n                                <a href=\"https:\/\/espanoleschool.com\/fr\/summer-camp\/\" title=\"Programmes d\u2019\u00e9t\u00e9 pour adolescents\" class=\"vc_gitem-link vc-zone-link\"><\/a>\n                                <img decoding=\"async\" src=\"https:\/\/espanoleschool.com\/escuela\/wp-content\/uploads\/2021\/07\/english-summer-camp.png\" class=\"vc_gitem-zone-img\" alt=\"\">\n                                <div class=\"vc_gitem-zone-mini\"><\/div>\n                            <\/div>\n                        <\/div>\n                        <div class=\"vc_gitem-zone vc_gitem-zone-c \">\n                            <div class=\"vc_gitem-zone-mini\">\n                                <div class=\"vc_gitem_row vc_row vc_gitem-row-position-top\">\n                                    <div class=\"vc_col-sm-12 vc_gitem-col vc_gitem-col-align-\">\n                                        <div class=\"vc_custom_heading vc_gitem-post-data vc_gitem-post-data-source-post_title\">\n                                            <h4>Programmes d\u2019\u00e9t\u00e9 pour adolescents<\/h4>\n                                        <\/div>\n                                        <div class=\"vc_custom_heading vc_gitem-post-data vc_gitem-post-data-source-post_excerpt\">\n                                           <div class=\"ancho-50-minigrid\">\n                                                <div id=\"iconMini-classnumber\" class=\"iconMini-izq\">\n                                                    <p>20 cours                                                    \n                                                    <\/p>\n                                                <\/div><\/div>\n                                            <div class=\"ancho-50-minigrid\">\n                                                <div id=\"iconMini-time\" class=\"iconMini-izq\"><p>50'<\/p>\n                                                <\/div><\/div>\n                                            <div class=\"ancho-50-minigrid\"><div id=\"iconMini-level\" class=\"iconMini-izq\"><p>A1 - C2<\/p><\/div><\/div>\n                                            <div class=\"ancho-50-minigrid\"><div id=\"iconMini-people\" class=\"iconMini-izq\"><p>12 Max, 8 Moy<\/p><\/div><\/div>\n\n                                        <\/div>\n                                        <div style=\"text-align: center; clear: both;\">\n                                            <a class=\"vc_general btn-grid\" a=\"\" href=\"https:\/\/espanoleschool.com\/fr\/summer-camp\/\" title=\"En savoir plus\">Plus d'informations<\/a>\n                                       <\/div>\n                                    <\/div>\n                                <\/div>\n                            <\/div>\n                        <\/div>\n                    <\/div>\n                    <div class=\"vc_clearfix\"><\/div>\n                <\/div>\n\n\n            \n        <div class=\" vc_clearfix vc_col-sm-3 vc_grid-item-zone-c-bottom vc_visible-item fadeIn animated\">\n                    <div class=\"vc_grid-item-mini vc_clearfix\">\n                        <div class=\"vc_gitem-animated-block\">\n                            <div class=\"vc_gitem-zone vc_gitem-zone-a vc-gitem-zone-height-mode-auto vc-gitem-zone-height-mode-auto-1-1 vc_gitem-is-link\" style=\"background-image: url('https:\/\/espanoleschool.com\/escuela\/wp-content\/uploads\/2021\/07\/university-access.png') !important;\">\n                                <a href=\"https:\/\/espanoleschool.com\/fr\/university-pathway\/\" title=\"Parcours universitaire: programme de pr\u00e9paration \u00e0 l&#8217;universit\u00e9\" class=\"vc_gitem-link vc-zone-link\"><\/a>\n                                <img decoding=\"async\" src=\"https:\/\/espanoleschool.com\/escuela\/wp-content\/uploads\/2021\/07\/university-access.png\" class=\"vc_gitem-zone-img\" alt=\"\">\n                                <div class=\"vc_gitem-zone-mini\"><\/div>\n                            <\/div>\n                        <\/div>\n                        <div class=\"vc_gitem-zone vc_gitem-zone-c \">\n                            <div class=\"vc_gitem-zone-mini\">\n                                <div class=\"vc_gitem_row vc_row vc_gitem-row-position-top\">\n                                    <div class=\"vc_col-sm-12 vc_gitem-col vc_gitem-col-align-\">\n                                        <div class=\"vc_custom_heading vc_gitem-post-data vc_gitem-post-data-source-post_title\">\n                                            <h4>Parcours universitaire: programme de pr\u00e9paration \u00e0 l&#8217;universit\u00e9<\/h4>\n                                        <\/div>\n                                        <div class=\"vc_custom_heading vc_gitem-post-data vc_gitem-post-data-source-post_excerpt\">\n                                           <div class=\"ancho-50-minigrid\">\n                                                <div id=\"iconMini-classnumber\" class=\"iconMini-izq\">\n                                                    <p>20 + tutoriels                                                    \n                                                    <\/p>\n                                                <\/div><\/div>\n                                            <div class=\"ancho-50-minigrid\">\n                                                <div id=\"iconMini-time\" class=\"iconMini-izq\"><p>50'<\/p>\n                                                <\/div><\/div>\n                                            <div class=\"ancho-50-minigrid\"><div id=\"iconMini-level\" class=\"iconMini-izq\"><p>Min. B2<\/p><\/div><\/div>\n                                            <div class=\"ancho-50-minigrid\"><div id=\"iconMini-people\" class=\"iconMini-izq\"><p>Max 10<\/p><\/div><\/div>\n\n                                        <\/div>\n                                        <div style=\"text-align: center; clear: both;\">\n                                            <a class=\"vc_general btn-grid\" a=\"\" href=\"https:\/\/espanoleschool.com\/fr\/university-pathway\/\" title=\"En savoir plus\">Plus d'informations<\/a>\n                                       <\/div>\n                                    <\/div>\n                                <\/div>\n                            <\/div>\n                        <\/div>\n                    <\/div>\n                    <div class=\"vc_clearfix\"><\/div>\n                <\/div>\n\n\n            <\/div>\n        <\/div>[\/vc_column_text][\/vc_column][\/vc_row][vc_row][vc_column]<div class=\"vc_grid vc_row vc_pageable-wrapper vc_hook_hover grid-cursos-rel\" data-vc-pageable-content=\"true\">\n            <div class=\"vc_pageable-slide-wrapper vc_clearfix\" data-vc-grid-content=\"true\">\n        <div class=\" vc_clearfix vc_col-sm-3 vc_grid-item-zone-c-bottom vc_visible-item fadeIn animated\">\n                    <div class=\"vc_grid-item-mini vc_clearfix\">\n                        <div class=\"vc_gitem-animated-block\">\n                            <div class=\"vc_gitem-zone vc_gitem-zone-a vc-gitem-zone-height-mode-auto vc-gitem-zone-height-mode-auto-1-1 vc_gitem-is-link\" style=\"background-image: url('https:\/\/espanoleschool.com\/escuela\/wp-content\/uploads\/2021\/05\/i20150ppi.png') !important;\">\n                                <a href=\"https:\/\/espanoleschool.com\/fr\/cours-intensif20\/\" title=\"Intensif 20\" class=\"vc_gitem-link vc-zone-link\"><\/a>\n                                <img decoding=\"async\" src=\"https:\/\/espanoleschool.com\/escuela\/wp-content\/uploads\/2021\/05\/i20150ppi.png\" class=\"vc_gitem-zone-img\" alt=\"\">\n                                <div class=\"vc_gitem-zone-mini\"><\/div>\n                            <\/div>\n                        <\/div>\n                        <div class=\"vc_gitem-zone vc_gitem-zone-c \">\n                            <div class=\"vc_gitem-zone-mini\">\n                                <div class=\"vc_gitem_row vc_row vc_gitem-row-position-top\">\n                                    <div class=\"vc_col-sm-12 vc_gitem-col vc_gitem-col-align-\">\n                                        <div class=\"vc_custom_heading vc_gitem-post-data vc_gitem-post-data-source-post_title\">\n                                            <h4>Intensif 20<\/h4>\n                                        <\/div>\n                                        <div class=\"vc_custom_heading vc_gitem-post-data vc_gitem-post-data-source-post_excerpt\">\n                                           <div class=\"ancho-50-minigrid\">\n                                                <div id=\"iconMini-classnumber\" class=\"iconMini-izq\">\n                                                    <p>20 cours                                                    \n                                                    <\/p>\n                                                <\/div><\/div>\n                                            <div class=\"ancho-50-minigrid\">\n                                                <div id=\"iconMini-time\" class=\"iconMini-izq\"><p>50'<\/p>\n                                                <\/div><\/div>\n                                            <div class=\"ancho-50-minigrid\"><div id=\"iconMini-level\" class=\"iconMini-izq\"><p>A1 - C2<\/p><\/div><\/div>\n                                            <div class=\"ancho-50-minigrid\"><div id=\"iconMini-people\" class=\"iconMini-izq\"><p>Max 10<\/p><\/div><\/div>\n\n                                        <\/div>\n                                        <div style=\"text-align: center; clear: both;\">\n                                            <a class=\"vc_general btn-grid\" a=\"\" href=\"https:\/\/espanoleschool.com\/fr\/cours-intensif20\/\" title=\"En savoir plus\">Plus d'informations<\/a>\n                                       <\/div>\n                                    <\/div>\n                                <\/div>\n                            <\/div>\n                        <\/div>\n                    <\/div>\n                    <div class=\"vc_clearfix\"><\/div>\n                <\/div>\n\n\n            \n        <div class=\" vc_clearfix vc_col-sm-3 vc_grid-item-zone-c-bottom vc_visible-item fadeIn animated\">\n                    <div class=\"vc_grid-item-mini vc_clearfix\">\n                        <div class=\"vc_gitem-animated-block\">\n                            <div class=\"vc_gitem-zone vc_gitem-zone-a vc-gitem-zone-height-mode-auto vc-gitem-zone-height-mode-auto-1-1 vc_gitem-is-link\" style=\"background-image: url('https:\/\/espanoleschool.com\/escuela\/wp-content\/uploads\/2021\/07\/DELE150ppi.png') !important;\">\n                                <a href=\"https:\/\/espanoleschool.com\/fr\/preparation-examen-dele\/\" title=\"DELE\" class=\"vc_gitem-link vc-zone-link\"><\/a>\n                                <img decoding=\"async\" src=\"https:\/\/espanoleschool.com\/escuela\/wp-content\/uploads\/2021\/07\/DELE150ppi.png\" class=\"vc_gitem-zone-img\" alt=\"\">\n                                <div class=\"vc_gitem-zone-mini\"><\/div>\n                            <\/div>\n                        <\/div>\n                        <div class=\"vc_gitem-zone vc_gitem-zone-c \">\n                            <div class=\"vc_gitem-zone-mini\">\n                                <div class=\"vc_gitem_row vc_row vc_gitem-row-position-top\">\n                                    <div class=\"vc_col-sm-12 vc_gitem-col vc_gitem-col-align-\">\n                                        <div class=\"vc_custom_heading vc_gitem-post-data vc_gitem-post-data-source-post_title\">\n                                            <h4>DELE<\/h4>\n                                        <\/div>\n                                        <div class=\"vc_custom_heading vc_gitem-post-data vc_gitem-post-data-source-post_excerpt\">\n                                           <div class=\"ancho-50-minigrid\">\n                                                <div id=\"iconMini-classnumber\" class=\"iconMini-izq\">\n                                                    <p>20 cours                                                    \n                                                    <\/p>\n                                                <\/div><\/div>\n                                            <div class=\"ancho-50-minigrid\">\n                                                <div id=\"iconMini-time\" class=\"iconMini-izq\"><p>50'<\/p>\n                                                <\/div><\/div>\n                                            <div class=\"ancho-50-minigrid\"><div id=\"iconMini-level\" class=\"iconMini-izq\"><p>A2 - C1<\/p><\/div><\/div>\n                                            <div class=\"ancho-50-minigrid\"><div id=\"iconMini-people\" class=\"iconMini-izq\"><p>Max 10<\/p><\/div><\/div>\n\n                                        <\/div>\n                                        <div style=\"text-align: center; clear: both;\">\n                                            <a class=\"vc_general btn-grid\" a=\"\" href=\"https:\/\/espanoleschool.com\/fr\/preparation-examen-dele\/\" title=\"En savoir plus\">Plus d'informations<\/a>\n                                       <\/div>\n                                    <\/div>\n                                <\/div>\n                            <\/div>\n                        <\/div>\n                    <\/div>\n                    <div class=\"vc_clearfix\"><\/div>\n                <\/div>\n\n\n            \n        <div class=\" vc_clearfix vc_col-sm-3 vc_grid-item-zone-c-bottom vc_visible-item fadeIn animated\">\n                    <div class=\"vc_grid-item-mini vc_clearfix\">\n                        <div class=\"vc_gitem-animated-block\">\n                            <div class=\"vc_gitem-zone vc_gitem-zone-a vc-gitem-zone-height-mode-auto vc-gitem-zone-height-mode-auto-1-1 vc_gitem-is-link\" style=\"background-image: url('https:\/\/espanoleschool.com\/escuela\/wp-content\/uploads\/2021\/07\/english-summer-camp.png') !important;\">\n                                <a href=\"https:\/\/espanoleschool.com\/fr\/summer-camp\/\" title=\"Programmes d\u2019\u00e9t\u00e9 pour adolescents\" class=\"vc_gitem-link vc-zone-link\"><\/a>\n                                <img decoding=\"async\" src=\"https:\/\/espanoleschool.com\/escuela\/wp-content\/uploads\/2021\/07\/english-summer-camp.png\" class=\"vc_gitem-zone-img\" alt=\"\">\n                                <div class=\"vc_gitem-zone-mini\"><\/div>\n                            <\/div>\n                        <\/div>\n                        <div class=\"vc_gitem-zone vc_gitem-zone-c \">\n                            <div class=\"vc_gitem-zone-mini\">\n                                <div class=\"vc_gitem_row vc_row vc_gitem-row-position-top\">\n                                    <div class=\"vc_col-sm-12 vc_gitem-col vc_gitem-col-align-\">\n                                        <div class=\"vc_custom_heading vc_gitem-post-data vc_gitem-post-data-source-post_title\">\n                                            <h4>Programmes d\u2019\u00e9t\u00e9 pour adolescents<\/h4>\n                                        <\/div>\n                                        <div class=\"vc_custom_heading vc_gitem-post-data vc_gitem-post-data-source-post_excerpt\">\n                                           <div class=\"ancho-50-minigrid\">\n                                                <div id=\"iconMini-classnumber\" class=\"iconMini-izq\">\n                                                    <p>20 cours                                                    \n                                                    <\/p>\n                                                <\/div><\/div>\n                                            <div class=\"ancho-50-minigrid\">\n                                                <div id=\"iconMini-time\" class=\"iconMini-izq\"><p>50'<\/p>\n                                                <\/div><\/div>\n                                            <div class=\"ancho-50-minigrid\"><div id=\"iconMini-level\" class=\"iconMini-izq\"><p>A1 - C2<\/p><\/div><\/div>\n                                            <div class=\"ancho-50-minigrid\"><div id=\"iconMini-people\" class=\"iconMini-izq\"><p>12 Max, 8 Moy<\/p><\/div><\/div>\n\n                                        <\/div>\n                                        <div style=\"text-align: center; clear: both;\">\n                                            <a class=\"vc_general btn-grid\" a=\"\" href=\"https:\/\/espanoleschool.com\/fr\/summer-camp\/\" title=\"En savoir plus\">Plus d'informations<\/a>\n                                       <\/div>\n                                    <\/div>\n                                <\/div>\n                            <\/div>\n                        <\/div>\n                    <\/div>\n                    <div class=\"vc_clearfix\"><\/div>\n                <\/div>\n\n\n            <\/div>\n        <\/div>[\/vc_column][\/vc_row][vc_row][vc_column][vc_column_text el_id=&#8221;metodologia-curso-espanol&#8221; el_class=&#8221;anchor-target&#8221;]#[\/vc_column_text]<div class=\"templatera_shortcode\"><div id=\"incluidos-nuestros-cursos\" data-vc-full-width=\"true\" data-vc-full-width-init=\"false\" class=\"vc_row wpb_row vc_row-fluid vc_custom_1622798348123\"><div class=\"wpb_column vc_column_container vc_col-sm-12\"><div class=\"vc_column-inner\"><div class=\"wpb_wrapper\">\n\t<div class=\"wpb_text_column wpb_content_element \" >\n\t\t<div class=\"wpb_wrapper\">\n\t\t\t<h2 style=\"text-align: center;\">La m\u00e9thodologie Espa\u00f1ol\u00e9<\/h2>\n<p style=\"text-align: center;\">Notre objectif est que tu puisses parler espagnol de mani\u00e8re fluide.<br \/>\nEn cours, nos \u00e9tudiants apprennent la langue que les natifs utilisent dans la vie r\u00e9elle, dans leur quotidien et quand ils interagissent entre eux.<\/p>\n\n\t\t<\/div>\n\t<\/div>\n<div class=\"vc_row wpb_row vc_inner vc_row-fluid\"><div class=\"wpb_column vc_column_container vc_col-sm-4\"><div class=\"vc_column-inner\"><div class=\"wpb_wrapper\">\n\t<div class=\"wpb_text_column wpb_content_element \" >\n\t\t<div class=\"wpb_wrapper\">\n\t\t\t<div id=\"icon-language\" class=\"icon-izq\">\n<h3>Un enseignement \u00e0 360\u00b0 en espagnol<\/h3>\n<p>Plongez dans la langue et la culture espagnoles. D\u00e9couvrez l&#8217;usage r\u00e9el de la langue et apprenez \u00e0 vous d\u00e9brouiller en espagnol dans les circonstances de la vie quotidienne d\u00e8s les premiers instants.<\/p>\n<\/div>\n\n\t\t<\/div>\n\t<\/div>\n<\/div><\/div><\/div><div class=\"wpb_column vc_column_container vc_col-sm-4\"><div class=\"vc_column-inner\"><div class=\"wpb_wrapper\">\n\t<div class=\"wpb_text_column wpb_content_element \" >\n\t\t<div class=\"wpb_wrapper\">\n\t\t\t<div id=\"icon-innovation\" class=\"icon-izq\">\n<h3>Une m\u00e9thodologie innovante<\/h3>\n<p>Notre m\u00e9thode combine l&#8217;apprentissage traditionnel de la grammaire avec une approche innovante pour une bonne communication et interaction avec les \u00e9tudiants.<\/p>\n<\/div>\n\n\t\t<\/div>\n\t<\/div>\n<\/div><\/div><\/div><div class=\"wpb_column vc_column_container vc_col-sm-4\"><div class=\"vc_column-inner\"><div class=\"wpb_wrapper\">\n\t<div class=\"wpb_text_column wpb_content_element \" >\n\t\t<div class=\"wpb_wrapper\">\n\t\t\t<div id=\"icon-class\" class=\"icon-izq\">\n<h3>Une grande \u00e9quipe d&#8217;enseignants<\/h3>\n<p>Tous nos enseignants sont hautement qualifi\u00e9s, sp\u00e9cialis\u00e9s et exp\u00e9riment\u00e9s dans l&#8217;enseignement de l&#8217;espagnol.<\/p>\n<\/div>\n\n\t\t<\/div>\n\t<\/div>\n<\/div><\/div><\/div><\/div><div class=\"vc_row wpb_row vc_inner vc_row-fluid\"><div class=\"wpb_column vc_column_container vc_col-sm-4\"><div class=\"vc_column-inner\"><div class=\"wpb_wrapper\">\n\t<div class=\"wpb_text_column wpb_content_element \" >\n\t\t<div class=\"wpb_wrapper\">\n\t\t\t<div id=\"icon-culture\" class=\"icon-izq\">\n<h3>Approche culturelle<\/h3>\n<p>Apr\u00e8s les cours, notre programme culturel propose une grande vari\u00e9t\u00e9 d&#8217;activit\u00e9s pour que vous puissiez pratiquer votre espagnol et d\u00e9couvrir le v\u00e9ritable sens de la vie \u00ab\u00e0 l\u2019espagnole\u00bb.<\/p>\n<\/div>\n\n\t\t<\/div>\n\t<\/div>\n<\/div><\/div><\/div><div class=\"wpb_column vc_column_container vc_col-sm-4\"><div class=\"vc_column-inner\"><div class=\"wpb_wrapper\">\n\t<div class=\"wpb_text_column wpb_content_element \" >\n\t\t<div class=\"wpb_wrapper\">\n\t\t\t<div id=\"icon-certificate\" class=\"icon-izq\">\n<h3>Notre exp\u00e9rience<\/h3>\n<p>Avec de nombreuses ann\u00e9es d&#8217;exp\u00e9rience dans l&#8217;enseignement de l&#8217;espagnol, nous savons comment aider chacun de nos \u00e9tudiants \u00e0 atteindre ses objectifs.<\/p>\n<\/div>\n\n\t\t<\/div>\n\t<\/div>\n<\/div><\/div><\/div><div class=\"wpb_column vc_column_container vc_col-sm-4\"><div class=\"vc_column-inner\"><div class=\"wpb_wrapper\">\n\t<div class=\"wpb_text_column wpb_content_element \" >\n\t\t<div class=\"wpb_wrapper\">\n\t\t\t<div id=\"icon-personal-info\" class=\"icon-izq\">\n<h3>Programme personnalis\u00e9<\/h3>\n<p>Les cours sont con\u00e7us en fonction de vos besoins et vos habitudes d\u2019apprentissage. Nous nous adaptons \u00e0 vous et nous vous guidons \u00e0 travers le programme avec succ\u00e8s.<\/p>\n<\/div>\n\n\t\t<\/div>\n\t<\/div>\n<\/div><\/div><\/div><\/div><\/div><\/div><\/div><\/div><div class=\"vc_row-full-width vc_clearfix\"><\/div>\n<\/div>[\/vc_column][\/vc_row][vc_row full_width=&#8221;stretch_row&#8221; el_class=&#8221;all-courses-container&#8221;][vc_column][vc_column_text]<\/p>\n<h2><\/h2>\n<h2 style=\"text-align: center;\">Tous nos cours<\/h2>\n<p style=\"text-align: center;\">Choisissez votre programme et venez apprendre l&#8217;espagnol avec nous !<\/p>\n<div class=\"all-courses\">\n\t\t<div class=\"course-category\">\n\t\t\t<span class=\"name\">Cours sp\u00e9ciaux<\/span>\n\t\t\t<a href=\"https:\/\/espanoleschool.com\/fr\/cours-particuliers-espagnol\/\" onclick=\"return slide_to(0)\" class=\"course\" data-course-id=\"40744\">Cours particuliers<\/a>\n\t\t\t<a href=\"https:\/\/espanoleschool.com\/fr\/cours-espagnol-cuisine\/\" onclick=\"return slide_to(1)\" class=\"course\" data-course-id=\"14239\">Espagnol et cuisine<\/a>\n\t\t\t<a href=\"https:\/\/espanoleschool.com\/fr\/programme-espagnol-en-famille\/\" onclick=\"return slide_to(2)\" class=\"course\" data-course-id=\"40790\">Programmes pour les familles<\/a>\n\t\t\t<a href=\"https:\/\/espanoleschool.com\/fr\/espagnol-avec-formation-de-pilote\/\" onclick=\"return slide_to(3)\" class=\"course\" data-course-id=\"60649\">Espagnol avec formation de pilote<\/a>\n\t\t\t<a href=\"https:\/\/espanoleschool.com\/fr\/programmes-espagnol-pour-groupes\/\" onclick=\"return slide_to(4)\" class=\"course\" data-course-id=\"40793\">Programmes pour les groupes<\/a>\n\t\t\t<a href=\"https:\/\/espanoleschool.com\/fr\/cours-espagnol-chez-enseignant\/\" onclick=\"return slide_to(5)\" class=\"course\" data-course-id=\"40761\">Espagnol chez l\u2019enseignant<\/a>\n\t\t<\/div>\n\t\t<div class=\"course-category\">\n\t\t\t<span class=\"name\">Cours intensifs d\u2019espagnol en \u00e9t\u00e9<\/span>\n\t\t\t<a href=\"https:\/\/espanoleschool.com\/fr\/cours-intensif20\/\" onclick=\"return slide_to(6)\" class=\"course\" data-course-id=\"40777\">Intensif 20<\/a>\n\t\t\t<a href=\"https:\/\/espanoleschool.com\/fr\/cours-espagnol-voile\/\" onclick=\"return slide_to(7)\" class=\"course\" data-course-id=\"20282\">Espagnol et voile<\/a>\n\t\t\t<a href=\"https:\/\/espanoleschool.com\/fr\/summer-camp\/\" onclick=\"return slide_to(8)\" class=\"course\" data-course-id=\"40799\">Programmes d\u2019\u00e9t\u00e9 pour adolescents<\/a>\n\t\t<\/div>\n\t\t<div class=\"course-category\">\n\t\t\t<span class=\"name\">\u00c9tudier \u00e0 l'universit\u00e9<\/span>\n\t\t\t<a href=\"https:\/\/espanoleschool.com\/fr\/university-pathway\/\" onclick=\"return slide_to(9)\" class=\"course\" data-course-id=\"40807\">Parcours universitaire: programme de pr\u00e9paration \u00e0 l&#8217;universit\u00e9<\/a>\n\t\t<\/div>\n\t\t<div class=\"course-category\">\n\t\t\t<span class=\"name\">Cours d'espagnol intensifs<\/span>\n\t\t\t<a href=\"https:\/\/espanoleschool.com\/fr\/cours-intensif20\/\" onclick=\"return slide_to(10)\" class=\"course\" data-course-id=\"40777\">Intensif 20<\/a>\n\t\t\t<a href=\"https:\/\/espanoleschool.com\/fr\/cours-intensif25\/\" onclick=\"return slide_to(11)\" class=\"course\" data-course-id=\"40780\">Intensif 25 et 30<\/a>\n\t\t\t<a href=\"https:\/\/espanoleschool.com\/fr\/cours-intensifs-plus\/\" onclick=\"return slide_to(12)\" class=\"course\" data-course-id=\"40783\">Intensif Plus<\/a>\n\t\t\t<a href=\"https:\/\/espanoleschool.com\/fr\/cours-superintensif\/\" onclick=\"return slide_to(13)\" class=\"course\" data-course-id=\"40804\">Super Intensif<\/a>\n\t\t<\/div>\n\t\t<div class=\"course-category\">\n\t\t\t<span class=\"name\">Formation d\u2019enseignants<\/span>\n\t\t\t<a href=\"https:\/\/espanoleschool.com\/fr\/formation-enseignants-espagnol-natifs\/\" onclick=\"return slide_to(14)\" class=\"course\" data-course-id=\"40774\">Formation des enseignants ELE<\/a>\n\t\t<\/div>\n\t\t<div class=\"course-category\">\n\t\t\t<span class=\"name\">Pr\u00e9paration aux examens<\/span>\n\t\t\t<a href=\"https:\/\/espanoleschool.com\/fr\/preparation-examen-dele\/\" onclick=\"return slide_to(15)\" class=\"course\" data-course-id=\"40755\">DELE<\/a>\n\t\t\t<a href=\"https:\/\/espanoleschool.com\/fr\/preparation-examen-siele\/\" onclick=\"return slide_to(16)\" class=\"course\" data-course-id=\"40796\">SIELE<\/a>\n\t\t<\/div>\n\t\t<div class=\"course-category\">\n\t\t\t<span class=\"name\">Travailler et \u00e9tudier<\/span>\n\t\t\t<a href=\"https:\/\/espanoleschool.com\/fr\/stages-entreprise-espagne\/\" onclick=\"return slide_to(17)\" class=\"course\" data-course-id=\"40787\">Stages<\/a>\n\t\t\t<a href=\"https:\/\/espanoleschool.com\/fr\/demi-pair-valence\/\" onclick=\"return slide_to(18)\" class=\"course\" data-course-id=\"40758\">Demipair<\/a>\n\t\t\t<a href=\"https:\/\/espanoleschool.com\/fr\/benevolat-espagnol\/\" onclick=\"return slide_to(19)\" class=\"course\" data-course-id=\"40813\">B\u00e9n\u00e9volat<\/a>\n\t\t<\/div>\n<\/div>\n\n<div class=\"swiper-container swiper-all-courses\">\n\t\t<div class=\"swiper-wrapper\">\n\t\t\t<div class=\"swiper-slide\">\n\t\t\t\n\n    <div class=\" vc_clearfix vc_grid-item-zone-c-bottom vc_visible-item fadeIn animated curso-horizontal\">\n        <div class=\" vc_clearfix\">\n            <div class=\"vc_gitem-animated-block vc_col-sm-12 vc_col-md-3\">\n                <div class=\"vc_gitem-zone vc_gitem-zone-a vc-gitem-zone-height-mode-auto vc-gitem-zone-height-mode-auto-1-1 vc_gitem-is-link\" style=\"background-image: url('https:\/\/espanoleschool.com\/escuela\/wp-content\/uploads\/2021\/07\/one-to-one150ppi.png') !important;\">\n                        <a href=\"https:\/\/espanoleschool.com\/fr\/cours-particuliers-espagnol\/\" title=\"Cours particuliers\"   class=\"vc_gitem-link vc-zone-link\"><\/a>\n                                <img decoding=\"async\" src=\"https:\/\/espanoleschool.com\/escuela\/wp-content\/uploads\/2021\/07\/one-to-one150ppi.png\" class=\"vc_gitem-zone-img\" alt=\"\">\n                        <div class=\"vc_gitem-zone-mini\"><\/div>\n                <\/div>\n            <\/div>\n            <div class=\"vc_gitem-zone vc_gitem-zone-c vc_col-sm-12 vc_col-md-9 \">\n                <div class=\"vc_gitem-zone-mini\">\n                    <div class=\"vc_gitem_row vc_row vc_gitem-row-position-top\">\n                        <div class=\"vc_col-sm-12 vc_gitem-col vc_gitem-col-align-\">\n                            <div class=\"vc_custom_heading vc_gitem-post-data vc_gitem-post-data-source-post_title\">\n                                <h3 class=\"title\">Cours particuliers<\/h3><p>Si vous souhaitez une formation personnalis\u00e9e pour travailler sur les aspects de la langue sur lesquels vous avez besoin d\u2019am\u00e9lioration, les cours particuliers sont faits pour vous. Adapt\u00e9s \u00e0 tous les niveaux, ils sont con\u00e7us pour pratiquer l&#8217;espagnol d\u00e8s la premi\u00e8re minute.<br \/>\nIls sont aussi disponibles en ligne ! Consultez-nous !<\/p>\n                            <\/div>\n                                <div class=\"vc_custom_heading vc_gitem-post-data vc_gitem-post-data-source-post_excerpt vc_nopadleft\">\n                                           <div class=\"vc_col-xs-6 vc_col-md-3\">\n                                                <div id=\"iconMini-classnumber\" class=\"iconMini-izq\">\n                                                    <p>\u00c0 partir de 1                                                    <\/p>\n                                                <\/div><\/div>\n                                            <div class=\"vc_col-xs-6 vc_col-md-3\">\n                                                <div id=\"iconMini-time\" class=\"iconMini-izq\"><p>50'<\/p>\n                                                <\/div><\/div>\n                                            <div class=\"vc_col-xs-6 vc_col-md-3\"><div id=\"iconMini-level\" class=\"iconMini-izq\"><p>A1 au C2<\/p><\/div><\/div>\n                                            <div class=\"vc_col-xs-6 vc_col-md-3\"><div id=\"iconMini-people\" class=\"iconMini-izq\"><p>1<\/p><\/div><\/div>\n\n                                        <\/div>\n                                        <div class=\"course-actions\">\n                                            <a href=\"https:\/\/espanoleschool.com\/es\/presupuesto-clases-espanol\/\" title=\"Demande de devis\" class=\"vc_general btn-grid botones bot-rojo\">Demande de devis<\/a>\n                                            <a href=\"https:\/\/espanoleschool.com\/fr\/cours-particuliers-espagnol\/\" title=\"En savoir plus\" class=\"vc_general btn-grid botones bot-trans-azul\">En savoir plus<\/a>\n                                       <\/div>\n                                    <\/div>\n                                <\/div>\n                            <\/div>\n                        <\/div>\n                    <\/div>\n                    <div class=\"vc_clearfix\"><\/div>\n                <\/div>\n\n\t\t\t<\/div>\n\t\t\t<div class=\"swiper-slide\">\n\t\t\t\n\n    <div class=\" vc_clearfix vc_grid-item-zone-c-bottom vc_visible-item fadeIn animated curso-horizontal\">\n        <div class=\" vc_clearfix\">\n            <div class=\"vc_gitem-animated-block vc_col-sm-12 vc_col-md-3\">\n                <div class=\"vc_gitem-zone vc_gitem-zone-a vc-gitem-zone-height-mode-auto vc-gitem-zone-height-mode-auto-1-1 vc_gitem-is-link\" style=\"background-image: url('https:\/\/espanoleschool.com\/escuela\/wp-content\/uploads\/2021\/07\/spanish-and-cooking150ppi.png') !important;\">\n                        <a href=\"https:\/\/espanoleschool.com\/fr\/cours-espagnol-cuisine\/\" title=\"Espagnol et cuisine\"   class=\"vc_gitem-link vc-zone-link\"><\/a>\n                                <img decoding=\"async\" src=\"https:\/\/espanoleschool.com\/escuela\/wp-content\/uploads\/2021\/07\/spanish-and-cooking150ppi.png\" class=\"vc_gitem-zone-img\" alt=\"\">\n                        <div class=\"vc_gitem-zone-mini\"><\/div>\n                <\/div>\n            <\/div>\n            <div class=\"vc_gitem-zone vc_gitem-zone-c vc_col-sm-12 vc_col-md-9 \">\n                <div class=\"vc_gitem-zone-mini\">\n                    <div class=\"vc_gitem_row vc_row vc_gitem-row-position-top\">\n                        <div class=\"vc_col-sm-12 vc_gitem-col vc_gitem-col-align-\">\n                            <div class=\"vc_custom_heading vc_gitem-post-data vc_gitem-post-data-source-post_title\">\n                                <h3 class=\"title\">Espagnol et cuisine<\/h3><p>La gastronomie espagnole, avec ses tapas, ses plats uniques comme la paella, ses desserts et ses produits gourmets comme le jambon, est l&#8217;une des plus repr\u00e9sentatives de la cuisine m\u00e9diterran\u00e9enne : fra\u00eeche, saine, d\u00e9licieuse, riche en fruits et l\u00e9gumes frais et, bien s\u00fbr, avec l&#8217;huile d&#8217;olive comme ingr\u00e9dient principal. Vous souhaitez la d\u00e9couvrir davantage ?<\/p>\n                            <\/div>\n                                <div class=\"vc_custom_heading vc_gitem-post-data vc_gitem-post-data-source-post_excerpt vc_nopadleft\">\n                                           <div class=\"vc_col-xs-6 vc_col-md-3\">\n                                                <div id=\"iconMini-classnumber\" class=\"iconMini-izq\">\n                                                    <p>6 cours                                                    <\/p>\n                                                <\/div><\/div>\n                                            <div class=\"vc_col-xs-6 vc_col-md-3\">\n                                                <div id=\"iconMini-time\" class=\"iconMini-izq\"><p>50'<\/p>\n                                                <\/div><\/div>\n                                            <div class=\"vc_col-xs-6 vc_col-md-3\"><div id=\"iconMini-people\" class=\"iconMini-izq\"><p>Max 5<\/p><\/div><\/div>\n\n                                        <\/div>\n                                        <div class=\"course-actions\">\n                                            <a href=\"https:\/\/espanoleschool.com\/es\/presupuesto-clases-espanol\/\" title=\"Demande de devis\" class=\"vc_general btn-grid botones bot-rojo\">Demande de devis<\/a>\n                                            <a href=\"https:\/\/espanoleschool.com\/fr\/cours-espagnol-cuisine\/\" title=\"En savoir plus\" class=\"vc_general btn-grid botones bot-trans-azul\">En savoir plus<\/a>\n                                       <\/div>\n                                    <\/div>\n                                <\/div>\n                            <\/div>\n                        <\/div>\n                    <\/div>\n                    <div class=\"vc_clearfix\"><\/div>\n                <\/div>\n\n\t\t\t<\/div>\n\t\t\t<div class=\"swiper-slide\">\n\t\t\t\n\n    <div class=\" vc_clearfix vc_grid-item-zone-c-bottom vc_visible-item fadeIn animated curso-horizontal\">\n        <div class=\" vc_clearfix\">\n            <div class=\"vc_gitem-animated-block vc_col-sm-12 vc_col-md-3\">\n                <div class=\"vc_gitem-zone vc_gitem-zone-a vc-gitem-zone-height-mode-auto vc-gitem-zone-height-mode-auto-1-1 vc_gitem-is-link\" style=\"background-image: url('https:\/\/espanoleschool.com\/escuela\/wp-content\/uploads\/2021\/07\/family-programmes150ppi.png') !important;\">\n                        <a href=\"https:\/\/espanoleschool.com\/fr\/programme-espagnol-en-famille\/\" title=\"Programmes pour les familles\"   class=\"vc_gitem-link vc-zone-link\"><\/a>\n                                <img decoding=\"async\" src=\"https:\/\/espanoleschool.com\/escuela\/wp-content\/uploads\/2021\/07\/family-programmes150ppi.png\" class=\"vc_gitem-zone-img\" alt=\"\">\n                        <div class=\"vc_gitem-zone-mini\"><\/div>\n                <\/div>\n            <\/div>\n            <div class=\"vc_gitem-zone vc_gitem-zone-c vc_col-sm-12 vc_col-md-9 \">\n                <div class=\"vc_gitem-zone-mini\">\n                    <div class=\"vc_gitem_row vc_row vc_gitem-row-position-top\">\n                        <div class=\"vc_col-sm-12 vc_gitem-col vc_gitem-col-align-\">\n                            <div class=\"vc_custom_heading vc_gitem-post-data vc_gitem-post-data-source-post_title\">\n                                <h3 class=\"title\">Programmes pour les familles<\/h3><p>Envie de faire quelque chose de diff\u00e9rent pour passer les vacances en famille ? D\u00e9couvrez la culture et le style de vie en Espagne, apprenez l&#8217;espagnol et profitez du soleil, de la plage, de notre d\u00e9licieuse cuisine&#8230; Avec le programme d&#8217;espagnol pour les familles, vous transformerez vos vacances en une exp\u00e9rience inoubliable. Trouv\u00e9!<\/p>\n                            <\/div>\n                                <div class=\"vc_custom_heading vc_gitem-post-data vc_gitem-post-data-source-post_excerpt vc_nopadleft\">\n                                           <div class=\"vc_col-xs-6 vc_col-md-3\">\n                                                <div id=\"iconMini-classnumber\" class=\"iconMini-izq\">\n                                                    <p>20 cours                                                    <\/p>\n                                                <\/div><\/div>\n                                            <div class=\"vc_col-xs-6 vc_col-md-3\">\n                                                <div id=\"iconMini-time\" class=\"iconMini-izq\"><p>50'<\/p>\n                                                <\/div><\/div>\n                                            <div class=\"vc_col-xs-6 vc_col-md-3\"><div id=\"iconMini-level\" class=\"iconMini-izq\"><p>A1 au C2<\/p><\/div><\/div>\n                                            <div class=\"vc_col-xs-6 vc_col-md-3\"><div id=\"iconMini-people\" class=\"iconMini-izq\"><p>10 Max<\/p><\/div><\/div>\n\n                                        <\/div>\n                                        <div class=\"course-actions\">\n                                            <a href=\"https:\/\/espanoleschool.com\/es\/presupuesto-clases-espanol\/\" title=\"Demande de devis\" class=\"vc_general btn-grid botones bot-rojo\">Demande de devis<\/a>\n                                            <a href=\"https:\/\/espanoleschool.com\/fr\/programme-espagnol-en-famille\/\" title=\"En savoir plus\" class=\"vc_general btn-grid botones bot-trans-azul\">En savoir plus<\/a>\n                                       <\/div>\n                                    <\/div>\n                                <\/div>\n                            <\/div>\n                        <\/div>\n                    <\/div>\n                    <div class=\"vc_clearfix\"><\/div>\n                <\/div>\n\n\t\t\t<\/div>\n\t\t\t<div class=\"swiper-slide\">\n\t\t\t\n\n    <div class=\" vc_clearfix vc_grid-item-zone-c-bottom vc_visible-item fadeIn animated curso-horizontal\">\n        <div class=\" vc_clearfix\">\n            <div class=\"vc_gitem-animated-block vc_col-sm-12 vc_col-md-3\">\n                <div class=\"vc_gitem-zone vc_gitem-zone-a vc-gitem-zone-height-mode-auto vc-gitem-zone-height-mode-auto-1-1 vc_gitem-is-link\" style=\"background-image: url('https:\/\/espanoleschool.com\/escuela\/wp-content\/uploads\/2021\/07\/flight_training.png') !important;\">\n                        <a href=\"https:\/\/espanoleschool.com\/fr\/espagnol-avec-formation-de-pilote\/\" title=\"Espagnol avec formation de pilote\"   class=\"vc_gitem-link vc-zone-link\"><\/a>\n                                <img decoding=\"async\" src=\"https:\/\/espanoleschool.com\/escuela\/wp-content\/uploads\/2021\/07\/flight_training.png\" class=\"vc_gitem-zone-img\" alt=\"\">\n                        <div class=\"vc_gitem-zone-mini\"><\/div>\n                <\/div>\n            <\/div>\n            <div class=\"vc_gitem-zone vc_gitem-zone-c vc_col-sm-12 vc_col-md-9 \">\n                <div class=\"vc_gitem-zone-mini\">\n                    <div class=\"vc_gitem_row vc_row vc_gitem-row-position-top\">\n                        <div class=\"vc_col-sm-12 vc_gitem-col vc_gitem-col-align-\">\n                            <div class=\"vc_custom_heading vc_gitem-post-data vc_gitem-post-data-source-post_title\">\n                                <h3 class=\"title\">Espagnol avec formation de pilote<\/h3><p>Souhaitez-vous devenir pilote ? Le programme Espagnol avec formation de vol combine l\u2019apprentissage de l\u2019espagnol avec la formation ATPL, en offrant une immersion culturelle et des qualifications professionnelles en aviation, <\/p>\n                            <\/div>\n                                <div class=\"vc_custom_heading vc_gitem-post-data vc_gitem-post-data-source-post_excerpt vc_nopadleft\">\n                                        <\/div>\n                                        <div class=\"course-actions\">\n                                            <a href=\"https:\/\/espanoleschool.com\/es\/presupuesto-clases-espanol\/\" title=\"Demande de devis\" class=\"vc_general btn-grid botones bot-rojo\">Demande de devis<\/a>\n                                            <a href=\"https:\/\/espanoleschool.com\/fr\/espagnol-avec-formation-de-pilote\/\" title=\"En savoir plus\" class=\"vc_general btn-grid botones bot-trans-azul\">En savoir plus<\/a>\n                                       <\/div>\n                                    <\/div>\n                                <\/div>\n                            <\/div>\n                        <\/div>\n                    <\/div>\n                    <div class=\"vc_clearfix\"><\/div>\n                <\/div>\n\n\t\t\t<\/div>\n\t\t\t<div class=\"swiper-slide\">\n\t\t\t\n\n    <div class=\" vc_clearfix vc_grid-item-zone-c-bottom vc_visible-item fadeIn animated curso-horizontal\">\n        <div class=\" vc_clearfix\">\n            <div class=\"vc_gitem-animated-block vc_col-sm-12 vc_col-md-3\">\n                <div class=\"vc_gitem-zone vc_gitem-zone-a vc-gitem-zone-height-mode-auto vc-gitem-zone-height-mode-auto-1-1 vc_gitem-is-link\" style=\"background-image: url('https:\/\/espanoleschool.com\/escuela\/wp-content\/uploads\/2021\/07\/group-programmes150ppi.png') !important;\">\n                        <a href=\"https:\/\/espanoleschool.com\/fr\/programmes-espagnol-pour-groupes\/\" title=\"Programmes pour les groupes\"   class=\"vc_gitem-link vc-zone-link\"><\/a>\n                                <img decoding=\"async\" src=\"https:\/\/espanoleschool.com\/escuela\/wp-content\/uploads\/2021\/07\/group-programmes150ppi.png\" class=\"vc_gitem-zone-img\" alt=\"\">\n                        <div class=\"vc_gitem-zone-mini\"><\/div>\n                <\/div>\n            <\/div>\n            <div class=\"vc_gitem-zone vc_gitem-zone-c vc_col-sm-12 vc_col-md-9 \">\n                <div class=\"vc_gitem-zone-mini\">\n                    <div class=\"vc_gitem_row vc_row vc_gitem-row-position-top\">\n                        <div class=\"vc_col-sm-12 vc_gitem-col vc_gitem-col-align-\">\n                            <div class=\"vc_custom_heading vc_gitem-post-data vc_gitem-post-data-source-post_title\">\n                                <h3 class=\"title\">Programmes pour les groupes<\/h3><p>Nous concevons des programmes sur mesure pour des groupes d&#8217;\u00e9tudiants. Si vous \u00eates professeur d&#8217;espagnol, venez avec vos \u00e9l\u00e8ves \u00e0 Valence. Nous vous offrons une exp\u00e9rience culturelle qui combine des cours d&#8217;espagnol avec une grande vari\u00e9t\u00e9 d&#8217;excursions et d&#8217;activit\u00e9s au choix. Un grand coup de pouce pour l&#8217;apprentissage de vos \u00e9l\u00e8ves.<\/p>\n                            <\/div>\n                                <div class=\"vc_custom_heading vc_gitem-post-data vc_gitem-post-data-source-post_excerpt vc_nopadleft\">\n                                           <div class=\"vc_col-xs-6 vc_col-md-3\">\n                                                <div id=\"iconMini-classnumber\" class=\"iconMini-izq\">\n                                                    <p>\u00c0 partir de 10                                                    <\/p>\n                                                <\/div><\/div>\n                                            <div class=\"vc_col-xs-6 vc_col-md-3\">\n                                                <div id=\"iconMini-time\" class=\"iconMini-izq\"><p>50'<\/p>\n                                                <\/div><\/div>\n                                            <div class=\"vc_col-xs-6 vc_col-md-3\"><div id=\"iconMini-level\" class=\"iconMini-izq\"><p>A1 au C2<\/p><\/div><\/div>\n                                        <\/div>\n                                        <div class=\"course-actions\">\n                                            <a href=\"https:\/\/espanoleschool.com\/es\/presupuesto-clases-espanol\/\" title=\"Demande de devis\" class=\"vc_general btn-grid botones bot-rojo\">Demande de devis<\/a>\n                                            <a href=\"https:\/\/espanoleschool.com\/fr\/programmes-espagnol-pour-groupes\/\" title=\"En savoir plus\" class=\"vc_general btn-grid botones bot-trans-azul\">En savoir plus<\/a>\n                                       <\/div>\n                                    <\/div>\n                                <\/div>\n                            <\/div>\n                        <\/div>\n                    <\/div>\n                    <div class=\"vc_clearfix\"><\/div>\n                <\/div>\n\n\t\t\t<\/div>\n\t\t\t<div class=\"swiper-slide\">\n\t\t\t\n\n    <div class=\" vc_clearfix vc_grid-item-zone-c-bottom vc_visible-item fadeIn animated curso-horizontal\">\n        <div class=\" vc_clearfix\">\n            <div class=\"vc_gitem-animated-block vc_col-sm-12 vc_col-md-3\">\n                <div class=\"vc_gitem-zone vc_gitem-zone-a vc-gitem-zone-height-mode-auto vc-gitem-zone-height-mode-auto-1-1 vc_gitem-is-link\" style=\"background-image: url('https:\/\/espanoleschool.com\/escuela\/wp-content\/uploads\/2021\/07\/casa-con-profesor150ppi.png') !important;\">\n                        <a href=\"https:\/\/espanoleschool.com\/fr\/cours-espagnol-chez-enseignant\/\" title=\"Espagnol chez l\u2019enseignant\"   class=\"vc_gitem-link vc-zone-link\"><\/a>\n                                <img decoding=\"async\" src=\"https:\/\/espanoleschool.com\/escuela\/wp-content\/uploads\/2021\/07\/casa-con-profesor150ppi.png\" class=\"vc_gitem-zone-img\" alt=\"\">\n                        <div class=\"vc_gitem-zone-mini\"><\/div>\n                <\/div>\n            <\/div>\n            <div class=\"vc_gitem-zone vc_gitem-zone-c vc_col-sm-12 vc_col-md-9 \">\n                <div class=\"vc_gitem-zone-mini\">\n                    <div class=\"vc_gitem_row vc_row vc_gitem-row-position-top\">\n                        <div class=\"vc_col-sm-12 vc_gitem-col vc_gitem-col-align-\">\n                            <div class=\"vc_custom_heading vc_gitem-post-data vc_gitem-post-data-source-post_title\">\n                                <h3 class=\"title\">Espagnol chez l\u2019enseignant<\/h3><p>Le programme de formation chez l\u2019enseignant est sp\u00e9cialement con\u00e7u pour les \u00e9tudiants qui souhaitent obtenir d&#8217;excellents r\u00e9sultats dans l&#8217;apprentissage de l&#8217;espagnol en peu de temps et qui veulent vivre l&#8217;exp\u00e9rience d\u2019habiter dans une famille espagnole. \u00cates-vous l&#8217;un d&#8217;entre eux ? Lisez la suite !<\/p>\n                            <\/div>\n                                <div class=\"vc_custom_heading vc_gitem-post-data vc_gitem-post-data-source-post_excerpt vc_nopadleft\">\n                                           <div class=\"vc_col-xs-6 vc_col-md-3\">\n                                                <div id=\"iconMini-classnumber\" class=\"iconMini-izq\">\n                                                    <p>15 cours                                                    <\/p>\n                                                <\/div><\/div>\n                                            <div class=\"vc_col-xs-6 vc_col-md-3\">\n                                                <div id=\"iconMini-time\" class=\"iconMini-izq\"><p>50'<\/p>\n                                                <\/div><\/div>\n                                            <div class=\"vc_col-xs-6 vc_col-md-3\"><div id=\"iconMini-level\" class=\"iconMini-izq\"><p>A1 - C1<\/p><\/div><\/div>\n                                            <div class=\"vc_col-xs-6 vc_col-md-3\"><div id=\"iconMini-people\" class=\"iconMini-izq\"><p>1 ou 2<\/p><\/div><\/div>\n\n                                        <\/div>\n                                        <div class=\"course-actions\">\n                                            <a href=\"https:\/\/espanoleschool.com\/es\/presupuesto-clases-espanol\/\" title=\"Demande de devis\" class=\"vc_general btn-grid botones bot-rojo\">Demande de devis<\/a>\n                                            <a href=\"https:\/\/espanoleschool.com\/fr\/cours-espagnol-chez-enseignant\/\" title=\"En savoir plus\" class=\"vc_general btn-grid botones bot-trans-azul\">En savoir plus<\/a>\n                                       <\/div>\n                                    <\/div>\n                                <\/div>\n                            <\/div>\n                        <\/div>\n                    <\/div>\n                    <div class=\"vc_clearfix\"><\/div>\n                <\/div>\n\n\t\t\t<\/div>\n\t\t\t<div class=\"swiper-slide\">\n\t\t\t\n\n    <div class=\" vc_clearfix vc_grid-item-zone-c-bottom vc_visible-item fadeIn animated curso-horizontal\">\n        <div class=\" vc_clearfix\">\n            <div class=\"vc_gitem-animated-block vc_col-sm-12 vc_col-md-3\">\n                <div class=\"vc_gitem-zone vc_gitem-zone-a vc-gitem-zone-height-mode-auto vc-gitem-zone-height-mode-auto-1-1 vc_gitem-is-link\" style=\"background-image: url('https:\/\/espanoleschool.com\/escuela\/wp-content\/uploads\/2021\/05\/i20150ppi.png') !important;\">\n                        <a href=\"https:\/\/espanoleschool.com\/fr\/cours-intensif20\/\" title=\"Intensif 20\"   class=\"vc_gitem-link vc-zone-link\"><\/a>\n                                <img decoding=\"async\" src=\"https:\/\/espanoleschool.com\/escuela\/wp-content\/uploads\/2021\/05\/i20150ppi.png\" class=\"vc_gitem-zone-img\" alt=\"\">\n                        <div class=\"vc_gitem-zone-mini\"><\/div>\n                <\/div>\n            <\/div>\n            <div class=\"vc_gitem-zone vc_gitem-zone-c vc_col-sm-12 vc_col-md-9 \">\n                <div class=\"vc_gitem-zone-mini\">\n                    <div class=\"vc_gitem_row vc_row vc_gitem-row-position-top\">\n                        <div class=\"vc_col-sm-12 vc_gitem-col vc_gitem-col-align-\">\n                            <div class=\"vc_custom_heading vc_gitem-post-data vc_gitem-post-data-source-post_title\">\n                                <h3 class=\"title\">Intensif 20<\/h3><p>Notre cours d&#8217;espagnol intensif a une approche pratique et communicative se concentrant sur les principales comp\u00e9tences linguistiques : \u00e9crire, lire, \u00e9couter et parler. Un cours con\u00e7u pour que vous profitiez au maximum de chaque minute de cours et que vous appr\u00e9ciiez l&#8217;exp\u00e9rience d&#8217;apprendre l&#8217;espagnol.<\/p>\n                            <\/div>\n                                <div class=\"vc_custom_heading vc_gitem-post-data vc_gitem-post-data-source-post_excerpt vc_nopadleft\">\n                                           <div class=\"vc_col-xs-6 vc_col-md-3\">\n                                                <div id=\"iconMini-classnumber\" class=\"iconMini-izq\">\n                                                    <p>20 cours                                                    <\/p>\n                                                <\/div><\/div>\n                                            <div class=\"vc_col-xs-6 vc_col-md-3\">\n                                                <div id=\"iconMini-time\" class=\"iconMini-izq\"><p>50'<\/p>\n                                                <\/div><\/div>\n                                            <div class=\"vc_col-xs-6 vc_col-md-3\"><div id=\"iconMini-level\" class=\"iconMini-izq\"><p>A1 - C2<\/p><\/div><\/div>\n                                            <div class=\"vc_col-xs-6 vc_col-md-3\"><div id=\"iconMini-people\" class=\"iconMini-izq\"><p>Max 10<\/p><\/div><\/div>\n\n                                        <\/div>\n                                        <div class=\"course-actions\">\n                                            <a href=\"https:\/\/espanoleschool.com\/es\/presupuesto-clases-espanol\/\" title=\"Demande de devis\" class=\"vc_general btn-grid botones bot-rojo\">Demande de devis<\/a>\n                                            <a href=\"https:\/\/espanoleschool.com\/fr\/cours-intensif20\/\" title=\"En savoir plus\" class=\"vc_general btn-grid botones bot-trans-azul\">En savoir plus<\/a>\n                                       <\/div>\n                                    <\/div>\n                                <\/div>\n                            <\/div>\n                        <\/div>\n                    <\/div>\n                    <div class=\"vc_clearfix\"><\/div>\n                <\/div>\n\n\t\t\t<\/div>\n\t\t\t<div class=\"swiper-slide\">\n\t\t\t\n\n    <div class=\" vc_clearfix vc_grid-item-zone-c-bottom vc_visible-item fadeIn animated curso-horizontal\">\n        <div class=\" vc_clearfix\">\n            <div class=\"vc_gitem-animated-block vc_col-sm-12 vc_col-md-3\">\n                <div class=\"vc_gitem-zone vc_gitem-zone-a vc-gitem-zone-height-mode-auto vc-gitem-zone-height-mode-auto-1-1 vc_gitem-is-link\" style=\"background-image: url('https:\/\/espanoleschool.com\/escuela\/wp-content\/uploads\/2021\/07\/spanish-and-sailing150ppi.png') !important;\">\n                        <a href=\"https:\/\/espanoleschool.com\/fr\/cours-espagnol-voile\/\" title=\"Espagnol et voile\"   class=\"vc_gitem-link vc-zone-link\"><\/a>\n                                <img decoding=\"async\" src=\"https:\/\/espanoleschool.com\/escuela\/wp-content\/uploads\/2021\/07\/spanish-and-sailing150ppi.png\" class=\"vc_gitem-zone-img\" alt=\"\">\n                        <div class=\"vc_gitem-zone-mini\"><\/div>\n                <\/div>\n            <\/div>\n            <div class=\"vc_gitem-zone vc_gitem-zone-c vc_col-sm-12 vc_col-md-9 \">\n                <div class=\"vc_gitem-zone-mini\">\n                    <div class=\"vc_gitem_row vc_row vc_gitem-row-position-top\">\n                        <div class=\"vc_col-sm-12 vc_gitem-col vc_gitem-col-align-\">\n                            <div class=\"vc_custom_heading vc_gitem-post-data vc_gitem-post-data-source-post_title\">\n                                <h3 class=\"title\">Espagnol et voile<\/h3><p>La voile est l\u2019un des sports les plus passionnants. Valence, reconnue comme \u00e9tant un centre international de voile mais \u00e9galement h\u00f4te des 32 et 33\u00e8me coupe d\u2019Am\u00e9rique, est la ville id\u00e9ale pour pratiquer cette activit\u00e9. Apprenez l\u2019espagnol et pratiquez un sport diff\u00e9rent en lien avec la nature dans l\u2019une des villes les plus m\u00e9diterran\u00e9ennes d\u2019Espagne. <\/p>\n                            <\/div>\n                                <div class=\"vc_custom_heading vc_gitem-post-data vc_gitem-post-data-source-post_excerpt vc_nopadleft\">\n                                           <div class=\"vc_col-xs-6 vc_col-md-3\">\n                                                <div id=\"iconMini-classnumber\" class=\"iconMini-izq\">\n                                                    <p>6 cours                                                    <\/p>\n                                                <\/div><\/div>\n                                            <div class=\"vc_col-xs-6 vc_col-md-3\">\n                                                <div id=\"iconMini-time\" class=\"iconMini-izq\"><p>50'<\/p>\n                                                <\/div><\/div>\n                                            <div class=\"vc_col-xs-6 vc_col-md-3\"><div id=\"iconMini-level\" class=\"iconMini-izq\"><p>Basique \u00e0 avanc\u00e9<\/p><\/div><\/div>\n                                            <div class=\"vc_col-xs-6 vc_col-md-3\"><div id=\"iconMini-people\" class=\"iconMini-izq\"><p>Max. 5<\/p><\/div><\/div>\n\n                                        <\/div>\n                                        <div class=\"course-actions\">\n                                            <a href=\"https:\/\/espanoleschool.com\/es\/presupuesto-clases-espanol\/\" title=\"Demande de devis\" class=\"vc_general btn-grid botones bot-rojo\">Demande de devis<\/a>\n                                            <a href=\"https:\/\/espanoleschool.com\/fr\/cours-espagnol-voile\/\" title=\"En savoir plus\" class=\"vc_general btn-grid botones bot-trans-azul\">En savoir plus<\/a>\n                                       <\/div>\n                                    <\/div>\n                                <\/div>\n                            <\/div>\n                        <\/div>\n                    <\/div>\n                    <div class=\"vc_clearfix\"><\/div>\n                <\/div>\n\n\t\t\t<\/div>\n\t\t\t<div class=\"swiper-slide\">\n\t\t\t\n\n    <div class=\" vc_clearfix vc_grid-item-zone-c-bottom vc_visible-item fadeIn animated curso-horizontal\">\n        <div class=\" vc_clearfix\">\n            <div class=\"vc_gitem-animated-block vc_col-sm-12 vc_col-md-3\">\n                <div class=\"vc_gitem-zone vc_gitem-zone-a vc-gitem-zone-height-mode-auto vc-gitem-zone-height-mode-auto-1-1 vc_gitem-is-link\" style=\"background-image: url('https:\/\/espanoleschool.com\/escuela\/wp-content\/uploads\/2021\/07\/english-summer-camp.png') !important;\">\n                        <a href=\"https:\/\/espanoleschool.com\/fr\/summer-camp\/\" title=\"Programmes d\u2019\u00e9t\u00e9 pour adolescents\"   class=\"vc_gitem-link vc-zone-link\"><\/a>\n                                <img decoding=\"async\" src=\"https:\/\/espanoleschool.com\/escuela\/wp-content\/uploads\/2021\/07\/english-summer-camp.png\" class=\"vc_gitem-zone-img\" alt=\"\">\n                        <div class=\"vc_gitem-zone-mini\"><\/div>\n                <\/div>\n            <\/div>\n            <div class=\"vc_gitem-zone vc_gitem-zone-c vc_col-sm-12 vc_col-md-9 \">\n                <div class=\"vc_gitem-zone-mini\">\n                    <div class=\"vc_gitem_row vc_row vc_gitem-row-position-top\">\n                        <div class=\"vc_col-sm-12 vc_gitem-col vc_gitem-col-align-\">\n                            <div class=\"vc_custom_heading vc_gitem-post-data vc_gitem-post-data-source-post_title\">\n                                <h3 class=\"title\">Programmes d\u2019\u00e9t\u00e9 pour adolescents<\/h3><p>Vous voulez passer un \u00e9t\u00e9 inoubliable, apprendre l&#8217;espagnol et vous faire des amis du monde entier ? Nos programmes d\u2019\u00e9t\u00e9 sont faits pour vous ! Ceux-ci combinent des cours d\u2019espagnol avec des activit\u00e9s et des exp\u00e9riences, afin que vous appreniez tout en passant un bon moment. Nous t\u2019attendons !<\/p>\n                            <\/div>\n                                <div class=\"vc_custom_heading vc_gitem-post-data vc_gitem-post-data-source-post_excerpt vc_nopadleft\">\n                                           <div class=\"vc_col-xs-6 vc_col-md-3\">\n                                                <div id=\"iconMini-classnumber\" class=\"iconMini-izq\">\n                                                    <p>20 cours                                                    <\/p>\n                                                <\/div><\/div>\n                                            <div class=\"vc_col-xs-6 vc_col-md-3\">\n                                                <div id=\"iconMini-time\" class=\"iconMini-izq\"><p>50'<\/p>\n                                                <\/div><\/div>\n                                            <div class=\"vc_col-xs-6 vc_col-md-3\"><div id=\"iconMini-level\" class=\"iconMini-izq\"><p>A1 - C2<\/p><\/div><\/div>\n                                            <div class=\"vc_col-xs-6 vc_col-md-3\"><div id=\"iconMini-people\" class=\"iconMini-izq\"><p>12 Max, 8 Moy<\/p><\/div><\/div>\n\n                                        <\/div>\n                                        <div class=\"course-actions\">\n                                            <a href=\"https:\/\/espanoleschool.com\/es\/presupuesto-clases-espanol\/\" title=\"Demande de devis\" class=\"vc_general btn-grid botones bot-rojo\">Demande de devis<\/a>\n                                            <a href=\"https:\/\/espanoleschool.com\/fr\/summer-camp\/\" title=\"En savoir plus\" class=\"vc_general btn-grid botones bot-trans-azul\">En savoir plus<\/a>\n                                       <\/div>\n                                    <\/div>\n                                <\/div>\n                            <\/div>\n                        <\/div>\n                    <\/div>\n                    <div class=\"vc_clearfix\"><\/div>\n                <\/div>\n\n\t\t\t<\/div>\n\t\t\t<div class=\"swiper-slide\">\n\t\t\t\n\n    <div class=\" vc_clearfix vc_grid-item-zone-c-bottom vc_visible-item fadeIn animated curso-horizontal\">\n        <div class=\" vc_clearfix\">\n            <div class=\"vc_gitem-animated-block vc_col-sm-12 vc_col-md-3\">\n                <div class=\"vc_gitem-zone vc_gitem-zone-a vc-gitem-zone-height-mode-auto vc-gitem-zone-height-mode-auto-1-1 vc_gitem-is-link\" style=\"background-image: url('https:\/\/espanoleschool.com\/escuela\/wp-content\/uploads\/2021\/07\/university-access.png') !important;\">\n                        <a href=\"https:\/\/espanoleschool.com\/fr\/university-pathway\/\" title=\"Parcours universitaire: programme de pr\u00e9paration \u00e0 l&#8217;universit\u00e9\"   class=\"vc_gitem-link vc-zone-link\"><\/a>\n                                <img decoding=\"async\" src=\"https:\/\/espanoleschool.com\/escuela\/wp-content\/uploads\/2021\/07\/university-access.png\" class=\"vc_gitem-zone-img\" alt=\"\">\n                        <div class=\"vc_gitem-zone-mini\"><\/div>\n                <\/div>\n            <\/div>\n            <div class=\"vc_gitem-zone vc_gitem-zone-c vc_col-sm-12 vc_col-md-9 \">\n                <div class=\"vc_gitem-zone-mini\">\n                    <div class=\"vc_gitem_row vc_row vc_gitem-row-position-top\">\n                        <div class=\"vc_col-sm-12 vc_gitem-col vc_gitem-col-align-\">\n                            <div class=\"vc_custom_heading vc_gitem-post-data vc_gitem-post-data-source-post_title\">\n                                <h3 class=\"title\">Parcours universitaire: programme de pr\u00e9paration \u00e0 l&#8217;universit\u00e9<\/h3><p>Si vous souhaitez \u00e9tudier dans une universit\u00e9 en Espagne, nous pouvons vous aider \u00e0 atteindre votre objectif! Avec notre programme de pr\u00e9paration universitaire, nous vous pr\u00e9parons \u00e0 r\u00e9ussir l&#8217;examen d&#8217;entr\u00e9e.<\/p>\n                            <\/div>\n                                <div class=\"vc_custom_heading vc_gitem-post-data vc_gitem-post-data-source-post_excerpt vc_nopadleft\">\n                                           <div class=\"vc_col-xs-6 vc_col-md-3\">\n                                                <div id=\"iconMini-classnumber\" class=\"iconMini-izq\">\n                                                    <p>20 + tutoriels                                                    <\/p>\n                                                <\/div><\/div>\n                                            <div class=\"vc_col-xs-6 vc_col-md-3\">\n                                                <div id=\"iconMini-time\" class=\"iconMini-izq\"><p>50'<\/p>\n                                                <\/div><\/div>\n                                            <div class=\"vc_col-xs-6 vc_col-md-3\"><div id=\"iconMini-level\" class=\"iconMini-izq\"><p>Min. B2<\/p><\/div><\/div>\n                                            <div class=\"vc_col-xs-6 vc_col-md-3\"><div id=\"iconMini-people\" class=\"iconMini-izq\"><p>Max 10<\/p><\/div><\/div>\n\n                                        <\/div>\n                                        <div class=\"course-actions\">\n                                            <a href=\"https:\/\/espanoleschool.com\/es\/presupuesto-clases-espanol\/\" title=\"Demande de devis\" class=\"vc_general btn-grid botones bot-rojo\">Demande de devis<\/a>\n                                            <a href=\"https:\/\/espanoleschool.com\/fr\/university-pathway\/\" title=\"En savoir plus\" class=\"vc_general btn-grid botones bot-trans-azul\">En savoir plus<\/a>\n                                       <\/div>\n                                    <\/div>\n                                <\/div>\n                            <\/div>\n                        <\/div>\n                    <\/div>\n                    <div class=\"vc_clearfix\"><\/div>\n                <\/div>\n\n\t\t\t<\/div>\n\t\t\t<div class=\"swiper-slide\">\n\t\t\t\n\n    <div class=\" vc_clearfix vc_grid-item-zone-c-bottom vc_visible-item fadeIn animated curso-horizontal\">\n        <div class=\" vc_clearfix\">\n            <div class=\"vc_gitem-animated-block vc_col-sm-12 vc_col-md-3\">\n                <div class=\"vc_gitem-zone vc_gitem-zone-a vc-gitem-zone-height-mode-auto vc-gitem-zone-height-mode-auto-1-1 vc_gitem-is-link\" style=\"background-image: url('https:\/\/espanoleschool.com\/escuela\/wp-content\/uploads\/2021\/05\/i20150ppi.png') !important;\">\n                        <a href=\"https:\/\/espanoleschool.com\/fr\/cours-intensif20\/\" title=\"Intensif 20\"   class=\"vc_gitem-link vc-zone-link\"><\/a>\n                                <img decoding=\"async\" src=\"https:\/\/espanoleschool.com\/escuela\/wp-content\/uploads\/2021\/05\/i20150ppi.png\" class=\"vc_gitem-zone-img\" alt=\"\">\n                        <div class=\"vc_gitem-zone-mini\"><\/div>\n                <\/div>\n            <\/div>\n            <div class=\"vc_gitem-zone vc_gitem-zone-c vc_col-sm-12 vc_col-md-9 \">\n                <div class=\"vc_gitem-zone-mini\">\n                    <div class=\"vc_gitem_row vc_row vc_gitem-row-position-top\">\n                        <div class=\"vc_col-sm-12 vc_gitem-col vc_gitem-col-align-\">\n                            <div class=\"vc_custom_heading vc_gitem-post-data vc_gitem-post-data-source-post_title\">\n                                <h3 class=\"title\">Intensif 20<\/h3><p>Notre cours d&#8217;espagnol intensif a une approche pratique et communicative se concentrant sur les principales comp\u00e9tences linguistiques : \u00e9crire, lire, \u00e9couter et parler. Un cours con\u00e7u pour que vous profitiez au maximum de chaque minute de cours et que vous appr\u00e9ciiez l&#8217;exp\u00e9rience d&#8217;apprendre l&#8217;espagnol.<\/p>\n                            <\/div>\n                                <div class=\"vc_custom_heading vc_gitem-post-data vc_gitem-post-data-source-post_excerpt vc_nopadleft\">\n                                           <div class=\"vc_col-xs-6 vc_col-md-3\">\n                                                <div id=\"iconMini-classnumber\" class=\"iconMini-izq\">\n                                                    <p>20 cours                                                    <\/p>\n                                                <\/div><\/div>\n                                            <div class=\"vc_col-xs-6 vc_col-md-3\">\n                                                <div id=\"iconMini-time\" class=\"iconMini-izq\"><p>50'<\/p>\n                                                <\/div><\/div>\n                                            <div class=\"vc_col-xs-6 vc_col-md-3\"><div id=\"iconMini-level\" class=\"iconMini-izq\"><p>A1 - C2<\/p><\/div><\/div>\n                                            <div class=\"vc_col-xs-6 vc_col-md-3\"><div id=\"iconMini-people\" class=\"iconMini-izq\"><p>Max 10<\/p><\/div><\/div>\n\n                                        <\/div>\n                                        <div class=\"course-actions\">\n                                            <a href=\"https:\/\/espanoleschool.com\/es\/presupuesto-clases-espanol\/\" title=\"Demande de devis\" class=\"vc_general btn-grid botones bot-rojo\">Demande de devis<\/a>\n                                            <a href=\"https:\/\/espanoleschool.com\/fr\/cours-intensif20\/\" title=\"En savoir plus\" class=\"vc_general btn-grid botones bot-trans-azul\">En savoir plus<\/a>\n                                       <\/div>\n                                    <\/div>\n                                <\/div>\n                            <\/div>\n                        <\/div>\n                    <\/div>\n                    <div class=\"vc_clearfix\"><\/div>\n                <\/div>\n\n\t\t\t<\/div>\n\t\t\t<div class=\"swiper-slide\">\n\t\t\t\n\n    <div class=\" vc_clearfix vc_grid-item-zone-c-bottom vc_visible-item fadeIn animated curso-horizontal\">\n        <div class=\" vc_clearfix\">\n            <div class=\"vc_gitem-animated-block vc_col-sm-12 vc_col-md-3\">\n                <div class=\"vc_gitem-zone vc_gitem-zone-a vc-gitem-zone-height-mode-auto vc-gitem-zone-height-mode-auto-1-1 vc_gitem-is-link\" style=\"background-image: url('https:\/\/espanoleschool.com\/escuela\/wp-content\/uploads\/2021\/06\/i25150ppi.png') !important;\">\n                        <a href=\"https:\/\/espanoleschool.com\/fr\/cours-intensif25\/\" title=\"Intensif 25 et 30\"   class=\"vc_gitem-link vc-zone-link\"><\/a>\n                                <img decoding=\"async\" src=\"https:\/\/espanoleschool.com\/escuela\/wp-content\/uploads\/2021\/06\/i25150ppi.png\" class=\"vc_gitem-zone-img\" alt=\"\">\n                        <div class=\"vc_gitem-zone-mini\"><\/div>\n                <\/div>\n            <\/div>\n            <div class=\"vc_gitem-zone vc_gitem-zone-c vc_col-sm-12 vc_col-md-9 \">\n                <div class=\"vc_gitem-zone-mini\">\n                    <div class=\"vc_gitem_row vc_row vc_gitem-row-position-top\">\n                        <div class=\"vc_col-sm-12 vc_gitem-col vc_gitem-col-align-\">\n                            <div class=\"vc_custom_heading vc_gitem-post-data vc_gitem-post-data-source-post_title\">\n                                <h3 class=\"title\">Intensif 25 et 30<\/h3><p>Les programmes Intensif 25 et Intensif 30 Espa\u00f1ol Plus sont parfaits pour approfondir et personnaliser votre apprentissage. Concevez votre propre cours en ajoutant un ou deux modules au programme d&#8217;espagnol g\u00e9n\u00e9ral. Choisissez votre option et enrichissez au maximum votre exp\u00e9rience d&#8217;apprentissage de l&#8217;espagnol.<\/p>\n                            <\/div>\n                                <div class=\"vc_custom_heading vc_gitem-post-data vc_gitem-post-data-source-post_excerpt vc_nopadleft\">\n                                           <div class=\"vc_col-xs-6 vc_col-md-3\">\n                                                <div id=\"iconMini-classnumber\" class=\"iconMini-izq\">\n                                                    <p>20 + 5\/10                                                    <\/p>\n                                                <\/div><\/div>\n                                            <div class=\"vc_col-xs-6 vc_col-md-3\">\n                                                <div id=\"iconMini-time\" class=\"iconMini-izq\"><p>50'<\/p>\n                                                <\/div><\/div>\n                                            <div class=\"vc_col-xs-6 vc_col-md-3\"><div id=\"iconMini-level\" class=\"iconMini-izq\"><p>A1 - C2<\/p><\/div><\/div>\n                                            <div class=\"vc_col-xs-6 vc_col-md-3\"><div id=\"iconMini-people\" class=\"iconMini-izq\"><p>Max 10<\/p><\/div><\/div>\n\n                                        <\/div>\n                                        <div class=\"course-actions\">\n                                            <a href=\"https:\/\/espanoleschool.com\/es\/presupuesto-clases-espanol\/\" title=\"Demande de devis\" class=\"vc_general btn-grid botones bot-rojo\">Demande de devis<\/a>\n                                            <a href=\"https:\/\/espanoleschool.com\/fr\/cours-intensif25\/\" title=\"En savoir plus\" class=\"vc_general btn-grid botones bot-trans-azul\">En savoir plus<\/a>\n                                       <\/div>\n                                    <\/div>\n                                <\/div>\n                            <\/div>\n                        <\/div>\n                    <\/div>\n                    <div class=\"vc_clearfix\"><\/div>\n                <\/div>\n\n\t\t\t<\/div>\n\t\t\t<div class=\"swiper-slide\">\n\t\t\t\n\n    <div class=\" vc_clearfix vc_grid-item-zone-c-bottom vc_visible-item fadeIn animated curso-horizontal\">\n        <div class=\" vc_clearfix\">\n            <div class=\"vc_gitem-animated-block vc_col-sm-12 vc_col-md-3\">\n                <div class=\"vc_gitem-zone vc_gitem-zone-a vc-gitem-zone-height-mode-auto vc-gitem-zone-height-mode-auto-1-1 vc_gitem-is-link\" style=\"background-image: url('https:\/\/espanoleschool.com\/escuela\/wp-content\/uploads\/2021\/07\/iplus150ppi.png') !important;\">\n                        <a href=\"https:\/\/espanoleschool.com\/fr\/cours-intensifs-plus\/\" title=\"Intensif Plus\"   class=\"vc_gitem-link vc-zone-link\"><\/a>\n                                <img decoding=\"async\" src=\"https:\/\/espanoleschool.com\/escuela\/wp-content\/uploads\/2021\/07\/iplus150ppi.png\" class=\"vc_gitem-zone-img\" alt=\"\">\n                        <div class=\"vc_gitem-zone-mini\"><\/div>\n                <\/div>\n            <\/div>\n            <div class=\"vc_gitem-zone vc_gitem-zone-c vc_col-sm-12 vc_col-md-9 \">\n                <div class=\"vc_gitem-zone-mini\">\n                    <div class=\"vc_gitem_row vc_row vc_gitem-row-position-top\">\n                        <div class=\"vc_col-sm-12 vc_gitem-col vc_gitem-col-align-\">\n                            <div class=\"vc_custom_heading vc_gitem-post-data vc_gitem-post-data-source-post_title\">\n                                <h3 class=\"title\">Intensif Plus<\/h3><p>Notre cours d&#8217;espagnol intensif a une approche pratique et communicative se concentrant sur les principales comp\u00e9tences linguistiques : \u00e9crire, lire, \u00e9couter et parler. Un cours con\u00e7u pour que vous profitiez au maximum de chaque minute de cours et que vous appr\u00e9ciiez l&#8217;exp\u00e9rience d&#8217;apprendre l&#8217;espagnol.<\/p>\n                            <\/div>\n                                <div class=\"vc_custom_heading vc_gitem-post-data vc_gitem-post-data-source-post_excerpt vc_nopadleft\">\n                                           <div class=\"vc_col-xs-6 vc_col-md-3\">\n                                                <div id=\"iconMini-classnumber\" class=\"iconMini-izq\">\n                                                    <p>20 + 5                                                    <\/p>\n                                                <\/div><\/div>\n                                            <div class=\"vc_col-xs-6 vc_col-md-3\">\n                                                <div id=\"iconMini-time\" class=\"iconMini-izq\"><p>50'<\/p>\n                                                <\/div><\/div>\n                                            <div class=\"vc_col-xs-6 vc_col-md-3\"><div id=\"iconMini-level\" class=\"iconMini-izq\"><p>A1 - C2<\/p><\/div><\/div>\n                                            <div class=\"vc_col-xs-6 vc_col-md-3\"><div id=\"iconMini-people\" class=\"iconMini-izq\"><p>Max 10<\/p><\/div><\/div>\n\n                                        <\/div>\n                                        <div class=\"course-actions\">\n                                            <a href=\"https:\/\/espanoleschool.com\/es\/presupuesto-clases-espanol\/\" title=\"Demande de devis\" class=\"vc_general btn-grid botones bot-rojo\">Demande de devis<\/a>\n                                            <a href=\"https:\/\/espanoleschool.com\/fr\/cours-intensifs-plus\/\" title=\"En savoir plus\" class=\"vc_general btn-grid botones bot-trans-azul\">En savoir plus<\/a>\n                                       <\/div>\n                                    <\/div>\n                                <\/div>\n                            <\/div>\n                        <\/div>\n                    <\/div>\n                    <div class=\"vc_clearfix\"><\/div>\n                <\/div>\n\n\t\t\t<\/div>\n\t\t\t<div class=\"swiper-slide\">\n\t\t\t\n\n    <div class=\" vc_clearfix vc_grid-item-zone-c-bottom vc_visible-item fadeIn animated curso-horizontal\">\n        <div class=\" vc_clearfix\">\n            <div class=\"vc_gitem-animated-block vc_col-sm-12 vc_col-md-3\">\n                <div class=\"vc_gitem-zone vc_gitem-zone-a vc-gitem-zone-height-mode-auto vc-gitem-zone-height-mode-auto-1-1 vc_gitem-is-link\" style=\"background-image: url('https:\/\/espanoleschool.com\/escuela\/wp-content\/uploads\/2021\/07\/superintensive150ppi.png') !important;\">\n                        <a href=\"https:\/\/espanoleschool.com\/fr\/cours-superintensif\/\" title=\"Super Intensif\"   class=\"vc_gitem-link vc-zone-link\"><\/a>\n                                <img decoding=\"async\" src=\"https:\/\/espanoleschool.com\/escuela\/wp-content\/uploads\/2021\/07\/superintensive150ppi.png\" class=\"vc_gitem-zone-img\" alt=\"\">\n                        <div class=\"vc_gitem-zone-mini\"><\/div>\n                <\/div>\n            <\/div>\n            <div class=\"vc_gitem-zone vc_gitem-zone-c vc_col-sm-12 vc_col-md-9 \">\n                <div class=\"vc_gitem-zone-mini\">\n                    <div class=\"vc_gitem_row vc_row vc_gitem-row-position-top\">\n                        <div class=\"vc_col-sm-12 vc_gitem-col vc_gitem-col-align-\">\n                            <div class=\"vc_custom_heading vc_gitem-post-data vc_gitem-post-data-source-post_title\">\n                                <h3 class=\"title\">Super Intensif<\/h3><p>Notre cours le plus complet comprend 20 cours d&#8217;espagnol g\u00e9n\u00e9ral, un cours optionnel compl\u00e9mentaire et 5 cours priv\u00e9s, pour maximiser votre s\u00e9jour en Espagne et tirer le meilleur parti de votre apprentissage de l&#8217;espagnol.<\/p>\n                            <\/div>\n                                <div class=\"vc_custom_heading vc_gitem-post-data vc_gitem-post-data-source-post_excerpt vc_nopadleft\">\n                                           <div class=\"vc_col-xs-6 vc_col-md-3\">\n                                                <div id=\"iconMini-classnumber\" class=\"iconMini-izq\">\n                                                    <p>20 + 5 + 5                                                    <\/p>\n                                                <\/div><\/div>\n                                            <div class=\"vc_col-xs-6 vc_col-md-3\">\n                                                <div id=\"iconMini-time\" class=\"iconMini-izq\"><p>50'<\/p>\n                                                <\/div><\/div>\n                                            <div class=\"vc_col-xs-6 vc_col-md-3\"><div id=\"iconMini-level\" class=\"iconMini-izq\"><p>A1 - C2<\/p><\/div><\/div>\n                                            <div class=\"vc_col-xs-6 vc_col-md-3\"><div id=\"iconMini-people\" class=\"iconMini-izq\"><p>Max 10<\/p><\/div><\/div>\n\n                                        <\/div>\n                                        <div class=\"course-actions\">\n                                            <a href=\"https:\/\/espanoleschool.com\/es\/presupuesto-clases-espanol\/\" title=\"Demande de devis\" class=\"vc_general btn-grid botones bot-rojo\">Demande de devis<\/a>\n                                            <a href=\"https:\/\/espanoleschool.com\/fr\/cours-superintensif\/\" title=\"En savoir plus\" class=\"vc_general btn-grid botones bot-trans-azul\">En savoir plus<\/a>\n                                       <\/div>\n                                    <\/div>\n                                <\/div>\n                            <\/div>\n                        <\/div>\n                    <\/div>\n                    <div class=\"vc_clearfix\"><\/div>\n                <\/div>\n\n\t\t\t<\/div>\n\t\t\t<div class=\"swiper-slide\">\n\t\t\t\n\n    <div class=\" vc_clearfix vc_grid-item-zone-c-bottom vc_visible-item fadeIn animated curso-horizontal\">\n        <div class=\" vc_clearfix\">\n            <div class=\"vc_gitem-animated-block vc_col-sm-12 vc_col-md-3\">\n                <div class=\"vc_gitem-zone vc_gitem-zone-a vc-gitem-zone-height-mode-auto vc-gitem-zone-height-mode-auto-1-1 vc_gitem-is-link\" style=\"background-image: url('https:\/\/espanoleschool.com\/escuela\/wp-content\/uploads\/2021\/07\/teacher-training-1.png') !important;\">\n                        <a href=\"https:\/\/espanoleschool.com\/fr\/formation-enseignants-espagnol-natifs\/\" title=\"Formation des enseignants ELE\"   class=\"vc_gitem-link vc-zone-link\"><\/a>\n                                <img decoding=\"async\" src=\"https:\/\/espanoleschool.com\/escuela\/wp-content\/uploads\/2021\/07\/teacher-training-1.png\" class=\"vc_gitem-zone-img\" alt=\"\">\n                        <div class=\"vc_gitem-zone-mini\"><\/div>\n                <\/div>\n            <\/div>\n            <div class=\"vc_gitem-zone vc_gitem-zone-c vc_col-sm-12 vc_col-md-9 \">\n                <div class=\"vc_gitem-zone-mini\">\n                    <div class=\"vc_gitem_row vc_row vc_gitem-row-position-top\">\n                        <div class=\"vc_col-sm-12 vc_gitem-col vc_gitem-col-align-\">\n                            <div class=\"vc_custom_heading vc_gitem-post-data vc_gitem-post-data-source-post_title\">\n                                <h3 class=\"title\">Formation des enseignants ELE<\/h3><p>L\u2019enseignement est l&#8217;une des professions les plus enrichissantes et les plus amusantes. Si le domaine de l\u2019enseignement ELE vous int\u00e9resse, ou si vous \u00eates d\u00e9j\u00e0 enseignant et vous souhaitez vous actualiser sur les nouvelles m\u00e9thodologies et techniques d&#8217;enseignement, chez International House, nous formons des enseignants d&#8217;espagnol depuis plus de 60 ans. <\/p>\n                            <\/div>\n                                <div class=\"vc_custom_heading vc_gitem-post-data vc_gitem-post-data-source-post_excerpt vc_nopadleft\">\n                                           <div class=\"vc_col-xs-6 vc_col-md-3\">\n                                                <div id=\"iconMini-classnumber\" class=\"iconMini-izq\">\n                                                    <p>20 cours                                                    <\/p>\n                                                <\/div><\/div>\n                                            <div class=\"vc_col-xs-6 vc_col-md-3\">\n                                                <div id=\"iconMini-time\" class=\"iconMini-izq\"><p>50'<\/p>\n                                                <\/div><\/div>\n                                            <div class=\"vc_col-xs-6 vc_col-md-3\"><div id=\"iconMini-level\" class=\"iconMini-izq\"><p>C2<\/p><\/div><\/div>\n                                            <div class=\"vc_col-xs-6 vc_col-md-3\"><div id=\"iconMini-people\" class=\"iconMini-izq\"><p>Max 10<\/p><\/div><\/div>\n\n                                        <\/div>\n                                        <div class=\"course-actions\">\n                                            <a href=\"https:\/\/espanoleschool.com\/es\/presupuesto-clases-espanol\/\" title=\"Demande de devis\" class=\"vc_general btn-grid botones bot-rojo\">Demande de devis<\/a>\n                                            <a href=\"https:\/\/espanoleschool.com\/fr\/formation-enseignants-espagnol-natifs\/\" title=\"En savoir plus\" class=\"vc_general btn-grid botones bot-trans-azul\">En savoir plus<\/a>\n                                       <\/div>\n                                    <\/div>\n                                <\/div>\n                            <\/div>\n                        <\/div>\n                    <\/div>\n                    <div class=\"vc_clearfix\"><\/div>\n                <\/div>\n\n\t\t\t<\/div>\n\t\t\t<div class=\"swiper-slide\">\n\t\t\t\n\n    <div class=\" vc_clearfix vc_grid-item-zone-c-bottom vc_visible-item fadeIn animated curso-horizontal\">\n        <div class=\" vc_clearfix\">\n            <div class=\"vc_gitem-animated-block vc_col-sm-12 vc_col-md-3\">\n                <div class=\"vc_gitem-zone vc_gitem-zone-a vc-gitem-zone-height-mode-auto vc-gitem-zone-height-mode-auto-1-1 vc_gitem-is-link\" style=\"background-image: url('https:\/\/espanoleschool.com\/escuela\/wp-content\/uploads\/2021\/07\/DELE150ppi.png') !important;\">\n                        <a href=\"https:\/\/espanoleschool.com\/fr\/preparation-examen-dele\/\" title=\"DELE\"   class=\"vc_gitem-link vc-zone-link\"><\/a>\n                                <img decoding=\"async\" src=\"https:\/\/espanoleschool.com\/escuela\/wp-content\/uploads\/2021\/07\/DELE150ppi.png\" class=\"vc_gitem-zone-img\" alt=\"\">\n                        <div class=\"vc_gitem-zone-mini\"><\/div>\n                <\/div>\n            <\/div>\n            <div class=\"vc_gitem-zone vc_gitem-zone-c vc_col-sm-12 vc_col-md-9 \">\n                <div class=\"vc_gitem-zone-mini\">\n                    <div class=\"vc_gitem_row vc_row vc_gitem-row-position-top\">\n                        <div class=\"vc_col-sm-12 vc_gitem-col vc_gitem-col-align-\">\n                            <div class=\"vc_custom_heading vc_gitem-post-data vc_gitem-post-data-source-post_title\">\n                                <h3 class=\"title\">DELE<\/h3><p>Si vous souhaitez passer les examens officiels de l&#8217;Instituto Cervantes, DELE et SIELE, chez Espa\u00f1ol\u00e9 nous vous aidons \u00e0 atteindre votre objectif avec succ\u00e8s.<br \/>\nNous avons un taux de r\u00e9ussite de 98% parmi les \u00e9tudiants qui ont suivi nos programmes de pr\u00e9paration. Vous aussi, vous pouvez r\u00e9ussir !<\/p>\n                            <\/div>\n                                <div class=\"vc_custom_heading vc_gitem-post-data vc_gitem-post-data-source-post_excerpt vc_nopadleft\">\n                                           <div class=\"vc_col-xs-6 vc_col-md-3\">\n                                                <div id=\"iconMini-classnumber\" class=\"iconMini-izq\">\n                                                    <p>20 cours                                                    <\/p>\n                                                <\/div><\/div>\n                                            <div class=\"vc_col-xs-6 vc_col-md-3\">\n                                                <div id=\"iconMini-time\" class=\"iconMini-izq\"><p>50'<\/p>\n                                                <\/div><\/div>\n                                            <div class=\"vc_col-xs-6 vc_col-md-3\"><div id=\"iconMini-level\" class=\"iconMini-izq\"><p>A2 - C1<\/p><\/div><\/div>\n                                            <div class=\"vc_col-xs-6 vc_col-md-3\"><div id=\"iconMini-people\" class=\"iconMini-izq\"><p>Max 10<\/p><\/div><\/div>\n\n                                        <\/div>\n                                        <div class=\"course-actions\">\n                                            <a href=\"https:\/\/espanoleschool.com\/es\/presupuesto-clases-espanol\/\" title=\"Demande de devis\" class=\"vc_general btn-grid botones bot-rojo\">Demande de devis<\/a>\n                                            <a href=\"https:\/\/espanoleschool.com\/fr\/preparation-examen-dele\/\" title=\"En savoir plus\" class=\"vc_general btn-grid botones bot-trans-azul\">En savoir plus<\/a>\n                                       <\/div>\n                                    <\/div>\n                                <\/div>\n                            <\/div>\n                        <\/div>\n                    <\/div>\n                    <div class=\"vc_clearfix\"><\/div>\n                <\/div>\n\n\t\t\t<\/div>\n\t\t\t<div class=\"swiper-slide\">\n\t\t\t\n\n    <div class=\" vc_clearfix vc_grid-item-zone-c-bottom vc_visible-item fadeIn animated curso-horizontal\">\n        <div class=\" vc_clearfix\">\n            <div class=\"vc_gitem-animated-block vc_col-sm-12 vc_col-md-3\">\n                <div class=\"vc_gitem-zone vc_gitem-zone-a vc-gitem-zone-height-mode-auto vc-gitem-zone-height-mode-auto-1-1 vc_gitem-is-link\" style=\"background-image: url('https:\/\/espanoleschool.com\/escuela\/wp-content\/uploads\/2021\/07\/SIELE150ppi.png') !important;\">\n                        <a href=\"https:\/\/espanoleschool.com\/fr\/preparation-examen-siele\/\" title=\"SIELE\"   class=\"vc_gitem-link vc-zone-link\"><\/a>\n                                <img decoding=\"async\" src=\"https:\/\/espanoleschool.com\/escuela\/wp-content\/uploads\/2021\/07\/SIELE150ppi.png\" class=\"vc_gitem-zone-img\" alt=\"\">\n                        <div class=\"vc_gitem-zone-mini\"><\/div>\n                <\/div>\n            <\/div>\n            <div class=\"vc_gitem-zone vc_gitem-zone-c vc_col-sm-12 vc_col-md-9 \">\n                <div class=\"vc_gitem-zone-mini\">\n                    <div class=\"vc_gitem_row vc_row vc_gitem-row-position-top\">\n                        <div class=\"vc_col-sm-12 vc_gitem-col vc_gitem-col-align-\">\n                            <div class=\"vc_custom_heading vc_gitem-post-data vc_gitem-post-data-source-post_title\">\n                                <h3 class=\"title\">SIELE<\/h3><p>Notre cours d&#8217;espagnol intensif a une approche pratique et communicative se concentrant sur les principales comp\u00e9tences linguistiques : \u00e9crire, lire, \u00e9couter et parler. Un cours con\u00e7u pour que vous profitiez au maximum de chaque minute de cours et que vous appr\u00e9ciiez l&#8217;exp\u00e9rience d&#8217;apprendre l&#8217;espagnol.<\/p>\n                            <\/div>\n                                <div class=\"vc_custom_heading vc_gitem-post-data vc_gitem-post-data-source-post_excerpt vc_nopadleft\">\n                                           <div class=\"vc_col-xs-6 vc_col-md-3\">\n                                                <div id=\"iconMini-classnumber\" class=\"iconMini-izq\">\n                                                    <p>20 + 5                                                    <\/p>\n                                                <\/div><\/div>\n                                            <div class=\"vc_col-xs-6 vc_col-md-3\">\n                                                <div id=\"iconMini-time\" class=\"iconMini-izq\"><p>50'<\/p>\n                                                <\/div><\/div>\n                                            <div class=\"vc_col-xs-6 vc_col-md-3\"><div id=\"iconMini-level\" class=\"iconMini-izq\"><p>A1 - C2<\/p><\/div><\/div>\n                                            <div class=\"vc_col-xs-6 vc_col-md-3\"><div id=\"iconMini-people\" class=\"iconMini-izq\"><p>10 Max, 6 Moy<\/p><\/div><\/div>\n\n                                        <\/div>\n                                        <div class=\"course-actions\">\n                                            <a href=\"https:\/\/espanoleschool.com\/es\/presupuesto-clases-espanol\/\" title=\"Demande de devis\" class=\"vc_general btn-grid botones bot-rojo\">Demande de devis<\/a>\n                                            <a href=\"https:\/\/espanoleschool.com\/fr\/preparation-examen-siele\/\" title=\"En savoir plus\" class=\"vc_general btn-grid botones bot-trans-azul\">En savoir plus<\/a>\n                                       <\/div>\n                                    <\/div>\n                                <\/div>\n                            <\/div>\n                        <\/div>\n                    <\/div>\n                    <div class=\"vc_clearfix\"><\/div>\n                <\/div>\n\n\t\t\t<\/div>\n\t\t\t<div class=\"swiper-slide\">\n\t\t\t\n\n    <div class=\" vc_clearfix vc_grid-item-zone-c-bottom vc_visible-item fadeIn animated curso-horizontal\">\n        <div class=\" vc_clearfix\">\n            <div class=\"vc_gitem-animated-block vc_col-sm-12 vc_col-md-3\">\n                <div class=\"vc_gitem-zone vc_gitem-zone-a vc-gitem-zone-height-mode-auto vc-gitem-zone-height-mode-auto-1-1 vc_gitem-is-link\" style=\"background-image: url('https:\/\/espanoleschool.com\/escuela\/wp-content\/uploads\/2021\/07\/practicas-empresa150ppi.png') !important;\">\n                        <a href=\"https:\/\/espanoleschool.com\/fr\/stages-entreprise-espagne\/\" title=\"Stages\"   class=\"vc_gitem-link vc-zone-link\"><\/a>\n                                <img decoding=\"async\" src=\"https:\/\/espanoleschool.com\/escuela\/wp-content\/uploads\/2021\/07\/practicas-empresa150ppi.png\" class=\"vc_gitem-zone-img\" alt=\"\">\n                        <div class=\"vc_gitem-zone-mini\"><\/div>\n                <\/div>\n            <\/div>\n            <div class=\"vc_gitem-zone vc_gitem-zone-c vc_col-sm-12 vc_col-md-9 \">\n                <div class=\"vc_gitem-zone-mini\">\n                    <div class=\"vc_gitem_row vc_row vc_gitem-row-position-top\">\n                        <div class=\"vc_col-sm-12 vc_gitem-col vc_gitem-col-align-\">\n                            <div class=\"vc_custom_heading vc_gitem-post-data vc_gitem-post-data-source-post_title\">\n                                <h3 class=\"title\">Stages<\/h3><p>Vous avez termin\u00e9 vos \u00e9tudes ou vous \u00eates dans vos derni\u00e8res ann\u00e9es et souhaitez-vous apprendre l&#8217;espagnol? Vous pouvez maintenant combiner votre apprentissage de l&#8217;espagnol avec un stage non r\u00e9mun\u00e9r\u00e9. C&#8217;est une option id\u00e9ale pour vivre et d\u00e9couvrir le monde du travail en Espagne et en m\u00eame temps, se familiariser avec l&#8217;espagnol appliqu\u00e9 au monde des affaires et du travail.<\/p>\n                            <\/div>\n                                <div class=\"vc_custom_heading vc_gitem-post-data vc_gitem-post-data-source-post_excerpt vc_nopadleft\">\n                                            <div class=\"vc_col-xs-6 vc_col-md-3\"><div id=\"iconMini-level\" class=\"iconMini-izq\"><p>A1 au C2<\/p><\/div><\/div>\n                                        <\/div>\n                                        <div class=\"course-actions\">\n                                            <a href=\"https:\/\/espanoleschool.com\/es\/presupuesto-clases-espanol\/\" title=\"Demande de devis\" class=\"vc_general btn-grid botones bot-rojo\">Demande de devis<\/a>\n                                            <a href=\"https:\/\/espanoleschool.com\/fr\/stages-entreprise-espagne\/\" title=\"En savoir plus\" class=\"vc_general btn-grid botones bot-trans-azul\">En savoir plus<\/a>\n                                       <\/div>\n                                    <\/div>\n                                <\/div>\n                            <\/div>\n                        <\/div>\n                    <\/div>\n                    <div class=\"vc_clearfix\"><\/div>\n                <\/div>\n\n\t\t\t<\/div>\n\t\t\t<div class=\"swiper-slide\">\n\t\t\t\n\n    <div class=\" vc_clearfix vc_grid-item-zone-c-bottom vc_visible-item fadeIn animated curso-horizontal\">\n        <div class=\" vc_clearfix\">\n            <div class=\"vc_gitem-animated-block vc_col-sm-12 vc_col-md-3\">\n                <div class=\"vc_gitem-zone vc_gitem-zone-a vc-gitem-zone-height-mode-auto vc-gitem-zone-height-mode-auto-1-1 vc_gitem-is-link\" style=\"background-image: url('https:\/\/espanoleschool.com\/escuela\/wp-content\/uploads\/2021\/07\/demi-pair150ppi.png') !important;\">\n                        <a href=\"https:\/\/espanoleschool.com\/fr\/demi-pair-valence\/\" title=\"Demipair\"   class=\"vc_gitem-link vc-zone-link\"><\/a>\n                                <img decoding=\"async\" src=\"https:\/\/espanoleschool.com\/escuela\/wp-content\/uploads\/2021\/07\/demi-pair150ppi.png\" class=\"vc_gitem-zone-img\" alt=\"\">\n                        <div class=\"vc_gitem-zone-mini\"><\/div>\n                <\/div>\n            <\/div>\n            <div class=\"vc_gitem-zone vc_gitem-zone-c vc_col-sm-12 vc_col-md-9 \">\n                <div class=\"vc_gitem-zone-mini\">\n                    <div class=\"vc_gitem_row vc_row vc_gitem-row-position-top\">\n                        <div class=\"vc_col-sm-12 vc_gitem-col vc_gitem-col-align-\">\n                            <div class=\"vc_custom_heading vc_gitem-post-data vc_gitem-post-data-source-post_title\">\n                                <h3 class=\"title\">Demipair<\/h3><p>Rien de tel que de vivre au sein d\u2019une famille afin de conna\u00eetre la culture et les traditions espagnoles. Le programme Demi Pair \u00e0 Valence est con\u00e7u pour que vous puissiez combiner votre cours d&#8217;espagnol g\u00e9n\u00e9ral avec votre activit\u00e9 d&#8217;aide \u00e0 une famille espagnole, principalement pour la garde des enfants. Votre famille espagnole est heureuse de vous accueillir! \u00c7a vous tente?<\/p>\n                            <\/div>\n                                <div class=\"vc_custom_heading vc_gitem-post-data vc_gitem-post-data-source-post_excerpt vc_nopadleft\">\n                                            <div class=\"vc_col-xs-6 vc_col-md-3\">\n                                                <div id=\"iconMini-time\" class=\"iconMini-izq\"><p>50'<\/p>\n                                                <\/div><\/div>\n                                            <div class=\"vc_col-xs-6 vc_col-md-3\"><div id=\"iconMini-level\" class=\"iconMini-izq\"><p>A1 au C2<\/p><\/div><\/div>\n                                            <div class=\"vc_col-xs-6 vc_col-md-3\"><div id=\"iconMini-people\" class=\"iconMini-izq\"><p>10 Max, 6 Moy<\/p><\/div><\/div>\n\n                                        <\/div>\n                                        <div class=\"course-actions\">\n                                            <a href=\"https:\/\/espanoleschool.com\/es\/presupuesto-clases-espanol\/\" title=\"Demande de devis\" class=\"vc_general btn-grid botones bot-rojo\">Demande de devis<\/a>\n                                            <a href=\"https:\/\/espanoleschool.com\/fr\/demi-pair-valence\/\" title=\"En savoir plus\" class=\"vc_general btn-grid botones bot-trans-azul\">En savoir plus<\/a>\n                                       <\/div>\n                                    <\/div>\n                                <\/div>\n                            <\/div>\n                        <\/div>\n                    <\/div>\n                    <div class=\"vc_clearfix\"><\/div>\n                <\/div>\n\n\t\t\t<\/div>\n\t\t\t<div class=\"swiper-slide\">\n\t\t\t\n\n    <div class=\" vc_clearfix vc_grid-item-zone-c-bottom vc_visible-item fadeIn animated curso-horizontal\">\n        <div class=\" vc_clearfix\">\n            <div class=\"vc_gitem-animated-block vc_col-sm-12 vc_col-md-3\">\n                <div class=\"vc_gitem-zone vc_gitem-zone-a vc-gitem-zone-height-mode-auto vc-gitem-zone-height-mode-auto-1-1 vc_gitem-is-link\" style=\"background-image: url('https:\/\/espanoleschool.com\/escuela\/wp-content\/uploads\/2021\/07\/voluntariado150ppi.png') !important;\">\n                        <a href=\"https:\/\/espanoleschool.com\/fr\/benevolat-espagnol\/\" title=\"B\u00e9n\u00e9volat\"   class=\"vc_gitem-link vc-zone-link\"><\/a>\n                                <img decoding=\"async\" src=\"https:\/\/espanoleschool.com\/escuela\/wp-content\/uploads\/2021\/07\/voluntariado150ppi.png\" class=\"vc_gitem-zone-img\" alt=\"\">\n                        <div class=\"vc_gitem-zone-mini\"><\/div>\n                <\/div>\n            <\/div>\n            <div class=\"vc_gitem-zone vc_gitem-zone-c vc_col-sm-12 vc_col-md-9 \">\n                <div class=\"vc_gitem-zone-mini\">\n                    <div class=\"vc_gitem_row vc_row vc_gitem-row-position-top\">\n                        <div class=\"vc_col-sm-12 vc_gitem-col vc_gitem-col-align-\">\n                            <div class=\"vc_custom_heading vc_gitem-post-data vc_gitem-post-data-source-post_title\">\n                                <h3 class=\"title\">B\u00e9n\u00e9volat<\/h3><p>Vous souhaitez compl\u00e9ter votre cours d&#8217;espagnol par une activit\u00e9 solidaire ? Choisissez le programme de volontariat pour faire de votre s\u00e9jour en Espagne une exp\u00e9rience compl\u00e8te qui vous permettra de vivre qui vous permettra de vivre au plus pr\u00e8s de la population et de d\u00e9couvrir la culture et le mode de vie en Espagne.<\/p>\n                            <\/div>\n                                <div class=\"vc_custom_heading vc_gitem-post-data vc_gitem-post-data-source-post_excerpt vc_nopadleft\">\n                                            <div class=\"vc_col-xs-6 vc_col-md-3\"><div id=\"iconMini-level\" class=\"iconMini-izq\"><p>A1 au C2<\/p><\/div><\/div>\n                                            <div class=\"vc_col-xs-6 vc_col-md-3\"><div id=\"iconMini-people\" class=\"iconMini-izq\"><p>10 Max<\/p><\/div><\/div>\n\n                                        <\/div>\n                                        <div class=\"course-actions\">\n                                            <a href=\"https:\/\/espanoleschool.com\/es\/presupuesto-clases-espanol\/\" title=\"Demande de devis\" class=\"vc_general btn-grid botones bot-rojo\">Demande de devis<\/a>\n                                            <a href=\"https:\/\/espanoleschool.com\/fr\/benevolat-espagnol\/\" title=\"En savoir plus\" class=\"vc_general btn-grid botones bot-trans-azul\">En savoir plus<\/a>\n                                       <\/div>\n                                    <\/div>\n                                <\/div>\n                            <\/div>\n                        <\/div>\n                    <\/div>\n                    <div class=\"vc_clearfix\"><\/div>\n                <\/div>\n\n\t\t\t<\/div>\n\t\t<\/div>\n\t<div class=\"swiper-button-prev\"><\/div>\n\t<div class=\"swiper-button-next\"><\/div>\n<\/div>\n\n<script src=\"https:\/\/espanoleschool.com\/escuela\/wp-content\/plugins\/CPT_Cursos\/js\/swiper-bundle.js\"><\/script>\n<link rel=\"stylesheet\" href=\"https:\/\/unpkg.com\/swiper\/swiper-bundle.min.css\" \/>\n    <script>\n      var swiper = new Swiper(\".swiper-all-courses\", {\n        direction: 'horizontal',\n        loop: true,\n        \/\/ We use 1.01 here to force Swiper to create the duplicate slides\n        \/\/ at all times, so we don't get slides popping in at the head\/tail end\n        \/\/ of the swiper. It's a bit of a hack, but it works great.\n        slidesPerView: 1.01,\n        spaceBetween: 0,\n        centeredSlides: true,\n        pagination: {\n            el: \".swiper-pagination\",\n            clickable: true,\n        },\n        \/\/ Navigation arrows\n        navigation: {\n            nextEl: '.swiper-button-next',\n            prevEl: '.swiper-button-prev',\n        },\n    });\n\n    function slide_to( id )\n    {\n    \tvar swiper_elem = document.getElementsByClassName( \"swiper-all-courses\" )[ 0 ]\n    \tif ( swiper_elem && swiper_elem.offsetParent == null )\n    \t{\n\t    \t\/\/ Carousel is hidden in mobile devices, so make the link just take us to the course page\n    \t\treturn true\n    \t}\n        swiper.slideToLoop( id, 300, true );\n        return false;\n    }\n\n    <\/script>\n\n[\/vc_column_text][\/vc_column][\/vc_row][vc_row content_placement=&#8221;middle&#8221;][vc_column css=&#8221;.vc_custom_1625711534428{margin-top: 24px !important;margin-bottom: 24px !important;}&#8221;][vc_column_text el_id=&#8221;estudiar-espanol-porque&#8221; el_class=&#8221;anchor-target&#8221;]#[\/vc_column_text]<div class=\"templatera_shortcode\"><div id=\"seccion-quiero-estudiar\" class=\"vc_row wpb_row vc_row-fluid\"><div class=\"wpb_column vc_column_container vc_col-sm-12\"><div class=\"vc_column-inner\"><div class=\"wpb_wrapper\">\n\t<div class=\"wpb_text_column wpb_content_element \" >\n\t\t<div class=\"wpb_wrapper\">\n\t\t\t<h2 style=\"text-align: center;\">Je veux \u00e9tudier l&#8217;espagnol \u00e0 Valence parce que&#8230;<\/h2>\n<p style=\"text-align: center;\">Programmes d&#8217;espagnol sp\u00e9cifiques d\u00e9velopp\u00e9s pour atteindre vos objectifs d&#8217;apprentissage.<\/p>\n\n\t\t<\/div>\n\t<\/div>\n<div class=\"vc_row wpb_row vc_inner vc_row-fluid vc_row-o-equal-height vc_row-o-content-middle vc_row-flex\"><div class=\"wpb_column vc_column_container vc_col-sm-4 vc_col-has-fill\"><div class=\"vc_column-inner vc_custom_1624612764051\"><div class=\"wpb_wrapper\">\n\t<div class=\"wpb_text_column wpb_content_element \" >\n\t\t<div class=\"wpb_wrapper\">\n\t\t\t<p>Je souhaite am\u00e9liorer mon niveau d&#8217;espagnol, <a href=\"https:\/\/espanoleschool.com\/es\/experiencial\/\">vivre une exp\u00e9rience diff\u00e9rente et rencontrer des gens<\/a> de partout dans le monde.<\/p>\n\n\t\t<\/div>\n\t<\/div>\n<\/div><\/div><\/div><div class=\"wpb_column vc_column_container vc_col-sm-4 vc_col-has-fill\"><div class=\"vc_column-inner vc_custom_1624612776056\"><div class=\"wpb_wrapper\">\n\t<div class=\"wpb_text_column wpb_content_element \" >\n\t\t<div class=\"wpb_wrapper\">\n\t\t\t<p>Je crois que <a href=\"https:\/\/espanoleschool.com\/es\/examenes-oficiales-espanol\/\">l&#8217;espagnol sera important pour mon avenir<\/a> et je veux obtenir un dipl\u00f4me officiel.<\/p>\n\n\t\t<\/div>\n\t<\/div>\n<\/div><\/div><\/div><div class=\"wpb_column vc_column_container vc_col-sm-4 vc_col-has-fill\"><div class=\"vc_column-inner vc_custom_1624612786758\"><div class=\"wpb_wrapper\">\n\t<div class=\"wpb_text_column wpb_content_element \" >\n\t\t<div class=\"wpb_wrapper\">\n\t\t\t<p>Je voudrais \u00e9tudier \u00e0 <a href=\"https:\/\/espanoleschool.com\/es\/estudiar-universidad-espana\/\">l&#8217;universit\u00e9 en Espagne<\/a> et j&#8217;ai besoin de perfectionner mon espagnol.<\/p>\n\n\t\t<\/div>\n\t<\/div>\n<\/div><\/div><\/div><\/div><div class=\"vc_row wpb_row vc_inner vc_row-fluid vc_row-o-equal-height vc_row-o-content-middle vc_row-flex\"><div class=\"wpb_column vc_column_container vc_col-sm-4 vc_col-has-fill\"><div class=\"vc_column-inner vc_custom_1624612798978\"><div class=\"wpb_wrapper\">\n\t<div class=\"wpb_text_column wpb_content_element \" >\n\t\t<div class=\"wpb_wrapper\">\n\t\t\t<p>Je m&#8217;int\u00e9resse beaucoup <a href=\"https:\/\/espanoleschool.com\/es\/cursos-espanol-adultos\/\">\u00e0 la culture et \u00e0 la vie espagnole<\/a> et j&#8217;aimerais <a href=\"https:\/\/espanoleschool.com\/es\/cursos-espanol-adultos\/\">am\u00e9liorer mon espagnol dans un cours pour adultes<\/a>.<\/p>\n\n\t\t<\/div>\n\t<\/div>\n<\/div><\/div><\/div><div class=\"wpb_column vc_column_container vc_col-sm-4 vc_col-has-fill\"><div class=\"vc_column-inner vc_custom_1624612809465\"><div class=\"wpb_wrapper\">\n\t<div class=\"wpb_text_column wpb_content_element \" >\n\t\t<div class=\"wpb_wrapper\">\n\t\t\t<p>Je suis un <a href=\"https:\/\/espanoleschool.com\/es\/cursos-espanol-profesional\/\">professionnel avec une projection internationale<\/a> et l&#8217;espagnol est <a href=\"https:\/\/espanoleschool.com\/es\/cursos-espanol-profesional\/\">n\u00e9cessaire pour ma carri\u00e8re<\/a><\/p>\n\n\t\t<\/div>\n\t<\/div>\n<\/div><\/div><\/div><div class=\"wpb_column vc_column_container vc_col-sm-4 vc_col-has-fill\"><div class=\"vc_column-inner vc_custom_1624612823874\"><div class=\"wpb_wrapper\">\n\t<div class=\"wpb_text_column wpb_content_element \" >\n\t\t<div class=\"wpb_wrapper\">\n\t\t\t<p>Je veux profiter d&#8217;un <a href=\"https:\/\/espanoleschool.com\/es\/cursos-espanol-jovenes\/\">\u00e9t\u00e9 diff\u00e9rent en Espagne et apprendre l&#8217;espagnol<\/a> avec d&#8217;autres jeunes comme moi.<\/p>\n\n\t\t<\/div>\n\t<\/div>\n<\/div><\/div><\/div><\/div><div class=\"vc_row wpb_row vc_inner vc_row-fluid vc_row-o-equal-height vc_row-o-content-middle vc_row-flex\"><div class=\"wpb_column vc_column_container vc_col-sm-4 vc_col-has-fill\"><div class=\"vc_column-inner vc_custom_1624612837192\"><div class=\"wpb_wrapper\">\n\t<div class=\"wpb_text_column wpb_content_element \" >\n\t\t<div class=\"wpb_wrapper\">\n\t\t\t<p>Je veux concentrer ma carri\u00e8re <a href=\"https:\/\/espanoleschool.com\/es\/formacion-profesor-espanol\/\">dans l&#8217;enseignement de la langue espagnole<\/a> en Espagne ou \u00e0 l&#8217;\u00e9tranger.<\/p>\n\n\t\t<\/div>\n\t<\/div>\n<\/div><\/div><\/div><div class=\"last-col wpb_column vc_column_container vc_col-sm-8 vc_col-has-fill\"><div class=\"vc_column-inner vc_custom_1624615354259\"><div class=\"wpb_wrapper\">\n\t<div class=\"wpb_text_column wpb_content_element \" >\n\t\t<div class=\"wpb_wrapper\">\n\t\t\t<p class=\"titulo\">Vous aussi vous voulez apprendre l&#8217;espagnol ?<\/p>\n<p>Consultez tous nos cours et trouvez le programme id\u00e9al pour vous.<\/p>\n<p><a class=\"botones bot-blanco\" href=\"https:\/\/espanoleschool.com\/es\/cursos-espanol-valencia\/\">Voir tous les cours<\/a><\/p>\n\n\t\t<\/div>\n\t<\/div>\n<\/div><\/div><\/div><\/div><\/div><\/div><\/div><\/div>\n<\/div>[\/vc_column][\/vc_row][vc_row content_placement=&#8221;middle&#8221; css=&#8221;.vc_custom_1626213231717{margin-top: 24px !important;}&#8221;][vc_column width=&#8221;1\/2&#8243;][vc_video link=&#8221;https:\/\/www.youtube.com\/watch?v=XnO5472dZVE&#8221;][\/vc_column][vc_column width=&#8221;1\/2&#8243;][vc_column_text]<\/p>\n<h2>Une \u00e9cole tr\u00e8s sp\u00e9ciale<\/h2>\n<p>Situ\u00e9e au centre de Valence, dans un ancien palais gothique enti\u00e8rement restaur\u00e9, notre \u00e9cole dispose des technologies et des installations les plus modernes, tout en pr\u00e9servant l\u2019esprit et l\u2019histoire du b\u00e2timent.<\/p>\n<p>\n<a class=\"vc-general btn-grid botones bot-azul\" href=\"https:\/\/espanoleschool.com\/es\/international-house-valencia\/la-escuela\/\">\n<\/a>\n\n\n    [\/vc_column_text][\/vc_column][\/vc_row][vc_row][vc_column el_class=&#8221;brighten-up-those-icons&#8221;]<div class=\"templatera_shortcode\"><div id=\"incluidos-nuestros-cursos\" data-vc-full-width=\"true\" data-vc-full-width-init=\"false\" class=\"vc_row wpb_row vc_row-fluid darken-icons vc_custom_1630920458957\"><div class=\"wpb_column vc_column_container vc_col-sm-12\"><div class=\"vc_column-inner\"><div class=\"wpb_wrapper\">\n\t<div class=\"wpb_text_column wpb_content_element \" >\n\t\t<div class=\"wpb_wrapper\">\n\t\t\t<h2 style=\"text-align: center;\">Compris dans nos cours<\/h2>\n<p style=\"text-align: center;\">Le paiement de vos frais d&#8217;inscription vous donne automatiquement acc\u00e8s \u00e0 une s\u00e9lection de ressources et de services.<\/p>\n\n\t\t<\/div>\n\t<\/div>\n<div class=\"vc_row wpb_row vc_inner vc_row-fluid\"><div class=\"wpb_column vc_column_container vc_col-sm-4\"><div class=\"vc_column-inner\"><div class=\"wpb_wrapper\">\n\t<div class=\"wpb_text_column wpb_content_element \" >\n\t\t<div class=\"wpb_wrapper\">\n\t\t\t<div id=\"icon-info\" class=\"icon-izq\">\n<h3>Dossier d&#8217;information (Info pack) et mat\u00e9riel didactique<\/h3>\n<p>Tout le mat\u00e9riel didactique dont vous avez besoin pour r\u00e9ussir votre programme d&#8217;espagnol. Les frais d&#8217;inscription comprennent le premier livre. Lorsque vous passerez au niveau suivant, vous devrez acheter le livre correspondant.<\/p>\n<\/div>\n\n\t\t<\/div>\n\t<\/div>\n<\/div><\/div><\/div><div class=\"wpb_column vc_column_container vc_col-sm-4\"><div class=\"vc_column-inner\"><div class=\"wpb_wrapper\">\n\t<div class=\"wpb_text_column wpb_content_element \" >\n\t\t<div class=\"wpb_wrapper\">\n\t\t\t<div id=\"icon-clip\" class=\"icon-izq\">\n<h3>Plateforme en ligne<\/h3>\n<p>C&#8217;est l&#8217;outil qui vous permettra de pratiquer encore plus l&#8217;espagnol en dehors de vos cours. Il est adapt\u00e9 \u00e0 tous les niveaux avec diff\u00e9rentes m\u00e9thodes et exercices ax\u00e9s sur tous les domaines de la langue espagnole. La meilleure chose est que vous pouvez travailler \u00e0 votre rythme et continuer \u00e0 pratiquer votre espagnol m\u00eame lorsque vous avez termin\u00e9 votre cours, il est disponible pendant 6 mois sans frais suppl\u00e9mentaires!<\/p>\n<\/div>\n\n\t\t<\/div>\n\t<\/div>\n<\/div><\/div><\/div><div class=\"wpb_column vc_column_container vc_col-sm-4\"><div class=\"vc_column-inner\"><div class=\"wpb_wrapper\">\n\t<div class=\"wpb_text_column wpb_content_element \" >\n\t\t<div class=\"wpb_wrapper\">\n\t\t\t<div id=\"icon-sos\" class=\"icon-izq\">\n<h3 class=\"p1\">Num\u00e9ro d&#8217;urgence 24h\/24<\/h3>\n<p class=\"p1\">Pour tout \u00e9v\u00e9nement impr\u00e9vu qui pourrait survenir, vous avez \u00e0 votre disposition un num\u00e9ro d&#8217;urgence qui r\u00e9pond aux appels 24 heures sur 24.<\/p>\n<\/div>\n\n\t\t<\/div>\n\t<\/div>\n<\/div><\/div><\/div><\/div><div class=\"vc_row wpb_row vc_inner vc_row-fluid\"><div class=\"wpb_column vc_column_container vc_col-sm-4\"><div class=\"vc_column-inner\"><div class=\"wpb_wrapper\">\n\t<div class=\"wpb_text_column wpb_content_element \" >\n\t\t<div class=\"wpb_wrapper\">\n\t\t\t<div id=\"icon-school\" class=\"icon-izq\">\n<h3 class=\"p1\">Utilisation libre des installations et services de l&#8217;\u00e9cole<\/h3>\n<p>Notre \u00e9cole dispose de nombreux espaces dont vous pourrez profiter tout au long de la journ\u00e9e : espaces de travail, canap\u00e9s pour boire un caf\u00e9, se reposer et se d\u00e9tendre, terrasses, solarium, douches,\u2026 Notre personnel vous aidera \u00e9galement avec tout ce dont vous avez besoin pour que vous vous sentiez comme chez vous.<\/p>\n<\/div>\n\n\t\t<\/div>\n\t<\/div>\n<\/div><\/div><\/div><div class=\"wpb_column vc_column_container vc_col-sm-4\"><div class=\"vc_column-inner\"><div class=\"wpb_wrapper\">\n\t<div class=\"wpb_text_column wpb_content_element \" >\n\t\t<div class=\"wpb_wrapper\">\n\t\t\t<div id=\"icon-leisure\" class=\"icon-izq\">\n<h3 class=\"p1\">3 activit\u00e9s hebdomadaires gratuites<\/h3>\n<p class=\"p1\">Choisissez parmi toutes nos activit\u00e9s celles qui vous plaisent le plus et venez passer un bon moment avec d&#8217;autres \u00e9tudiants comme vous.<\/p>\n<\/div>\n\n\t\t<\/div>\n\t<\/div>\n<\/div><\/div><\/div><div class=\"wpb_column vc_column_container vc_col-sm-4\"><div class=\"vc_column-inner\"><div class=\"wpb_wrapper\">\n\t<div class=\"wpb_text_column wpb_content_element \" >\n\t\t<div class=\"wpb_wrapper\">\n\t\t\t<div id=\"icon-doc\" class=\"icon-izq\">\n<h3 class=\"p1\">Aide \u00e0 l&#8217;inscription aux examens officiels d&#8217;espagnol<\/h3>\n<p class=\"p1\">Demandez-nous si vous avez besoin d\u2019aide pour pr\u00e9parer les documents d&#8217;inscription \u00e0 votre examen officiel d&#8217;espagnol.<\/p>\n<\/div>\n\n\t\t<\/div>\n\t<\/div>\n<\/div><\/div><\/div><\/div><div class=\"vc_row wpb_row vc_inner vc_row-fluid\"><div class=\"wpb_column vc_column_container vc_col-sm-4\"><div class=\"vc_column-inner\"><div class=\"wpb_wrapper\">\n\t<div class=\"wpb_text_column wpb_content_element \" >\n\t\t<div class=\"wpb_wrapper\">\n\t\t\t<div id=\"icon-academic\" class=\"icon-izq\">\n<h3 class=\"p1\">Conseils et tutorat acad\u00e9miques<\/h3>\n<p class=\"p1\">Pour vous guider dans votre apprentissage, notre \u00e9quipe acad\u00e9mique est \u00e0 votre disposition pour vous conseiller sur tout ce dont vous avez besoin.<\/p>\n<\/div>\n\n\t\t<\/div>\n\t<\/div>\n<\/div><\/div><\/div><div class=\"wpb_column vc_column_container vc_col-sm-4\"><div class=\"vc_column-inner\"><div class=\"wpb_wrapper\">\n\t<div class=\"wpb_text_column wpb_content_element \" >\n\t\t<div class=\"wpb_wrapper\">\n\t\t\t<div id=\"icon-certificate\" class=\"icon-izq\">\n<h3 class=\"p1\">Certificat et rapport \u00e0 la fin du cours<\/h3>\n<p class=\"p1\">Vous recevrez un rapport d\u00e9taill\u00e9 sur vos progr\u00e8s dans chaque domaine linguistique et une attestation de pr\u00e9sence.<\/p>\n<\/div>\n\n\t\t<\/div>\n\t<\/div>\n<\/div><\/div><\/div><div class=\"wpb_column vc_column_container vc_col-sm-4\"><div class=\"vc_column-inner\"><div class=\"wpb_wrapper\">\n\t<div class=\"wpb_text_column wpb_content_element \" >\n\t\t<div class=\"wpb_wrapper\">\n\t\t\t<div id=\"icon-welcome\" class=\"icon-izq\">\n<h3 class=\"p1\">Visite de bienvenue<\/h3>\n<p class=\"p1\">Nous vous accompagnons dans la d\u00e9couverte de Valence, des environs de l&#8217;\u00e9cole et des lieux les plus embl\u00e9matiques.<\/p>\n<\/div>\n\n\t\t<\/div>\n\t<\/div>\n<\/div><\/div><\/div><\/div><\/div><\/div><\/div><\/div><div class=\"vc_row-full-width vc_clearfix\"><\/div>\n<\/div>[vc_column_text el_id=&#8221;nuestros-profesores-espanol&#8221; el_class=&#8221;anchor-target&#8221;]#[\/vc_column_text][vc_column_text]<\/p>\n<h2 style=\"text-align: center;\">Rencontrez nos enseignants<\/h2>\n<p>&nbsp;<\/p>\n<p style=\"text-align: center;\"><div class=\"vc_grid vc_row vc_pageable-wrapper vc_hook_hover grid-teachers-rel\" data-vc-pageable-content=\"true\">\n\t\t\t<div class=\"vc_pageable-slide-wrapper vc_clearfix\" data-vc-grid-content=\"true\">\t\t\t<div class=\"teacher-wrap layout-a\">\n\t\t\t<div class=\" vc_clearfix vc_col-sm-2 vc_grid-item-zone-c-bottom vc_visible-item fadeIn animated\">\n\t\t\t\t<script type=\"text\/template\" id=\"teacher-bio-13882\">\n\t\t\t\t\t<h2>Manoli Alanz\u00e1bez<\/h2>\n\t\t\t\t\t<h3><p>Enseignante<\/p>\n<\/h3>\n\t\t\t\t\t<p>Je m\u2019appelle Manoli. SJe suis originaire de Cordoue, mais je vis \u00e0 Valence depuis que je suis toute petite. J&#8217;ai un dipl\u00f4me en g\u00e9ographie, art et histoire.<\/p>\n<p>J&#8217;enseigne l&#8217;espagnol aux \u00e9trangers depuis onze ans, et j&#8217;adore \u00e7a. Je pense qu&#8217;en r\u00e9alit\u00e9, j&#8217;apprends davantage d&#8217;eux qu&#8217;ils n&#8217;apprennent de moi.<\/p>\n<p>L&#8217;histoire, l&#8217;art, la litt\u00e9rature, le cin\u00e9ma, les jeux de soci\u00e9t\u00e9, les repas entre amis et une bonne conversation sont les activit\u00e9s que j&#8217;appr\u00e9cie.<\/p>\n<p>\u00c0 bient\u00f4t !<\/p>\n\t\t\t\t\t<button class=\"botones bot-azul\" onclick=\"ih_popup_close()\">\n\t\t\t\t\t\tFermer\t\t\t\t\t<\/button>\n\t\t\t\t\t<p>\n\t\t\t\t<\/script>\n\t\t\t\t<div class=\"vc_grid-item-mini vc_clearfix\">\n\t\t\t\t\t<div class=\"vc_gitem-animated-block\">\n\t\t\t\t\t\t<div class=\"vc_gitem-zone vc_gitem-zone-a vc-gitem-zone-height-mode-auto vc-gitem-zone-height-mode-auto-1-1 vc_gitem-is-link\" style=\"background-image: url('https:\/\/espanoleschool.com\/escuela\/wp-content\/uploads\/2021\/10\/DSC_0947C.jpg') !important;\" onclick=\"return show_teacher(13882)\">\n\t\t\t\t\t\t\t<a href=\"#\" title=\"Manoli Alanz\u00e1bez\" class=\"teacher-details-bg vc_gitem-link vc-zone-link\"><\/a>\n\t\t\t\t\t\t\t<img decoding=\"async\" src=\"https:\/\/espanoleschool.com\/escuela\/wp-content\/uploads\/2021\/10\/DSC_0947C.jpg\" class=\"vc_gitem-zone-img\" alt=\"\">\n\t\t\t\t\t\t\t<div class=\"teacher-details only-pc\">\n\t\t\t\t\t\t\t\t<div class=\"teacher-details-wrap\">\n\t\t\t\t\t\t\t\t\t<span class=\"teacher-name\">Manoli Alanz\u00e1bez<\/span>\n\t\t\t\t\t\t\t\t\t<span class=\"teacher-occupation\"><p>Enseignante<\/p>\n<\/span>\n\t\t\t\t\t\t\t\t<\/div>\n\t\t\t\t\t\t\t<\/div>\n\t\t\t\t\t\t\t<div class=\"vc_gitem-zone-mini\"><\/div>\n\t\t\t\t\t\t<\/div>\n\t\t\t\t\t<\/div>\n\t\t\t\t<\/div>\n\t\t\t\t<div class=\"vc_clearfix\"><\/div>\n\t\t\t<\/div>\n\t\t\t<div class=\"teacher-details only-mobile\">\n\t\t\t\t<div class=\"teacher-details-wrap\">\n\t\t\t\t\t<span class=\"teacher-name\">Manoli Alanz\u00e1bez<\/span>\n\t\t\t\t\t<span class=\"teacher-occupation\"><p>Enseignante<\/p>\n<\/span>\n\t\t\t\t<\/div>\n\t\t\t<\/div>\n\t\t\t<\/div>\n\t\t\t<div class=\"teacher-wrap layout-a\">\n\t\t\t<div class=\" vc_clearfix vc_col-sm-2 vc_grid-item-zone-c-bottom vc_visible-item fadeIn animated\">\n\t\t\t\t<script type=\"text\/template\" id=\"teacher-bio-69698\">\n\t\t\t\t\t<h2>Marta Ballester<\/h2>\n\t\t\t\t\t<h3><p>Enseignante<\/p>\n<\/h3>\n\t\t\t\t\t\t\t\t\t\t<button class=\"botones bot-azul\" onclick=\"ih_popup_close()\">\n\t\t\t\t\t\tFermer\t\t\t\t\t<\/button>\n\t\t\t\t\t<p>\n\t\t\t\t<\/script>\n\t\t\t\t<div class=\"vc_grid-item-mini vc_clearfix\">\n\t\t\t\t\t<div class=\"vc_gitem-animated-block\">\n\t\t\t\t\t\t<div class=\"vc_gitem-zone vc_gitem-zone-a vc-gitem-zone-height-mode-auto vc-gitem-zone-height-mode-auto-1-1 vc_gitem-is-link\" style=\"background-image: url('https:\/\/espanoleschool.com\/escuela\/wp-content\/uploads\/2026\/02\/Marta.png') !important;\" onclick=\"return show_teacher(69698)\">\n\t\t\t\t\t\t\t<a href=\"#\" title=\"Marta Ballester\" class=\"teacher-details-bg vc_gitem-link vc-zone-link\"><\/a>\n\t\t\t\t\t\t\t<img decoding=\"async\" src=\"https:\/\/espanoleschool.com\/escuela\/wp-content\/uploads\/2026\/02\/Marta.png\" class=\"vc_gitem-zone-img\" alt=\"\">\n\t\t\t\t\t\t\t<div class=\"teacher-details only-pc\">\n\t\t\t\t\t\t\t\t<div class=\"teacher-details-wrap\">\n\t\t\t\t\t\t\t\t\t<span class=\"teacher-name\">Marta Ballester<\/span>\n\t\t\t\t\t\t\t\t\t<span class=\"teacher-occupation\"><p>Enseignante<\/p>\n<\/span>\n\t\t\t\t\t\t\t\t<\/div>\n\t\t\t\t\t\t\t<\/div>\n\t\t\t\t\t\t\t<div class=\"vc_gitem-zone-mini\"><\/div>\n\t\t\t\t\t\t<\/div>\n\t\t\t\t\t<\/div>\n\t\t\t\t<\/div>\n\t\t\t\t<div class=\"vc_clearfix\"><\/div>\n\t\t\t<\/div>\n\t\t\t<div class=\"teacher-details only-mobile\">\n\t\t\t\t<div class=\"teacher-details-wrap\">\n\t\t\t\t\t<span class=\"teacher-name\">Marta Ballester<\/span>\n\t\t\t\t\t<span class=\"teacher-occupation\"><p>Enseignante<\/p>\n<\/span>\n\t\t\t\t<\/div>\n\t\t\t<\/div>\n\t\t\t<\/div>\n\t\t\t<div class=\"teacher-wrap layout-a\">\n\t\t\t<div class=\" vc_clearfix vc_col-sm-2 vc_grid-item-zone-c-bottom vc_visible-item fadeIn animated\">\n\t\t\t\t<script type=\"text\/template\" id=\"teacher-bio-69354\">\n\t\t\t\t\t<h2>Mar\u00eda Gardey<\/h2>\n\t\t\t\t\t<h3><p>Enseignante<\/p>\n<\/h3>\n\t\t\t\t\t<p data-start=\"37\" data-end=\"293\">Je m\u2019appelle Mar\u00eda et j\u2019enseigne l\u2019espagnol aux \u00e9trangers depuis huit ans. Je suis n\u00e9e \u00e0 Valence et j\u2019ai v\u00e9cu toute ma vie dans cette ville. Je suis dipl\u00f4m\u00e9e en philologie hispanique de l\u2019Universit\u00e9 de Valence et j\u2019adore ma langue ainsi que sa litt\u00e9rature.<\/p>\n<p data-start=\"295\" data-end=\"553\">Enseigner l\u2019espagnol aux \u00e9trangers est un m\u00e9tier que je ne connaissais pas lorsque j\u2019ai commenc\u00e9 mes \u00e9tudes, mais que je trouve merveilleux. J\u2019aime \u00eatre en contact avec diff\u00e9rentes cultures et voir comment les \u00e9l\u00e8ves progressent petit \u00e0 petit dans la langue.<\/p>\n<p data-start=\"555\" data-end=\"658\" data-is-last-node=\"\" data-is-only-node=\"\">Pendant mon temps libre, j\u2019aime lire, regarder des s\u00e9ries ou des films et, d\u00e8s que je le peux, voyager.<\/p>\n\t\t\t\t\t<button class=\"botones bot-azul\" onclick=\"ih_popup_close()\">\n\t\t\t\t\t\tFermer\t\t\t\t\t<\/button>\n\t\t\t\t\t<p>\n\t\t\t\t<\/script>\n\t\t\t\t<div class=\"vc_grid-item-mini vc_clearfix\">\n\t\t\t\t\t<div class=\"vc_gitem-animated-block\">\n\t\t\t\t\t\t<div class=\"vc_gitem-zone vc_gitem-zone-a vc-gitem-zone-height-mode-auto vc-gitem-zone-height-mode-auto-1-1 vc_gitem-is-link\" style=\"background-image: url('https:\/\/espanoleschool.com\/escuela\/wp-content\/uploads\/2026\/02\/Maria-Gardey.png') !important;\" onclick=\"return show_teacher(69354)\">\n\t\t\t\t\t\t\t<a href=\"#\" title=\"Mar\u00eda Gardey\" class=\"teacher-details-bg vc_gitem-link vc-zone-link\"><\/a>\n\t\t\t\t\t\t\t<img decoding=\"async\" src=\"https:\/\/espanoleschool.com\/escuela\/wp-content\/uploads\/2026\/02\/Maria-Gardey.png\" class=\"vc_gitem-zone-img\" alt=\"\">\n\t\t\t\t\t\t\t<div class=\"teacher-details only-pc\">\n\t\t\t\t\t\t\t\t<div class=\"teacher-details-wrap\">\n\t\t\t\t\t\t\t\t\t<span class=\"teacher-name\">Mar\u00eda Gardey<\/span>\n\t\t\t\t\t\t\t\t\t<span class=\"teacher-occupation\"><p>Enseignante<\/p>\n<\/span>\n\t\t\t\t\t\t\t\t<\/div>\n\t\t\t\t\t\t\t<\/div>\n\t\t\t\t\t\t\t<div class=\"vc_gitem-zone-mini\"><\/div>\n\t\t\t\t\t\t<\/div>\n\t\t\t\t\t<\/div>\n\t\t\t\t<\/div>\n\t\t\t\t<div class=\"vc_clearfix\"><\/div>\n\t\t\t<\/div>\n\t\t\t<div class=\"teacher-details only-mobile\">\n\t\t\t\t<div class=\"teacher-details-wrap\">\n\t\t\t\t\t<span class=\"teacher-name\">Mar\u00eda Gardey<\/span>\n\t\t\t\t\t<span class=\"teacher-occupation\"><p>Enseignante<\/p>\n<\/span>\n\t\t\t\t<\/div>\n\t\t\t<\/div>\n\t\t\t<\/div>\n\t\t\t<div class=\"teacher-wrap layout-a\">\n\t\t\t<div class=\" vc_clearfix vc_col-sm-2 vc_grid-item-zone-c-bottom vc_visible-item fadeIn animated\">\n\t\t\t\t<script type=\"text\/template\" id=\"teacher-bio-69866\">\n\t\t\t\t\t<h2>Laura Cattaneo<\/h2>\n\t\t\t\t\t<h3><p>Enseignante<\/p>\n<\/h3>\n\t\t\t\t\t<p data-path-to-node=\"4\">Bonjour \u00e0 tous ! Je m&#8217;appelle Laura.<\/p>\n<p data-path-to-node=\"5\">Je suis originaire de Mar del Plata, en Argentine \u2014 la plus belle ville c\u00f4ti\u00e8re du pays \u2014 et j&#8217;enseigne l&#8217;espagnol depuis plus de 25 ans dans diff\u00e9rents pays. Je suis passionn\u00e9e par le contact avec les cultures, les langues et l&#8217;interculturalit\u00e9 au sein de la classe.<\/p>\n<p data-path-to-node=\"6\">Dipl\u00f4m\u00e9e en Sciences Biologiques, c&#8217;est en \u00e9migrant que j&#8217;ai d\u00e9couvert ma v\u00e9ritable passion pour l&#8217;enseignement de l&#8217;espagnol. Cela m&#8217;a amen\u00e9e \u00e0 obtenir un Master en Linguistique \u00e0 l&#8217;Universit\u00e9 de Ja\u00e9n, avec une sp\u00e9cialisation en E-learning et en l&#8217;utilisation des TICE (Technologies de l&#8217;Information et de la Communication pour l&#8217;\u00c9ducation) en classe. Lors de mon doctorat en Sciences Biologiques \u00e0 Ath\u00e8nes, j&#8217;ai commenc\u00e9 \u00e0 donner des cours d&#8217;espagnol, tout en collaborant comme Traductrice et Interpr\u00e8te Grec-Espagnol aupr\u00e8s de l&#8217;Ambassade d&#8217;Argentine, et en travaillant \u00e0 la pr\u00e9paration des examens DELE.<\/p>\n<p data-path-to-node=\"7\">Quelques ann\u00e9es plus tard, de retour dans ma ville natale, j&#8217;ai \u00e9t\u00e9 sollicit\u00e9e pour rejoindre le programme intensif d&#8217;\u00e9t\u00e9 d&#8217;ELE pour les \u00e9tudiants du Hunter College de New York, ainsi que le programme IDEAR (Ing\u00e9nieurs Allemagne-Argentine) \u00e0 la Facult\u00e9 d&#8217;Ing\u00e9nierie de l&#8217;Universit\u00e9 Nationale de Mar del Plata (UNMDP). J&#8217;y ai \u00e9galement occup\u00e9 les postes de professeure coordinatrice du D\u00e9partement d&#8217;Espagnol pour \u00c9trangers et de responsable administrative et examinatrice officielle des examens internationaux CELU.<\/p>\n<p data-path-to-node=\"8\">En 2022, ma carri\u00e8re m&#8217;a men\u00e9e en Inde, \u00e0 la Lancers International School de Gurgaon, o\u00f9 j&#8217;ai travaill\u00e9 comme professeure et coordinatrice du d\u00e9partement d&#8217;espagnol et des examens internationaux MYP, DP et IGCSE.<\/p>\n<p data-path-to-node=\"9\">Enfin, en 2023, j&#8217;ai pos\u00e9 mes valises \u00e0 Valence, une ville merveilleuse, o\u00f9 toute l&#8217;\u00e9quipe d&#8217;Espa\u00f1ol\u00e9 m&#8217;a accueillie comme un membre de leur famille.<\/p>\n<p data-path-to-node=\"10\">Je serai ravie de vous recevoir dans mes cours et de vous accompagner dans cette exp\u00e9rience fascinante de l&#8217;apprentissage immersif !<\/p>\n\t\t\t\t\t<button class=\"botones bot-azul\" onclick=\"ih_popup_close()\">\n\t\t\t\t\t\tFermer\t\t\t\t\t<\/button>\n\t\t\t\t\t<p>\n\t\t\t\t<\/script>\n\t\t\t\t<div class=\"vc_grid-item-mini vc_clearfix\">\n\t\t\t\t\t<div class=\"vc_gitem-animated-block\">\n\t\t\t\t\t\t<div class=\"vc_gitem-zone vc_gitem-zone-a vc-gitem-zone-height-mode-auto vc-gitem-zone-height-mode-auto-1-1 vc_gitem-is-link\" style=\"background-image: url('https:\/\/espanoleschool.com\/escuela\/wp-content\/uploads\/2026\/02\/Laura.png') !important;\" onclick=\"return show_teacher(69866)\">\n\t\t\t\t\t\t\t<a href=\"#\" title=\"Laura Cattaneo\" class=\"teacher-details-bg vc_gitem-link vc-zone-link\"><\/a>\n\t\t\t\t\t\t\t<img decoding=\"async\" src=\"https:\/\/espanoleschool.com\/escuela\/wp-content\/uploads\/2026\/02\/Laura.png\" class=\"vc_gitem-zone-img\" alt=\"\">\n\t\t\t\t\t\t\t<div class=\"teacher-details only-pc\">\n\t\t\t\t\t\t\t\t<div class=\"teacher-details-wrap\">\n\t\t\t\t\t\t\t\t\t<span class=\"teacher-name\">Laura Cattaneo<\/span>\n\t\t\t\t\t\t\t\t\t<span class=\"teacher-occupation\"><p>Enseignante<\/p>\n<\/span>\n\t\t\t\t\t\t\t\t<\/div>\n\t\t\t\t\t\t\t<\/div>\n\t\t\t\t\t\t\t<div class=\"vc_gitem-zone-mini\"><\/div>\n\t\t\t\t\t\t<\/div>\n\t\t\t\t\t<\/div>\n\t\t\t\t<\/div>\n\t\t\t\t<div class=\"vc_clearfix\"><\/div>\n\t\t\t<\/div>\n\t\t\t<div class=\"teacher-details only-mobile\">\n\t\t\t\t<div class=\"teacher-details-wrap\">\n\t\t\t\t\t<span class=\"teacher-name\">Laura Cattaneo<\/span>\n\t\t\t\t\t<span class=\"teacher-occupation\"><p>Enseignante<\/p>\n<\/span>\n\t\t\t\t<\/div>\n\t\t\t<\/div>\n\t\t\t<\/div>\n\t\t\t<div class=\"teacher-wrap layout-a\">\n\t\t\t<div class=\" vc_clearfix vc_col-sm-2 vc_grid-item-zone-c-bottom vc_visible-item fadeIn animated\">\n\t\t\t\t<script type=\"text\/template\" id=\"teacher-bio-70179\">\n\t\t\t\t\t<h2>Clara Marzal<\/h2>\n\t\t\t\t\t<h3><p>Enseignante<\/p>\n<\/h3>\n\t\t\t\t\t<p>Bonjour ! Je m&#8217;appelle Clara, je suis professeure d&#8217;espagnol et passionn\u00e9e par l&#8217;apprentissage et l&#8217;enseignement des langues. Pour moi, apprendre une langue, c&#8217;est ouvrir son esprit au monde. Dans mes cours, j&#8217;allie professionnalisme, proximit\u00e9 et enthousiasme pour que l&#8217;apprentissage de l&#8217;espagnol soit une exp\u00e9rience \u00e0 la fois belle et enrichissante.<\/p>\n\t\t\t\t\t<button class=\"botones bot-azul\" onclick=\"ih_popup_close()\">\n\t\t\t\t\t\tFermer\t\t\t\t\t<\/button>\n\t\t\t\t\t<p>\n\t\t\t\t<\/script>\n\t\t\t\t<div class=\"vc_grid-item-mini vc_clearfix\">\n\t\t\t\t\t<div class=\"vc_gitem-animated-block\">\n\t\t\t\t\t\t<div class=\"vc_gitem-zone vc_gitem-zone-a vc-gitem-zone-height-mode-auto vc-gitem-zone-height-mode-auto-1-1 vc_gitem-is-link\" style=\"background-image: url('https:\/\/espanoleschool.com\/escuela\/wp-content\/uploads\/2026\/03\/Carla-4.png') !important;\" onclick=\"return show_teacher(70179)\">\n\t\t\t\t\t\t\t<a href=\"#\" title=\"Clara Marzal\" class=\"teacher-details-bg vc_gitem-link vc-zone-link\"><\/a>\n\t\t\t\t\t\t\t<img decoding=\"async\" src=\"https:\/\/espanoleschool.com\/escuela\/wp-content\/uploads\/2026\/03\/Carla-4.png\" class=\"vc_gitem-zone-img\" alt=\"\">\n\t\t\t\t\t\t\t<div class=\"teacher-details only-pc\">\n\t\t\t\t\t\t\t\t<div class=\"teacher-details-wrap\">\n\t\t\t\t\t\t\t\t\t<span class=\"teacher-name\">Clara Marzal<\/span>\n\t\t\t\t\t\t\t\t\t<span class=\"teacher-occupation\"><p>Enseignante<\/p>\n<\/span>\n\t\t\t\t\t\t\t\t<\/div>\n\t\t\t\t\t\t\t<\/div>\n\t\t\t\t\t\t\t<div class=\"vc_gitem-zone-mini\"><\/div>\n\t\t\t\t\t\t<\/div>\n\t\t\t\t\t<\/div>\n\t\t\t\t<\/div>\n\t\t\t\t<div class=\"vc_clearfix\"><\/div>\n\t\t\t<\/div>\n\t\t\t<div class=\"teacher-details only-mobile\">\n\t\t\t\t<div class=\"teacher-details-wrap\">\n\t\t\t\t\t<span class=\"teacher-name\">Clara Marzal<\/span>\n\t\t\t\t\t<span class=\"teacher-occupation\"><p>Enseignante<\/p>\n<\/span>\n\t\t\t\t<\/div>\n\t\t\t<\/div>\n\t\t\t<\/div>\n\t\t\t<div class=\"teacher-wrap layout-a\">\n\t\t\t<div class=\" vc_clearfix vc_col-sm-2 vc_grid-item-zone-c-bottom vc_visible-item fadeIn animated\">\n\t\t\t\t<script type=\"text\/template\" id=\"teacher-bio-67344\">\n\t\t\t\t\t<h2>Mar\u00eda Mauro<\/h2>\n\t\t\t\t\t<h3><p>Enseignante<\/p>\n<\/h3>\n\t\t\t\t\t<p>Bonjour\u202f! Je m\u2019appelle Mar\u00eda et je viens d\u2019un petit village de l\u2019int\u00e9rieur de la r\u00e9gion de Valence. J\u2019ai \u00e9tudi\u00e9 les \u00c9tudes Hispaniques et je poss\u00e8de un master en espagnol pour \u00e9trangers. J\u2019ai de l\u2019exp\u00e9rience en tant que professeure, aussi bien en Espagne qu\u2019\u00e0 l\u2019\u00e9tranger.<\/p>\n<p>J\u2019adore ce travail car il me permet de me consacrer \u00e0 tout ce qui me passionne : les langues, les \u00e9changes culturels et la cr\u00e9ativit\u00e9 en g\u00e9n\u00e9ral. Mon objectif en classe est que chacun se sente \u00e0 l\u2019aise pour pratiquer, apprendre et communiquer en espagnol.<\/p>\n<p>Je parle espagnol, valencien, anglais et fran\u00e7ais, et je commence \u00e0 apprendre le chinois. Dans mon temps libre, j\u2019aime lire, \u00e9crire, peindre et me promener en montagne avec ma chienne.<\/p>\n<p>\u00c0 bient\u00f4t en classe\u202f!<\/p>\n\t\t\t\t\t<button class=\"botones bot-azul\" onclick=\"ih_popup_close()\">\n\t\t\t\t\t\tFermer\t\t\t\t\t<\/button>\n\t\t\t\t\t<p>\n\t\t\t\t<\/script>\n\t\t\t\t<div class=\"vc_grid-item-mini vc_clearfix\">\n\t\t\t\t\t<div class=\"vc_gitem-animated-block\">\n\t\t\t\t\t\t<div class=\"vc_gitem-zone vc_gitem-zone-a vc-gitem-zone-height-mode-auto vc-gitem-zone-height-mode-auto-1-1 vc_gitem-is-link\" style=\"background-image: url('https:\/\/espanoleschool.com\/escuela\/wp-content\/uploads\/2025\/11\/Maria_M.jpg') !important;\" onclick=\"return show_teacher(67344)\">\n\t\t\t\t\t\t\t<a href=\"#\" title=\"Mar\u00eda Mauro\" class=\"teacher-details-bg vc_gitem-link vc-zone-link\"><\/a>\n\t\t\t\t\t\t\t<img decoding=\"async\" src=\"https:\/\/espanoleschool.com\/escuela\/wp-content\/uploads\/2025\/11\/Maria_M.jpg\" class=\"vc_gitem-zone-img\" alt=\"\">\n\t\t\t\t\t\t\t<div class=\"teacher-details only-pc\">\n\t\t\t\t\t\t\t\t<div class=\"teacher-details-wrap\">\n\t\t\t\t\t\t\t\t\t<span class=\"teacher-name\">Mar\u00eda Mauro<\/span>\n\t\t\t\t\t\t\t\t\t<span class=\"teacher-occupation\"><p>Enseignante<\/p>\n<\/span>\n\t\t\t\t\t\t\t\t<\/div>\n\t\t\t\t\t\t\t<\/div>\n\t\t\t\t\t\t\t<div class=\"vc_gitem-zone-mini\"><\/div>\n\t\t\t\t\t\t<\/div>\n\t\t\t\t\t<\/div>\n\t\t\t\t<\/div>\n\t\t\t\t<div class=\"vc_clearfix\"><\/div>\n\t\t\t<\/div>\n\t\t\t<div class=\"teacher-details only-mobile\">\n\t\t\t\t<div class=\"teacher-details-wrap\">\n\t\t\t\t\t<span class=\"teacher-name\">Mar\u00eda Mauro<\/span>\n\t\t\t\t\t<span class=\"teacher-occupation\"><p>Enseignante<\/p>\n<\/span>\n\t\t\t\t<\/div>\n\t\t\t<\/div>\n\t\t\t<\/div>\n\t\t\t<div class=\"teacher-wrap layout-a\">\n\t\t\t<div class=\" vc_clearfix vc_col-sm-2 vc_grid-item-zone-c-bottom vc_visible-item fadeIn animated\">\n\t\t\t\t<script type=\"text\/template\" id=\"teacher-bio-70115\">\n\t\t\t\t\t<h2>Ana Almansa<\/h2>\n\t\t\t\t\t<h3><p>Enseignante<\/p>\n<\/h3>\n\t\t\t\t\t\t\t\t\t\t<button class=\"botones bot-azul\" onclick=\"ih_popup_close()\">\n\t\t\t\t\t\tFermer\t\t\t\t\t<\/button>\n\t\t\t\t\t<p>\n\t\t\t\t<\/script>\n\t\t\t\t<div class=\"vc_grid-item-mini vc_clearfix\">\n\t\t\t\t\t<div class=\"vc_gitem-animated-block\">\n\t\t\t\t\t\t<div class=\"vc_gitem-zone vc_gitem-zone-a vc-gitem-zone-height-mode-auto vc-gitem-zone-height-mode-auto-1-1 vc_gitem-is-link\" style=\"background-image: url('https:\/\/espanoleschool.com\/escuela\/wp-content\/uploads\/2026\/03\/Foto-Profesora-1.png') !important;\" onclick=\"return show_teacher(70115)\">\n\t\t\t\t\t\t\t<a href=\"#\" title=\"Ana Almansa\" class=\"teacher-details-bg vc_gitem-link vc-zone-link\"><\/a>\n\t\t\t\t\t\t\t<img decoding=\"async\" src=\"https:\/\/espanoleschool.com\/escuela\/wp-content\/uploads\/2026\/03\/Foto-Profesora-1.png\" class=\"vc_gitem-zone-img\" alt=\"\">\n\t\t\t\t\t\t\t<div class=\"teacher-details only-pc\">\n\t\t\t\t\t\t\t\t<div class=\"teacher-details-wrap\">\n\t\t\t\t\t\t\t\t\t<span class=\"teacher-name\">Ana Almansa<\/span>\n\t\t\t\t\t\t\t\t\t<span class=\"teacher-occupation\"><p>Enseignante<\/p>\n<\/span>\n\t\t\t\t\t\t\t\t<\/div>\n\t\t\t\t\t\t\t<\/div>\n\t\t\t\t\t\t\t<div class=\"vc_gitem-zone-mini\"><\/div>\n\t\t\t\t\t\t<\/div>\n\t\t\t\t\t<\/div>\n\t\t\t\t<\/div>\n\t\t\t\t<div class=\"vc_clearfix\"><\/div>\n\t\t\t<\/div>\n\t\t\t<div class=\"teacher-details only-mobile\">\n\t\t\t\t<div class=\"teacher-details-wrap\">\n\t\t\t\t\t<span class=\"teacher-name\">Ana Almansa<\/span>\n\t\t\t\t\t<span class=\"teacher-occupation\"><p>Enseignante<\/p>\n<\/span>\n\t\t\t\t<\/div>\n\t\t\t<\/div>\n\t\t\t<\/div>\n\t\t\t<div class=\"teacher-wrap layout-a\">\n\t\t\t<div class=\" vc_clearfix vc_col-sm-2 vc_grid-item-zone-c-bottom vc_visible-item fadeIn animated\">\n\t\t\t\t<script type=\"text\/template\" id=\"teacher-bio-13887\">\n\t\t\t\t\t<h2>Luis del Rey<\/h2>\n\t\t\t\t\t<h3><p>Enseignant<\/p>\n<\/h3>\n\t\t\t\t\t<p>Bonjour,<\/p>\n<p>Je m&#8217;appelle Luis et je travaille chez Espa\u00f1ol\u00e9 depuis environ deux ans et demi. J&#8217;ai un profil atypique en tant qu&#8217;enseignant, car je suis principalement form\u00e9 en droit et en \u00e9tudes commerciales. J&#8217;ai toujours aim\u00e9 les langues. J&#8217;ai une certaine passion pour elles, c&#8217;est pourquoi je parle actuellement six langues : espagnol, allemand, anglais, fran\u00e7ais, portugais et italien, et je peux en parler un peu quelques autres. Le fait d&#8217;\u00eatre le fils d&#8217;un Allemand et d&#8217;une Espagnole et d&#8217;avoir \u00e9t\u00e9 \u00e9lev\u00e9 dans deux cultures doit y avoir contribu\u00e9. Il y a quelques ann\u00e9es, j&#8217;ai eu l&#8217;occasion de suivre le cours de formation des enseignants dispens\u00e9 par Espa\u00f1ol\u00e9 et j&#8217;ai d\u00e9couvert une nouvelle vocation : l&#8217;enseignement. Je combine aujourd\u2019hui cette activit\u00e9 avec celle d&#8217;\u00e9crivain et de divulgateur du patrimoine culturel, proposant occasionnellement des services de consultant et de photographe.<\/p>\n\t\t\t\t\t<button class=\"botones bot-azul\" onclick=\"ih_popup_close()\">\n\t\t\t\t\t\tFermer\t\t\t\t\t<\/button>\n\t\t\t\t\t<p>\n\t\t\t\t<\/script>\n\t\t\t\t<div class=\"vc_grid-item-mini vc_clearfix\">\n\t\t\t\t\t<div class=\"vc_gitem-animated-block\">\n\t\t\t\t\t\t<div class=\"vc_gitem-zone vc_gitem-zone-a vc-gitem-zone-height-mode-auto vc-gitem-zone-height-mode-auto-1-1 vc_gitem-is-link\" style=\"background-image: url('https:\/\/espanoleschool.com\/escuela\/wp-content\/uploads\/2021\/10\/HRH5391-160x160-1.jpg') !important;\" onclick=\"return show_teacher(13887)\">\n\t\t\t\t\t\t\t<a href=\"#\" title=\"Luis del Rey\" class=\"teacher-details-bg vc_gitem-link vc-zone-link\"><\/a>\n\t\t\t\t\t\t\t<img decoding=\"async\" src=\"https:\/\/espanoleschool.com\/escuela\/wp-content\/uploads\/2021\/10\/HRH5391-160x160-1.jpg\" class=\"vc_gitem-zone-img\" alt=\"\">\n\t\t\t\t\t\t\t<div class=\"teacher-details only-pc\">\n\t\t\t\t\t\t\t\t<div class=\"teacher-details-wrap\">\n\t\t\t\t\t\t\t\t\t<span class=\"teacher-name\">Luis del Rey<\/span>\n\t\t\t\t\t\t\t\t\t<span class=\"teacher-occupation\"><p>Enseignant<\/p>\n<\/span>\n\t\t\t\t\t\t\t\t<\/div>\n\t\t\t\t\t\t\t<\/div>\n\t\t\t\t\t\t\t<div class=\"vc_gitem-zone-mini\"><\/div>\n\t\t\t\t\t\t<\/div>\n\t\t\t\t\t<\/div>\n\t\t\t\t<\/div>\n\t\t\t\t<div class=\"vc_clearfix\"><\/div>\n\t\t\t<\/div>\n\t\t\t<div class=\"teacher-details only-mobile\">\n\t\t\t\t<div class=\"teacher-details-wrap\">\n\t\t\t\t\t<span class=\"teacher-name\">Luis del Rey<\/span>\n\t\t\t\t\t<span class=\"teacher-occupation\"><p>Enseignant<\/p>\n<\/span>\n\t\t\t\t<\/div>\n\t\t\t<\/div>\n\t\t\t<\/div>\n\t\t\t<div class=\"teacher-wrap layout-a\">\n\t\t\t<div class=\" vc_clearfix vc_col-sm-2 vc_grid-item-zone-c-bottom vc_visible-item fadeIn animated\">\n\t\t\t\t<script type=\"text\/template\" id=\"teacher-bio-54614\">\n\t\t\t\t\t<h2>Iris Tarrega<\/h2>\n\t\t\t\t\t<h3><p>Enseignante<\/p>\n<\/h3>\n\t\t\t\t\t<p class=\"p1\">Bonjour \u00e0 toutes et \u00e0 tous !<\/p>\n<p class=\"p1\">Je m\u2019appelle Iris T\u00e0rrega. J\u2019ai \u00e9tudi\u00e9 la philologie hispanique \u00e0 l\u2019Universit\u00e9 de Valence et je me suis ensuite sp\u00e9cialis\u00e9e dans l\u2019enseignement de l\u2019espagnol aux \u00e9trangers. Lorsque j\u2019ai d\u00e9couvert cette profession, j\u2019en suis imm\u00e9diatement tomb\u00e9e amoureuse pour de nombreuses raisons, mais surtout parce qu\u2019elle offre un espace d\u2019apprentissage interculturel unique. Et puis, dans quel autre m\u00e9tier peut-on voyager \u00e0 travers le monde sans quitter sa ville ?<\/p>\n<p class=\"p1\">Actuellement, je suis professeure chez Espa\u00f1ol\u00e9, o\u00f9 j\u2019enseigne et j\u2019apprends chaque jour de mes \u00e9l\u00e8ves.<\/p>\n<p class=\"p1\">\u00c0 bient\u00f4t \u00e0 l\u2019\u00e9cole ! \ud83d\ude42<\/p>\n\t\t\t\t\t<button class=\"botones bot-azul\" onclick=\"ih_popup_close()\">\n\t\t\t\t\t\tFermer\t\t\t\t\t<\/button>\n\t\t\t\t\t<p>\n\t\t\t\t<\/script>\n\t\t\t\t<div class=\"vc_grid-item-mini vc_clearfix\">\n\t\t\t\t\t<div class=\"vc_gitem-animated-block\">\n\t\t\t\t\t\t<div class=\"vc_gitem-zone vc_gitem-zone-a vc-gitem-zone-height-mode-auto vc-gitem-zone-height-mode-auto-1-1 vc_gitem-is-link\" style=\"background-image: url('https:\/\/espanoleschool.com\/escuela\/wp-content\/uploads\/2021\/10\/DSC_0873C.jpg') !important;\" onclick=\"return show_teacher(54614)\">\n\t\t\t\t\t\t\t<a href=\"#\" title=\"Iris Tarrega\" class=\"teacher-details-bg vc_gitem-link vc-zone-link\"><\/a>\n\t\t\t\t\t\t\t<img decoding=\"async\" src=\"https:\/\/espanoleschool.com\/escuela\/wp-content\/uploads\/2021\/10\/DSC_0873C.jpg\" class=\"vc_gitem-zone-img\" alt=\"\">\n\t\t\t\t\t\t\t<div class=\"teacher-details only-pc\">\n\t\t\t\t\t\t\t\t<div class=\"teacher-details-wrap\">\n\t\t\t\t\t\t\t\t\t<span class=\"teacher-name\">Iris Tarrega<\/span>\n\t\t\t\t\t\t\t\t\t<span class=\"teacher-occupation\"><p>Enseignante<\/p>\n<\/span>\n\t\t\t\t\t\t\t\t<\/div>\n\t\t\t\t\t\t\t<\/div>\n\t\t\t\t\t\t\t<div class=\"vc_gitem-zone-mini\"><\/div>\n\t\t\t\t\t\t<\/div>\n\t\t\t\t\t<\/div>\n\t\t\t\t<\/div>\n\t\t\t\t<div class=\"vc_clearfix\"><\/div>\n\t\t\t<\/div>\n\t\t\t<div class=\"teacher-details only-mobile\">\n\t\t\t\t<div class=\"teacher-details-wrap\">\n\t\t\t\t\t<span class=\"teacher-name\">Iris Tarrega<\/span>\n\t\t\t\t\t<span class=\"teacher-occupation\"><p>Enseignante<\/p>\n<\/span>\n\t\t\t\t<\/div>\n\t\t\t<\/div>\n\t\t\t<\/div>\n\t\t\t<div class=\"teacher-wrap layout-a\">\n\t\t\t<div class=\" vc_clearfix vc_col-sm-2 vc_grid-item-zone-c-bottom vc_visible-item fadeIn animated\">\n\t\t\t\t<script type=\"text\/template\" id=\"teacher-bio-13891\">\n\t\t\t\t\t<h2>Javi Cebolla<\/h2>\n\t\t\t\t\t<h3><p>Enseignant<\/p>\n<\/h3>\n\t\t\t\t\t<p>Bonjour \u00e0 tous !<\/p>\n<p>Je m\u2019appelle Javi, je viens de Valence et je suis dipl\u00f4m\u00e9 en philologie hispanique.<\/p>\n<p>Depuis mon enfance, je savais que je voulais me consacrer \u00e0 l\u2019enseignement, on pourrait donc dire que j\u2019ai une grande vocation. J\u2019appr\u00e9cie beaucoup enseigner et j\u2019essaie toujours de rendre les cours amusants, car je suis fermement convaincu qu\u2019on apprend beaucoup mieux en s\u2019amusant.<\/p>\n<p>Pendant mon temps libre, j\u2019adore lire, jouer aux jeux vid\u00e9o, passer un apr\u00e8s-midi (ou une soir\u00e9e) avec des amis \u00e0 jouer \u00e0 des jeux de soci\u00e9t\u00e9 et apprendre des langues (j\u2019en suis \u00e0 ma quatri\u00e8me et je n\u2019ai pas l\u2019intention de m\u2019arr\u00eater l\u00e0).<\/p>\n<p>\u00c0 bient\u00f4t \u00e0 Valence !<\/p>\n\t\t\t\t\t<button class=\"botones bot-azul\" onclick=\"ih_popup_close()\">\n\t\t\t\t\t\tFermer\t\t\t\t\t<\/button>\n\t\t\t\t\t<p>\n\t\t\t\t<\/script>\n\t\t\t\t<div class=\"vc_grid-item-mini vc_clearfix\">\n\t\t\t\t\t<div class=\"vc_gitem-animated-block\">\n\t\t\t\t\t\t<div class=\"vc_gitem-zone vc_gitem-zone-a vc-gitem-zone-height-mode-auto vc-gitem-zone-height-mode-auto-1-1 vc_gitem-is-link\" style=\"background-image: url('https:\/\/espanoleschool.com\/escuela\/wp-content\/uploads\/2021\/10\/DSC_0949C.jpg') !important;\" onclick=\"return show_teacher(13891)\">\n\t\t\t\t\t\t\t<a href=\"#\" title=\"Javi Cebolla\" class=\"teacher-details-bg vc_gitem-link vc-zone-link\"><\/a>\n\t\t\t\t\t\t\t<img decoding=\"async\" src=\"https:\/\/espanoleschool.com\/escuela\/wp-content\/uploads\/2021\/10\/DSC_0949C.jpg\" class=\"vc_gitem-zone-img\" alt=\"\">\n\t\t\t\t\t\t\t<div class=\"teacher-details only-pc\">\n\t\t\t\t\t\t\t\t<div class=\"teacher-details-wrap\">\n\t\t\t\t\t\t\t\t\t<span class=\"teacher-name\">Javi Cebolla<\/span>\n\t\t\t\t\t\t\t\t\t<span class=\"teacher-occupation\"><p>Enseignant<\/p>\n<\/span>\n\t\t\t\t\t\t\t\t<\/div>\n\t\t\t\t\t\t\t<\/div>\n\t\t\t\t\t\t\t<div class=\"vc_gitem-zone-mini\"><\/div>\n\t\t\t\t\t\t<\/div>\n\t\t\t\t\t<\/div>\n\t\t\t\t<\/div>\n\t\t\t\t<div class=\"vc_clearfix\"><\/div>\n\t\t\t<\/div>\n\t\t\t<div class=\"teacher-details only-mobile\">\n\t\t\t\t<div class=\"teacher-details-wrap\">\n\t\t\t\t\t<span class=\"teacher-name\">Javi Cebolla<\/span>\n\t\t\t\t\t<span class=\"teacher-occupation\"><p>Enseignant<\/p>\n<\/span>\n\t\t\t\t<\/div>\n\t\t\t<\/div>\n\t\t\t<\/div>\n\t\t\t<div class=\"teacher-wrap layout-a\">\n\t\t\t<div class=\" vc_clearfix vc_col-sm-2 vc_grid-item-zone-c-bottom vc_visible-item fadeIn animated\">\n\t\t\t\t<script type=\"text\/template\" id=\"teacher-bio-13895\">\n\t\t\t\t\t<h2>Carmen G\u00f3mez<\/h2>\n\t\t\t\t\t<h3><p>Enseignante<\/p>\n<\/h3>\n\t\t\t\t\t<p data-path-to-node=\"4\">Bonjour \u00e0 tous !<\/p>\n<p data-path-to-node=\"5\">Je m&#8217;appelle Carmen et je suis professeure d&#8217;Espagnol Langue \u00c9trang\u00e8re (ELE). J&#8217;ai \u00e9tudi\u00e9 la Philologie Anglaise \u00e0 l&#8217;Universit\u00e9 de Valence, car j&#8217;ai toujours \u00e9t\u00e9 passionn\u00e9e par les langues. De plus, j&#8217;ai toujours voulu \u00eatre enseignante pour pouvoir transmettre cet amour des langues qui m&#8217;anime. C&#8217;est pourquoi, lorsqu&#8217;une opportunit\u00e9 s&#8217;est pr\u00e9sent\u00e9e \u2014 m\u00eame si ce n&#8217;\u00e9tait pas la langue que je pr\u00e9voyais d&#8217;enseigner au d\u00e9part \u2014 j&#8217;ai pass\u00e9 mon Master pour devenir professeure d&#8217;espagnol, afin de pouvoir enseigner ma propre langue maternelle \u00e0 mes \u00e9tudiants.<\/p>\n<p data-path-to-node=\"6\">Petite anecdote : j&#8217;ai effectu\u00e9 mon stage de Master ici m\u00eame, \u00e0 Espa\u00f1ol\u00e9, et cinq ans plus tard, j&#8217;y suis toujours, profitant de mon travail chaque jour avec le m\u00eame enthousiasme.<\/p>\n<p data-path-to-node=\"7\">Depuis aussi longtemps que je me souvienne, je savais que je voulais me consacrer \u00e0 l&#8217;enseignement. Je suis convaincue que je ne fais pas que transmettre un savoir, mais que j&#8217;apprends aussi \u00e9norm\u00e9ment de mes \u00e9l\u00e8ves. Je me consid\u00e8re donc comme tr\u00e8s chanceuse de pouvoir faire un m\u00e9tier qui me passionne.<\/p>\n<p data-path-to-node=\"8\">Pendant mon temps libre, j&#8217;adore lire, \u00e9couter de la musique, aller \u00e0 des concerts, faire de la randonn\u00e9e en montagne, me promener au bord de la rivi\u00e8re avec mon chien et passer du temps avec mes amis et ma famille.<\/p>\n<p data-path-to-node=\"9\">Au plaisir de vous voir \u00e0 Espa\u00f1ol\u00e9 !<\/p>\n\t\t\t\t\t<button class=\"botones bot-azul\" onclick=\"ih_popup_close()\">\n\t\t\t\t\t\tFermer\t\t\t\t\t<\/button>\n\t\t\t\t\t<p>\n\t\t\t\t<\/script>\n\t\t\t\t<div class=\"vc_grid-item-mini vc_clearfix\">\n\t\t\t\t\t<div class=\"vc_gitem-animated-block\">\n\t\t\t\t\t\t<div class=\"vc_gitem-zone vc_gitem-zone-a vc-gitem-zone-height-mode-auto vc-gitem-zone-height-mode-auto-1-1 vc_gitem-is-link\" style=\"background-image: url('https:\/\/espanoleschool.com\/escuela\/wp-content\/uploads\/2021\/10\/DSC_0954C.jpg') !important;\" onclick=\"return show_teacher(13895)\">\n\t\t\t\t\t\t\t<a href=\"#\" title=\"Carmen G\u00f3mez\" class=\"teacher-details-bg vc_gitem-link vc-zone-link\"><\/a>\n\t\t\t\t\t\t\t<img decoding=\"async\" src=\"https:\/\/espanoleschool.com\/escuela\/wp-content\/uploads\/2021\/10\/DSC_0954C.jpg\" class=\"vc_gitem-zone-img\" alt=\"\">\n\t\t\t\t\t\t\t<div class=\"teacher-details only-pc\">\n\t\t\t\t\t\t\t\t<div class=\"teacher-details-wrap\">\n\t\t\t\t\t\t\t\t\t<span class=\"teacher-name\">Carmen G\u00f3mez<\/span>\n\t\t\t\t\t\t\t\t\t<span class=\"teacher-occupation\"><p>Enseignante<\/p>\n<\/span>\n\t\t\t\t\t\t\t\t<\/div>\n\t\t\t\t\t\t\t<\/div>\n\t\t\t\t\t\t\t<div class=\"vc_gitem-zone-mini\"><\/div>\n\t\t\t\t\t\t<\/div>\n\t\t\t\t\t<\/div>\n\t\t\t\t<\/div>\n\t\t\t\t<div class=\"vc_clearfix\"><\/div>\n\t\t\t<\/div>\n\t\t\t<div class=\"teacher-details only-mobile\">\n\t\t\t\t<div class=\"teacher-details-wrap\">\n\t\t\t\t\t<span class=\"teacher-name\">Carmen G\u00f3mez<\/span>\n\t\t\t\t\t<span class=\"teacher-occupation\"><p>Enseignante<\/p>\n<\/span>\n\t\t\t\t<\/div>\n\t\t\t<\/div>\n\t\t\t<\/div>\n\t\t\t<div class=\"teacher-wrap layout-a\">\n\t\t\t<div class=\" vc_clearfix vc_col-sm-2 vc_grid-item-zone-c-bottom vc_visible-item fadeIn animated\">\n\t\t\t\t<script type=\"text\/template\" id=\"teacher-bio-67319\">\n\t\t\t\t\t<h2>Fany Sanchis<\/h2>\n\t\t\t\t\t<h3><p>Enseignante<\/p>\n<\/h3>\n\t\t\t\t\t<p>Je m\u2019appelle Fanny Sanchis et je suis professeure d\u2019espagnol langue \u00e9trang\u00e8re (ELE) depuis treize ans. J\u2019ai travaill\u00e9 pendant huit ans dans deux \u00e9coles d\u2019espagnol dans les Cara\u00efbes au Costa Rica et, depuis mon retour \u00e0 Valence en 2023, je travaille \u00e0 Espa\u00f1ol\u00e9. J\u2019ai une v\u00e9ritable passion pour l\u2019enseignement de l\u2019espagnol.<\/p>\n\t\t\t\t\t<button class=\"botones bot-azul\" onclick=\"ih_popup_close()\">\n\t\t\t\t\t\tFermer\t\t\t\t\t<\/button>\n\t\t\t\t\t<p>\n\t\t\t\t<\/script>\n\t\t\t\t<div class=\"vc_grid-item-mini vc_clearfix\">\n\t\t\t\t\t<div class=\"vc_gitem-animated-block\">\n\t\t\t\t\t\t<div class=\"vc_gitem-zone vc_gitem-zone-a vc-gitem-zone-height-mode-auto vc-gitem-zone-height-mode-auto-1-1 vc_gitem-is-link\" style=\"background-image: url('https:\/\/espanoleschool.com\/escuela\/wp-content\/uploads\/2025\/11\/Fany.jpg') !important;\" onclick=\"return show_teacher(67319)\">\n\t\t\t\t\t\t\t<a href=\"#\" title=\"Fany Sanchis\" class=\"teacher-details-bg vc_gitem-link vc-zone-link\"><\/a>\n\t\t\t\t\t\t\t<img decoding=\"async\" src=\"https:\/\/espanoleschool.com\/escuela\/wp-content\/uploads\/2025\/11\/Fany.jpg\" class=\"vc_gitem-zone-img\" alt=\"\">\n\t\t\t\t\t\t\t<div class=\"teacher-details only-pc\">\n\t\t\t\t\t\t\t\t<div class=\"teacher-details-wrap\">\n\t\t\t\t\t\t\t\t\t<span class=\"teacher-name\">Fany Sanchis<\/span>\n\t\t\t\t\t\t\t\t\t<span class=\"teacher-occupation\"><p>Enseignante<\/p>\n<\/span>\n\t\t\t\t\t\t\t\t<\/div>\n\t\t\t\t\t\t\t<\/div>\n\t\t\t\t\t\t\t<div class=\"vc_gitem-zone-mini\"><\/div>\n\t\t\t\t\t\t<\/div>\n\t\t\t\t\t<\/div>\n\t\t\t\t<\/div>\n\t\t\t\t<div class=\"vc_clearfix\"><\/div>\n\t\t\t<\/div>\n\t\t\t<div class=\"teacher-details only-mobile\">\n\t\t\t\t<div class=\"teacher-details-wrap\">\n\t\t\t\t\t<span class=\"teacher-name\">Fany Sanchis<\/span>\n\t\t\t\t\t<span class=\"teacher-occupation\"><p>Enseignante<\/p>\n<\/span>\n\t\t\t\t<\/div>\n\t\t\t<\/div>\n\t\t\t<\/div>\n\t\t\t<div class=\"teacher-wrap layout-a\">\n\t\t\t<div class=\" vc_clearfix vc_col-sm-2 vc_grid-item-zone-c-bottom vc_visible-item fadeIn animated\">\n\t\t\t\t<script type=\"text\/template\" id=\"teacher-bio-13900\">\n\t\t\t\t\t<h2>Elena Gholami<\/h2>\n\t\t\t\t\t<h3><p>Enseignante<\/p>\n<\/h3>\n\t\t\t\t\t<p>Bonjour, je m\u2019appelle Elena, docteure en \u00c9tudes Hispaniques Avanc\u00e9es.<\/p>\n<p>Avec plus de 15 ans d\u2019exp\u00e9rience dans l\u2019enseignement de l\u2019espagnol \u00e0 des \u00e9tudiants de cultures et de niveaux vari\u00e9s, j\u2019ai d\u00e9couvert que l\u2019enseignement est bien plus qu\u2019une profession : c\u2019est ma vocation. Je suis passionn\u00e9e par le partage de mes connaissances et de mon amour pour la langue avec chaque \u00e9tudiant, en adaptant mes cours \u00e0 leurs besoins et objectifs.<\/p>\n<p>Ma priorit\u00e9 est de vous aider \u00e0 apprendre l\u2019espagnol de mani\u00e8re pratique et efficace, tout en profitant de chaque \u00e9tape de votre chemin vers la ma\u00eetrise de la langue.<\/p>\n<p>J\u2019esp\u00e8re vous voir bient\u00f4t \u00e0 Valence !<\/p>\n\t\t\t\t\t<button class=\"botones bot-azul\" onclick=\"ih_popup_close()\">\n\t\t\t\t\t\tFermer\t\t\t\t\t<\/button>\n\t\t\t\t\t<p>\n\t\t\t\t<\/script>\n\t\t\t\t<div class=\"vc_grid-item-mini vc_clearfix\">\n\t\t\t\t\t<div class=\"vc_gitem-animated-block\">\n\t\t\t\t\t\t<div class=\"vc_gitem-zone vc_gitem-zone-a vc-gitem-zone-height-mode-auto vc-gitem-zone-height-mode-auto-1-1 vc_gitem-is-link\" style=\"background-image: url('https:\/\/espanoleschool.com\/escuela\/wp-content\/uploads\/2021\/10\/DSC_0928C1.jpg') !important;\" onclick=\"return show_teacher(13900)\">\n\t\t\t\t\t\t\t<a href=\"#\" title=\"Elena Gholami\" class=\"teacher-details-bg vc_gitem-link vc-zone-link\"><\/a>\n\t\t\t\t\t\t\t<img decoding=\"async\" src=\"https:\/\/espanoleschool.com\/escuela\/wp-content\/uploads\/2021\/10\/DSC_0928C1.jpg\" class=\"vc_gitem-zone-img\" alt=\"\">\n\t\t\t\t\t\t\t<div class=\"teacher-details only-pc\">\n\t\t\t\t\t\t\t\t<div class=\"teacher-details-wrap\">\n\t\t\t\t\t\t\t\t\t<span class=\"teacher-name\">Elena Gholami<\/span>\n\t\t\t\t\t\t\t\t\t<span class=\"teacher-occupation\"><p>Enseignante<\/p>\n<\/span>\n\t\t\t\t\t\t\t\t<\/div>\n\t\t\t\t\t\t\t<\/div>\n\t\t\t\t\t\t\t<div class=\"vc_gitem-zone-mini\"><\/div>\n\t\t\t\t\t\t<\/div>\n\t\t\t\t\t<\/div>\n\t\t\t\t<\/div>\n\t\t\t\t<div class=\"vc_clearfix\"><\/div>\n\t\t\t<\/div>\n\t\t\t<div class=\"teacher-details only-mobile\">\n\t\t\t\t<div class=\"teacher-details-wrap\">\n\t\t\t\t\t<span class=\"teacher-name\">Elena Gholami<\/span>\n\t\t\t\t\t<span class=\"teacher-occupation\"><p>Enseignante<\/p>\n<\/span>\n\t\t\t\t<\/div>\n\t\t\t<\/div>\n\t\t\t<\/div>\n\t\t\t<div class=\"teacher-wrap layout-a\">\n\t\t\t<div class=\" vc_clearfix vc_col-sm-2 vc_grid-item-zone-c-bottom vc_visible-item fadeIn animated\">\n\t\t\t\t<script type=\"text\/template\" id=\"teacher-bio-13905\">\n\t\t\t\t\t<h2>Rosa Millet<\/h2>\n\t\t\t\t\t<h3><p>Enseignante<\/p>\n<\/h3>\n\t\t\t\t\t<p data-path-to-node=\"3\">Bonjour ! Je m&#8217;appelle Rosa. Je suis enseignante depuis cinq ans et, durant cette p\u00e9riode, j&#8217;ai eu le plaisir d&#8217;accompagner des \u00e9l\u00e8ves de tous \u00e2ges. J&#8217;adore voir mes \u00e9tudiants d\u00e9couvrir la diversit\u00e9 et la richesse culturelle que nous offre l&#8217;espagnol.<\/p>\n<p data-path-to-node=\"4\">Avant de me lancer dans l&#8217;enseignement, j&#8217;ai travaill\u00e9 dans le monde de la communication audiovisuelle. C&#8217;est l\u00e0 que j&#8217;ai appris l&#8217;art de transmettre des messages, de communiquer et de raconter des histoires.<\/p>\n<p data-path-to-node=\"5\">Ma priorit\u00e9 aujourd&#8217;hui est que mes \u00e9l\u00e8ves apprennent \u00e0 communiquer et trouvent leur propre chemin pour s&#8217;exprimer en espagnol. Quel bonheur de les voir, petit \u00e0 petit, devenir capables de partager leurs id\u00e9es, leurs \u00e9motions et leurs connaissances !<\/p>\n\t\t\t\t\t<button class=\"botones bot-azul\" onclick=\"ih_popup_close()\">\n\t\t\t\t\t\tFermer\t\t\t\t\t<\/button>\n\t\t\t\t\t<p>\n\t\t\t\t<\/script>\n\t\t\t\t<div class=\"vc_grid-item-mini vc_clearfix\">\n\t\t\t\t\t<div class=\"vc_gitem-animated-block\">\n\t\t\t\t\t\t<div class=\"vc_gitem-zone vc_gitem-zone-a vc-gitem-zone-height-mode-auto vc-gitem-zone-height-mode-auto-1-1 vc_gitem-is-link\" style=\"background-image: url('https:\/\/espanoleschool.com\/escuela\/wp-content\/uploads\/2021\/11\/HRH5386-160x160-1.jpg') !important;\" onclick=\"return show_teacher(13905)\">\n\t\t\t\t\t\t\t<a href=\"#\" title=\"Rosa Millet\" class=\"teacher-details-bg vc_gitem-link vc-zone-link\"><\/a>\n\t\t\t\t\t\t\t<img decoding=\"async\" src=\"https:\/\/espanoleschool.com\/escuela\/wp-content\/uploads\/2021\/11\/HRH5386-160x160-1.jpg\" class=\"vc_gitem-zone-img\" alt=\"\">\n\t\t\t\t\t\t\t<div class=\"teacher-details only-pc\">\n\t\t\t\t\t\t\t\t<div class=\"teacher-details-wrap\">\n\t\t\t\t\t\t\t\t\t<span class=\"teacher-name\">Rosa Millet<\/span>\n\t\t\t\t\t\t\t\t\t<span class=\"teacher-occupation\"><p>Enseignante<\/p>\n<\/span>\n\t\t\t\t\t\t\t\t<\/div>\n\t\t\t\t\t\t\t<\/div>\n\t\t\t\t\t\t\t<div class=\"vc_gitem-zone-mini\"><\/div>\n\t\t\t\t\t\t<\/div>\n\t\t\t\t\t<\/div>\n\t\t\t\t<\/div>\n\t\t\t\t<div class=\"vc_clearfix\"><\/div>\n\t\t\t<\/div>\n\t\t\t<div class=\"teacher-details only-mobile\">\n\t\t\t\t<div class=\"teacher-details-wrap\">\n\t\t\t\t\t<span class=\"teacher-name\">Rosa Millet<\/span>\n\t\t\t\t\t<span class=\"teacher-occupation\"><p>Enseignante<\/p>\n<\/span>\n\t\t\t\t<\/div>\n\t\t\t<\/div>\n\t\t\t<\/div>\n\t\t\t<div class=\"teacher-wrap layout-a\">\n\t\t\t<div class=\" vc_clearfix vc_col-sm-2 vc_grid-item-zone-c-bottom vc_visible-item fadeIn animated\">\n\t\t\t\t<script type=\"text\/template\" id=\"teacher-bio-13910\">\n\t\t\t\t\t<h2>Miriam Sancho<\/h2>\n\t\t\t\t\t<h3><p>Enseignante<\/p>\n<\/h3>\n\t\t\t\t\t<p>Bonjour !<\/p>\n<p>Je m\u2019appelle Miriam, Valencienne de naissance et de c\u0153ur.<br \/>\nJe suis dipl\u00f4m\u00e9e en philologie anglaise et, apr\u00e8s quelques ann\u00e9es en tant que professeure d\u2019anglais, j\u2019ai obtenu un master en enseignement de l\u2019espagnol comme langue \u00e9trang\u00e8re, car je suis passionn\u00e9e par le fait de pouvoir partager ma langue et ma culture avec d\u2019autres personnes.<\/p>\n<p>Je parle trois langues : espagnol, valencien et anglais. J\u2019ai \u00e9galement \u00e9tudi\u00e9 le chinois et le japonais pendant un an \u00e0 l\u2019universit\u00e9, ainsi que le latin et le grec au lyc\u00e9e, car j\u2019adore d\u00e9couvrir de nouvelles cultures et leurs langues, ainsi que l\u2019histoire, la mythologie et les traditions des diff\u00e9rentes r\u00e9gions du monde.<\/p>\n<p>Pendant mon temps libre, j\u2019adore lire, surtout des livres de fantasy. J\u2019aime aussi me promener avec mes deux chiens dans la montagne ou sur la plage, assister \u00e0 des concerts de rock avec mes amis, voyager, et sortir pour d\u00e9couvrir et go\u00fbter de nouveaux plats.<\/p>\n<p>Je suis une personne joyeuse, curieuse, pleine d\u2019\u00e9nergie et tr\u00e8s accessible, ce qui m\u2019aide beaucoup \u00e0 \u00e9tablir des liens avec des personnes du monde entier.<\/p>\n<p>\u00c0 bient\u00f4t \u00e0 Valence !<\/p>\n\t\t\t\t\t<button class=\"botones bot-azul\" onclick=\"ih_popup_close()\">\n\t\t\t\t\t\tFermer\t\t\t\t\t<\/button>\n\t\t\t\t\t<p>\n\t\t\t\t<\/script>\n\t\t\t\t<div class=\"vc_grid-item-mini vc_clearfix\">\n\t\t\t\t\t<div class=\"vc_gitem-animated-block\">\n\t\t\t\t\t\t<div class=\"vc_gitem-zone vc_gitem-zone-a vc-gitem-zone-height-mode-auto vc-gitem-zone-height-mode-auto-1-1 vc_gitem-is-link\" style=\"background-image: url('https:\/\/espanoleschool.com\/escuela\/wp-content\/uploads\/2021\/10\/miriam-Sancho.png') !important;\" onclick=\"return show_teacher(13910)\">\n\t\t\t\t\t\t\t<a href=\"#\" title=\"Miriam Sancho\" class=\"teacher-details-bg vc_gitem-link vc-zone-link\"><\/a>\n\t\t\t\t\t\t\t<img decoding=\"async\" src=\"https:\/\/espanoleschool.com\/escuela\/wp-content\/uploads\/2021\/10\/miriam-Sancho.png\" class=\"vc_gitem-zone-img\" alt=\"\">\n\t\t\t\t\t\t\t<div class=\"teacher-details only-pc\">\n\t\t\t\t\t\t\t\t<div class=\"teacher-details-wrap\">\n\t\t\t\t\t\t\t\t\t<span class=\"teacher-name\">Miriam Sancho<\/span>\n\t\t\t\t\t\t\t\t\t<span class=\"teacher-occupation\"><p>Enseignante<\/p>\n<\/span>\n\t\t\t\t\t\t\t\t<\/div>\n\t\t\t\t\t\t\t<\/div>\n\t\t\t\t\t\t\t<div class=\"vc_gitem-zone-mini\"><\/div>\n\t\t\t\t\t\t<\/div>\n\t\t\t\t\t<\/div>\n\t\t\t\t<\/div>\n\t\t\t\t<div class=\"vc_clearfix\"><\/div>\n\t\t\t<\/div>\n\t\t\t<div class=\"teacher-details only-mobile\">\n\t\t\t\t<div class=\"teacher-details-wrap\">\n\t\t\t\t\t<span class=\"teacher-name\">Miriam Sancho<\/span>\n\t\t\t\t\t<span class=\"teacher-occupation\"><p>Enseignante<\/p>\n<\/span>\n\t\t\t\t<\/div>\n\t\t\t<\/div>\n\t\t\t<\/div>\n\t\t\t<div class=\"teacher-wrap layout-a\">\n\t\t\t<div class=\" vc_clearfix vc_col-sm-2 vc_grid-item-zone-c-bottom vc_visible-item fadeIn animated\">\n\t\t\t\t<script type=\"text\/template\" id=\"teacher-bio-9872\">\n\t\t\t\t\t<h2>Mar\u00eda Baza<\/h2>\n\t\t\t\t\t<h3><p>Enseignante<\/p>\n<\/h3>\n\t\t\t\t\t<p>Bonjour, je m\u2019appelle Mar\u00eda.<\/p>\n<p>J\u2019ai commenc\u00e9 \u00e0 enseigner l\u2019espagnol apr\u00e8s avoir donn\u00e9 un tournant \u00e0 ma carri\u00e8re.<br \/>\nApr\u00e8s avoir travaill\u00e9 dans le domaine de la communication et du journalisme, j\u2019ai d\u00e9couvert que me consacrer \u00e0 l\u2019enseignement me rend heureuse.<\/p>\n<p>J\u2019adore enseigner, \u00eatre en contact avec des \u00e9tudiants de toutes nationalit\u00e9s et essayer de leur transmettre une partie de moi-m\u00eame.<\/p>\n<p>Pendant mes cours, j\u2019aime cr\u00e9er un environnement motivant pour l\u2019apprentissage et \u00eatre attentive aux besoins de mes \u00e9l\u00e8ves.<\/p>\n<p>Mes passions sont tr\u00e8s vari\u00e9es : l\u2019art et la musique occupent une place importante, mais la po\u00e9sie a \u00e9galement fait partie de ma vie.<br \/>\nPendant de nombreuses ann\u00e9es, j\u2019ai \u00e9crit des textes po\u00e9tiques.<\/p>\n<p>Une autre de mes passions est li\u00e9e aux sports nautiques et \u00e0 la plage, o\u00f9 vous me trouverez tr\u00e8s souvent.<\/p>\n<p>\u00c0 bient\u00f4t chez Espa\u00f1ol\u00e9 !<\/p>\n\t\t\t\t\t<button class=\"botones bot-azul\" onclick=\"ih_popup_close()\">\n\t\t\t\t\t\tFermer\t\t\t\t\t<\/button>\n\t\t\t\t\t<p>\n\t\t\t\t<\/script>\n\t\t\t\t<div class=\"vc_grid-item-mini vc_clearfix\">\n\t\t\t\t\t<div class=\"vc_gitem-animated-block\">\n\t\t\t\t\t\t<div class=\"vc_gitem-zone vc_gitem-zone-a vc-gitem-zone-height-mode-auto vc-gitem-zone-height-mode-auto-1-1 vc_gitem-is-link\" style=\"background-image: url('https:\/\/espanoleschool.com\/escuela\/wp-content\/uploads\/2021\/10\/DSC_0894C.jpg') !important;\" onclick=\"return show_teacher(9872)\">\n\t\t\t\t\t\t\t<a href=\"#\" title=\"Mar\u00eda Baza\" class=\"teacher-details-bg vc_gitem-link vc-zone-link\"><\/a>\n\t\t\t\t\t\t\t<img decoding=\"async\" src=\"https:\/\/espanoleschool.com\/escuela\/wp-content\/uploads\/2021\/10\/DSC_0894C.jpg\" class=\"vc_gitem-zone-img\" alt=\"\">\n\t\t\t\t\t\t\t<div class=\"teacher-details only-pc\">\n\t\t\t\t\t\t\t\t<div class=\"teacher-details-wrap\">\n\t\t\t\t\t\t\t\t\t<span class=\"teacher-name\">Mar\u00eda Baza<\/span>\n\t\t\t\t\t\t\t\t\t<span class=\"teacher-occupation\"><p>Enseignante<\/p>\n<\/span>\n\t\t\t\t\t\t\t\t<\/div>\n\t\t\t\t\t\t\t<\/div>\n\t\t\t\t\t\t\t<div class=\"vc_gitem-zone-mini\"><\/div>\n\t\t\t\t\t\t<\/div>\n\t\t\t\t\t<\/div>\n\t\t\t\t<\/div>\n\t\t\t\t<div class=\"vc_clearfix\"><\/div>\n\t\t\t<\/div>\n\t\t\t<div class=\"teacher-details only-mobile\">\n\t\t\t\t<div class=\"teacher-details-wrap\">\n\t\t\t\t\t<span class=\"teacher-name\">Mar\u00eda Baza<\/span>\n\t\t\t\t\t<span class=\"teacher-occupation\"><p>Enseignante<\/p>\n<\/span>\n\t\t\t\t<\/div>\n\t\t\t<\/div>\n\t\t\t<\/div>\n\t\t\t<div class=\"teacher-wrap layout-a\">\n\t\t\t<div class=\" vc_clearfix vc_col-sm-2 vc_grid-item-zone-c-bottom vc_visible-item fadeIn animated\">\n\t\t\t\t<script type=\"text\/template\" id=\"teacher-bio-13877\">\n\t\t\t\t\t<h2>Erik C\u00f3rdoba<\/h2>\n\t\t\t\t\t<h3><p>Enseignant<\/p>\n<\/h3>\n\t\t\t\t\t<p>Bonjour !<\/p>\n<p>Je m\u2019appelle Erik, et je viens de Valence. Je suis dipl\u00f4m\u00e9 en P\u00e9dagogie.<br \/>\nBien que mes \u00e9tudes couvrent diff\u00e9rentes sp\u00e9cialisations, je me suis toujours orient\u00e9 vers le domaine de l\u2019\u00e9ducation et de l\u2019enseignement.<br \/>\nJ\u2019ai commenc\u00e9 par donner des cours de soutien aux \u00e9l\u00e8ves du lyc\u00e9e et du coll\u00e8ge, mais j\u2019ai rapidement fait le saut vers l\u2019enseignement formel, en particulier la formation en langue espagnole.<br \/>\nMa passion pour l\u2019\u00e9ducation me permet de profiter pleinement de cette profession, en voyant comment les \u00e9l\u00e8ves apprennent la langue et s\u2019am\u00e9liorent jour apr\u00e8s jour.<\/p>\n<p>Pendant mon temps libre, j\u2019aime pratiquer des sports comme le padel ou la randonn\u00e9e, lire des livres sur l\u2019art, \u00e9couter toutes sortes de musiques, et passer du temps avec mes amis en terrasse sous le soleil.<\/p>\n<p>\u00c0 bient\u00f4t \u00e0 Valence !<\/p>\n\t\t\t\t\t<button class=\"botones bot-azul\" onclick=\"ih_popup_close()\">\n\t\t\t\t\t\tFermer\t\t\t\t\t<\/button>\n\t\t\t\t\t<p>\n\t\t\t\t<\/script>\n\t\t\t\t<div class=\"vc_grid-item-mini vc_clearfix\">\n\t\t\t\t\t<div class=\"vc_gitem-animated-block\">\n\t\t\t\t\t\t<div class=\"vc_gitem-zone vc_gitem-zone-a vc-gitem-zone-height-mode-auto vc-gitem-zone-height-mode-auto-1-1 vc_gitem-is-link\" style=\"background-image: url('https:\/\/espanoleschool.com\/escuela\/wp-content\/uploads\/2021\/10\/DSC_0934C.jpg') !important;\" onclick=\"return show_teacher(13877)\">\n\t\t\t\t\t\t\t<a href=\"#\" title=\"Erik C\u00f3rdoba\" class=\"teacher-details-bg vc_gitem-link vc-zone-link\"><\/a>\n\t\t\t\t\t\t\t<img decoding=\"async\" src=\"https:\/\/espanoleschool.com\/escuela\/wp-content\/uploads\/2021\/10\/DSC_0934C.jpg\" class=\"vc_gitem-zone-img\" alt=\"\">\n\t\t\t\t\t\t\t<div class=\"teacher-details only-pc\">\n\t\t\t\t\t\t\t\t<div class=\"teacher-details-wrap\">\n\t\t\t\t\t\t\t\t\t<span class=\"teacher-name\">Erik C\u00f3rdoba<\/span>\n\t\t\t\t\t\t\t\t\t<span class=\"teacher-occupation\"><p>Enseignant<\/p>\n<\/span>\n\t\t\t\t\t\t\t\t<\/div>\n\t\t\t\t\t\t\t<\/div>\n\t\t\t\t\t\t\t<div class=\"vc_gitem-zone-mini\"><\/div>\n\t\t\t\t\t\t<\/div>\n\t\t\t\t\t<\/div>\n\t\t\t\t<\/div>\n\t\t\t\t<div class=\"vc_clearfix\"><\/div>\n\t\t\t<\/div>\n\t\t\t<div class=\"teacher-details only-mobile\">\n\t\t\t\t<div class=\"teacher-details-wrap\">\n\t\t\t\t\t<span class=\"teacher-name\">Erik C\u00f3rdoba<\/span>\n\t\t\t\t\t<span class=\"teacher-occupation\"><p>Enseignant<\/p>\n<\/span>\n\t\t\t\t<\/div>\n\t\t\t<\/div>\n\t\t\t<\/div>\n\t\t\t<div class=\"teacher-wrap layout-a\">\n\t\t\t<div class=\" vc_clearfix vc_col-sm-2 vc_grid-item-zone-c-bottom vc_visible-item fadeIn animated\">\n\t\t\t\t<script type=\"text\/template\" id=\"teacher-bio-13503\">\n\t\t\t\t\t<h2>Albert Kovacs<\/h2>\n\t\t\t\t\t<h3><p>Enseignant<\/p>\n<\/h3>\n\t\t\t\t\t<div>Bonjour ! Je m\u2019appelle Albert. Je suis n\u00e9 en Roumanie, mais j&#8217;ai grandi en Espagne. \u00c9tant donn\u00e9 mon contact pr\u00e9coce avec les langues, je me suis rapidement int\u00e9ress\u00e9 \u00e0 elles. Chaque langue refl\u00e8te une vision particuli\u00e8re du monde, et je trouve cela fascinant. Bien que j&#8217;aie grandi dans la r\u00e9gion de La Mancha, je vis actuellement \u00e0 Valence, o\u00f9 je travaille et continue \u00e0 \u00e9tudier. J&#8217;ai un dipl\u00f4me en \u00e9tudes anglaises, que j&#8217;ai compl\u00e9t\u00e9 par une autre langue, le fran\u00e7ais.<\/div>\n<div>\n<div><\/div>\n<div>Depuis que je suis enfant, ma vocation est l&#8217;enseignement. Je me souviens d\u2019avoir pr\u00e9par\u00e9 des documents avec des exercices pour mes parents et de les corriger. Je pense que l&#8217;enseignement est un pilier fondamental de la soci\u00e9t\u00e9, et que les langues nous aident \u00e0 mieux comprendre le monde.<\/div>\n<div><\/div>\n<div>Tout comme je continue \u00e0 \u00e9tudier, je continue aussi \u00e0 apprendre : l&#8217;apprentissage ne s&#8217;arr\u00eate jamais. Tout comme j&#8217;aime enseigner, j&#8217;aime apprendre de mes \u00e9l\u00e8ves.Je ne finis jamais un cours sans avoir appris quelque chose de nouveau. C&#8217;est merveilleux ! En outre, j&#8217;utilise toutes sortes de ressources dans mes cours : la grammaire n&#8217;a jamais \u00e9t\u00e9 aussi facile.<\/div>\n<div><\/div>\n<div>Sortir avec mes amis prendre un verre avec, faire du sport, lire un bon livre ou simplement d\u00e9connecter en marchant dans Valence et en \u00e9coutant de la bonne musique sont, sans aucun doute, les moments que j&#8217;appr\u00e9cie le plus.<\/div>\n<div><\/div>\n<div>Ne vedem! &#8211; \u00a1Nos vemos! &#8211; See you! &#8211; \u00c0 bient\u00f4t ! &#8211; Ens veiem!<\/div>\n<\/div>\n\t\t\t\t\t<button class=\"botones bot-azul\" onclick=\"ih_popup_close()\">\n\t\t\t\t\t\tFermer\t\t\t\t\t<\/button>\n\t\t\t\t\t<p>\n\t\t\t\t<\/script>\n\t\t\t\t<div class=\"vc_grid-item-mini vc_clearfix\">\n\t\t\t\t\t<div class=\"vc_gitem-animated-block\">\n\t\t\t\t\t\t<div class=\"vc_gitem-zone vc_gitem-zone-a vc-gitem-zone-height-mode-auto vc-gitem-zone-height-mode-auto-1-1 vc_gitem-is-link\" style=\"background-image: url('https:\/\/espanoleschool.com\/escuela\/wp-content\/uploads\/2021\/11\/HRH5353-160x160-1.jpg') !important;\" onclick=\"return show_teacher(13503)\">\n\t\t\t\t\t\t\t<a href=\"#\" title=\"Albert Kovacs\" class=\"teacher-details-bg vc_gitem-link vc-zone-link\"><\/a>\n\t\t\t\t\t\t\t<img decoding=\"async\" src=\"https:\/\/espanoleschool.com\/escuela\/wp-content\/uploads\/2021\/11\/HRH5353-160x160-1.jpg\" class=\"vc_gitem-zone-img\" alt=\"\">\n\t\t\t\t\t\t\t<div class=\"teacher-details only-pc\">\n\t\t\t\t\t\t\t\t<div class=\"teacher-details-wrap\">\n\t\t\t\t\t\t\t\t\t<span class=\"teacher-name\">Albert Kovacs<\/span>\n\t\t\t\t\t\t\t\t\t<span class=\"teacher-occupation\"><p>Enseignant<\/p>\n<\/span>\n\t\t\t\t\t\t\t\t<\/div>\n\t\t\t\t\t\t\t<\/div>\n\t\t\t\t\t\t\t<div class=\"vc_gitem-zone-mini\"><\/div>\n\t\t\t\t\t\t<\/div>\n\t\t\t\t\t<\/div>\n\t\t\t\t<\/div>\n\t\t\t\t<div class=\"vc_clearfix\"><\/div>\n\t\t\t<\/div>\n\t\t\t<div class=\"teacher-details only-mobile\">\n\t\t\t\t<div class=\"teacher-details-wrap\">\n\t\t\t\t\t<span class=\"teacher-name\">Albert Kovacs<\/span>\n\t\t\t\t\t<span class=\"teacher-occupation\"><p>Enseignant<\/p>\n<\/span>\n\t\t\t\t<\/div>\n\t\t\t<\/div>\n\t\t\t<\/div>\n\t\t\t<div class=\"teacher-wrap layout-a\">\n\t\t\t<div class=\" vc_clearfix vc_col-sm-2 vc_grid-item-zone-c-bottom vc_visible-item fadeIn animated\">\n\t\t\t\t<script type=\"text\/template\" id=\"teacher-bio-13929\">\n\t\t\t\t\t<h2>Yolanda Mart\u00ednez<\/h2>\n\t\t\t\t\t<h3><p>Enseignante<\/p>\n<\/h3>\n\t\t\t\t\t<p>Bonjour, je m&#8217;appelle Yolanda. Bien que j&#8217;aie fait des \u00e9tudes en sciences \u00e9conomiques \u00e0 Valence et que j&#8217;aie travaill\u00e9 pendant de nombreuses ann\u00e9es dans d&#8217;autres types d&#8217;entreprises, il y a quelque temps, j&#8217;ai suivi une formation d\u2019enseignant d&#8217;espagnol parce que j&#8217;ai toujours aim\u00e9 l\u2019enseignement.<br \/>\nBien que j&#8217;aie fait des \u00e9tudes en sciences \u00e9conomiques \u00e0 Valence et que j&#8217;aie travaill\u00e9 pendant de nombreuses ann\u00e9es dans d&#8217;autres types d&#8217;entreprises, il y a quelque temps, j&#8217;ai suivi une formation d\u2019enseignant d&#8217;espagnol parce que j&#8217;ai toujours aim\u00e9 l\u2019enseignement.<br \/>\nPendant mon temps libre, j&#8217;aime passer du temps avec ma famille et mes amis, voyager, lire et faire des travaux manuels.<br \/>\nJ&#8217;adore mon travail et le fait de pouvoir voir les progr\u00e8s des \u00e9tudiants en mati\u00e8re de langue est tr\u00e8s gratifiant.<br \/>\nLe contact avec des personnes de diff\u00e9rents pays et cultures rend ce travail encore plus sp\u00e9cial.<\/p>\n<p>On se voit \u00e0 Valence !<\/p>\n\t\t\t\t\t<button class=\"botones bot-azul\" onclick=\"ih_popup_close()\">\n\t\t\t\t\t\tFermer\t\t\t\t\t<\/button>\n\t\t\t\t\t<p>\n\t\t\t\t<\/script>\n\t\t\t\t<div class=\"vc_grid-item-mini vc_clearfix\">\n\t\t\t\t\t<div class=\"vc_gitem-animated-block\">\n\t\t\t\t\t\t<div class=\"vc_gitem-zone vc_gitem-zone-a vc-gitem-zone-height-mode-auto vc-gitem-zone-height-mode-auto-1-1 vc_gitem-is-link\" style=\"background-image: url('https:\/\/espanoleschool.com\/escuela\/wp-content\/uploads\/2021\/11\/HRH5361-160x160-1.jpg') !important;\" onclick=\"return show_teacher(13929)\">\n\t\t\t\t\t\t\t<a href=\"#\" title=\"Yolanda Mart\u00ednez\" class=\"teacher-details-bg vc_gitem-link vc-zone-link\"><\/a>\n\t\t\t\t\t\t\t<img decoding=\"async\" src=\"https:\/\/espanoleschool.com\/escuela\/wp-content\/uploads\/2021\/11\/HRH5361-160x160-1.jpg\" class=\"vc_gitem-zone-img\" alt=\"\">\n\t\t\t\t\t\t\t<div class=\"teacher-details only-pc\">\n\t\t\t\t\t\t\t\t<div class=\"teacher-details-wrap\">\n\t\t\t\t\t\t\t\t\t<span class=\"teacher-name\">Yolanda Mart\u00ednez<\/span>\n\t\t\t\t\t\t\t\t\t<span class=\"teacher-occupation\"><p>Enseignante<\/p>\n<\/span>\n\t\t\t\t\t\t\t\t<\/div>\n\t\t\t\t\t\t\t<\/div>\n\t\t\t\t\t\t\t<div class=\"vc_gitem-zone-mini\"><\/div>\n\t\t\t\t\t\t<\/div>\n\t\t\t\t\t<\/div>\n\t\t\t\t<\/div>\n\t\t\t\t<div class=\"vc_clearfix\"><\/div>\n\t\t\t<\/div>\n\t\t\t<div class=\"teacher-details only-mobile\">\n\t\t\t\t<div class=\"teacher-details-wrap\">\n\t\t\t\t\t<span class=\"teacher-name\">Yolanda Mart\u00ednez<\/span>\n\t\t\t\t\t<span class=\"teacher-occupation\"><p>Enseignante<\/p>\n<\/span>\n\t\t\t\t<\/div>\n\t\t\t<\/div>\n\t\t\t<\/div>\n\t\t\t<div class=\"teacher-wrap layout-a\">\n\t\t\t<div class=\" vc_clearfix vc_col-sm-2 vc_grid-item-zone-c-bottom vc_visible-item fadeIn animated\">\n\t\t\t\t<script type=\"text\/template\" id=\"teacher-bio-13872\">\n\t\t\t\t\t<h2>Rebeca Rodriguez<\/h2>\n\t\t\t\t\t<h3><p>Enseignante<\/p>\n<\/h3>\n\t\t\t\t\t<p class=\"p1\">Je m\u2019appelle Rebeca et je suis originaire de Valence, en Espagne. J\u2019ai obtenu une licence en \u00c9ducation \u00e0 l\u2019Universit\u00e9 de Valence, suivie d\u2019un master en Enseignement de l\u2019espagnol comme langue \u00e9trang\u00e8re. En tant que personne multilingue, je comprends profond\u00e9ment l\u2019importance des langues et de la communication, non seulement comme outils de connexion, mais aussi comme portes d\u2019acc\u00e8s \u00e0 la compr\u00e9hension des diff\u00e9rentes cultures.<\/p>\n<p class=\"p1\">L\u2019enseignement est l\u2019une de mes plus grandes passions, et je suis tout aussi passionn\u00e9e par les voyages. L\u2019opportunit\u00e9 de rencontrer de nouvelles personnes et de m\u2019immerger dans diff\u00e9rentes cultures est quelque chose que je ch\u00e9ris. Pendant mon enfance, j\u2019ai pass\u00e9 de nombreuses vacances en France, ce qui a \u00e9veill\u00e9 en moi un int\u00e9r\u00eat durable pour les langues et les cultures. Cette curiosit\u00e9 m\u2019a conduite \u00e0 \u00e9tudier le latin et le grec \u00e0 l\u2019\u00e9cole, o\u00f9 j\u2019ai d\u00e9velopp\u00e9 une fascination pour l\u2019histoire, la mythologie et les traditions des soci\u00e9t\u00e9s anciennes.<\/p>\n<p class=\"p1\">J\u2019ai v\u00e9cu cinq ans au Danemark, une exp\u00e9rience qui a profond\u00e9ment influenc\u00e9 ma perspective. Depuis, j\u2019ai d\u00e9velopp\u00e9 une grande appr\u00e9ciation pour le mode de vie scandinave, ce qui refl\u00e8te ma nature cosmopolite et mon amour pour les \u00e9changes avec des personnes de tous horizons.<\/p>\n<p class=\"p1\">En dehors du travail, j\u2019aime me consacrer \u00e0 des activit\u00e9s cr\u00e9atives comme la peinture \u00e0 l\u2019huile, la lecture et la danse. Je trouve \u00e9galement une source de s\u00e9r\u00e9nit\u00e9 dans la nature, o\u00f9 je peux me d\u00e9tendre et me reconnecter avec moi-m\u00eame.<\/p>\n<p class=\"p1\">C\u2019est une v\u00e9ritable joie de combiner mon amour pour l\u2019enseignement, les langues et les cultures dans mon travail, et je me r\u00e9jouis de continuer \u00e0 \u00e9voluer dans ces domaines, en tissant des liens et en apprenant des personnes du monde entier.<\/p>\n\t\t\t\t\t<button class=\"botones bot-azul\" onclick=\"ih_popup_close()\">\n\t\t\t\t\t\tFermer\t\t\t\t\t<\/button>\n\t\t\t\t\t<p>\n\t\t\t\t<\/script>\n\t\t\t\t<div class=\"vc_grid-item-mini vc_clearfix\">\n\t\t\t\t\t<div class=\"vc_gitem-animated-block\">\n\t\t\t\t\t\t<div class=\"vc_gitem-zone vc_gitem-zone-a vc-gitem-zone-height-mode-auto vc-gitem-zone-height-mode-auto-1-1 vc_gitem-is-link\" style=\"background-image: url('https:\/\/espanoleschool.com\/escuela\/wp-content\/uploads\/2025\/01\/rebeca.png') !important;\" onclick=\"return show_teacher(13872)\">\n\t\t\t\t\t\t\t<a href=\"#\" title=\"Rebeca Rodriguez\" class=\"teacher-details-bg vc_gitem-link vc-zone-link\"><\/a>\n\t\t\t\t\t\t\t<img decoding=\"async\" src=\"https:\/\/espanoleschool.com\/escuela\/wp-content\/uploads\/2025\/01\/rebeca.png\" class=\"vc_gitem-zone-img\" alt=\"\">\n\t\t\t\t\t\t\t<div class=\"teacher-details only-pc\">\n\t\t\t\t\t\t\t\t<div class=\"teacher-details-wrap\">\n\t\t\t\t\t\t\t\t\t<span class=\"teacher-name\">Rebeca Rodriguez<\/span>\n\t\t\t\t\t\t\t\t\t<span class=\"teacher-occupation\"><p>Enseignante<\/p>\n<\/span>\n\t\t\t\t\t\t\t\t<\/div>\n\t\t\t\t\t\t\t<\/div>\n\t\t\t\t\t\t\t<div class=\"vc_gitem-zone-mini\"><\/div>\n\t\t\t\t\t\t<\/div>\n\t\t\t\t\t<\/div>\n\t\t\t\t<\/div>\n\t\t\t\t<div class=\"vc_clearfix\"><\/div>\n\t\t\t<\/div>\n\t\t\t<div class=\"teacher-details only-mobile\">\n\t\t\t\t<div class=\"teacher-details-wrap\">\n\t\t\t\t\t<span class=\"teacher-name\">Rebeca Rodriguez<\/span>\n\t\t\t\t\t<span class=\"teacher-occupation\"><p>Enseignante<\/p>\n<\/span>\n\t\t\t\t<\/div>\n\t\t\t<\/div>\n\t\t\t<\/div>\n\t\t\t<div class=\"teacher-wrap layout-a\">\n\t\t\t<div class=\" vc_clearfix vc_col-sm-2 vc_grid-item-zone-c-bottom vc_visible-item fadeIn animated\">\n\t\t\t\t<script type=\"text\/template\" id=\"teacher-bio-13774\">\n\t\t\t\t\t<h2>Soraya Rahmati<\/h2>\n\t\t\t\t\t<h3><p>Enseignante<\/p>\n<\/h3>\n\t\t\t\t\t<p>Bonjour ! Je m&#8217;appelle Soraya et je suis originaire de Valence. J&#8217;ai un dipl\u00f4me en \u00e9tudes interculturelles.<\/p>\n<p>J&#8217;ai commenc\u00e9 \u00e0 enseigner l&#8217;espagnol en Irlande, mais je me plais ici car je suis \u00e0 c\u00f4t\u00e9 de ma famille. J&#8217;aime enseigner l&#8217;espagnol car cela me donne l&#8217;occasion de rencontrer des gens du monde entier sans quitter Valence.<\/p>\n<p>Je pense que le fait d&#8217;interagir avec des \u00e9tudiants de tant de pays diff\u00e9rents nous donne l&#8217;occasion d&#8217;apprendre tout en enseignant. Quand je ne suis pas \u00e0 l&#8217;\u00e9cole, j&#8217;aime faire du sport, me promener et lire.<\/p>\n<p>On se voit \u00e0 Valence !<\/p>\n\t\t\t\t\t<button class=\"botones bot-azul\" onclick=\"ih_popup_close()\">\n\t\t\t\t\t\tFermer\t\t\t\t\t<\/button>\n\t\t\t\t\t<p>\n\t\t\t\t<\/script>\n\t\t\t\t<div class=\"vc_grid-item-mini vc_clearfix\">\n\t\t\t\t\t<div class=\"vc_gitem-animated-block\">\n\t\t\t\t\t\t<div class=\"vc_gitem-zone vc_gitem-zone-a vc-gitem-zone-height-mode-auto vc-gitem-zone-height-mode-auto-1-1 vc_gitem-is-link\" style=\"background-image: url('https:\/\/espanoleschool.com\/escuela\/wp-content\/uploads\/2021\/11\/HRH5345-160x160-1.jpg') !important;\" onclick=\"return show_teacher(13774)\">\n\t\t\t\t\t\t\t<a href=\"#\" title=\"Soraya Rahmati\" class=\"teacher-details-bg vc_gitem-link vc-zone-link\"><\/a>\n\t\t\t\t\t\t\t<img decoding=\"async\" src=\"https:\/\/espanoleschool.com\/escuela\/wp-content\/uploads\/2021\/11\/HRH5345-160x160-1.jpg\" class=\"vc_gitem-zone-img\" alt=\"\">\n\t\t\t\t\t\t\t<div class=\"teacher-details only-pc\">\n\t\t\t\t\t\t\t\t<div class=\"teacher-details-wrap\">\n\t\t\t\t\t\t\t\t\t<span class=\"teacher-name\">Soraya Rahmati<\/span>\n\t\t\t\t\t\t\t\t\t<span class=\"teacher-occupation\"><p>Enseignante<\/p>\n<\/span>\n\t\t\t\t\t\t\t\t<\/div>\n\t\t\t\t\t\t\t<\/div>\n\t\t\t\t\t\t\t<div class=\"vc_gitem-zone-mini\"><\/div>\n\t\t\t\t\t\t<\/div>\n\t\t\t\t\t<\/div>\n\t\t\t\t<\/div>\n\t\t\t\t<div class=\"vc_clearfix\"><\/div>\n\t\t\t<\/div>\n\t\t\t<div class=\"teacher-details only-mobile\">\n\t\t\t\t<div class=\"teacher-details-wrap\">\n\t\t\t\t\t<span class=\"teacher-name\">Soraya Rahmati<\/span>\n\t\t\t\t\t<span class=\"teacher-occupation\"><p>Enseignante<\/p>\n<\/span>\n\t\t\t\t<\/div>\n\t\t\t<\/div>\n\t\t\t<\/div>\n\t\t\t<div class=\"teacher-wrap layout-a\">\n\t\t\t<div class=\" vc_clearfix vc_col-sm-2 vc_grid-item-zone-c-bottom vc_visible-item fadeIn animated\">\n\t\t\t\t<script type=\"text\/template\" id=\"teacher-bio-13622\">\n\t\t\t\t\t<h2>Vera Sevilla<\/h2>\n\t\t\t\t\t<h3><p>Enseignante<\/p>\n<\/h3>\n\t\t\t\t\t<p>Bonjour !<\/p>\n<p>Je m\u2019appelle Vera et je suis professeure d\u2019espagnol comme langue \u00e9trang\u00e8re. J\u2019ai \u00e9tudi\u00e9 la philologie hispanique \u00e0 l\u2019Universit\u00e9 de Valence et je me suis ensuite sp\u00e9cialis\u00e9e dans mes deux passions : l\u2019enseignement de l\u2019espagnol comme langue \u00e9trang\u00e8re et la litt\u00e9rature compar\u00e9e.<\/p>\n<p>J\u2019ai toujours travaill\u00e9 comme enseignante, bien que je consacre mon temps libre \u00e0 la diffusion litt\u00e9raire et culturelle sur les r\u00e9seaux sociaux. Je pense que la culture est une partie essentielle de l\u2019apprentissage d\u2019une nouvelle langue. C\u2019est pourquoi j\u2019essaie toujours d\u2019int\u00e9grer des curiosit\u00e9s sur la culture espagnole et valencienne dans mes cours.<\/p>\n<p>Quand je ne suis pas occup\u00e9e, j\u2019aime beaucoup lire, regarder des s\u00e9ries ou des films, me promener dans la nature et passer du temps avec mes amis et ma famille.<\/p>\n<p>\u00c0 bient\u00f4t chez Espa\u00f1ol\u00e9 !<\/p>\n\t\t\t\t\t<button class=\"botones bot-azul\" onclick=\"ih_popup_close()\">\n\t\t\t\t\t\tFermer\t\t\t\t\t<\/button>\n\t\t\t\t\t<p>\n\t\t\t\t<\/script>\n\t\t\t\t<div class=\"vc_grid-item-mini vc_clearfix\">\n\t\t\t\t\t<div class=\"vc_gitem-animated-block\">\n\t\t\t\t\t\t<div class=\"vc_gitem-zone vc_gitem-zone-a vc-gitem-zone-height-mode-auto vc-gitem-zone-height-mode-auto-1-1 vc_gitem-is-link\" style=\"background-image: url('https:\/\/espanoleschool.com\/escuela\/wp-content\/uploads\/2021\/09\/Vara-Sevilla.png') !important;\" onclick=\"return show_teacher(13622)\">\n\t\t\t\t\t\t\t<a href=\"#\" title=\"Vera Sevilla\" class=\"teacher-details-bg vc_gitem-link vc-zone-link\"><\/a>\n\t\t\t\t\t\t\t<img decoding=\"async\" src=\"https:\/\/espanoleschool.com\/escuela\/wp-content\/uploads\/2021\/09\/Vara-Sevilla.png\" class=\"vc_gitem-zone-img\" alt=\"\">\n\t\t\t\t\t\t\t<div class=\"teacher-details only-pc\">\n\t\t\t\t\t\t\t\t<div class=\"teacher-details-wrap\">\n\t\t\t\t\t\t\t\t\t<span class=\"teacher-name\">Vera Sevilla<\/span>\n\t\t\t\t\t\t\t\t\t<span class=\"teacher-occupation\"><p>Enseignante<\/p>\n<\/span>\n\t\t\t\t\t\t\t\t<\/div>\n\t\t\t\t\t\t\t<\/div>\n\t\t\t\t\t\t\t<div class=\"vc_gitem-zone-mini\"><\/div>\n\t\t\t\t\t\t<\/div>\n\t\t\t\t\t<\/div>\n\t\t\t\t<\/div>\n\t\t\t\t<div class=\"vc_clearfix\"><\/div>\n\t\t\t<\/div>\n\t\t\t<div class=\"teacher-details only-mobile\">\n\t\t\t\t<div class=\"teacher-details-wrap\">\n\t\t\t\t\t<span class=\"teacher-name\">Vera Sevilla<\/span>\n\t\t\t\t\t<span class=\"teacher-occupation\"><p>Enseignante<\/p>\n<\/span>\n\t\t\t\t<\/div>\n\t\t\t<\/div>\n\t\t\t<\/div>\n<\/div><\/div>\t<script>\n\t\tfunction show_teacher( id )\n\t\t{\n\t\t\tvar popup = ih_popup( { content_element: document.getElementById( \"teacher-bio-\" + id ) } )\n\t\t\tpopup.popup_content.style.padding = \"2em\"\n\t\t\tpopup.popup_content.style.maxWidth = \"30em\"\n\t\t\treturn false\n\t\t}\n\t<\/script>\n<\/p>\n<p>[\/vc_column_text][\/vc_column][\/vc_row][vc_row][vc_column]<div class=\"templatera_shortcode\"><div id=\"seccion-icons-nivel\" data-vc-full-width=\"true\" data-vc-full-width-init=\"false\" class=\"vc_row wpb_row vc_row-fluid vc_custom_1622213032458 vc_row-has-fill\"><div class=\"wpb_column vc_column_container vc_col-sm-12\"><div class=\"vc_column-inner\"><div class=\"wpb_wrapper\">\n\t<div class=\"wpb_text_column wpb_content_element \" >\n\t\t<div class=\"wpb_wrapper\">\n\t\t\t<h2 style=\"text-align: center;\">Quel est votre niveau d\u2019espagnol ?<\/h2>\n<p style=\"text-align: center;\">Espa\u00f1ol\u00e9 vous propose le programme d&#8217;espagnol le plus adapt\u00e9 \u00e0 votre niveau.<\/p>\n\n\t\t<\/div>\n\t<\/div>\n<div class=\"vc_row wpb_row vc_inner vc_row-fluid\"><div class=\"wpb_column vc_column_container vc_col-sm-4\"><div class=\"vc_column-inner\"><div class=\"wpb_wrapper\">\n\t<div class=\"wpb_text_column wpb_content_element \" >\n\t\t<div class=\"wpb_wrapper\">\n\t\t\t<div id=\"icon-a1\" class=\"icon-izq\">\n<h3>A1 &#8211; D\u00e9butants<\/h3>\n<p>Les \u00e9l\u00e8ves peuvent communiquer avec un \u00e9change simple et direct pour maintenir une conversation tr\u00e8s basique.<\/p>\n<\/div>\n\n\t\t<\/div>\n\t<\/div>\n<\/div><\/div><\/div><div class=\"wpb_column vc_column_container vc_col-sm-4\"><div class=\"vc_column-inner\"><div class=\"wpb_wrapper\">\n\t<div class=\"wpb_text_column wpb_content_element \" >\n\t\t<div class=\"wpb_wrapper\">\n\t\t\t<div id=\"icon-a2\" class=\"icon-izq\">\n<h3>A2 &#8211; Pr\u00e9-interm\u00e9diaire<\/h3>\n<p>Les \u00e9l\u00e8ves peuvent comprendre et exprimer des informations sur le pr\u00e9sent, le pass\u00e9 et le futur. Ils peuvent faire face \u00e0 la plupart des situations li\u00e9es \u00e0 un voyage dans un pays hispanophone, y compris communiquer des informations plus personnelles et quotidiennes.<\/p>\n<\/div>\n\n\t\t<\/div>\n\t<\/div>\n<\/div><\/div><\/div><div class=\"wpb_column vc_column_container vc_col-sm-4\"><div class=\"vc_column-inner\"><div class=\"wpb_wrapper\">\n\t<div class=\"wpb_text_column wpb_content_element \" >\n\t\t<div class=\"wpb_wrapper\">\n\t\t\t<div id=\"icon-b1\" class=\"icon-izq\">\n<h3>B1 &#8211; Interm\u00e9diaire<\/h3>\n<p>Les \u00e9tudiants peuvent interagir confortablement avec des locuteurs natifs. Ils peuvent participer \u00e0 des discussions et exprimer leurs opinions dans des contextes familiers. Ils peuvent d\u00e9crire des exp\u00e9riences de leur pass\u00e9, ainsi qu&#8217;expliquer et justifier leurs projets, souhaits et ambitions pour l&#8217;avenir.<\/p>\n<\/div>\n\n\t\t<\/div>\n\t<\/div>\n<\/div><\/div><\/div><\/div><div class=\"vc_row wpb_row vc_inner vc_row-fluid\"><div class=\"wpb_column vc_column_container vc_col-sm-4\"><div class=\"vc_column-inner\"><div class=\"wpb_wrapper\">\n\t<div class=\"wpb_text_column wpb_content_element \" >\n\t\t<div class=\"wpb_wrapper\">\n\t\t\t<div id=\"icon-b2\" class=\"icon-izq\">\n<h3>B2 &#8211; Interm\u00e9diaire sup\u00e9rieur<\/h3>\n<p>Les \u00e9l\u00e8ves peuvent exprimer clairement leurs id\u00e9es sur des sujets g\u00e9n\u00e9raux \u00e0 l&#8217;oral et \u00e0 l&#8217;\u00e9crit. Ils connaissent et peuvent utiliser des structures plus complexes de mani\u00e8re comp\u00e9tente et ont un bon niveau d&#8217;aisance et un vocabulaire plus \u00e9tendu comprenant quelques expressions idiomatiques.<\/p>\n<\/div>\n\n\t\t<\/div>\n\t<\/div>\n<\/div><\/div><\/div><div class=\"wpb_column vc_column_container vc_col-sm-4\"><div class=\"vc_column-inner\"><div class=\"wpb_wrapper\">\n\t<div class=\"wpb_text_column wpb_content_element \" >\n\t\t<div class=\"wpb_wrapper\">\n\t\t\t<div id=\"icon-c1\" class=\"icon-izq\">\n<h3>C1 &#8211; Avanc\u00e9<\/h3>\n<p>Les \u00e9tudiants sont capables de comprendre la plupart des conf\u00e9rences et des discussions. Ils sont capables de d\u00e9velopper une argumentation bien structur\u00e9e avec des preuves et des explications \u00e0 l&#8217;appui, \u00e0 l&#8217;oral et \u00e0 l&#8217;\u00e9crit. Les \u00e9tudiants ont \u00e9largi leurs comp\u00e9tences linguistiques g\u00e9n\u00e9rales et leur vocabulaire pour se sentir \u00e0 l&#8217;aise pour fonctionner efficacement dans les sph\u00e8res sociales, acad\u00e9miques et professionnelles.<\/p>\n<\/div>\n\n\t\t<\/div>\n\t<\/div>\n<\/div><\/div><\/div><div class=\"wpb_column vc_column_container vc_col-sm-4\"><div class=\"vc_column-inner\"><div class=\"wpb_wrapper\">\n\t<div class=\"wpb_text_column wpb_content_element \" >\n\t\t<div class=\"wpb_wrapper\">\n\t\t\t<div id=\"icon-c2\" class=\"icon-izq\">\n<h3>C2 &#8211; Sup\u00e9rieur<\/h3>\n<p>Les \u00e9tudiants ont un niveau \u00e9lev\u00e9 d&#8217;espagnol \u00e9crit et parl\u00e9. Ils peuvent facilement participer \u00e0 des discussions et r\u00e9diger des compositions bien structur\u00e9es, m\u00eame dans des situations complexes et peu famili\u00e8res. Ils peuvent faire des pr\u00e9sentations claires sur des sujets complexes, en int\u00e9grant des sous-th\u00e8mes et en d\u00e9veloppant des points particuliers.<\/p>\n<\/div>\n\n\t\t<\/div>\n\t<\/div>\n<\/div><\/div><\/div><\/div>\n\t<div class=\"wpb_text_column wpb_content_element \" >\n\t\t<div class=\"wpb_wrapper\">\n\t\t\t<p style=\"text-align: center;\"><button class=\"botones bot-trans-azul\"><a title=\"Haz tu test de nivel\" href=\"https:\/\/espanoleschool.com\/es\/test-nivel-espanol\/\">Faites votre test de niveau<\/a><\/button><\/p>\n\n\t\t<\/div>\n\t<\/div>\n<\/div><\/div><\/div><\/div><div class=\"vc_row-full-width vc_clearfix\"><\/div>\n<\/div>[\/vc_column][\/vc_row][vc_row css=&#8221;.vc_custom_1626213495873{margin-top: 24px !important;margin-bottom: 24px !important;}&#8221;][vc_column width=&#8221;1\/2&#8243; css=&#8221;.vc_custom_1625711784466{border-right-width: 1px !important;border-right-color: rgba(0,0,0,0.01) !important;}&#8221;][vc_column_text]<\/p>\n<h2 style=\"text-align: center;\">Calculez votre devis personnalis\u00e9<\/h2>\n<p style=\"text-align: center;\">Configurez votre programme pour \u00e9tudier l&#8217;espagnol \u00e0 Valence et obtenez votre devis rapidement et facilement.<\/p>\n<p style=\"text-align: center;\"><a class=\"vc-general btn-grid botones bot-azul\" style=\"color: white; text-decoration: none;\" href=\"https:\/\/espanoleschool.com\/es\/reservar\/\" target=\"_blank\" rel=\"noopener\">Calculez votre devis<\/a><\/p>\n<p>[\/vc_column_text][\/vc_column][vc_column width=&#8221;1\/2&#8243; css=&#8221;.vc_custom_1625711757258{border-left-width: 1px !important;border-left-color: #054a7a !important;border-left-style: solid !important;}&#8221;][vc_column_text]<\/p>\n<h2 style=\"text-align: center;\">Quel cours me convient le mieux ?<\/h2>\n<p style=\"text-align: center;\">Si vous ne savez pas quel est le meilleur programme pour vous, contactez-nous et nous vous conseillerons sans engagement.<\/p>\n<p style=\"text-align: center;\"><a class=\"vc-general btn-grid botones bot-azul\" style=\"color: white; text-decoration: none;\" href=\"https:\/\/espanoleschool.com\/contact-us\/\" target=\"_blank\" rel=\"noopener\">Contactez-nous<\/a><\/p>\n<p>[\/vc_column_text][\/vc_column][\/vc_row][vc_row content_placement=&#8221;middle&#8221;][vc_column width=&#8221;1\/2&#8243; el_class=&#8221;valign&#8221;][vc_single_image image=&#8221;5088&#8243; img_size=&#8221;full&#8221;][\/vc_column][vc_column width=&#8221;1\/2&#8243; el_id=&#8221;activities-list&#8221; el_class=&#8221;valign&#8221;][vc_column_text]<\/p>\n<h2 style=\"text-align: center;\">Un programme d&#8217;activit\u00e9s complet<\/h2>\n<p>[\/vc_column_text][vc_row_inner][vc_column_inner][vc_column_text el_class=&#8221;mobile-center&#8221;]<\/p>\n<div id=\"icon-paella\" class=\"icon-izq\">\n<h3>Activit\u00e9s culturelles<\/h3>\n<p>L&#8217;histoire, la culture et les traditions espagnoles vous aident \u00e0 mieux comprendre la langue et \u00e0 la perfectionner.<\/p>\n<\/div>\n<p>[\/vc_column_text][\/vc_column_inner][\/vc_row_inner][vc_row_inner][vc_column_inner][vc_column_text el_class=&#8221;mobile-center&#8221;]<\/p>\n<div id=\"icon-free-time\" class=\"icon-izq\">\n<h3>Plein air et sports<\/h3>\n<p>Venez vous amuser et pratiquer l&#8217;espagnol avec d&#8217;autres \u00e9tudiants tout en faisant de la voile ou en prenant des cours de danse.<\/p>\n<\/div>\n<p>[\/vc_column_text][\/vc_column_inner][\/vc_row_inner][vc_row_inner][vc_column_inner][vc_column_text el_class=&#8221;mobile-center&#8221;]<\/p>\n<div id=\"icon-friends\" class=\"icon-izq\">\n<h3>Loisirs et amiti\u00e9<\/h3>\n<p>D\u00e9couvrez la vie nocturne de la ville et faites-vous des amis dans un environnement s\u00fbr, entour\u00e9 d&#8217;\u00e9tudiants d&#8217;autres cultures.<\/p>\n<\/div>\n<p>[\/vc_column_text][\/vc_column_inner][\/vc_row_inner][\/vc_column][\/vc_row][vc_row][vc_column][vc_column_text]<\/p>\n<h2 style=\"text-align: center;\">Un enseignement de la plus haute qualit\u00e9<\/h2>\n<p style=\"text-align: center;\">Les certifications et les labels de qualit\u00e9 les plus importants garantissent l&#8217;excellence de notre \u00e9cole.<\/p>\n<p>[\/vc_column_text][vc_column_text el_class=&#8221;relpos&#8221;]\t<div class=\"swiper-container swiper-certifications\">\n\t\t<div class=\"swiper-wrapper\">\n\t\t\t<div class=\"swiper-slide\">\n<a target=\"_blank\" href=\"https:\/\/portail.chorus-pro.gouv.fr\/aife_csm\" rel=\"noopener\">\t\t\t\t<img decoding=\"async\" src=\"https:\/\/espanoleschool.com\/escuela\/wp-content\/uploads\/2025\/09\/ChorusPro.png\" alt=\"Chorus Pro\">\n<\/a>\t\t\t<\/div>\n\t\t\t<div class=\"swiper-slide\">\n<a target=\"_blank\" href=\"https:\/\/ihworld.com\/ih-valencia-ih-quality-inspection-digital-badge\/\" rel=\"noopener\">\t\t\t\t<img decoding=\"async\" src=\"https:\/\/espanoleschool.com\/escuela\/wp-content\/uploads\/2025\/09\/IH-Quality-Inspeciton-badge-2024-2027-1.png\" alt=\"IH Valencia \u2013 IH Quality Inspection Digital Badge\">\n<\/a>\t\t\t<\/div>\n\t\t\t<div class=\"swiper-slide\">\n<a target=\"_blank\" href=\"https:\/\/www.visitvalencia.com\/\" rel=\"noopener\">\t\t\t\t<img decoding=\"async\" src=\"https:\/\/espanoleschool.com\/escuela\/wp-content\/uploads\/2023\/11\/Empresa-Asociada-Fundacio-VISIT-VLC.png\" alt=\"Visit Val\u00e8ncia\">\n<\/a>\t\t\t<\/div>\n\t\t\t<div class=\"swiper-slide\">\n<a target=\"_blank\" href=\"https:\/\/espanoleschool.com\/es\/proyecto\/\">\t\t\t\t<img decoding=\"async\" src=\"https:\/\/espanoleschool.com\/escuela\/wp-content\/uploads\/2022\/11\/colaboracio2025.png\" alt=\"Comunitat Valenciana &#8211; Mediterr\u00e1neo en vivo y seguro\">\n<\/a>\t\t\t<\/div>\n\t\t\t<div class=\"swiper-slide\">\n<a target=\"_blank\" href=\"https:\/\/www.comunitatvalenciana.com\/en\/be-inspired\/language-travel\" rel=\"noopener\">\t\t\t\t<img decoding=\"async\" src=\"https:\/\/espanoleschool.com\/escuela\/wp-content\/uploads\/2022\/02\/learning_spanish-comunitat-valenciana.jpg\" alt=\"Comunitat Valenciana\">\n<\/a>\t\t\t<\/div>\n\t\t\t<div class=\"swiper-slide\">\n<a target=\"_blank\" href=\"https:\/\/bildungsurlaub-approval.de\/#\/\" rel=\"noopener\">\t\t\t\t<img decoding=\"async\" src=\"https:\/\/espanoleschool.com\/escuela\/wp-content\/uploads\/2021\/07\/Picture-1.png\" alt=\"BILDUNGSURLAUB\">\n<\/a>\t\t\t<\/div>\n\t\t\t<div class=\"swiper-slide\">\n\t\t\t\t<img decoding=\"async\" src=\"https:\/\/espanoleschool.com\/escuela\/wp-content\/uploads\/2021\/07\/Picture-2.png\" alt=\"CSN\">\n\t\t\t<\/div>\n\t\t\t<div class=\"swiper-slide\">\n\t\t\t\t<img decoding=\"async\" src=\"https:\/\/espanoleschool.com\/escuela\/wp-content\/uploads\/2021\/07\/Picture-3.png\" alt=\"Certificado ISO-14064\">\n\t\t\t<\/div>\n\t\t\t<div class=\"swiper-slide\">\n<a target=\"_blank\" href=\"https:\/\/acreditacion.cervantes.es\/centros_espana.htm#castellon\" rel=\"noopener\">\t\t\t\t<img decoding=\"async\" src=\"https:\/\/espanoleschool.com\/escuela\/wp-content\/uploads\/2021\/07\/Picture-4.png\" alt=\"Centro Acreditado: Instituto Cervantes\">\n<\/a>\t\t\t<\/div>\n\t\t\t<div class=\"swiper-slide\">\n<a target=\"_blank\" href=\"https:\/\/espanoleschool.com\/es\/proyecto-subvencionado-por-ivace-y-la-ue\/\">\t\t\t\t<img decoding=\"async\" src=\"https:\/\/espanoleschool.com\/escuela\/wp-content\/uploads\/2025\/06\/IVACE.png\" alt=\"Proyecto subvencionado por IVACE y la Uni\u00f3n Europea\">\n<\/a>\t\t\t<\/div>\n\t<\/div>\n\t<div class=\"swiper-button-prev\"><\/div>\n\t<div class=\"swiper-button-next\"><\/div>\n\t<\/div>\n<script src=\"https:\/\/espanoleschool.com\/escuela\/wp-content\/plugins\/CPT_Cursos\/js\/swiper-bundle.js\"><\/script>\n<link rel=\"stylesheet\" href=\"https:\/\/unpkg.com\/swiper\/swiper-bundle.min.css\" \/>\n    <script>\n      var swiper_certs = new Swiper(\".swiper-certifications\", {\n        direction: 'horizontal',\n        loop: true,\n        slidesPerView: 5,\n        spaceBetween: 0,\n        centeredSlides: true,\n        pagination: {\n            el: \".swiper-pagination\",\n            clickable: true,\n        },\n        \/\/ Navigation arrows\n        navigation: {\n            nextEl: '.swiper-button-next',\n            prevEl: '.swiper-button-prev',\n        },\n    });\n    <\/script>\n\n[\/vc_column_text][\/vc_column][\/vc_row][vc_row][vc_column]<div class=\"templatera_shortcode\"><div id=\"seccion-necesitas-alojamiento\" class=\"vc_row wpb_row vc_row-fluid\"><div class=\"wpb_column vc_column_container vc_col-sm-12\"><div class=\"vc_column-inner\"><div class=\"wpb_wrapper\">\n\t<div class=\"wpb_text_column wpb_content_element \" >\n\t\t<div class=\"wpb_wrapper\">\n\t\t\t<h2 style=\"text-align: center;\">Avez-vous besoin d\u2019un h\u00e9bergement ?<\/h2>\n<p style=\"text-align: center;\">Chez Espa\u00f1ol\u00e9, nous mettons \u00e0 votre disposition nos h\u00e9bergements pour que vous profitiez au maximum de votre s\u00e9jour \u00e0 Valence.<\/p>\n\n\t\t<\/div>\n\t<\/div>\n<div class=\"vc_row wpb_row vc_inner vc_row-fluid vc_row-o-equal-height vc_row-o-content-middle vc_row-flex\"><div class=\"wpb_column vc_column_container vc_col-sm-3 vc_col-has-fill\"><div class=\"vc_column-inner vc_custom_1624619327352\"><div class=\"wpb_wrapper\">\n\t<div class=\"wpb_text_column wpb_content_element \" >\n\t\t<div class=\"wpb_wrapper\">\n\t\t\t<p class=\"titulo\"><a style=\"color: #ffffff;\" href=\"https:\/\/espanoleschool.com\/es\/alojamiento\/resiole-residencias-con-el-sello-de-calidad-de-espanole\/\"><strong>R\u00e9sidences<\/strong><\/a><\/p>\n<p>Nous avons nos propres r\u00e9sidences dans le centre de Valence, tr\u00e8s proches de l&#8217;\u00e9cole. Un espace confortable et exclusif pour partager votre exp\u00e9rience avec d\u2019autres \u00e9tudiants internationaux.<\/p>\n\n\t\t<\/div>\n\t<\/div>\n<\/div><\/div><\/div><div class=\"wpb_column vc_column_container vc_col-sm-3 vc_col-has-fill\"><div class=\"vc_column-inner vc_custom_1624619341556\"><div class=\"wpb_wrapper\">\n\t<div class=\"wpb_text_column wpb_content_element \" >\n\t\t<div class=\"wpb_wrapper\">\n\t\t\t<p class=\"titulo\"><a style=\"color: #ffffff;\" href=\"https:\/\/espanoleschool.com\/es\/alojamiento\/apartamentos-compartidos\/\"><strong>Appartements<\/strong><\/a><\/p>\n<p>Partagez votre vie en Espagne et pratiquez l&#8217;espagnol avec d\u2019autres camarades de l\u2019\u00e9cole du m\u00eame \u00e2ge et avec les m\u00eames gouts et int\u00e9r\u00eats.<\/p>\n\n\t\t<\/div>\n\t<\/div>\n<\/div><\/div><\/div><div class=\"wpb_column vc_column_container vc_col-sm-3 vc_col-has-fill\"><div class=\"vc_column-inner vc_custom_1624619352853\"><div class=\"wpb_wrapper\">\n\t<div class=\"wpb_text_column wpb_content_element \" >\n\t\t<div class=\"wpb_wrapper\">\n\t\t\t<p class=\"titulo\"><a style=\"color: #ffffff;\" href=\"https:\/\/espanoleschool.com\/es\/alojamiento\/familias-anfitrionas\/\"><strong>Familles d\u2019accueil<\/strong><\/a><\/p>\n<p>La meilleure fa\u00e7on de vivre et de conna\u00eetre la culture et les habitudes espagnoles. Nos familles ont \u00e9t\u00e9 s\u00e9lectionn\u00e9es soigneusement et offrent \u00e0 nos \u00e9tudiants un foyer o\u00f9 ils se sentent chez eux.<\/p>\n\n\t\t<\/div>\n\t<\/div>\n<\/div><\/div><\/div><div class=\"wpb_column vc_column_container vc_col-sm-3 vc_col-has-fill\"><div class=\"vc_column-inner vc_custom_1624619365251\"><div class=\"wpb_wrapper\">\n\t<div class=\"wpb_text_column wpb_content_element \" >\n\t\t<div class=\"wpb_wrapper\">\n\t\t\t\n\t\t<\/div>\n\t<\/div>\n<\/div><\/div><\/div><\/div><div class=\"vc_empty_space\"   style=\"height: 32px\"><span class=\"vc_empty_space_inner\"><\/span><\/div>\n\t<div class=\"wpb_text_column wpb_content_element \" >\n\t\t<div class=\"wpb_wrapper\">\n\t\t\t<p style=\"text-align: center;\"><button class=\"botones bot-azul \"><a title=\"Elige tu alojamiento\" href=\"https:\/\/espanoleschool.com\/es\/alojamiento-valencia\/\">Choisissez votre h\u00e9bergement<\/a><\/button><\/p>\n\n\t\t<\/div>\n\t<\/div>\n<\/div><\/div><\/div><\/div>\n<\/div>[\/vc_column][\/vc_row][vc_row][vc_column][vc_column_text]<\/p>\n<h2 style=\"text-align: center;\">T\u00e9l\u00e9chargez nos brochures en PDF<\/h2>\n<p style=\"text-align: center;\">T\u00e9l\u00e9chargez la brochure qui vous int\u00e9resse le plus<\/p>\n<p style=\"text-align: center;\"><a class=\"vc-general btn-grid botones bot-azul\" style=\"color: white; text-decoration: none;\" href=\"https:\/\/espanoleschool.com\/downloads\/\" rel=\"noopener\">Voir le document t\u00e9l\u00e9chargeable<\/a><\/p>\n<p>[\/vc_column_text][\/vc_column][\/vc_row][vc_row full_width=&#8221;stretch_row&#8221; css=&#8221;.vc_custom_1630759040578{background-color: #f0faff !important;}&#8221;][vc_column]<div class=\"templatera_shortcode\"><div class=\"vc_row wpb_row vc_row-fluid\"><div class=\"wpb_column vc_column_container vc_col-sm-12\"><div class=\"vc_column-inner\"><div class=\"wpb_wrapper\">\n\t<div class=\"wpb_text_column wpb_content_element \" >\n\t\t<div class=\"wpb_wrapper\">\n\t\t\t<h2 style=\"text-align: center;\"><span style=\"color: #3a9bde;\">Nous vous r\u00e9pondons !<\/span><\/h2>\n<p style=\"text-align: center;\">Contactez-nous, nous nous ferons un plaisir de vous aider.<\/p>\n<div class=\"templatera_shortcode\"><div class=\"vc_row wpb_row vc_row-fluid\"><div class=\"wpb_column vc_column_container vc_col-sm-12\"><div class=\"vc_column-inner\"><div class=\"wpb_wrapper\">\n\t<div class=\"wpb_raw_code wpb_content_element wpb_raw_html\" >\n\t\t<div class=\"wpb_wrapper\">\n\t\t\t<script charset=\"utf-8\" type=\"text\/javascript\" src=\"\/\/js-eu1.hsforms.net\/forms\/embed\/v2.js\"><\/script>\n<script>\n  hbspt.forms.create({\n    portalId: \"144814303\",\n    formId: \"e380ca45-8094-4170-8785-2ef3aaf65d18\"\n  });\n<\/script>\n\t\t<\/div>\n\t<\/div>\n<\/div><\/div><\/div><\/div>\n<\/div>\n\n\t\t<\/div>\n\t<\/div>\n<\/div><\/div><\/div><\/div>\n<\/div>[\/vc_column][\/vc_row][vc_row][vc_column]<div class=\"templatera_shortcode\"><div class=\"vc_row wpb_row vc_row-fluid\"><div class=\"seccion-faq wpb_column vc_column_container vc_col-sm-12\"><div class=\"vc_column-inner\"><div class=\"wpb_wrapper\">\n\t<div class=\"wpb_text_column wpb_content_element \" >\n\t\t<div class=\"wpb_wrapper\">\n\t\t\t<h2 style=\"text-align: center;\">Foire aux questions<\/h2>\n\n\t\t<\/div>\n\t<\/div>\n<div class=\"templatera_shortcode\"><div class=\"vc_row wpb_row vc_row-fluid\"><div class=\"wpb_column vc_column_container vc_col-sm-12\"><div class=\"vc_column-inner\"><div class=\"wpb_wrapper\"><div  class=\"vc_toggle vc_toggle_default vc_toggle_color_default  vc_toggle_size_md\"><div class=\"vc_toggle_title\"><h3>#1 Quand puis-je commencer mon cours ?<\/h3><i class=\"vc_toggle_icon\"><\/i><\/div><div class=\"vc_toggle_content\"><p>Si vous \u00eates d\u00e9butant, il y a des dates de d\u00e9but fixes (environ deux fois par mois). Si vous avez d\u00e9j\u00e0 des notions d\u2019espagnol, vous pouvez commencer n&#8217;importe quel lundi.<\/p>\n<\/div><\/div><div  class=\"vc_toggle vc_toggle_default vc_toggle_color_default  vc_toggle_size_md\"><div class=\"vc_toggle_title\"><h3>#2 Quelle m\u00e9thode d&#039;enseignement utilisons-nous ?<\/h3><i class=\"vc_toggle_icon\"><\/i><\/div><div class=\"vc_toggle_content\"><p>Notre objectif est que les \u00e9tudiants apprennent \u00e0 communiquer en espagnol. La m\u00e9thode d&#8217;enseignement est une combinaison de diverses approches visant \u00e0 d\u00e9velopper les comp\u00e9tences n\u00e9cessaires pour atteindre notre objectif. Selon le niveau dans lequel vous vous situez, vous aurez plus ou moins de pratique communicative : plus le niveau est \u00e9lev\u00e9, plus il y a de possibilit\u00e9s de parler et de pratiquer. Tous les cours sont dispens\u00e9s en espagnol.<\/p>\n<\/div><\/div><div  class=\"vc_toggle vc_toggle_default vc_toggle_color_default  vc_toggle_size_md\"><div class=\"vc_toggle_title\"><h3>#3 Lorsque je commence le cours, puis-je changer de groupe\/niveau si le niveau de mon groupe est trop \u00e9lev\u00e9 ou trop bas ?<\/h3><i class=\"vc_toggle_icon\"><\/i><\/div><div class=\"vc_toggle_content\"><p lang=\"fr-FR\">Oui, si vous voulez changer de niveau, vous devez d&#8217;abord en parler \u00e0 votre professeur qui vous dirigera vers le chef d\u2019\u00e9tablissement pour qu&#8217;il \u00e9tudie votre cas.<\/p>\n<\/div><\/div><div  class=\"vc_toggle vc_toggle_default vc_toggle_color_default  vc_toggle_size_md\"><div class=\"vc_toggle_title\"><h3>#4 Comment savoir quel est mon niveau d\u2019espagnol ?<\/h3><i class=\"vc_toggle_icon\"><\/i><\/div><div class=\"vc_toggle_content\"><p lang=\"fr-FR\">Le premier jour de cours, tous les \u00e9tudiants passent un test de niveau (sauf les d\u00e9butants), qui \u00e9value les comp\u00e9tences en mati\u00e8re d&#8217;expression et compr\u00e9hension \u00e9crite et expression et compr\u00e9hension orale, ainsi que les connaissances grammaticales. Pendant la dur\u00e9e du cours, les progr\u00e8s sont suivis de pr\u00e8s par les enseignants.<\/p>\n<\/div><\/div><div  class=\"vc_toggle vc_toggle_default vc_toggle_color_default  vc_toggle_size_md\"><div class=\"vc_toggle_title\"><h3>#5 Une fois le cours commenc\u00e9, puis-je modifier mon horaire de cours ?<\/h3><i class=\"vc_toggle_icon\"><\/i><\/div><div class=\"vc_toggle_content\"><p lang=\"fr-FR\">Oui, c&#8217;est possible \u00e0 condition qu&#8217;il y ait de la place dans le groupe pour lequel vous voulez changer.<\/p>\n<\/div><\/div><div  class=\"vc_toggle vc_toggle_default vc_toggle_color_default  vc_toggle_size_md\"><div class=\"vc_toggle_title\"><h3>#6 Est-il possible de changer de cours en fonction de mes progr\u00e8s ?<\/h3><i class=\"vc_toggle_icon\"><\/i><\/div><div class=\"vc_toggle_content\"><p>Notre programme est divis\u00e9 en 6 niveaux qui peuvent \u00eatre compl\u00e9t\u00e9s en 40 semaines. Si vos progr\u00e8s sont sup\u00e9rieurs \u00e0 ceux du reste du groupe, vous pouvez (et devez) passer \u00e0 un groupe de niveau sup\u00e9rieur. De cette fa\u00e7on, vous passerez de niveau en moins de temps que pr\u00e9vu.<\/p>\n<\/div><\/div><div  class=\"vc_toggle vc_toggle_default vc_toggle_color_default  vc_toggle_size_md\"><div class=\"vc_toggle_title\"><h3>#7 Quel sera l&#039;horaire de mon cours ?<\/h3><i class=\"vc_toggle_icon\"><\/i><\/div><div class=\"vc_toggle_content\"><p>\u00catre dans un cours du matin ou de l\u2019apr\u00e8s-midi d\u00e9pend du nombre de places disponibles dans les groupes de votre niveau. Le matin, les cours commencent \u00e0 9h10 et l&#8217;apr\u00e8s-midi \u00e0 14h10. Dans tous les cas, vous aurez toujours une demi-journ\u00e9e de libre pour \u00e9tudier, d\u00e9couvrir notre ville et vous amuser avec vos amis.<\/p>\n<\/div><\/div><div  class=\"vc_toggle vc_toggle_default vc_toggle_color_default  vc_toggle_size_md\"><div class=\"vc_toggle_title\"><h3>#8 Combien de semaines puis-je \u00e9tudier ?<\/h3><i class=\"vc_toggle_icon\"><\/i><\/div><div class=\"vc_toggle_content\"><p lang=\"fr-FR\">Vous pouvez \u00e9tudier aussi longtemps que vous le souhaitez, la dur\u00e9e minimale \u00e9tant d\u2019une semaine.<\/p>\n<\/div><\/div><div  class=\"vc_toggle vc_toggle_default vc_toggle_color_default  vc_toggle_size_md\"><div class=\"vc_toggle_title\"><h3>#9 Combien de temps \u00e0 l&#039;avance dois-je m&#039;inscrire ?<\/h3><i class=\"vc_toggle_icon\"><\/i><\/div><div class=\"vc_toggle_content\"><p lang=\"fr-FR\">Vous pouvez vous inscrire \u00e0 tout moment, mais si vous voulez \u00eatre s\u00fbr d\u2019avoir une place, nous vous recommandons de vous inscrire \u00e0 l&#8217;avance.<\/p>\n<\/div><\/div><div  class=\"vc_toggle vc_toggle_default vc_toggle_color_default  vc_toggle_size_md\"><div class=\"vc_toggle_title\"><h3>#10 Comment s&#039;inscrire ?<\/h3><i class=\"vc_toggle_icon\"><\/i><\/div><div class=\"vc_toggle_content\"><p lang=\"fr-FR\">Il suffit de remplir le formulaire d&#8217;inscription en ligne et de nous l&#8217;envoyer.<\/p>\n<\/div><\/div><div  class=\"vc_toggle vc_toggle_default vc_toggle_color_default  vc_toggle_size_md\"><div class=\"vc_toggle_title\"><h3>#11 Aurai-je la possibilit\u00e9 de d\u00e9couvrir la culture, l&#039;art, la vie nocturne, etc. de l&#039;Espagne ?<\/h3><i class=\"vc_toggle_icon\"><\/i><\/div><div class=\"vc_toggle_content\"><p>Vous avez de nombreuses possibilit\u00e9s \u00e0 votre disposition, \u00e0 vous de choisir ! L&#8217;\u00e9cole propose des cours de culture, d&#8217;histoire et d\u2019art espagnols, nous organisons des visites culturelles hebdomadaires et notre programme social comprend des soir\u00e9es. En outre, Valence poss\u00e8de une vie culturelle et sociale intense dont vous pourrez profiter pendant votre s\u00e9jour.<\/p>\n<\/div><\/div><div  class=\"vc_toggle vc_toggle_default vc_toggle_color_default  vc_toggle_size_md\"><div class=\"vc_toggle_title\"><h3>#12 Dois-je apporter mes manuels scolaires ?<\/h3><i class=\"vc_toggle_icon\"><\/i><\/div><div class=\"vc_toggle_content\"><p>Non, nous vous fournirons un manuel le premier jour, le reste des manuels et du mat\u00e9riel dont vous aurez besoin sera \u00e0 votre disposition \u00e0 l&#8217;\u00e9cole. Le premier livre est inclus dans le prix du cours.<\/p>\n<\/div><\/div><div  class=\"vc_toggle vc_toggle_default vc_toggle_color_default  vc_toggle_size_md\"><div class=\"vc_toggle_title\"><h3>#13 Quel est le cours le plus populaire ?<\/h3><i class=\"vc_toggle_icon\"><\/i><\/div><div class=\"vc_toggle_content\"><p>Pour les cours courts, l&#8217;Intensive 25 et l&#8217;Intensive Plus, pour les cours longs, l&#8217;Intensive 20.<\/p>\n<\/div><\/div><div  class=\"vc_toggle vc_toggle_default vc_toggle_color_default  vc_toggle_size_md\"><div class=\"vc_toggle_title\"><h3>#14 Aurai-je des examens ?<\/h3><i class=\"vc_toggle_icon\"><\/i><\/div><div class=\"vc_toggle_content\"><p lang=\"fr-FR\">Nous organisons des examens internes au moins une fois par mois pour \u00e9valuer vos progr\u00e8s.<\/p>\n<\/div><\/div><div  class=\"vc_toggle vc_toggle_default vc_toggle_color_default  vc_toggle_size_md\"><div class=\"vc_toggle_title\"><h3>#15 Est-ce qu\u2019Espa\u00f1ol\u00e9 pr\u00e9pare les \u00e9tudiants aux examens officiels ?<\/h3><i class=\"vc_toggle_icon\"><\/i><\/div><div class=\"vc_toggle_content\"><p>Oui, nous vous pr\u00e9parons pour le DELE : Dipl\u00f4me d\u2019Espagnol Langue \u00c9trang\u00e8re. Les Dipl\u00f4mes d\u2019Espagnol Langue \u00c9trang\u00e8re, g\u00e9r\u00e9s par le Minist\u00e8re espagnol des sciences et de l&#8217;\u00e9ducation, sont des certificats officiels qui attestent de la connaissance de l&#8217;espagnol comme langue \u00e9trang\u00e8re. Il existe six niveaux DELE, du A1 \u00e0 C2.<\/p>\n<\/div><\/div><div  class=\"vc_toggle vc_toggle_default vc_toggle_color_default  vc_toggle_size_md\"><div class=\"vc_toggle_title\"><h3>#16 Puis-je \u00e9tudier l&#039;espagnol des affaires ?<\/h3><i class=\"vc_toggle_icon\"><\/i><\/div><div class=\"vc_toggle_content\"><p>Oui, nous proposons un cours d&#8217;espagnol des affaires. Il s&#8217;agit d&#8217;un cours adapt\u00e9 aux \u00e9tudiants de niveau interm\u00e9diaire ou sup\u00e9rieur.<\/p>\n<\/div><\/div><div  class=\"vc_toggle vc_toggle_default vc_toggle_color_default  vc_toggle_size_md\"><div class=\"vc_toggle_title\"><h3>#17 Puis-je r\u00e9server des cours particuliers ?<\/h3><i class=\"vc_toggle_icon\"><\/i><\/div><div class=\"vc_toggle_content\"><p>Vous pouvez r\u00e9server un cours particulier d&#8217;une classe par semaine comme cours ind\u00e9pendant ou comme compl\u00e9ment \u00e0 l&#8217;un des autres cours. Le contenu du cours sera adapt\u00e9 \u00e0 vos besoins sp\u00e9cifiques et aux comp\u00e9tences que vous devez renforcer.<\/p>\n<\/div><\/div><div  class=\"vc_toggle vc_toggle_default vc_toggle_color_default  vc_toggle_size_md\"><div class=\"vc_toggle_title\"><h3>#18 Recevrai-je un dipl\u00f4me \u00e0 la fin du cours ?<\/h3><i class=\"vc_toggle_icon\"><\/i><\/div><div class=\"vc_toggle_content\"><p>\u00c0 la fin du cours, vous recevrez un certificat indiquant le type de cours que vous avez suivi, la dur\u00e9e et le niveau atteint.<\/p>\n<\/div><\/div><div  class=\"vc_toggle vc_toggle_default vc_toggle_color_default  vc_toggle_size_md\"><div class=\"vc_toggle_title\"><h3>#19 Puis-je obtenir des cr\u00e9dits avec le cours d&#039;espagnol ?<\/h3><i class=\"vc_toggle_icon\"><\/i><\/div><div class=\"vc_toggle_content\"><p lang=\"fr-FR\">Nous sommes un centre accr\u00e9dit\u00e9 par l&#8217;Instituto Cervantes, qui est l&#8217;organisme officiel pour la langue espagnole en Espagne. Beaucoup de nos \u00e9tudiants re\u00e7oivent des cr\u00e9dits de leurs universit\u00e9s apr\u00e8s avoir suivi un cours chez nous.<\/p>\n<\/div><\/div><div  class=\"vc_toggle vc_toggle_default vc_toggle_color_default  vc_toggle_size_md\"><div class=\"vc_toggle_title\"><h3>#20 Comment puis-je payer ?<\/h3><i class=\"vc_toggle_icon\"><\/i><\/div><div class=\"vc_toggle_content\"><p lang=\"fr-FR\">Nous vous proposons plusieurs options : par virement bancaire en \u20ac ou par carte.<\/p>\n<\/div><\/div><\/div><\/div><\/div><\/div>\n<\/div><\/div><\/div><\/div><\/div>\n<\/div>[\/vc_column][\/vc_row]<\/p>\n","protected":false},"excerpt":{"rendered":"#1 Quand puis-je commencer mon cours ?Si vous \u00eates d\u00e9butant, il y a des dates de d\u00e9but fixes (environ deux fois par mois). Si vous avez d\u00e9j\u00e0 des notions d\u2019espagnol, [...]","protected":false},"author":5,"featured_media":0,"parent":0,"menu_order":0,"comment_status":"closed","ping_status":"closed","template":"","meta":{"content-type":"","rank_math_lock_modified_date":false,"_genesis_hide_title":false,"_genesis_hide_breadcrumbs":false,"_genesis_hide_singular_image":false,"_genesis_hide_footer_widgets":false,"_genesis_custom_body_class":"","_genesis_custom_post_class":"","_genesis_layout":"full-width-content","_price":"","_stock":"","_tribe_ticket_header":"","_tribe_default_ticket_provider":"","_tribe_ticket_capacity":"0","_ticket_start_date":"","_ticket_end_date":"","_tribe_ticket_show_description":"","_tribe_ticket_show_not_going":false,"_tribe_ticket_use_global_stock":"","_tribe_ticket_global_stock_level":"","_global_stock_mode":"","_global_stock_cap":"","_tribe_rsvp_for_event":"","_tribe_ticket_going_count":"","_tribe_ticket_not_going_count":"","_tribe_tickets_list":[],"_tribe_ticket_has_attendee_info_fields":false,"footnotes":""},"class_list":["post-23615","page","type-page","status-publish","entry"],"rankMath":{"parentDomain":"espanoleschool.com","noFollowDomains":[],"noFollowExcludeDomains":[],"noFollowExternalLinks":false,"featuredImageNotice":"L\u2019image en vedette devrait \u00eatre au moins 200 par 200 pixels pour \u00eatre utilis\u00e9 par Facebook et d\u2019autres sites de m\u00e9dias sociaux.","pluginReviewed":false,"postSettings":{"linkSuggestions":false,"useFocusKeyword":false},"frontEndScore":false,"postName":"faq-generico-cursos-espanol","permalinkFormat":"https:\/\/espanoleschool.com\/fr\/templatera\/%templatera%\/","showLockModifiedDate":true,"assessor":{"focusKeywordLink":"https:\/\/espanoleschool.com\/escuela\/wp-admin\/edit.php?focus_keyword=%focus_keyword%&post_type=%post_type%","hasTOCPlugin":false,"primaryTaxonomy":false,"serpData":{"title":"","description":"","focusKeywords":"","pillarContent":false,"canonicalUrl":"","breadcrumbTitle":"","advancedRobots":{"max-snippet":"-1","max-video-preview":"-1","max-image-preview":"large"},"facebookTitle":"","facebookDescription":"","facebookImage":"","facebookImageID":"","facebookHasOverlay":false,"facebookImageOverlay":"","facebookAuthor":"","twitterCardType":"","twitterUseFacebook":true,"twitterTitle":"","twitterDescription":"","twitterImage":"","twitterImageID":"","twitterHasOverlay":false,"twitterImageOverlay":"","twitterPlayerUrl":"","twitterPlayerSize":"","twitterPlayerStream":"","twitterPlayerStreamCtype":"","twitterAppDescription":"","twitterAppIphoneName":"","twitterAppIphoneID":"","twitterAppIphoneUrl":"","twitterAppIpadName":"","twitterAppIpadID":"","twitterAppIpadUrl":"","twitterAppGoogleplayName":"","twitterAppGoogleplayID":"","twitterAppGoogleplayUrl":"","twitterAppCountry":"","robots":{"index":true},"twitterAuthor":"Javier Peinado","primaryTerm":0,"authorName":"Cristina","titleTemplate":"%title% %sep% %sitename%","descriptionTemplate":"","showScoreFrontend":true,"lockModifiedDate":false},"powerWords":["absolument","amazement","astonishing","authentique","beau","bien-\u00eatre","brillant","captivant","charismatique","choc","clair","compl\u00e8tement","confidentiel","confiance","cons\u00e9quent","cr\u00e9atif","d\u00e9finitivement","d\u00e9licieux","d\u00e9montrer","d\u00e9p\u00eachez-vous","d\u00e9termin\u00e9","digne","dynamique","\u00e9blouissant","\u00e9clatant","\u00e9conomique","\u00e9fficace","\u00e9l\u00e9gant","\u00e9motionnel","\u00e9nergique","\u00e9norme","\u00e9poustouflant","essentiel","\u00e9tonnant","exclusif","exp\u00e9rience","fabuleux","fantastique","formidable","fort","garanti","g\u00e9ant","g\u00e9n\u00e9reux","grandiose","gratuit","habile","harmonieux","historique","hors pair","important","incroyable","indispensable","inoubliable","inspirant","innovant","intense","invention","irr\u00e9sistible","l\u00e9gendaire","lumineux","luxe","magique","magnifique","majestueux","marquant","merveilleux","miraculeux","motivant","n\u00e9cessaire","nouvelle","officiel","parfait","passionn\u00e9","persuasif","ph\u00e9nom\u00e9nal","plaisir","populaire","pouvoir","prestigieux","prodigieux","profond","prosp\u00e8re","puissant","qualit\u00e9","radieux","rapide","r\u00e9ussi","r\u00e9volutionnaire","satisfait","s\u00e9curit\u00e9","sensationnel","serein","somptueux","splendide","sublime","surprenant","talentueux","terrifiant","unique","valeur","vibrant","victorieux","vif","vraiment","z\u00e9l\u00e9"],"diacritics":{"A":"[\\u0041\\u24B6\\uFF21\\u00C0\\u00C1\\u00C2\\u1EA6\\u1EA4\\u1EAA\\u1EA8\\u00C3\\u0100\\u0102\\u1EB0\\u1EAE\\u1EB4\\u1EB2\\u0226\\u01E0\\u00C4\\u01DE\\u1EA2\\u00C5\\u01FA\\u01CD\\u0200\\u0202\\u1EA0\\u1EAC\\u1EB6\\u1E00\\u0104\\u023A\\u2C6F]","AA":"[\\uA732]","AE":"[\\u00C6\\u01FC\\u01E2]","AO":"[\\uA734]","AU":"[\\uA736]","AV":"[\\uA738\\uA73A]","AY":"[\\uA73C]","B":"[\\u0042\\u24B7\\uFF22\\u1E02\\u1E04\\u1E06\\u0243\\u0182\\u0181]","C":"[\\u0043\\u24B8\\uFF23\\u0106\\u0108\\u010A\\u010C\\u00C7\\u1E08\\u0187\\u023B\\uA73E]","D":"[\\u0044\\u24B9\\uFF24\\u1E0A\\u010E\\u1E0C\\u1E10\\u1E12\\u1E0E\\u0110\\u018B\\u018A\\u0189\\uA779]","DZ":"[\\u01F1\\u01C4]","Dz":"[\\u01F2\\u01C5]","E":"[\\u0045\\u24BA\\uFF25\\u00C8\\u00C9\\u00CA\\u1EC0\\u1EBE\\u1EC4\\u1EC2\\u1EBC\\u0112\\u1E14\\u1E16\\u0114\\u0116\\u00CB\\u1EBA\\u011A\\u0204\\u0206\\u1EB8\\u1EC6\\u0228\\u1E1C\\u0118\\u1E18\\u1E1A\\u0190\\u018E]","F":"[\\u0046\\u24BB\\uFF26\\u1E1E\\u0191\\uA77B]","G":"[\\u0047\\u24BC\\uFF27\\u01F4\\u011C\\u1E20\\u011E\\u0120\\u01E6\\u0122\\u01E4\\u0193\\uA7A0\\uA77D\\uA77E]","H":"[\\u0048\\u24BD\\uFF28\\u0124\\u1E22\\u1E26\\u021E\\u1E24\\u1E28\\u1E2A\\u0126\\u2C67\\u2C75\\uA78D]","I":"[\\u0049\\u24BE\\uFF29\\u00CC\\u00CD\\u00CE\\u0128\\u012A\\u012C\\u0130\\u00CF\\u1E2E\\u1EC8\\u01CF\\u0208\\u020A\\u1ECA\\u012E\\u1E2C\\u0197]","J":"[\\u004A\\u24BF\\uFF2A\\u0134\\u0248]","K":"[\\u004B\\u24C0\\uFF2B\\u1E30\\u01E8\\u1E32\\u0136\\u1E34\\u0198\\u2C69\\uA740\\uA742\\uA744\\uA7A2]","L":"[\\u004C\\u24C1\\uFF2C\\u013F\\u0139\\u013D\\u1E36\\u1E38\\u013B\\u1E3C\\u1E3A\\u0141\\u023D\\u2C62\\u2C60\\uA748\\uA746\\uA780]","LJ":"[\\u01C7]","Lj":"[\\u01C8]","M":"[\\u004D\\u24C2\\uFF2D\\u1E3E\\u1E40\\u1E42\\u2C6E\\u019C]","N":"[\\u004E\\u24C3\\uFF2E\\u01F8\\u0143\\u00D1\\u1E44\\u0147\\u1E46\\u0145\\u1E4A\\u1E48\\u0220\\u019D\\uA790\\uA7A4]","NJ":"[\\u01CA]","Nj":"[\\u01CB]","O":"[\\u004F\\u24C4\\uFF2F\\u00D2\\u00D3\\u00D4\\u1ED2\\u1ED0\\u1ED6\\u1ED4\\u00D5\\u1E4C\\u022C\\u1E4E\\u014C\\u1E50\\u1E52\\u014E\\u022E\\u0230\\u00D6\\u022A\\u1ECE\\u0150\\u01D1\\u020C\\u020E\\u01A0\\u1EDC\\u1EDA\\u1EE0\\u1EDE\\u1EE2\\u1ECC\\u1ED8\\u01EA\\u01EC\\u00D8\\u01FE\\u0186\\u019F\\uA74A\\uA74C]","OI":"[\\u01A2]","OO":"[\\uA74E]","OU":"[\\u0222]","P":"[\\u0050\\u24C5\\uFF30\\u1E54\\u1E56\\u01A4\\u2C63\\uA750\\uA752\\uA754]","Q":"[\\u0051\\u24C6\\uFF31\\uA756\\uA758\\u024A]","R":"[\\u0052\\u24C7\\uFF32\\u0154\\u1E58\\u0158\\u0210\\u0212\\u1E5A\\u1E5C\\u0156\\u1E5E\\u024C\\u2C64\\uA75A\\uA7A6\\uA782]","S":"[\\u0053\\u24C8\\uFF33\\u1E9E\\u015A\\u1E64\\u015C\\u1E60\\u0160\\u1E66\\u1E62\\u1E68\\u0218\\u015E\\u2C7E\\uA7A8\\uA784]","T":"[\\u0054\\u24C9\\uFF34\\u1E6A\\u0164\\u1E6C\\u021A\\u0162\\u1E70\\u1E6E\\u0166\\u01AC\\u01AE\\u023E\\uA786]","TZ":"[\\uA728]","U":"[\\u0055\\u24CA\\uFF35\\u00D9\\u00DA\\u00DB\\u0168\\u1E78\\u016A\\u1E7A\\u016C\\u00DC\\u01DB\\u01D7\\u01D5\\u01D9\\u1EE6\\u016E\\u0170\\u01D3\\u0214\\u0216\\u01AF\\u1EEA\\u1EE8\\u1EEE\\u1EEC\\u1EF0\\u1EE4\\u1E72\\u0172\\u1E76\\u1E74\\u0244]","V":"[\\u0056\\u24CB\\uFF36\\u1E7C\\u1E7E\\u01B2\\uA75E\\u0245]","VY":"[\\uA760]","W":"[\\u0057\\u24CC\\uFF37\\u1E80\\u1E82\\u0174\\u1E86\\u1E84\\u1E88\\u2C72]","X":"[\\u0058\\u24CD\\uFF38\\u1E8A\\u1E8C]","Y":"[\\u0059\\u24CE\\uFF39\\u1EF2\\u00DD\\u0176\\u1EF8\\u0232\\u1E8E\\u0178\\u1EF6\\u1EF4\\u01B3\\u024E\\u1EFE]","Z":"[\\u005A\\u24CF\\uFF3A\\u0179\\u1E90\\u017B\\u017D\\u1E92\\u1E94\\u01B5\\u0224\\u2C7F\\u2C6B\\uA762]","a":"[\\u0061\\u24D0\\uFF41\\u1E9A\\u00E0\\u00E1\\u00E2\\u1EA7\\u1EA5\\u1EAB\\u1EA9\\u00E3\\u0101\\u0103\\u1EB1\\u1EAF\\u1EB5\\u1EB3\\u0227\\u01E1\\u00E4\\u01DF\\u1EA3\\u00E5\\u01FB\\u01CE\\u0201\\u0203\\u1EA1\\u1EAD\\u1EB7\\u1E01\\u0105\\u2C65\\u0250]","aa":"[\\uA733]","ae":"[\\u00E6\\u01FD\\u01E3]","ao":"[\\uA735]","au":"[\\uA737]","av":"[\\uA739\\uA73B]","ay":"[\\uA73D]","b":"[\\u0062\\u24D1\\uFF42\\u1E03\\u1E05\\u1E07\\u0180\\u0183\\u0253]","c":"[\\u0063\\u24D2\\uFF43\\u0107\\u0109\\u010B\\u010D\\u00E7\\u1E09\\u0188\\u023C\\uA73F\\u2184]","d":"[\\u0064\\u24D3\\uFF44\\u1E0B\\u010F\\u1E0D\\u1E11\\u1E13\\u1E0F\\u0111\\u018C\\u0256\\u0257\\uA77A]","dz":"[\\u01F3\\u01C6]","e":"[\\u0065\\u24D4\\uFF45\\u00E8\\u00E9\\u00EA\\u1EC1\\u1EBF\\u1EC5\\u1EC3\\u1EBD\\u0113\\u1E15\\u1E17\\u0115\\u0117\\u00EB\\u1EBB\\u011B\\u0205\\u0207\\u1EB9\\u1EC7\\u0229\\u1E1D\\u0119\\u1E19\\u1E1B\\u0247\\u025B\\u01DD]","f":"[\\u0066\\u24D5\\uFF46\\u1E1F\\u0192\\uA77C]","g":"[\\u0067\\u24D6\\uFF47\\u01F5\\u011D\\u1E21\\u011F\\u0121\\u01E7\\u0123\\u01E5\\u0260\\uA7A1\\u1D79\\uA77F]","h":"[\\u0068\\u24D7\\uFF48\\u0125\\u1E23\\u1E27\\u021F\\u1E25\\u1E29\\u1E2B\\u1E96\\u0127\\u2C68\\u2C76\\u0265]","hv":"[\\u0195]","i":"[\\u0069\\u24D8\\uFF49\\u00EC\\u00ED\\u00EE\\u0129\\u012B\\u012D\\u00EF\\u1E2F\\u1EC9\\u01D0\\u0209\\u020B\\u1ECB\\u012F\\u1E2D\\u0268\\u0131]","j":"[\\u006A\\u24D9\\uFF4A\\u0135\\u01F0\\u0249]","k":"[\\u006B\\u24DA\\uFF4B\\u1E31\\u01E9\\u1E33\\u0137\\u1E35\\u0199\\u2C6A\\uA741\\uA743\\uA745\\uA7A3]","l":"[\\u006C\\u24DB\\uFF4C\\u0140\\u013A\\u013E\\u1E37\\u1E39\\u013C\\u1E3D\\u1E3B\\u017F\\u0142\\u019A\\u026B\\u2C61\\uA749\\uA781\\uA747]","lj":"[\\u01C9]","m":"[\\u006D\\u24DC\\uFF4D\\u1E3F\\u1E41\\u1E43\\u0271\\u026F]","n":"[\\u006E\\u24DD\\uFF4E\\u01F9\\u0144\\u00F1\\u1E45\\u0148\\u1E47\\u0146\\u1E4B\\u1E49\\u019E\\u0272\\u0149\\uA791\\uA7A5]","nj":"[\\u01CC]","o":"[\\u006F\\u24DE\\uFF4F\\u00F2\\u00F3\\u00F4\\u1ED3\\u1ED1\\u1ED7\\u1ED5\\u00F5\\u1E4D\\u022D\\u1E4F\\u014D\\u1E51\\u1E53\\u014F\\u022F\\u0231\\u00F6\\u022B\\u1ECF\\u0151\\u01D2\\u020D\\u020F\\u01A1\\u1EDD\\u1EDB\\u1EE1\\u1EDF\\u1EE3\\u1ECD\\u1ED9\\u01EB\\u01ED\\u00F8\\u01FF\\u0254\\uA74B\\uA74D\\u0275]","oi":"[\\u01A3]","ou":"[\\u0223]","oo":"[\\uA74F]","p":"[\\u0070\\u24DF\\uFF50\\u1E55\\u1E57\\u01A5\\u1D7D\\uA751\\uA753\\uA755]","q":"[\\u0071\\u24E0\\uFF51\\u024B\\uA757\\uA759]","r":"[\\u0072\\u24E1\\uFF52\\u0155\\u1E59\\u0159\\u0211\\u0213\\u1E5B\\u1E5D\\u0157\\u1E5F\\u024D\\u027D\\uA75B\\uA7A7\\uA783]","s":"[\\u0073\\u24E2\\uFF53\\u015B\\u1E65\\u015D\\u1E61\\u0161\\u1E67\\u1E63\\u1E69\\u0219\\u015F\\u023F\\uA7A9\\uA785\\u1E9B]","ss":"[\\u00DF]","t":"[\\u0074\\u24E3\\uFF54\\u1E6B\\u1E97\\u0165\\u1E6D\\u021B\\u0163\\u1E71\\u1E6F\\u0167\\u01AD\\u0288\\u2C66\\uA787]","tz":"[\\uA729]","u":"[\\u0075\\u24E4\\uFF55\\u00F9\\u00FA\\u00FB\\u0169\\u1E79\\u016B\\u1E7B\\u016D\\u00FC\\u01DC\\u01D8\\u01D6\\u01DA\\u1EE7\\u016F\\u0171\\u01D4\\u0215\\u0217\\u01B0\\u1EEB\\u1EE9\\u1EEF\\u1EED\\u1EF1\\u1EE5\\u1E73\\u0173\\u1E77\\u1E75\\u0289]","v":"[\\u0076\\u24E5\\uFF56\\u1E7D\\u1E7F\\u028B\\uA75F\\u028C]","vy":"[\\uA761]","w":"[\\u0077\\u24E6\\uFF57\\u1E81\\u1E83\\u0175\\u1E87\\u1E85\\u1E98\\u1E89\\u2C73]","x":"[\\u0078\\u24E7\\uFF58\\u1E8B\\u1E8D]","y":"[\\u0079\\u24E8\\uFF59\\u1EF3\\u00FD\\u0177\\u1EF9\\u0233\\u1E8F\\u00FF\\u1EF7\\u1E99\\u1EF5\\u01B4\\u024F\\u1EFF]","z":"[\\u007A\\u24E9\\uFF5A\\u017A\\u1E91\\u017C\\u017E\\u1E93\\u1E95\\u01B6\\u0225\\u0240\\u2C6C\\uA763]"},"researchesTests":["contentHasTOC","contentHasShortParagraphs","contentHasAssets","keywordInTitle","keywordInMetaDescription","keywordInPermalink","keywordIn10Percent","keywordInContent","keywordInSubheadings","keywordInImageAlt","keywordDensity","keywordNotUsed","lengthContent","lengthPermalink","linksHasInternal","linksHasExternals","linksNotAllExternals","titleStartWithKeyword","titleSentiment","titleHasPowerWords","titleHasNumber","hasContentAI"],"hasRedirection":true,"hasBreadcrumb":false},"homeUrl":"https:\/\/espanoleschool.com\/fr\/","objectID":13831,"objectType":"post","locale":"fr","localeFull":"fr_FR","overlayImages":{"play":{"name":"Ic\u00f4ne de lecture","url":"https:\/\/espanoleschool.com\/escuela\/wp-content\/plugins\/seo-by-rank-math\/assets\/admin\/img\/icon-play.png","path":"\/var\/www\/vhosts\/espanoleschool.com\/public_html\/escuela\/wp-content\/plugins\/seo-by-rank-math\/assets\/admin\/img\/icon-play.png","position":"middle_center"},"gif":{"name":"Ic\u00f4ne GIF","url":"https:\/\/espanoleschool.com\/escuela\/wp-content\/plugins\/seo-by-rank-math\/assets\/admin\/img\/icon-gif.png","path":"\/var\/www\/vhosts\/espanoleschool.com\/public_html\/escuela\/wp-content\/plugins\/seo-by-rank-math\/assets\/admin\/img\/icon-gif.png","position":"middle_center"}},"defautOgImage":"https:\/\/espanoleschool.com\/escuela\/wp-content\/plugins\/seo-by-rank-math\/assets\/admin\/img\/social-placeholder.jpg","customPermalinks":true,"isUserRegistered":false,"autoSuggestKeywords":false,"connectSiteUrl":"https:\/\/rankmath.com\/auth?site=https%3A%2F%2Fespanoleschool.com%2Ffr%2F&r=https%3A%2F%2Fespanoleschool.com%2Ffr%2Fwp-json%2Fwp%2Fv2%2Fpages%2F23615%2F%3Fnonce%3D086a19ad61","maxTags":5,"trendsIcon":"<svg viewBox=\"0 0 610 610\"><path d=\"M18.85,446,174.32,290.48l58.08,58.08L76.93,504a14.54,14.54,0,0,1-20.55,0L18.83,466.48a14.54,14.54,0,0,1,0-20.55Z\" style=\"fill:#4285f4\"\/><path d=\"M242.65,242.66,377.59,377.6l-47.75,47.75a14.54,14.54,0,0,1-20.55,0L174.37,290.43l47.75-47.75A14.52,14.52,0,0,1,242.65,242.66Z\" style=\"fill:#ea4335\"\/><polygon points=\"319.53 319.53 479.26 159.8 537.34 217.88 377.61 377.62 319.53 319.53\" style=\"fill:#fabb05\"\/><path d=\"M594.26,262.73V118.61h0a16.94,16.94,0,0,0-16.94-16.94H433.2a16.94,16.94,0,0,0-12,28.92L565.34,274.71h0a16.94,16.94,0,0,0,28.92-12Z\" style=\"fill:#34a853\"\/><rect width=\"610\" height=\"610\" style=\"fill:none\"\/><\/svg>","showScore":true,"siteFavIcon":"https:\/\/espanoleschool.com\/escuela\/wp-content\/uploads\/2021\/04\/cropped-Logo-Espanole-32x32.png","canUser":{"general":false,"advanced":false,"snippet":false,"social":false,"analysis":false,"analytics":false,"content_ai":false},"isPro":false,"is_front_page":false,"trendsUpgradeLink":"https:\/\/rankmath.com\/pricing\/?utm_source=Plugin&utm_medium=CE%20General%20Tab%20Trends&utm_campaign=WP","trendsUpgradeLabel":"Mettre \u00e0 niveau","trendsPreviewImage":"https:\/\/espanoleschool.com\/escuela\/wp-content\/plugins\/seo-by-rank-math\/assets\/admin\/img\/trends-preview.jpg","currentEditor":false,"homepageData":{"assessor":{"powerWords":["absolument","amazement","astonishing","authentique","beau","bien-\u00eatre","brillant","captivant","charismatique","choc","clair","compl\u00e8tement","confidentiel","confiance","cons\u00e9quent","cr\u00e9atif","d\u00e9finitivement","d\u00e9licieux","d\u00e9montrer","d\u00e9p\u00eachez-vous","d\u00e9termin\u00e9","digne","dynamique","\u00e9blouissant","\u00e9clatant","\u00e9conomique","\u00e9fficace","\u00e9l\u00e9gant","\u00e9motionnel","\u00e9nergique","\u00e9norme","\u00e9poustouflant","essentiel","\u00e9tonnant","exclusif","exp\u00e9rience","fabuleux","fantastique","formidable","fort","garanti","g\u00e9ant","g\u00e9n\u00e9reux","grandiose","gratuit","habile","harmonieux","historique","hors pair","important","incroyable","indispensable","inoubliable","inspirant","innovant","intense","invention","irr\u00e9sistible","l\u00e9gendaire","lumineux","luxe","magique","magnifique","majestueux","marquant","merveilleux","miraculeux","motivant","n\u00e9cessaire","nouvelle","officiel","parfait","passionn\u00e9","persuasif","ph\u00e9nom\u00e9nal","plaisir","populaire","pouvoir","prestigieux","prodigieux","profond","prosp\u00e8re","puissant","qualit\u00e9","radieux","rapide","r\u00e9ussi","r\u00e9volutionnaire","satisfait","s\u00e9curit\u00e9","sensationnel","serein","somptueux","splendide","sublime","surprenant","talentueux","terrifiant","unique","valeur","vibrant","victorieux","vif","vraiment","z\u00e9l\u00e9"],"diacritics":true,"researchesTests":["contentHasTOC","contentHasShortParagraphs","contentHasAssets","keywordInTitle","keywordInMetaDescription","keywordInPermalink","keywordIn10Percent","keywordInContent","keywordInSubheadings","keywordInImageAlt","keywordDensity","keywordNotUsed","lengthContent","lengthPermalink","linksHasInternal","linksHasExternals","linksNotAllExternals","titleStartWithKeyword","titleSentiment","titleHasPowerWords","titleHasNumber","hasContentAI"],"hasBreadcrumb":false,"serpData":{"title":"%sitename% %page% %sep% %sitedesc%","description":"","titleTemplate":"%sitename% %page% %sep% %sitedesc%","descriptionTemplate":"","focusKeywords":"","breadcrumbTitle":"Home","robots":{"index":true},"advancedRobots":{"max-snippet":"-1","max-video-preview":"-1","max-image-preview":"large"},"facebookTitle":"","facebookDescription":"","facebookImage":"","facebookImageID":""}}},"tocTitle":"Table of Contents","tocExcludeHeadings":[],"listStyle":"ul"},"_links":{"self":[{"href":"https:\/\/espanoleschool.com\/fr\/wp-json\/wp\/v2\/pages\/23615","targetHints":{"allow":["GET"]}}],"collection":[{"href":"https:\/\/espanoleschool.com\/fr\/wp-json\/wp\/v2\/pages"}],"about":[{"href":"https:\/\/espanoleschool.com\/fr\/wp-json\/wp\/v2\/types\/page"}],"author":[{"embeddable":true,"href":"https:\/\/espanoleschool.com\/fr\/wp-json\/wp\/v2\/users\/5"}],"replies":[{"embeddable":true,"href":"https:\/\/espanoleschool.com\/fr\/wp-json\/wp\/v2\/comments?post=23615"}],"version-history":[{"count":11,"href":"https:\/\/espanoleschool.com\/fr\/wp-json\/wp\/v2\/pages\/23615\/revisions"}],"predecessor-version":[{"id":60664,"href":"https:\/\/espanoleschool.com\/fr\/wp-json\/wp\/v2\/pages\/23615\/revisions\/60664"}],"wp:attachment":[{"href":"https:\/\/espanoleschool.com\/fr\/wp-json\/wp\/v2\/media?parent=23615"}],"curies":[{"name":"wp","href":"https:\/\/api.w.org\/{rel}","templated":true}]}}