{"id":23391,"date":"2021-04-30T11:37:05","date_gmt":"2021-04-30T09:37:05","guid":{"rendered":"https:\/\/espanoleschool.com\/spanisch-kurse-valencia\/"},"modified":"2025-08-26T12:25:30","modified_gmt":"2025-08-26T10:25:30","slug":"spanisch-kurse-valencia","status":"publish","type":"page","link":"https:\/\/espanoleschool.com\/de\/spanisch-kurse-valencia\/","title":{"rendered":"Spanischkurse"},"content":{"rendered":"<p>[vc_row full_width=&#8221;stretch_row&#8221; content_placement=&#8221;middle&#8221; el_class=&#8221;cabecera-curso&#8221;][vc_column][vc_column_text]\n\n<div class=\"mybreadcrumb\"> \n    <a href=\"\/\">HOME<\/a> >  ALLE KURSE<\/div>\n<h1>Spanischkurs in Valencia \u2013 F\u00fcr alle Niveaus und Ziele<\/h1>\n<p>Unser Spanischkurs in Valencia ist ideal, um Spanisch in Spanien zu lernen. Ob Spanischunterricht in Valencia oder ein Spanisch Intensivkurs in Spanien \u2013 wir bieten ma\u00dfgeschneiderte Programme f\u00fcr Anf\u00e4nger und Fortgeschrittene.<\/p>\n<p><button class=\"botones bot-trans-blanco bot-enlinea-mleft\"><a title=\"DATEN UND PREISE EINSEHEN\" href=\"https:\/\/espanoleschool.com\/de\/daten-preise-spanisch-kurs\/\">DATEN UND PREISE EINSEHEN<\/a><\/button>[\/vc_column_text][\/vc_column][\/vc_row][vc_row][vc_column][\/vc_column][\/vc_row][vc_row content_placement=&#8221;middle&#8221;][vc_column][vc_column_text]<\/p>\n<h2><\/h2>\n<h2 style=\"text-align: center;\">Unser beliebtestes Kursangebot<\/h2>\n<p style=\"text-align: center;\">Spanischkurse, die sich an die individuellen Bed\u00fcrfnisse der Kursteilnehmer:innen anpassen.<\/p>\n<div class=\"vc_grid vc_row vc_pageable-wrapper vc_hook_hover grid-cursos-rel\" data-vc-pageable-content=\"true\">\n            <div class=\"vc_pageable-slide-wrapper vc_clearfix\" data-vc-grid-content=\"true\">\n        <div class=\" vc_clearfix vc_col-sm-3 vc_grid-item-zone-c-bottom vc_visible-item fadeIn animated\">\n                    <div class=\"vc_grid-item-mini vc_clearfix\">\n                        <div class=\"vc_gitem-animated-block\">\n                            <div class=\"vc_gitem-zone vc_gitem-zone-a vc-gitem-zone-height-mode-auto vc-gitem-zone-height-mode-auto-1-1 vc_gitem-is-link\" style=\"background-image: url('https:\/\/espanoleschool.com\/escuela\/wp-content\/uploads\/2021\/05\/i20150ppi.png') !important;\">\n                                <a href=\"https:\/\/espanoleschool.com\/de\/kurs-intensiv20\/\" title=\"Intensiv 20\" class=\"vc_gitem-link vc-zone-link\"><\/a>\n                                <img decoding=\"async\" src=\"https:\/\/espanoleschool.com\/escuela\/wp-content\/uploads\/2021\/05\/i20150ppi.png\" class=\"vc_gitem-zone-img\" alt=\"\">\n                                <div class=\"vc_gitem-zone-mini\"><\/div>\n                            <\/div>\n                        <\/div>\n                        <div class=\"vc_gitem-zone vc_gitem-zone-c \">\n                            <div class=\"vc_gitem-zone-mini\">\n                                <div class=\"vc_gitem_row vc_row vc_gitem-row-position-top\">\n                                    <div class=\"vc_col-sm-12 vc_gitem-col vc_gitem-col-align-\">\n                                        <div class=\"vc_custom_heading vc_gitem-post-data vc_gitem-post-data-source-post_title\">\n                                            <h4>Intensiv 20<\/h4>\n                                        <\/div>\n                                        <div class=\"vc_custom_heading vc_gitem-post-data vc_gitem-post-data-source-post_excerpt\">\n                                           <div class=\"ancho-50-minigrid\">\n                                                <div id=\"iconMini-classnumber\" class=\"iconMini-izq\">\n                                                    <p>20 Lektionen                                                    \n                                                    <\/p>\n                                                <\/div><\/div>\n                                            <div class=\"ancho-50-minigrid\">\n                                                <div id=\"iconMini-time\" class=\"iconMini-izq\"><p>50'<\/p>\n                                                <\/div><\/div>\n                                            <div class=\"ancho-50-minigrid\"><div id=\"iconMini-level\" class=\"iconMini-izq\"><p>A1 - C2<\/p><\/div><\/div>\n                                            <div class=\"ancho-50-minigrid\"><div id=\"iconMini-people\" class=\"iconMini-izq\"><p>Max 10<\/p><\/div><\/div>\n\n                                        <\/div>\n                                        <div style=\"text-align: center; clear: both;\">\n                                            <a class=\"vc_general btn-grid\" a=\"\" href=\"https:\/\/espanoleschool.com\/de\/kurs-intensiv20\/\" title=\"Leer m\u00e1s\">Mehr Informationen<\/a>\n                                       <\/div>\n                                    <\/div>\n                                <\/div>\n                            <\/div>\n                        <\/div>\n                    <\/div>\n                    <div class=\"vc_clearfix\"><\/div>\n                <\/div>\n\n\n            \n        <div class=\" vc_clearfix vc_col-sm-3 vc_grid-item-zone-c-bottom vc_visible-item fadeIn animated\">\n                    <div class=\"vc_grid-item-mini vc_clearfix\">\n                        <div class=\"vc_gitem-animated-block\">\n                            <div class=\"vc_gitem-zone vc_gitem-zone-a vc-gitem-zone-height-mode-auto vc-gitem-zone-height-mode-auto-1-1 vc_gitem-is-link\" style=\"background-image: url('https:\/\/espanoleschool.com\/escuela\/wp-content\/uploads\/2021\/07\/DELE150ppi.png') !important;\">\n                                <a href=\"https:\/\/espanoleschool.com\/de\/vorbereitung-pruefung-dele\/\" title=\"DELE\" class=\"vc_gitem-link vc-zone-link\"><\/a>\n                                <img decoding=\"async\" src=\"https:\/\/espanoleschool.com\/escuela\/wp-content\/uploads\/2021\/07\/DELE150ppi.png\" class=\"vc_gitem-zone-img\" alt=\"\">\n                                <div class=\"vc_gitem-zone-mini\"><\/div>\n                            <\/div>\n                        <\/div>\n                        <div class=\"vc_gitem-zone vc_gitem-zone-c \">\n                            <div class=\"vc_gitem-zone-mini\">\n                                <div class=\"vc_gitem_row vc_row vc_gitem-row-position-top\">\n                                    <div class=\"vc_col-sm-12 vc_gitem-col vc_gitem-col-align-\">\n                                        <div class=\"vc_custom_heading vc_gitem-post-data vc_gitem-post-data-source-post_title\">\n                                            <h4>DELE<\/h4>\n                                        <\/div>\n                                        <div class=\"vc_custom_heading vc_gitem-post-data vc_gitem-post-data-source-post_excerpt\">\n                                           <div class=\"ancho-50-minigrid\">\n                                                <div id=\"iconMini-classnumber\" class=\"iconMini-izq\">\n                                                    <p>20                                                    \n                                                    <\/p>\n                                                <\/div><\/div>\n                                            <div class=\"ancho-50-minigrid\">\n                                                <div id=\"iconMini-time\" class=\"iconMini-izq\"><p>50'<\/p>\n                                                <\/div><\/div>\n                                            <div class=\"ancho-50-minigrid\"><div id=\"iconMini-level\" class=\"iconMini-izq\"><p>A2 - C1<\/p><\/div><\/div>\n                                            <div class=\"ancho-50-minigrid\"><div id=\"iconMini-people\" class=\"iconMini-izq\"><p>Max 10<\/p><\/div><\/div>\n\n                                        <\/div>\n                                        <div style=\"text-align: center; clear: both;\">\n                                            <a class=\"vc_general btn-grid\" a=\"\" href=\"https:\/\/espanoleschool.com\/de\/vorbereitung-pruefung-dele\/\" title=\"Leer m\u00e1s\">Mehr Informationen<\/a>\n                                       <\/div>\n                                    <\/div>\n                                <\/div>\n                            <\/div>\n                        <\/div>\n                    <\/div>\n                    <div class=\"vc_clearfix\"><\/div>\n                <\/div>\n\n\n            \n        <div class=\" vc_clearfix vc_col-sm-3 vc_grid-item-zone-c-bottom vc_visible-item fadeIn animated\">\n                    <div class=\"vc_grid-item-mini vc_clearfix\">\n                        <div class=\"vc_gitem-animated-block\">\n                            <div class=\"vc_gitem-zone vc_gitem-zone-a vc-gitem-zone-height-mode-auto vc-gitem-zone-height-mode-auto-1-1 vc_gitem-is-link\" style=\"background-image: url('https:\/\/espanoleschool.com\/escuela\/wp-content\/uploads\/2021\/07\/english-summer-camp.png') !important;\">\n                                <a href=\"https:\/\/espanoleschool.com\/de\/sommercamp\/\" title=\"Teen Sommerprogramme\" class=\"vc_gitem-link vc-zone-link\"><\/a>\n                                <img decoding=\"async\" src=\"https:\/\/espanoleschool.com\/escuela\/wp-content\/uploads\/2021\/07\/english-summer-camp.png\" class=\"vc_gitem-zone-img\" alt=\"\">\n                                <div class=\"vc_gitem-zone-mini\"><\/div>\n                            <\/div>\n                        <\/div>\n                        <div class=\"vc_gitem-zone vc_gitem-zone-c \">\n                            <div class=\"vc_gitem-zone-mini\">\n                                <div class=\"vc_gitem_row vc_row vc_gitem-row-position-top\">\n                                    <div class=\"vc_col-sm-12 vc_gitem-col vc_gitem-col-align-\">\n                                        <div class=\"vc_custom_heading vc_gitem-post-data vc_gitem-post-data-source-post_title\">\n                                            <h4>Teen Sommerprogramme<\/h4>\n                                        <\/div>\n                                        <div class=\"vc_custom_heading vc_gitem-post-data vc_gitem-post-data-source-post_excerpt\">\n                                           <div class=\"ancho-50-minigrid\">\n                                                <div id=\"iconMini-classnumber\" class=\"iconMini-izq\">\n                                                    <p>20                                                    \n                                                    <\/p>\n                                                <\/div><\/div>\n                                            <div class=\"ancho-50-minigrid\">\n                                                <div id=\"iconMini-time\" class=\"iconMini-izq\"><p>50'<\/p>\n                                                <\/div><\/div>\n                                            <div class=\"ancho-50-minigrid\"><div id=\"iconMini-level\" class=\"iconMini-izq\"><p>A0 - C1<\/p><\/div><\/div>\n                                            <div class=\"ancho-50-minigrid\"><div id=\"iconMini-people\" class=\"iconMini-izq\"><p>12<\/p><\/div><\/div>\n\n                                        <\/div>\n                                        <div style=\"text-align: center; clear: both;\">\n                                            <a class=\"vc_general btn-grid\" a=\"\" href=\"https:\/\/espanoleschool.com\/de\/sommercamp\/\" title=\"Leer m\u00e1s\">Mehr Informationen<\/a>\n                                       <\/div>\n                                    <\/div>\n                                <\/div>\n                            <\/div>\n                        <\/div>\n                    <\/div>\n                    <div class=\"vc_clearfix\"><\/div>\n                <\/div>\n\n\n            \n        <div class=\" vc_clearfix vc_col-sm-3 vc_grid-item-zone-c-bottom vc_visible-item fadeIn animated\">\n                    <div class=\"vc_grid-item-mini vc_clearfix\">\n                        <div class=\"vc_gitem-animated-block\">\n                            <div class=\"vc_gitem-zone vc_gitem-zone-a vc-gitem-zone-height-mode-auto vc-gitem-zone-height-mode-auto-1-1 vc_gitem-is-link\" style=\"background-image: url('https:\/\/espanoleschool.com\/escuela\/wp-content\/uploads\/2021\/07\/university-access.png') !important;\">\n                                <a href=\"https:\/\/espanoleschool.com\/de\/kurs-fuer-den-hochschulzugang\/\" title=\"Kurs f\u00fcr den Hochschulzugang\" class=\"vc_gitem-link vc-zone-link\"><\/a>\n                                <img decoding=\"async\" src=\"https:\/\/espanoleschool.com\/escuela\/wp-content\/uploads\/2021\/07\/university-access.png\" class=\"vc_gitem-zone-img\" alt=\"\">\n                                <div class=\"vc_gitem-zone-mini\"><\/div>\n                            <\/div>\n                        <\/div>\n                        <div class=\"vc_gitem-zone vc_gitem-zone-c \">\n                            <div class=\"vc_gitem-zone-mini\">\n                                <div class=\"vc_gitem_row vc_row vc_gitem-row-position-top\">\n                                    <div class=\"vc_col-sm-12 vc_gitem-col vc_gitem-col-align-\">\n                                        <div class=\"vc_custom_heading vc_gitem-post-data vc_gitem-post-data-source-post_title\">\n                                            <h4>Kurs f\u00fcr den Hochschulzugang<\/h4>\n                                        <\/div>\n                                        <div class=\"vc_custom_heading vc_gitem-post-data vc_gitem-post-data-source-post_excerpt\">\n                                           <div class=\"ancho-50-minigrid\">\n                                                <div id=\"iconMini-classnumber\" class=\"iconMini-izq\">\n                                                    <p>20 Lektionen                                                    \n                                                    <\/p>\n                                                <\/div><\/div>\n                                            <div class=\"ancho-50-minigrid\">\n                                                <div id=\"iconMini-time\" class=\"iconMini-izq\"><p>50'<\/p>\n                                                <\/div><\/div>\n                                            <div class=\"ancho-50-minigrid\"><div id=\"iconMini-level\" class=\"iconMini-izq\"><p>B2<\/p><\/div><\/div>\n                                            <div class=\"ancho-50-minigrid\"><div id=\"iconMini-people\" class=\"iconMini-izq\"><p>Max 10<\/p><\/div><\/div>\n\n                                        <\/div>\n                                        <div style=\"text-align: center; clear: both;\">\n                                            <a class=\"vc_general btn-grid\" a=\"\" href=\"https:\/\/espanoleschool.com\/de\/kurs-fuer-den-hochschulzugang\/\" title=\"Leer m\u00e1s\">Mehr Informationen<\/a>\n                                       <\/div>\n                                    <\/div>\n                                <\/div>\n                            <\/div>\n                        <\/div>\n                    <\/div>\n                    <div class=\"vc_clearfix\"><\/div>\n                <\/div>\n\n\n            <\/div>\n        <\/div>[\/vc_column_text][\/vc_column][\/vc_row][vc_row][vc_column]<div class=\"vc_grid vc_row vc_pageable-wrapper vc_hook_hover grid-cursos-rel\" data-vc-pageable-content=\"true\">\n            <div class=\"vc_pageable-slide-wrapper vc_clearfix\" data-vc-grid-content=\"true\">\n        <div class=\" vc_clearfix vc_col-sm-3 vc_grid-item-zone-c-bottom vc_visible-item fadeIn animated\">\n                    <div class=\"vc_grid-item-mini vc_clearfix\">\n                        <div class=\"vc_gitem-animated-block\">\n                            <div class=\"vc_gitem-zone vc_gitem-zone-a vc-gitem-zone-height-mode-auto vc-gitem-zone-height-mode-auto-1-1 vc_gitem-is-link\" style=\"background-image: url('https:\/\/espanoleschool.com\/escuela\/wp-content\/uploads\/2021\/05\/i20150ppi.png') !important;\">\n                                <a href=\"https:\/\/espanoleschool.com\/de\/kurs-intensiv20\/\" title=\"Intensiv 20\" class=\"vc_gitem-link vc-zone-link\"><\/a>\n                                <img decoding=\"async\" src=\"https:\/\/espanoleschool.com\/escuela\/wp-content\/uploads\/2021\/05\/i20150ppi.png\" class=\"vc_gitem-zone-img\" alt=\"\">\n                                <div class=\"vc_gitem-zone-mini\"><\/div>\n                            <\/div>\n                        <\/div>\n                        <div class=\"vc_gitem-zone vc_gitem-zone-c \">\n                            <div class=\"vc_gitem-zone-mini\">\n                                <div class=\"vc_gitem_row vc_row vc_gitem-row-position-top\">\n                                    <div class=\"vc_col-sm-12 vc_gitem-col vc_gitem-col-align-\">\n                                        <div class=\"vc_custom_heading vc_gitem-post-data vc_gitem-post-data-source-post_title\">\n                                            <h4>Intensiv 20<\/h4>\n                                        <\/div>\n                                        <div class=\"vc_custom_heading vc_gitem-post-data vc_gitem-post-data-source-post_excerpt\">\n                                           <div class=\"ancho-50-minigrid\">\n                                                <div id=\"iconMini-classnumber\" class=\"iconMini-izq\">\n                                                    <p>20 Lektionen                                                    \n                                                    <\/p>\n                                                <\/div><\/div>\n                                            <div class=\"ancho-50-minigrid\">\n                                                <div id=\"iconMini-time\" class=\"iconMini-izq\"><p>50'<\/p>\n                                                <\/div><\/div>\n                                            <div class=\"ancho-50-minigrid\"><div id=\"iconMini-level\" class=\"iconMini-izq\"><p>A1 - C2<\/p><\/div><\/div>\n                                            <div class=\"ancho-50-minigrid\"><div id=\"iconMini-people\" class=\"iconMini-izq\"><p>Max 10<\/p><\/div><\/div>\n\n                                        <\/div>\n                                        <div style=\"text-align: center; clear: both;\">\n                                            <a class=\"vc_general btn-grid\" a=\"\" href=\"https:\/\/espanoleschool.com\/de\/kurs-intensiv20\/\" title=\"Leer m\u00e1s\">Mehr Informationen<\/a>\n                                       <\/div>\n                                    <\/div>\n                                <\/div>\n                            <\/div>\n                        <\/div>\n                    <\/div>\n                    <div class=\"vc_clearfix\"><\/div>\n                <\/div>\n\n\n            \n        <div class=\" vc_clearfix vc_col-sm-3 vc_grid-item-zone-c-bottom vc_visible-item fadeIn animated\">\n                    <div class=\"vc_grid-item-mini vc_clearfix\">\n                        <div class=\"vc_gitem-animated-block\">\n                            <div class=\"vc_gitem-zone vc_gitem-zone-a vc-gitem-zone-height-mode-auto vc-gitem-zone-height-mode-auto-1-1 vc_gitem-is-link\" style=\"background-image: url('https:\/\/espanoleschool.com\/escuela\/wp-content\/uploads\/2021\/07\/DELE150ppi.png') !important;\">\n                                <a href=\"https:\/\/espanoleschool.com\/de\/vorbereitung-pruefung-dele\/\" title=\"DELE\" class=\"vc_gitem-link vc-zone-link\"><\/a>\n                                <img decoding=\"async\" src=\"https:\/\/espanoleschool.com\/escuela\/wp-content\/uploads\/2021\/07\/DELE150ppi.png\" class=\"vc_gitem-zone-img\" alt=\"\">\n                                <div class=\"vc_gitem-zone-mini\"><\/div>\n                            <\/div>\n                        <\/div>\n                        <div class=\"vc_gitem-zone vc_gitem-zone-c \">\n                            <div class=\"vc_gitem-zone-mini\">\n                                <div class=\"vc_gitem_row vc_row vc_gitem-row-position-top\">\n                                    <div class=\"vc_col-sm-12 vc_gitem-col vc_gitem-col-align-\">\n                                        <div class=\"vc_custom_heading vc_gitem-post-data vc_gitem-post-data-source-post_title\">\n                                            <h4>DELE<\/h4>\n                                        <\/div>\n                                        <div class=\"vc_custom_heading vc_gitem-post-data vc_gitem-post-data-source-post_excerpt\">\n                                           <div class=\"ancho-50-minigrid\">\n                                                <div id=\"iconMini-classnumber\" class=\"iconMini-izq\">\n                                                    <p>20                                                    \n                                                    <\/p>\n                                                <\/div><\/div>\n                                            <div class=\"ancho-50-minigrid\">\n                                                <div id=\"iconMini-time\" class=\"iconMini-izq\"><p>50'<\/p>\n                                                <\/div><\/div>\n                                            <div class=\"ancho-50-minigrid\"><div id=\"iconMini-level\" class=\"iconMini-izq\"><p>A2 - C1<\/p><\/div><\/div>\n                                            <div class=\"ancho-50-minigrid\"><div id=\"iconMini-people\" class=\"iconMini-izq\"><p>Max 10<\/p><\/div><\/div>\n\n                                        <\/div>\n                                        <div style=\"text-align: center; clear: both;\">\n                                            <a class=\"vc_general btn-grid\" a=\"\" href=\"https:\/\/espanoleschool.com\/de\/vorbereitung-pruefung-dele\/\" title=\"Leer m\u00e1s\">Mehr Informationen<\/a>\n                                       <\/div>\n                                    <\/div>\n                                <\/div>\n                            <\/div>\n                        <\/div>\n                    <\/div>\n                    <div class=\"vc_clearfix\"><\/div>\n                <\/div>\n\n\n            \n        <div class=\" vc_clearfix vc_col-sm-3 vc_grid-item-zone-c-bottom vc_visible-item fadeIn animated\">\n                    <div class=\"vc_grid-item-mini vc_clearfix\">\n                        <div class=\"vc_gitem-animated-block\">\n                            <div class=\"vc_gitem-zone vc_gitem-zone-a vc-gitem-zone-height-mode-auto vc-gitem-zone-height-mode-auto-1-1 vc_gitem-is-link\" style=\"background-image: url('https:\/\/espanoleschool.com\/escuela\/wp-content\/uploads\/2021\/07\/english-summer-camp.png') !important;\">\n                                <a href=\"https:\/\/espanoleschool.com\/de\/sommercamp\/\" title=\"Teen Sommerprogramme\" class=\"vc_gitem-link vc-zone-link\"><\/a>\n                                <img decoding=\"async\" src=\"https:\/\/espanoleschool.com\/escuela\/wp-content\/uploads\/2021\/07\/english-summer-camp.png\" class=\"vc_gitem-zone-img\" alt=\"\">\n                                <div class=\"vc_gitem-zone-mini\"><\/div>\n                            <\/div>\n                        <\/div>\n                        <div class=\"vc_gitem-zone vc_gitem-zone-c \">\n                            <div class=\"vc_gitem-zone-mini\">\n                                <div class=\"vc_gitem_row vc_row vc_gitem-row-position-top\">\n                                    <div class=\"vc_col-sm-12 vc_gitem-col vc_gitem-col-align-\">\n                                        <div class=\"vc_custom_heading vc_gitem-post-data vc_gitem-post-data-source-post_title\">\n                                            <h4>Teen Sommerprogramme<\/h4>\n                                        <\/div>\n                                        <div class=\"vc_custom_heading vc_gitem-post-data vc_gitem-post-data-source-post_excerpt\">\n                                           <div class=\"ancho-50-minigrid\">\n                                                <div id=\"iconMini-classnumber\" class=\"iconMini-izq\">\n                                                    <p>20                                                    \n                                                    <\/p>\n                                                <\/div><\/div>\n                                            <div class=\"ancho-50-minigrid\">\n                                                <div id=\"iconMini-time\" class=\"iconMini-izq\"><p>50'<\/p>\n                                                <\/div><\/div>\n                                            <div class=\"ancho-50-minigrid\"><div id=\"iconMini-level\" class=\"iconMini-izq\"><p>A0 - C1<\/p><\/div><\/div>\n                                            <div class=\"ancho-50-minigrid\"><div id=\"iconMini-people\" class=\"iconMini-izq\"><p>12<\/p><\/div><\/div>\n\n                                        <\/div>\n                                        <div style=\"text-align: center; clear: both;\">\n                                            <a class=\"vc_general btn-grid\" a=\"\" href=\"https:\/\/espanoleschool.com\/de\/sommercamp\/\" title=\"Leer m\u00e1s\">Mehr Informationen<\/a>\n                                       <\/div>\n                                    <\/div>\n                                <\/div>\n                            <\/div>\n                        <\/div>\n                    <\/div>\n                    <div class=\"vc_clearfix\"><\/div>\n                <\/div>\n\n\n            <\/div>\n        <\/div>[\/vc_column][\/vc_row][vc_row][vc_column][vc_column_text el_id=&#8221;metodologia-curso-espanol&#8221; el_class=&#8221;anchor-target&#8221;]#[\/vc_column_text]<div class=\"templatera_shortcode\"><div id=\"incluidos-nuestros-cursos\" data-vc-full-width=\"true\" data-vc-full-width-init=\"false\" class=\"vc_row wpb_row vc_row-fluid vc_custom_1622798348123\"><div class=\"wpb_column vc_column_container vc_col-sm-12\"><div class=\"vc_column-inner\"><div class=\"wpb_wrapper\">\n\t<div class=\"wpb_text_column wpb_content_element \" >\n\t\t<div class=\"wpb_wrapper\">\n\t\t\t<h2 class=\"p1\" style=\"text-align: center;\">Methodik Espa\u00f1ol\u00e9<\/h2>\n<p class=\"p1\" style=\"text-align: center;\">Unser Ziel ist es, dass du flie\u00dfend Spanisch sprechen lernst.<\/p>\n<p class=\"p1\" style=\"text-align: center;\">Im Unterricht lernen unsere Sch\u00fcler:innen die Sprache, die die Einheimischen benutzen, so wie sie im Alltag und zum Kommunizieren verwendet wird.<\/p>\n\n\t\t<\/div>\n\t<\/div>\n<div class=\"vc_row wpb_row vc_inner vc_row-fluid\"><div class=\"wpb_column vc_column_container vc_col-sm-4\"><div class=\"vc_column-inner\"><div class=\"wpb_wrapper\">\n\t<div class=\"wpb_text_column wpb_content_element \" >\n\t\t<div class=\"wpb_wrapper\">\n\t\t\t<div id=\"icon-language\" class=\"icon-izq\">\n<h3 class=\"p1\">360\u00ba Unterricht auf Spanisch<\/h3>\n<p class=\"p1\">Tauche in die spanische Sprache und Kultur ein. Habe Kontakt mit der Umgangssprache und lerne, dich in allt\u00e4glichen Situationen vom ersten Augenblick an auf Spanisch auszudr\u00fccken .<\/p>\n<\/div>\n\n\t\t<\/div>\n\t<\/div>\n<\/div><\/div><\/div><div class=\"wpb_column vc_column_container vc_col-sm-4\"><div class=\"vc_column-inner\"><div class=\"wpb_wrapper\">\n\t<div class=\"wpb_text_column wpb_content_element \" >\n\t\t<div class=\"wpb_wrapper\">\n\t\t\t<div id=\"icon-innovation\" class=\"icon-izq\">\n<h3 class=\"p1\">Innovative Methodik<\/h3>\n<p class=\"p1\">Unsere Methode kombiniert traditionelles Lernen der Grammatik mit einem innovativen Ansatz f\u00fcr eine gute Kommunikation und Interaktion mit den Lernenden.<\/p>\n<\/div>\n\n\t\t<\/div>\n\t<\/div>\n<\/div><\/div><\/div><div class=\"wpb_column vc_column_container vc_col-sm-4\"><div class=\"vc_column-inner\"><div class=\"wpb_wrapper\">\n\t<div class=\"wpb_text_column wpb_content_element \" >\n\t\t<div class=\"wpb_wrapper\">\n\t\t\t<div id=\"icon-class\" class=\"icon-izq\">\n<h3 class=\"p1\">Ein gro\u00dfartiges Team von Lehrpersonen<\/h3>\n<p class=\"p1\">Alle unsere Lehrerkr\u00e4fte sind hochqualifiziert, spezialisiert und haben Erfahrung im Unterrichten von Spanisch als Fremdsprache.<\/p>\n<\/div>\n\n\t\t<\/div>\n\t<\/div>\n<\/div><\/div><\/div><\/div><div class=\"vc_row wpb_row vc_inner vc_row-fluid\"><div class=\"wpb_column vc_column_container vc_col-sm-4\"><div class=\"vc_column-inner\"><div class=\"wpb_wrapper\">\n\t<div class=\"wpb_text_column wpb_content_element \" >\n\t\t<div class=\"wpb_wrapper\">\n\t\t\t<div id=\"icon-culture\" class=\"icon-izq\">\n<h3 class=\"p1\">Kultureller Ansatz<\/h3>\n<p class=\"p1\">Nach dem Unterricht bietet unser Kulturprogramm eine Vielzahl von Aktivit\u00e4ten, bei denen du dein Spanisch \u00fcben kannst und den spanischen Lifestyle entdeckst.<\/p>\n<\/div>\n\n\t\t<\/div>\n\t<\/div>\n<\/div><\/div><\/div><div class=\"wpb_column vc_column_container vc_col-sm-4\"><div class=\"vc_column-inner\"><div class=\"wpb_wrapper\">\n\t<div class=\"wpb_text_column wpb_content_element \" >\n\t\t<div class=\"wpb_wrapper\">\n\t\t\t<div id=\"icon-certificate\" class=\"icon-izq\">\n<h3 class=\"p1\">Unsere Erfahrung<\/h3>\n<p class=\"p1\">Nach jahrelanger Erfahrung im Spanischunterricht wissen wir, wie wir unseren Sch\u00fcler:innen dabei helfen k\u00f6nnen, ihre Lernziele zu erreichen.<\/p>\n<\/div>\n\n\t\t<\/div>\n\t<\/div>\n<\/div><\/div><\/div><div class=\"wpb_column vc_column_container vc_col-sm-4\"><div class=\"vc_column-inner\"><div class=\"wpb_wrapper\">\n\t<div class=\"wpb_text_column wpb_content_element \" >\n\t\t<div class=\"wpb_wrapper\">\n\t\t\t<div id=\"icon-personal-info\" class=\"icon-izq\">\n<h3 class=\"p1\">Personalisiertes Programm<\/h3>\n<p class=\"p1\">Die Unterrichtsplanung richtet sich nach deinen Bed\u00fcrfnissen und Lerngewohnheiten. Wir passen uns dir an und f\u00fchren dich erfolgreich durch das Programm.<\/p>\n<\/div>\n\n\t\t<\/div>\n\t<\/div>\n<\/div><\/div><\/div><\/div><\/div><\/div><\/div><\/div><div class=\"vc_row-full-width vc_clearfix\"><\/div>\n<\/div>[\/vc_column][\/vc_row][vc_row full_width=&#8221;stretch_row&#8221; el_class=&#8221;all-courses-container&#8221;][vc_column][vc_column_text]<\/p>\n<h2><\/h2>\n<h2 style=\"text-align: center;\">Unser gesamtes Kursangebot<\/h2>\n<p style=\"text-align: center;\">W\u00e4hle dein Programm und lerne Spanisch bei uns<\/p>\n<div class=\"all-courses\">\n\t\t<div class=\"course-category\">\n\t\t\t<span class=\"name\">Spezielle Kurse<\/span>\n\t\t\t<a href=\"https:\/\/espanoleschool.com\/de\/privatunterricht-spanisch\/\" onclick=\"return slide_to(0)\" class=\"course\" data-course-id=\"14231\">Privatunterricht<\/a>\n\t\t\t<a href=\"https:\/\/espanoleschool.com\/de\/spanisch-kurs-kochen\/\" onclick=\"return slide_to(1)\" class=\"course\" data-course-id=\"14240\">Spanisch und Kochen<\/a>\n\t\t\t<a href=\"https:\/\/espanoleschool.com\/de\/spanisch-fuer-familien-programm\/\" onclick=\"return slide_to(2)\" class=\"course\" data-course-id=\"23458\">Spanisch f\u00fcr Familien<\/a>\n\t\t\t<a href=\"https:\/\/espanoleschool.com\/de\/spanisch-mit-flugausbildung\/\" onclick=\"return slide_to(3)\" class=\"course\" data-course-id=\"60670\">Spanisch mit Flugausbildung<\/a>\n\t\t\t<a href=\"https:\/\/espanoleschool.com\/de\/spanisch-programme-fuer-gruppen\/\" onclick=\"return slide_to(4)\" class=\"course\" data-course-id=\"23461\">Programme f\u00fcr Gruppen<\/a>\n\t\t\t<a href=\"https:\/\/espanoleschool.com\/de\/spanisch-kurs-zuhause-lehrperson\/\" onclick=\"return slide_to(5)\" class=\"course\" data-course-id=\"19332\">Spanisch bei der Lehrperson zuhause<\/a>\n\t\t<\/div>\n\t\t<div class=\"course-category\">\n\t\t\t<span class=\"name\">Arbeiten und Spanischlernen<\/span>\n\t\t\t<a href=\"https:\/\/espanoleschool.com\/de\/praktika-unternehmen-spanien\/\" onclick=\"return slide_to(6)\" class=\"course\" data-course-id=\"23455\">Praktika<\/a>\n\t\t\t<a href=\"https:\/\/espanoleschool.com\/de\/demi-pair-valencia\/\" onclick=\"return slide_to(7)\" class=\"course\" data-course-id=\"19316\">Demi Pair<\/a>\n\t\t\t<a href=\"https:\/\/espanoleschool.com\/de\/volunteering-spanisch\/\" onclick=\"return slide_to(8)\" class=\"course\" data-course-id=\"23470\">Freiwilligenarbeit<\/a>\n\t\t<\/div>\n\t\t<div class=\"course-category\">\n\t\t\t<span class=\"name\">Ausbildung von Lehrpersonen<\/span>\n\t\t\t<a href=\"https:\/\/espanoleschool.com\/de\/spanisch-muttersprachliches-lehrpersonal-fortbildung\/\" onclick=\"return slide_to(9)\" class=\"course\" data-course-id=\"19326\">Fortbildung f\u00fcr ELE-Lehrpersonal<\/a>\n\t\t<\/div>\n\t\t<div class=\"course-category\">\n\t\t\t<span class=\"name\">Hochschulzugang<\/span>\n\t\t\t<a href=\"https:\/\/espanoleschool.com\/de\/kurs-fuer-den-hochschulzugang\/\" onclick=\"return slide_to(10)\" class=\"course\" data-course-id=\"23064\">Kurs f\u00fcr den Hochschulzugang<\/a>\n\t\t<\/div>\n\t\t<div class=\"course-category\">\n\t\t\t<span class=\"name\">Intensiv-Spanischsommerkurse<\/span>\n\t\t\t<a href=\"https:\/\/espanoleschool.com\/de\/kurs-intensiv20\/\" onclick=\"return slide_to(11)\" class=\"course\" data-course-id=\"23038\">Intensiv 20<\/a>\n\t\t\t<a href=\"https:\/\/espanoleschool.com\/de\/spanisch-kurs-segeln\/\" onclick=\"return slide_to(12)\" class=\"course\" data-course-id=\"23032\">Spanisch und Segeln<\/a>\n\t\t\t<a href=\"https:\/\/espanoleschool.com\/de\/sommercamp\/\" onclick=\"return slide_to(13)\" class=\"course\" data-course-id=\"23059\">Teen Sommerprogramme<\/a>\n\t\t<\/div>\n\t\t<div class=\"course-category\">\n\t\t\t<span class=\"name\">Intensivkurse Spanisch<\/span>\n\t\t\t<a href=\"https:\/\/espanoleschool.com\/de\/kurs-intensiv20\/\" onclick=\"return slide_to(14)\" class=\"course\" data-course-id=\"23038\">Intensiv 20<\/a>\n\t\t\t<a href=\"https:\/\/espanoleschool.com\/de\/intensivkurs25\/\" onclick=\"return slide_to(15)\" class=\"course\" data-course-id=\"23322\">Intensiv 25 und 30<\/a>\n\t\t\t<a href=\"https:\/\/espanoleschool.com\/de\/intensiv-kurs-plus\/\" onclick=\"return slide_to(16)\" class=\"course\" data-course-id=\"23452\">Intensiv Plus<\/a>\n\t\t\t<a href=\"https:\/\/espanoleschool.com\/de\/kurs-superintensiv\/\" onclick=\"return slide_to(17)\" class=\"course\" data-course-id=\"23467\">Superintensiv<\/a>\n\t\t<\/div>\n\t\t<div class=\"course-category\">\n\t\t\t<span class=\"name\">Pr\u00fcfungsvorbereitung<\/span>\n\t\t\t<a href=\"https:\/\/espanoleschool.com\/de\/vorbereitung-pruefung-dele\/\" onclick=\"return slide_to(18)\" class=\"course\" data-course-id=\"23026\">DELE<\/a>\n\t\t\t<a href=\"https:\/\/espanoleschool.com\/de\/vorbereitung-pruefung-siele\/\" onclick=\"return slide_to(19)\" class=\"course\" data-course-id=\"23464\">SIELE<\/a>\n\t\t<\/div>\n<\/div>\n\n<div class=\"swiper-container swiper-all-courses\">\n\t\t<div class=\"swiper-wrapper\">\n\t\t\t<div class=\"swiper-slide\">\n\t\t\t\n\n    <div class=\" vc_clearfix vc_grid-item-zone-c-bottom vc_visible-item fadeIn animated curso-horizontal\">\n        <div class=\" vc_clearfix\">\n            <div class=\"vc_gitem-animated-block vc_col-sm-12 vc_col-md-3\">\n                <div class=\"vc_gitem-zone vc_gitem-zone-a vc-gitem-zone-height-mode-auto vc-gitem-zone-height-mode-auto-1-1 vc_gitem-is-link\" style=\"background-image: url('https:\/\/espanoleschool.com\/escuela\/wp-content\/uploads\/2021\/07\/one-to-one150ppi.png') !important;\">\n                        <a href=\"https:\/\/espanoleschool.com\/de\/privatunterricht-spanisch\/\" title=\"Privatunterricht\"   class=\"vc_gitem-link vc-zone-link\"><\/a>\n                                <img decoding=\"async\" src=\"https:\/\/espanoleschool.com\/escuela\/wp-content\/uploads\/2021\/07\/one-to-one150ppi.png\" class=\"vc_gitem-zone-img\" alt=\"\">\n                        <div class=\"vc_gitem-zone-mini\"><\/div>\n                <\/div>\n            <\/div>\n            <div class=\"vc_gitem-zone vc_gitem-zone-c vc_col-sm-12 vc_col-md-9 \">\n                <div class=\"vc_gitem-zone-mini\">\n                    <div class=\"vc_gitem_row vc_row vc_gitem-row-position-top\">\n                        <div class=\"vc_col-sm-12 vc_gitem-col vc_gitem-col-align-\">\n                            <div class=\"vc_custom_heading vc_gitem-post-data vc_gitem-post-data-source-post_title\">\n                                <h3 class=\"title\">Privatunterricht<\/h3><p>Wenn du einen personalisierten Unterricht w\u00fcnschst f\u00fcr die Sprachbereiche, die dir am schwersten fallen, ist der Privatunterricht das passende Programm. Privatstunden eignen sich f\u00fcr alle Niveaus und sind so aufgebaut, dass du dein Spanisch sogleich \u00fcben kannst.<br \/>\nAuch in Form von E-Learning! Informiere dich bei uns!<\/p>\n                            <\/div>\n                                <div class=\"vc_custom_heading vc_gitem-post-data vc_gitem-post-data-source-post_excerpt vc_nopadleft\">\n                                           <div class=\"vc_col-xs-6 vc_col-md-3\">\n                                                <div id=\"iconMini-classnumber\" class=\"iconMini-izq\">\n                                                    <p>1                                                    <\/p>\n                                                <\/div><\/div>\n                                            <div class=\"vc_col-xs-6 vc_col-md-3\">\n                                                <div id=\"iconMini-time\" class=\"iconMini-izq\"><p>50'<\/p>\n                                                <\/div><\/div>\n                                            <div class=\"vc_col-xs-6 vc_col-md-3\"><div id=\"iconMini-level\" class=\"iconMini-izq\"><p>A1 - C2<\/p><\/div><\/div>\n                                            <div class=\"vc_col-xs-6 vc_col-md-3\"><div id=\"iconMini-people\" class=\"iconMini-izq\"><p>1<\/p><\/div><\/div>\n\n                                        <\/div>\n                                        <div class=\"course-actions\">\n                                            <a href=\"https:\/\/espanoleschool.com\/es\/presupuesto-clases-espanol\/\" title=\"Angebot anfordern\" class=\"vc_general btn-grid botones bot-rojo\">Angebot anfordern<\/a>\n                                            <a href=\"https:\/\/espanoleschool.com\/de\/privatunterricht-spanisch\/\" title=\"Erweitern Sie Ihre Informationen\" class=\"vc_general btn-grid botones bot-trans-azul\">Erweitern Sie Ihre Informationen<\/a>\n                                       <\/div>\n                                    <\/div>\n                                <\/div>\n                            <\/div>\n                        <\/div>\n                    <\/div>\n                    <div class=\"vc_clearfix\"><\/div>\n                <\/div>\n\n\t\t\t<\/div>\n\t\t\t<div class=\"swiper-slide\">\n\t\t\t\n\n    <div class=\" vc_clearfix vc_grid-item-zone-c-bottom vc_visible-item fadeIn animated curso-horizontal\">\n        <div class=\" vc_clearfix\">\n            <div class=\"vc_gitem-animated-block vc_col-sm-12 vc_col-md-3\">\n                <div class=\"vc_gitem-zone vc_gitem-zone-a vc-gitem-zone-height-mode-auto vc-gitem-zone-height-mode-auto-1-1 vc_gitem-is-link\" style=\"background-image: url('https:\/\/espanoleschool.com\/escuela\/wp-content\/uploads\/2021\/07\/spanish-and-cooking150ppi.png') !important;\">\n                        <a href=\"https:\/\/espanoleschool.com\/de\/spanisch-kurs-kochen\/\" title=\"Spanisch und Kochen\"   class=\"vc_gitem-link vc-zone-link\"><\/a>\n                                <img decoding=\"async\" src=\"https:\/\/espanoleschool.com\/escuela\/wp-content\/uploads\/2021\/07\/spanish-and-cooking150ppi.png\" class=\"vc_gitem-zone-img\" alt=\"\">\n                        <div class=\"vc_gitem-zone-mini\"><\/div>\n                <\/div>\n            <\/div>\n            <div class=\"vc_gitem-zone vc_gitem-zone-c vc_col-sm-12 vc_col-md-9 \">\n                <div class=\"vc_gitem-zone-mini\">\n                    <div class=\"vc_gitem_row vc_row vc_gitem-row-position-top\">\n                        <div class=\"vc_col-sm-12 vc_gitem-col vc_gitem-col-align-\">\n                            <div class=\"vc_custom_heading vc_gitem-post-data vc_gitem-post-data-source-post_title\">\n                                <h3 class=\"title\">Spanisch und Kochen<\/h3><p>Die spanische Gastronomie mit ihren Tapas und einzigartigen Gerichten wie Paella, ihren Desserts und dem leckeren Schinken ist eine der repr\u00e4sentativsten der Mittelmeerk\u00fcche: frisch, gesund, lecker, reich an Obst und Gem\u00fcse und nat\u00fcrlich mit viel Oliven\u00f6l. Ist dein Appetit geweckt?<\/p>\n                            <\/div>\n                                <div class=\"vc_custom_heading vc_gitem-post-data vc_gitem-post-data-source-post_excerpt vc_nopadleft\">\n                                           <div class=\"vc_col-xs-6 vc_col-md-3\">\n                                                <div id=\"iconMini-classnumber\" class=\"iconMini-izq\">\n                                                    <p>6 Kochlektionen                                                    <\/p>\n                                                <\/div><\/div>\n                                            <div class=\"vc_col-xs-6 vc_col-md-3\">\n                                                <div id=\"iconMini-time\" class=\"iconMini-izq\"><p>50'<\/p>\n                                                <\/div><\/div>\n                                            <div class=\"vc_col-xs-6 vc_col-md-3\"><div id=\"iconMini-people\" class=\"iconMini-izq\"><p>Max 5<\/p><\/div><\/div>\n\n                                        <\/div>\n                                        <div class=\"course-actions\">\n                                            <a href=\"https:\/\/espanoleschool.com\/es\/presupuesto-clases-espanol\/\" title=\"Angebot anfordern\" class=\"vc_general btn-grid botones bot-rojo\">Angebot anfordern<\/a>\n                                            <a href=\"https:\/\/espanoleschool.com\/de\/spanisch-kurs-kochen\/\" title=\"Erweitern Sie Ihre Informationen\" class=\"vc_general btn-grid botones bot-trans-azul\">Erweitern Sie Ihre Informationen<\/a>\n                                       <\/div>\n                                    <\/div>\n                                <\/div>\n                            <\/div>\n                        <\/div>\n                    <\/div>\n                    <div class=\"vc_clearfix\"><\/div>\n                <\/div>\n\n\t\t\t<\/div>\n\t\t\t<div class=\"swiper-slide\">\n\t\t\t\n\n    <div class=\" vc_clearfix vc_grid-item-zone-c-bottom vc_visible-item fadeIn animated curso-horizontal\">\n        <div class=\" vc_clearfix\">\n            <div class=\"vc_gitem-animated-block vc_col-sm-12 vc_col-md-3\">\n                <div class=\"vc_gitem-zone vc_gitem-zone-a vc-gitem-zone-height-mode-auto vc-gitem-zone-height-mode-auto-1-1 vc_gitem-is-link\" style=\"background-image: url('https:\/\/espanoleschool.com\/escuela\/wp-content\/uploads\/2021\/07\/family-programmes150ppi.png') !important;\">\n                        <a href=\"https:\/\/espanoleschool.com\/de\/spanisch-fuer-familien-programm\/\" title=\"Spanisch f\u00fcr Familien\"   class=\"vc_gitem-link vc-zone-link\"><\/a>\n                                <img decoding=\"async\" src=\"https:\/\/espanoleschool.com\/escuela\/wp-content\/uploads\/2021\/07\/family-programmes150ppi.png\" class=\"vc_gitem-zone-img\" alt=\"\">\n                        <div class=\"vc_gitem-zone-mini\"><\/div>\n                <\/div>\n            <\/div>\n            <div class=\"vc_gitem-zone vc_gitem-zone-c vc_col-sm-12 vc_col-md-9 \">\n                <div class=\"vc_gitem-zone-mini\">\n                    <div class=\"vc_gitem_row vc_row vc_gitem-row-position-top\">\n                        <div class=\"vc_col-sm-12 vc_gitem-col vc_gitem-col-align-\">\n                            <div class=\"vc_custom_heading vc_gitem-post-data vc_gitem-post-data-source-post_title\">\n                                <h3 class=\"title\">Spanisch f\u00fcr Familien<\/h3><p>Hast du Lust, den Familienurlaub mal anders zu verbringen? Die spanische Kultur und den Lebensstil kennenzulernen, Spanisch zu lernen und die Sonne, den Strand sowie unsere leckere Gastronomie zu genie\u00dfen? Mit dem Spanischprogramm f\u00fcr Familien verwandelst du euren Urlaub in ein unvergessliches Erlebnis. Erfahre mehr!<\/p>\n                            <\/div>\n                                <div class=\"vc_custom_heading vc_gitem-post-data vc_gitem-post-data-source-post_excerpt vc_nopadleft\">\n                                           <div class=\"vc_col-xs-6 vc_col-md-3\">\n                                                <div id=\"iconMini-classnumber\" class=\"iconMini-izq\">\n                                                    <p>20                                                    <\/p>\n                                                <\/div><\/div>\n                                            <div class=\"vc_col-xs-6 vc_col-md-3\">\n                                                <div id=\"iconMini-time\" class=\"iconMini-izq\"><p>50'<\/p>\n                                                <\/div><\/div>\n                                            <div class=\"vc_col-xs-6 vc_col-md-3\"><div id=\"iconMini-level\" class=\"iconMini-izq\"><p>A1 - C2<\/p><\/div><\/div>\n                                            <div class=\"vc_col-xs-6 vc_col-md-3\"><div id=\"iconMini-people\" class=\"iconMini-izq\"><p>Max 10<\/p><\/div><\/div>\n\n                                        <\/div>\n                                        <div class=\"course-actions\">\n                                            <a href=\"https:\/\/espanoleschool.com\/es\/presupuesto-clases-espanol\/\" title=\"Angebot anfordern\" class=\"vc_general btn-grid botones bot-rojo\">Angebot anfordern<\/a>\n                                            <a href=\"https:\/\/espanoleschool.com\/de\/spanisch-fuer-familien-programm\/\" title=\"Erweitern Sie Ihre Informationen\" class=\"vc_general btn-grid botones bot-trans-azul\">Erweitern Sie Ihre Informationen<\/a>\n                                       <\/div>\n                                    <\/div>\n                                <\/div>\n                            <\/div>\n                        <\/div>\n                    <\/div>\n                    <div class=\"vc_clearfix\"><\/div>\n                <\/div>\n\n\t\t\t<\/div>\n\t\t\t<div class=\"swiper-slide\">\n\t\t\t\n\n    <div class=\" vc_clearfix vc_grid-item-zone-c-bottom vc_visible-item fadeIn animated curso-horizontal\">\n        <div class=\" vc_clearfix\">\n            <div class=\"vc_gitem-animated-block vc_col-sm-12 vc_col-md-3\">\n                <div class=\"vc_gitem-zone vc_gitem-zone-a vc-gitem-zone-height-mode-auto vc-gitem-zone-height-mode-auto-1-1 vc_gitem-is-link\" style=\"background-image: url('https:\/\/espanoleschool.com\/escuela\/wp-content\/uploads\/2021\/07\/flight_training.png') !important;\">\n                        <a href=\"https:\/\/espanoleschool.com\/de\/spanisch-mit-flugausbildung\/\" title=\"Spanisch mit Flugausbildung\"   class=\"vc_gitem-link vc-zone-link\"><\/a>\n                                <img decoding=\"async\" src=\"https:\/\/espanoleschool.com\/escuela\/wp-content\/uploads\/2021\/07\/flight_training.png\" class=\"vc_gitem-zone-img\" alt=\"\">\n                        <div class=\"vc_gitem-zone-mini\"><\/div>\n                <\/div>\n            <\/div>\n            <div class=\"vc_gitem-zone vc_gitem-zone-c vc_col-sm-12 vc_col-md-9 \">\n                <div class=\"vc_gitem-zone-mini\">\n                    <div class=\"vc_gitem_row vc_row vc_gitem-row-position-top\">\n                        <div class=\"vc_col-sm-12 vc_gitem-col vc_gitem-col-align-\">\n                            <div class=\"vc_custom_heading vc_gitem-post-data vc_gitem-post-data-source-post_title\">\n                                <h3 class=\"title\">Spanisch mit Flugausbildung<\/h3><p>M\u00f6chten Sie Pilot werden? Das Programm Spanisch mit Flugausbildung verbindet das Erlernen der spanischen Sprache mit der ATPL-Ausbildung und bietet ein kulturelles Eintauchen und eine professionelle Luftfahrtqualifikation in Partnerschaft mit Espa\u00f1ol\u00e9 und Panamedia. <\/p>\n                            <\/div>\n                                <div class=\"vc_custom_heading vc_gitem-post-data vc_gitem-post-data-source-post_excerpt vc_nopadleft\">\n                                           <div class=\"vc_col-xs-6 vc_col-md-3\">\n                                                <div id=\"iconMini-classnumber\" class=\"iconMini-izq\">\n                                                    <p>20                                                    <\/p>\n                                                <\/div><\/div>\n                                        <\/div>\n                                        <div class=\"course-actions\">\n                                            <a href=\"https:\/\/espanoleschool.com\/es\/presupuesto-clases-espanol\/\" title=\"Angebot anfordern\" class=\"vc_general btn-grid botones bot-rojo\">Angebot anfordern<\/a>\n                                            <a href=\"https:\/\/espanoleschool.com\/de\/spanisch-mit-flugausbildung\/\" title=\"Erweitern Sie Ihre Informationen\" class=\"vc_general btn-grid botones bot-trans-azul\">Erweitern Sie Ihre Informationen<\/a>\n                                       <\/div>\n                                    <\/div>\n                                <\/div>\n                            <\/div>\n                        <\/div>\n                    <\/div>\n                    <div class=\"vc_clearfix\"><\/div>\n                <\/div>\n\n\t\t\t<\/div>\n\t\t\t<div class=\"swiper-slide\">\n\t\t\t\n\n    <div class=\" vc_clearfix vc_grid-item-zone-c-bottom vc_visible-item fadeIn animated curso-horizontal\">\n        <div class=\" vc_clearfix\">\n            <div class=\"vc_gitem-animated-block vc_col-sm-12 vc_col-md-3\">\n                <div class=\"vc_gitem-zone vc_gitem-zone-a vc-gitem-zone-height-mode-auto vc-gitem-zone-height-mode-auto-1-1 vc_gitem-is-link\" style=\"background-image: url('https:\/\/espanoleschool.com\/escuela\/wp-content\/uploads\/2021\/07\/group-programmes150ppi.png') !important;\">\n                        <a href=\"https:\/\/espanoleschool.com\/de\/spanisch-programme-fuer-gruppen\/\" title=\"Programme f\u00fcr Gruppen\"   class=\"vc_gitem-link vc-zone-link\"><\/a>\n                                <img decoding=\"async\" src=\"https:\/\/espanoleschool.com\/escuela\/wp-content\/uploads\/2021\/07\/group-programmes150ppi.png\" class=\"vc_gitem-zone-img\" alt=\"\">\n                        <div class=\"vc_gitem-zone-mini\"><\/div>\n                <\/div>\n            <\/div>\n            <div class=\"vc_gitem-zone vc_gitem-zone-c vc_col-sm-12 vc_col-md-9 \">\n                <div class=\"vc_gitem-zone-mini\">\n                    <div class=\"vc_gitem_row vc_row vc_gitem-row-position-top\">\n                        <div class=\"vc_col-sm-12 vc_gitem-col vc_gitem-col-align-\">\n                            <div class=\"vc_custom_heading vc_gitem-post-data vc_gitem-post-data-source-post_title\">\n                                <h3 class=\"title\">Programme f\u00fcr Gruppen<\/h3><p>Wir erstellen ma\u00dfgeschneiderte Programme f\u00fcr Gruppen. Wenn du Spanischlehrer bist, komm mit deinen Sch\u00fclern nach Valencia. Wir bieten dir eine kulturelle Erfahrung, die Spanischunterricht mit einer gro\u00dfen Vielfalt an Exkursionen und Aktivit\u00e4ten kombiniert. Eine gro\u00dfe Unterst\u00fctzung f\u00fcr den Lernprozess deiner Sch\u00fcler.<\/p>\n                            <\/div>\n                                <div class=\"vc_custom_heading vc_gitem-post-data vc_gitem-post-data-source-post_excerpt vc_nopadleft\">\n                                           <div class=\"vc_col-xs-6 vc_col-md-3\">\n                                                <div id=\"iconMini-classnumber\" class=\"iconMini-izq\">\n                                                    <p>Ab 10                                                    <\/p>\n                                                <\/div><\/div>\n                                            <div class=\"vc_col-xs-6 vc_col-md-3\">\n                                                <div id=\"iconMini-time\" class=\"iconMini-izq\"><p>50'<\/p>\n                                                <\/div><\/div>\n                                            <div class=\"vc_col-xs-6 vc_col-md-3\"><div id=\"iconMini-level\" class=\"iconMini-izq\"><p>A1 bis C2<\/p><\/div><\/div>\n                                        <\/div>\n                                        <div class=\"course-actions\">\n                                            <a href=\"https:\/\/espanoleschool.com\/es\/presupuesto-clases-espanol\/\" title=\"Angebot anfordern\" class=\"vc_general btn-grid botones bot-rojo\">Angebot anfordern<\/a>\n                                            <a href=\"https:\/\/espanoleschool.com\/de\/spanisch-programme-fuer-gruppen\/\" title=\"Erweitern Sie Ihre Informationen\" class=\"vc_general btn-grid botones bot-trans-azul\">Erweitern Sie Ihre Informationen<\/a>\n                                       <\/div>\n                                    <\/div>\n                                <\/div>\n                            <\/div>\n                        <\/div>\n                    <\/div>\n                    <div class=\"vc_clearfix\"><\/div>\n                <\/div>\n\n\t\t\t<\/div>\n\t\t\t<div class=\"swiper-slide\">\n\t\t\t\n\n    <div class=\" vc_clearfix vc_grid-item-zone-c-bottom vc_visible-item fadeIn animated curso-horizontal\">\n        <div class=\" vc_clearfix\">\n            <div class=\"vc_gitem-animated-block vc_col-sm-12 vc_col-md-3\">\n                <div class=\"vc_gitem-zone vc_gitem-zone-a vc-gitem-zone-height-mode-auto vc-gitem-zone-height-mode-auto-1-1 vc_gitem-is-link\" style=\"background-image: url('https:\/\/espanoleschool.com\/escuela\/wp-content\/uploads\/2021\/07\/casa-con-profesor150ppi.png') !important;\">\n                        <a href=\"https:\/\/espanoleschool.com\/de\/spanisch-kurs-zuhause-lehrperson\/\" title=\"Spanisch bei der Lehrperson zuhause\"   class=\"vc_gitem-link vc-zone-link\"><\/a>\n                                <img decoding=\"async\" src=\"https:\/\/espanoleschool.com\/escuela\/wp-content\/uploads\/2021\/07\/casa-con-profesor150ppi.png\" class=\"vc_gitem-zone-img\" alt=\"\">\n                        <div class=\"vc_gitem-zone-mini\"><\/div>\n                <\/div>\n            <\/div>\n            <div class=\"vc_gitem-zone vc_gitem-zone-c vc_col-sm-12 vc_col-md-9 \">\n                <div class=\"vc_gitem-zone-mini\">\n                    <div class=\"vc_gitem_row vc_row vc_gitem-row-position-top\">\n                        <div class=\"vc_col-sm-12 vc_gitem-col vc_gitem-col-align-\">\n                            <div class=\"vc_custom_heading vc_gitem-post-data vc_gitem-post-data-source-post_title\">\n                                <h3 class=\"title\">Spanisch bei der Lehrperson zuhause<\/h3><p>Das Unterrichtsprogramm bei der Lehrperson zuhause eignet sich speziell f\u00fcr diejenigen Sch\u00fcler:innen, die in kurzer Zeit gro\u00dfe Forschritte beim Spanischlernen machen und den Alltag einer spanischen Familie erleben m\u00f6chten. Trifft das auf dich zu? Dann lies weiter!<\/p>\n                            <\/div>\n                                <div class=\"vc_custom_heading vc_gitem-post-data vc_gitem-post-data-source-post_excerpt vc_nopadleft\">\n                                           <div class=\"vc_col-xs-6 vc_col-md-3\">\n                                                <div id=\"iconMini-classnumber\" class=\"iconMini-izq\">\n                                                    <p>15                                                    <\/p>\n                                                <\/div><\/div>\n                                            <div class=\"vc_col-xs-6 vc_col-md-3\">\n                                                <div id=\"iconMini-time\" class=\"iconMini-izq\"><p>50'<\/p>\n                                                <\/div><\/div>\n                                            <div class=\"vc_col-xs-6 vc_col-md-3\"><div id=\"iconMini-level\" class=\"iconMini-izq\"><p>A1 - C1<\/p><\/div><\/div>\n                                            <div class=\"vc_col-xs-6 vc_col-md-3\"><div id=\"iconMini-people\" class=\"iconMini-izq\"><p>1 oder 2<\/p><\/div><\/div>\n\n                                        <\/div>\n                                        <div class=\"course-actions\">\n                                            <a href=\"https:\/\/espanoleschool.com\/es\/presupuesto-clases-espanol\/\" title=\"Angebot anfordern\" class=\"vc_general btn-grid botones bot-rojo\">Angebot anfordern<\/a>\n                                            <a href=\"https:\/\/espanoleschool.com\/de\/spanisch-kurs-zuhause-lehrperson\/\" title=\"Erweitern Sie Ihre Informationen\" class=\"vc_general btn-grid botones bot-trans-azul\">Erweitern Sie Ihre Informationen<\/a>\n                                       <\/div>\n                                    <\/div>\n                                <\/div>\n                            <\/div>\n                        <\/div>\n                    <\/div>\n                    <div class=\"vc_clearfix\"><\/div>\n                <\/div>\n\n\t\t\t<\/div>\n\t\t\t<div class=\"swiper-slide\">\n\t\t\t\n\n    <div class=\" vc_clearfix vc_grid-item-zone-c-bottom vc_visible-item fadeIn animated curso-horizontal\">\n        <div class=\" vc_clearfix\">\n            <div class=\"vc_gitem-animated-block vc_col-sm-12 vc_col-md-3\">\n                <div class=\"vc_gitem-zone vc_gitem-zone-a vc-gitem-zone-height-mode-auto vc-gitem-zone-height-mode-auto-1-1 vc_gitem-is-link\" style=\"background-image: url('https:\/\/espanoleschool.com\/escuela\/wp-content\/uploads\/2021\/07\/practicas-empresa150ppi.png') !important;\">\n                        <a href=\"https:\/\/espanoleschool.com\/de\/praktika-unternehmen-spanien\/\" title=\"Praktika\"   class=\"vc_gitem-link vc-zone-link\"><\/a>\n                                <img decoding=\"async\" src=\"https:\/\/espanoleschool.com\/escuela\/wp-content\/uploads\/2021\/07\/practicas-empresa150ppi.png\" class=\"vc_gitem-zone-img\" alt=\"\">\n                        <div class=\"vc_gitem-zone-mini\"><\/div>\n                <\/div>\n            <\/div>\n            <div class=\"vc_gitem-zone vc_gitem-zone-c vc_col-sm-12 vc_col-md-9 \">\n                <div class=\"vc_gitem-zone-mini\">\n                    <div class=\"vc_gitem_row vc_row vc_gitem-row-position-top\">\n                        <div class=\"vc_col-sm-12 vc_gitem-col vc_gitem-col-align-\">\n                            <div class=\"vc_custom_heading vc_gitem-post-data vc_gitem-post-data-source-post_title\">\n                                <h3 class=\"title\">Praktika<\/h3><p>Du hast deine Ausbildung oder dein Studium abgeschlossen oder befindest dich im letzten Jahr, und m\u00f6chtest Spanisch lernen? Nun kannst du Spanischunterricht mit einem unbezahlten Praktikum kombinieren. Das ist die ideale Gelegenheit, um die Arbeitswelt in Spanien zu erleben und kennenzulernen und sich gleichzeitig mit der spanischen Sprache in der Gesch\u00e4fts- und Arbeitswelt vertraut zu machen.<\/p>\n                            <\/div>\n                                <div class=\"vc_custom_heading vc_gitem-post-data vc_gitem-post-data-source-post_excerpt vc_nopadleft\">\n                                            <div class=\"vc_col-xs-6 vc_col-md-3\"><div id=\"iconMini-level\" class=\"iconMini-izq\"><p>B1+<\/p><\/div><\/div>\n                                        <\/div>\n                                        <div class=\"course-actions\">\n                                            <a href=\"https:\/\/espanoleschool.com\/es\/presupuesto-clases-espanol\/\" title=\"Angebot anfordern\" class=\"vc_general btn-grid botones bot-rojo\">Angebot anfordern<\/a>\n                                            <a href=\"https:\/\/espanoleschool.com\/de\/praktika-unternehmen-spanien\/\" title=\"Erweitern Sie Ihre Informationen\" class=\"vc_general btn-grid botones bot-trans-azul\">Erweitern Sie Ihre Informationen<\/a>\n                                       <\/div>\n                                    <\/div>\n                                <\/div>\n                            <\/div>\n                        <\/div>\n                    <\/div>\n                    <div class=\"vc_clearfix\"><\/div>\n                <\/div>\n\n\t\t\t<\/div>\n\t\t\t<div class=\"swiper-slide\">\n\t\t\t\n\n    <div class=\" vc_clearfix vc_grid-item-zone-c-bottom vc_visible-item fadeIn animated curso-horizontal\">\n        <div class=\" vc_clearfix\">\n            <div class=\"vc_gitem-animated-block vc_col-sm-12 vc_col-md-3\">\n                <div class=\"vc_gitem-zone vc_gitem-zone-a vc-gitem-zone-height-mode-auto vc-gitem-zone-height-mode-auto-1-1 vc_gitem-is-link\" style=\"background-image: url('https:\/\/espanoleschool.com\/escuela\/wp-content\/uploads\/2021\/07\/demi-pair150ppi.png') !important;\">\n                        <a href=\"https:\/\/espanoleschool.com\/de\/demi-pair-valencia\/\" title=\"Demi Pair\"   class=\"vc_gitem-link vc-zone-link\"><\/a>\n                                <img decoding=\"async\" src=\"https:\/\/espanoleschool.com\/escuela\/wp-content\/uploads\/2021\/07\/demi-pair150ppi.png\" class=\"vc_gitem-zone-img\" alt=\"\">\n                        <div class=\"vc_gitem-zone-mini\"><\/div>\n                <\/div>\n            <\/div>\n            <div class=\"vc_gitem-zone vc_gitem-zone-c vc_col-sm-12 vc_col-md-9 \">\n                <div class=\"vc_gitem-zone-mini\">\n                    <div class=\"vc_gitem_row vc_row vc_gitem-row-position-top\">\n                        <div class=\"vc_col-sm-12 vc_gitem-col vc_gitem-col-align-\">\n                            <div class=\"vc_custom_heading vc_gitem-post-data vc_gitem-post-data-source-post_title\">\n                                <h3 class=\"title\">Demi Pair<\/h3><p>Um den spanischen Alltag, die Kultur und Br\u00e4uche kennenzulernen, gibt es nichts Besseres als bei einer Gastfamilie zu wohnen. Das Demi-Pair-Programm in Valencia ist so aufgebaut, dass du den allgemeinen Spanischkurs mit deinen Aufgaben in der spanischen Gastfamilie verbinden kannst, die haupts\u00e4chlich aus der Kinderbetreuung bestehen. Deine spanische Gastfamilie freut sich auf dich! Interessiert?<\/p>\n                            <\/div>\n                                <div class=\"vc_custom_heading vc_gitem-post-data vc_gitem-post-data-source-post_excerpt vc_nopadleft\">\n                                           <div class=\"vc_col-xs-6 vc_col-md-3\">\n                                                <div id=\"iconMini-classnumber\" class=\"iconMini-izq\">\n                                                    <p>20 Lektionen                                                    <\/p>\n                                                <\/div><\/div>\n                                            <div class=\"vc_col-xs-6 vc_col-md-3\">\n                                                <div id=\"iconMini-time\" class=\"iconMini-izq\"><p>50'<\/p>\n                                                <\/div><\/div>\n                                            <div class=\"vc_col-xs-6 vc_col-md-3\"><div id=\"iconMini-level\" class=\"iconMini-izq\"><p>A1 - C2<\/p><\/div><\/div>\n                                            <div class=\"vc_col-xs-6 vc_col-md-3\"><div id=\"iconMini-people\" class=\"iconMini-izq\"><p>Max 10<\/p><\/div><\/div>\n\n                                        <\/div>\n                                        <div class=\"course-actions\">\n                                            <a href=\"https:\/\/espanoleschool.com\/es\/presupuesto-clases-espanol\/\" title=\"Angebot anfordern\" class=\"vc_general btn-grid botones bot-rojo\">Angebot anfordern<\/a>\n                                            <a href=\"https:\/\/espanoleschool.com\/de\/demi-pair-valencia\/\" title=\"Erweitern Sie Ihre Informationen\" class=\"vc_general btn-grid botones bot-trans-azul\">Erweitern Sie Ihre Informationen<\/a>\n                                       <\/div>\n                                    <\/div>\n                                <\/div>\n                            <\/div>\n                        <\/div>\n                    <\/div>\n                    <div class=\"vc_clearfix\"><\/div>\n                <\/div>\n\n\t\t\t<\/div>\n\t\t\t<div class=\"swiper-slide\">\n\t\t\t\n\n    <div class=\" vc_clearfix vc_grid-item-zone-c-bottom vc_visible-item fadeIn animated curso-horizontal\">\n        <div class=\" vc_clearfix\">\n            <div class=\"vc_gitem-animated-block vc_col-sm-12 vc_col-md-3\">\n                <div class=\"vc_gitem-zone vc_gitem-zone-a vc-gitem-zone-height-mode-auto vc-gitem-zone-height-mode-auto-1-1 vc_gitem-is-link\" style=\"background-image: url('https:\/\/espanoleschool.com\/escuela\/wp-content\/uploads\/2021\/07\/voluntariado150ppi.png') !important;\">\n                        <a href=\"https:\/\/espanoleschool.com\/de\/volunteering-spanisch\/\" title=\"Freiwilligenarbeit\"   class=\"vc_gitem-link vc-zone-link\"><\/a>\n                                <img decoding=\"async\" src=\"https:\/\/espanoleschool.com\/escuela\/wp-content\/uploads\/2021\/07\/voluntariado150ppi.png\" class=\"vc_gitem-zone-img\" alt=\"\">\n                        <div class=\"vc_gitem-zone-mini\"><\/div>\n                <\/div>\n            <\/div>\n            <div class=\"vc_gitem-zone vc_gitem-zone-c vc_col-sm-12 vc_col-md-9 \">\n                <div class=\"vc_gitem-zone-mini\">\n                    <div class=\"vc_gitem_row vc_row vc_gitem-row-position-top\">\n                        <div class=\"vc_col-sm-12 vc_gitem-col vc_gitem-col-align-\">\n                            <div class=\"vc_custom_heading vc_gitem-post-data vc_gitem-post-data-source-post_title\">\n                                <h3 class=\"title\">Freiwilligenarbeit<\/h3><p>Du wu\u0308rdest gerne deinen Spanischkurs mit einer solidarischen T\u00e4tigkeit verbinden? W\u00e4hle dein Freiwilligenprogramm, um aus deinem Aufenthalt in Spanien eine umfangreiche Erfahrung zu machen, die es dir erm\u00f6glicht, neue Leute kennenzulernen und die Kultur und den Lebensstil in Spanien hautnah zu erleben.<\/p>\n                            <\/div>\n                                <div class=\"vc_custom_heading vc_gitem-post-data vc_gitem-post-data-source-post_excerpt vc_nopadleft\">\n                                            <div class=\"vc_col-xs-6 vc_col-md-3\"><div id=\"iconMini-level\" class=\"iconMini-izq\"><p>A1 - C2<\/p><\/div><\/div>\n                                            <div class=\"vc_col-xs-6 vc_col-md-3\"><div id=\"iconMini-people\" class=\"iconMini-izq\"><p>Max 10<\/p><\/div><\/div>\n\n                                        <\/div>\n                                        <div class=\"course-actions\">\n                                            <a href=\"https:\/\/espanoleschool.com\/es\/presupuesto-clases-espanol\/\" title=\"Angebot anfordern\" class=\"vc_general btn-grid botones bot-rojo\">Angebot anfordern<\/a>\n                                            <a href=\"https:\/\/espanoleschool.com\/de\/volunteering-spanisch\/\" title=\"Erweitern Sie Ihre Informationen\" class=\"vc_general btn-grid botones bot-trans-azul\">Erweitern Sie Ihre Informationen<\/a>\n                                       <\/div>\n                                    <\/div>\n                                <\/div>\n                            <\/div>\n                        <\/div>\n                    <\/div>\n                    <div class=\"vc_clearfix\"><\/div>\n                <\/div>\n\n\t\t\t<\/div>\n\t\t\t<div class=\"swiper-slide\">\n\t\t\t\n\n    <div class=\" vc_clearfix vc_grid-item-zone-c-bottom vc_visible-item fadeIn animated curso-horizontal\">\n        <div class=\" vc_clearfix\">\n            <div class=\"vc_gitem-animated-block vc_col-sm-12 vc_col-md-3\">\n                <div class=\"vc_gitem-zone vc_gitem-zone-a vc-gitem-zone-height-mode-auto vc-gitem-zone-height-mode-auto-1-1 vc_gitem-is-link\" style=\"background-image: url('https:\/\/espanoleschool.com\/escuela\/wp-content\/uploads\/2021\/07\/teacher-training-1.png') !important;\">\n                        <a href=\"https:\/\/espanoleschool.com\/de\/spanisch-muttersprachliches-lehrpersonal-fortbildung\/\" title=\"Fortbildung f\u00fcr ELE-Lehrpersonal\"   class=\"vc_gitem-link vc-zone-link\"><\/a>\n                                <img decoding=\"async\" src=\"https:\/\/espanoleschool.com\/escuela\/wp-content\/uploads\/2021\/07\/teacher-training-1.png\" class=\"vc_gitem-zone-img\" alt=\"\">\n                        <div class=\"vc_gitem-zone-mini\"><\/div>\n                <\/div>\n            <\/div>\n            <div class=\"vc_gitem-zone vc_gitem-zone-c vc_col-sm-12 vc_col-md-9 \">\n                <div class=\"vc_gitem-zone-mini\">\n                    <div class=\"vc_gitem_row vc_row vc_gitem-row-position-top\">\n                        <div class=\"vc_col-sm-12 vc_gitem-col vc_gitem-col-align-\">\n                            <div class=\"vc_custom_heading vc_gitem-post-data vc_gitem-post-data-source-post_title\">\n                                <h3 class=\"title\">Fortbildung f\u00fcr ELE-Lehrpersonal<\/h3><p>Der Lehrberuf ist unglaublich bereichernd und unterhaltsam. Interessiert dich Spanisch als Fremdsprache oder bist du bereits als Lehrer:in t\u00e4tig und m\u00f6chtest dich \u00fcber neue Unterrichtsmethoden und -techniken auf dem Laufenden halten? International House bildet seit \u00fcber 60 Jahren Spanischlehrer:innen aus. <\/p>\n                            <\/div>\n                                <div class=\"vc_custom_heading vc_gitem-post-data vc_gitem-post-data-source-post_excerpt vc_nopadleft\">\n                                           <div class=\"vc_col-xs-6 vc_col-md-3\">\n                                                <div id=\"iconMini-classnumber\" class=\"iconMini-izq\">\n                                                    <p>20                                                    <\/p>\n                                                <\/div><\/div>\n                                            <div class=\"vc_col-xs-6 vc_col-md-3\">\n                                                <div id=\"iconMini-time\" class=\"iconMini-izq\"><p>50\u00b4<\/p>\n                                                <\/div><\/div>\n                                            <div class=\"vc_col-xs-6 vc_col-md-3\"><div id=\"iconMini-level\" class=\"iconMini-izq\"><p>C2<\/p><\/div><\/div>\n                                            <div class=\"vc_col-xs-6 vc_col-md-3\"><div id=\"iconMini-people\" class=\"iconMini-izq\"><p>10 Max<\/p><\/div><\/div>\n\n                                        <\/div>\n                                        <div class=\"course-actions\">\n                                            <a href=\"https:\/\/espanoleschool.com\/es\/presupuesto-clases-espanol\/\" title=\"Angebot anfordern\" class=\"vc_general btn-grid botones bot-rojo\">Angebot anfordern<\/a>\n                                            <a href=\"https:\/\/espanoleschool.com\/de\/spanisch-muttersprachliches-lehrpersonal-fortbildung\/\" title=\"Erweitern Sie Ihre Informationen\" class=\"vc_general btn-grid botones bot-trans-azul\">Erweitern Sie Ihre Informationen<\/a>\n                                       <\/div>\n                                    <\/div>\n                                <\/div>\n                            <\/div>\n                        <\/div>\n                    <\/div>\n                    <div class=\"vc_clearfix\"><\/div>\n                <\/div>\n\n\t\t\t<\/div>\n\t\t\t<div class=\"swiper-slide\">\n\t\t\t\n\n    <div class=\" vc_clearfix vc_grid-item-zone-c-bottom vc_visible-item fadeIn animated curso-horizontal\">\n        <div class=\" vc_clearfix\">\n            <div class=\"vc_gitem-animated-block vc_col-sm-12 vc_col-md-3\">\n                <div class=\"vc_gitem-zone vc_gitem-zone-a vc-gitem-zone-height-mode-auto vc-gitem-zone-height-mode-auto-1-1 vc_gitem-is-link\" style=\"background-image: url('https:\/\/espanoleschool.com\/escuela\/wp-content\/uploads\/2021\/07\/university-access.png') !important;\">\n                        <a href=\"https:\/\/espanoleschool.com\/de\/kurs-fuer-den-hochschulzugang\/\" title=\"Kurs f\u00fcr den Hochschulzugang\"   class=\"vc_gitem-link vc-zone-link\"><\/a>\n                                <img decoding=\"async\" src=\"https:\/\/espanoleschool.com\/escuela\/wp-content\/uploads\/2021\/07\/university-access.png\" class=\"vc_gitem-zone-img\" alt=\"\">\n                        <div class=\"vc_gitem-zone-mini\"><\/div>\n                <\/div>\n            <\/div>\n            <div class=\"vc_gitem-zone vc_gitem-zone-c vc_col-sm-12 vc_col-md-9 \">\n                <div class=\"vc_gitem-zone-mini\">\n                    <div class=\"vc_gitem_row vc_row vc_gitem-row-position-top\">\n                        <div class=\"vc_col-sm-12 vc_gitem-col vc_gitem-col-align-\">\n                            <div class=\"vc_custom_heading vc_gitem-post-data vc_gitem-post-data-source-post_title\">\n                                <h3 class=\"title\">Kurs f\u00fcr den Hochschulzugang<\/h3><p>Wenn du an einer Universit\u00e4t in Spanien studieren m\u00f6chtest, k\u00f6nnen wir dir helfen, es zu schaffen! Mit unserem Universit\u00e4tsvorbereitungsprogramm bereiten wir dich auf die Aufnahmepr\u00fcfung vor.<\/p>\n                            <\/div>\n                                <div class=\"vc_custom_heading vc_gitem-post-data vc_gitem-post-data-source-post_excerpt vc_nopadleft\">\n                                           <div class=\"vc_col-xs-6 vc_col-md-3\">\n                                                <div id=\"iconMini-classnumber\" class=\"iconMini-izq\">\n                                                    <p>20 Lektionen                                                    <\/p>\n                                                <\/div><\/div>\n                                            <div class=\"vc_col-xs-6 vc_col-md-3\">\n                                                <div id=\"iconMini-time\" class=\"iconMini-izq\"><p>50'<\/p>\n                                                <\/div><\/div>\n                                            <div class=\"vc_col-xs-6 vc_col-md-3\"><div id=\"iconMini-level\" class=\"iconMini-izq\"><p>B2<\/p><\/div><\/div>\n                                            <div class=\"vc_col-xs-6 vc_col-md-3\"><div id=\"iconMini-people\" class=\"iconMini-izq\"><p>Max 10<\/p><\/div><\/div>\n\n                                        <\/div>\n                                        <div class=\"course-actions\">\n                                            <a href=\"https:\/\/espanoleschool.com\/es\/presupuesto-clases-espanol\/\" title=\"Angebot anfordern\" class=\"vc_general btn-grid botones bot-rojo\">Angebot anfordern<\/a>\n                                            <a href=\"https:\/\/espanoleschool.com\/de\/kurs-fuer-den-hochschulzugang\/\" title=\"Erweitern Sie Ihre Informationen\" class=\"vc_general btn-grid botones bot-trans-azul\">Erweitern Sie Ihre Informationen<\/a>\n                                       <\/div>\n                                    <\/div>\n                                <\/div>\n                            <\/div>\n                        <\/div>\n                    <\/div>\n                    <div class=\"vc_clearfix\"><\/div>\n                <\/div>\n\n\t\t\t<\/div>\n\t\t\t<div class=\"swiper-slide\">\n\t\t\t\n\n    <div class=\" vc_clearfix vc_grid-item-zone-c-bottom vc_visible-item fadeIn animated curso-horizontal\">\n        <div class=\" vc_clearfix\">\n            <div class=\"vc_gitem-animated-block vc_col-sm-12 vc_col-md-3\">\n                <div class=\"vc_gitem-zone vc_gitem-zone-a vc-gitem-zone-height-mode-auto vc-gitem-zone-height-mode-auto-1-1 vc_gitem-is-link\" style=\"background-image: url('https:\/\/espanoleschool.com\/escuela\/wp-content\/uploads\/2021\/05\/i20150ppi.png') !important;\">\n                        <a href=\"https:\/\/espanoleschool.com\/de\/kurs-intensiv20\/\" title=\"Intensiv 20\"   class=\"vc_gitem-link vc-zone-link\"><\/a>\n                                <img decoding=\"async\" src=\"https:\/\/espanoleschool.com\/escuela\/wp-content\/uploads\/2021\/05\/i20150ppi.png\" class=\"vc_gitem-zone-img\" alt=\"\">\n                        <div class=\"vc_gitem-zone-mini\"><\/div>\n                <\/div>\n            <\/div>\n            <div class=\"vc_gitem-zone vc_gitem-zone-c vc_col-sm-12 vc_col-md-9 \">\n                <div class=\"vc_gitem-zone-mini\">\n                    <div class=\"vc_gitem_row vc_row vc_gitem-row-position-top\">\n                        <div class=\"vc_col-sm-12 vc_gitem-col vc_gitem-col-align-\">\n                            <div class=\"vc_custom_heading vc_gitem-post-data vc_gitem-post-data-source-post_title\">\n                                <h3 class=\"title\">Intensiv 20<\/h3><p>Unser Intensivkurs hat einen praktischen und kommunikativen Ansatz, der sich auf die wichtigsten Sprachf\u00e4higkeiten konzentriert: Schreiben, Lesen, H\u00f6rverst\u00e4ndnis und Sprechen. Ein Kurs, in dem du das Beste aus jeder Unterrichtsminute machst und viel Spa\u00df am Spanischlernen hast.<\/p>\n                            <\/div>\n                                <div class=\"vc_custom_heading vc_gitem-post-data vc_gitem-post-data-source-post_excerpt vc_nopadleft\">\n                                           <div class=\"vc_col-xs-6 vc_col-md-3\">\n                                                <div id=\"iconMini-classnumber\" class=\"iconMini-izq\">\n                                                    <p>20 Lektionen                                                    <\/p>\n                                                <\/div><\/div>\n                                            <div class=\"vc_col-xs-6 vc_col-md-3\">\n                                                <div id=\"iconMini-time\" class=\"iconMini-izq\"><p>50'<\/p>\n                                                <\/div><\/div>\n                                            <div class=\"vc_col-xs-6 vc_col-md-3\"><div id=\"iconMini-level\" class=\"iconMini-izq\"><p>A1 - C2<\/p><\/div><\/div>\n                                            <div class=\"vc_col-xs-6 vc_col-md-3\"><div id=\"iconMini-people\" class=\"iconMini-izq\"><p>Max 10<\/p><\/div><\/div>\n\n                                        <\/div>\n                                        <div class=\"course-actions\">\n                                            <a href=\"https:\/\/espanoleschool.com\/es\/presupuesto-clases-espanol\/\" title=\"Angebot anfordern\" class=\"vc_general btn-grid botones bot-rojo\">Angebot anfordern<\/a>\n                                            <a href=\"https:\/\/espanoleschool.com\/de\/kurs-intensiv20\/\" title=\"Erweitern Sie Ihre Informationen\" class=\"vc_general btn-grid botones bot-trans-azul\">Erweitern Sie Ihre Informationen<\/a>\n                                       <\/div>\n                                    <\/div>\n                                <\/div>\n                            <\/div>\n                        <\/div>\n                    <\/div>\n                    <div class=\"vc_clearfix\"><\/div>\n                <\/div>\n\n\t\t\t<\/div>\n\t\t\t<div class=\"swiper-slide\">\n\t\t\t\n\n    <div class=\" vc_clearfix vc_grid-item-zone-c-bottom vc_visible-item fadeIn animated curso-horizontal\">\n        <div class=\" vc_clearfix\">\n            <div class=\"vc_gitem-animated-block vc_col-sm-12 vc_col-md-3\">\n                <div class=\"vc_gitem-zone vc_gitem-zone-a vc-gitem-zone-height-mode-auto vc-gitem-zone-height-mode-auto-1-1 vc_gitem-is-link\" style=\"background-image: url('https:\/\/espanoleschool.com\/escuela\/wp-content\/uploads\/2021\/07\/spanish-and-sailing150ppi.png') !important;\">\n                        <a href=\"https:\/\/espanoleschool.com\/de\/spanisch-kurs-segeln\/\" title=\"Spanisch und Segeln\"   class=\"vc_gitem-link vc-zone-link\"><\/a>\n                                <img decoding=\"async\" src=\"https:\/\/espanoleschool.com\/escuela\/wp-content\/uploads\/2021\/07\/spanish-and-sailing150ppi.png\" class=\"vc_gitem-zone-img\" alt=\"\">\n                        <div class=\"vc_gitem-zone-mini\"><\/div>\n                <\/div>\n            <\/div>\n            <div class=\"vc_gitem-zone vc_gitem-zone-c vc_col-sm-12 vc_col-md-9 \">\n                <div class=\"vc_gitem-zone-mini\">\n                    <div class=\"vc_gitem_row vc_row vc_gitem-row-position-top\">\n                        <div class=\"vc_col-sm-12 vc_gitem-col vc_gitem-col-align-\">\n                            <div class=\"vc_custom_heading vc_gitem-post-data vc_gitem-post-data-source-post_title\">\n                                <h3 class=\"title\">Spanisch und Segeln<\/h3><p>Segeln ist eine faszinierende Sportart und Valencia, bekannt als internationales Segelzentrum und Gastgeber des 32. und 33. America\u2019s Cup, ist die perfekte Stadt, um das Meer auf diese Weise zu genie\u00dfen. Verkn\u00fcpfe das Spanischlernen mit dieser besonderen Wassersportart, verbunden mit der<br \/>\nNatur in einer der mediterransten St\u00e4dte Spaniens.<\/p>\n                            <\/div>\n                                <div class=\"vc_custom_heading vc_gitem-post-data vc_gitem-post-data-source-post_excerpt vc_nopadleft\">\n                                           <div class=\"vc_col-xs-6 vc_col-md-3\">\n                                                <div id=\"iconMini-classnumber\" class=\"iconMini-izq\">\n                                                    <p>6                                                    <\/p>\n                                                <\/div><\/div>\n                                            <div class=\"vc_col-xs-6 vc_col-md-3\">\n                                                <div id=\"iconMini-time\" class=\"iconMini-izq\"><p>50'<\/p>\n                                                <\/div><\/div>\n                                        <\/div>\n                                        <div class=\"course-actions\">\n                                            <a href=\"https:\/\/espanoleschool.com\/es\/presupuesto-clases-espanol\/\" title=\"Angebot anfordern\" class=\"vc_general btn-grid botones bot-rojo\">Angebot anfordern<\/a>\n                                            <a href=\"https:\/\/espanoleschool.com\/de\/spanisch-kurs-segeln\/\" title=\"Erweitern Sie Ihre Informationen\" class=\"vc_general btn-grid botones bot-trans-azul\">Erweitern Sie Ihre Informationen<\/a>\n                                       <\/div>\n                                    <\/div>\n                                <\/div>\n                            <\/div>\n                        <\/div>\n                    <\/div>\n                    <div class=\"vc_clearfix\"><\/div>\n                <\/div>\n\n\t\t\t<\/div>\n\t\t\t<div class=\"swiper-slide\">\n\t\t\t\n\n    <div class=\" vc_clearfix vc_grid-item-zone-c-bottom vc_visible-item fadeIn animated curso-horizontal\">\n        <div class=\" vc_clearfix\">\n            <div class=\"vc_gitem-animated-block vc_col-sm-12 vc_col-md-3\">\n                <div class=\"vc_gitem-zone vc_gitem-zone-a vc-gitem-zone-height-mode-auto vc-gitem-zone-height-mode-auto-1-1 vc_gitem-is-link\" style=\"background-image: url('https:\/\/espanoleschool.com\/escuela\/wp-content\/uploads\/2021\/07\/english-summer-camp.png') !important;\">\n                        <a href=\"https:\/\/espanoleschool.com\/de\/sommercamp\/\" title=\"Teen Sommerprogramme\"   class=\"vc_gitem-link vc-zone-link\"><\/a>\n                                <img decoding=\"async\" src=\"https:\/\/espanoleschool.com\/escuela\/wp-content\/uploads\/2021\/07\/english-summer-camp.png\" class=\"vc_gitem-zone-img\" alt=\"\">\n                        <div class=\"vc_gitem-zone-mini\"><\/div>\n                <\/div>\n            <\/div>\n            <div class=\"vc_gitem-zone vc_gitem-zone-c vc_col-sm-12 vc_col-md-9 \">\n                <div class=\"vc_gitem-zone-mini\">\n                    <div class=\"vc_gitem_row vc_row vc_gitem-row-position-top\">\n                        <div class=\"vc_col-sm-12 vc_gitem-col vc_gitem-col-align-\">\n                            <div class=\"vc_custom_heading vc_gitem-post-data vc_gitem-post-data-source-post_title\">\n                                <h3 class=\"title\">Teen Sommerprogramme<\/h3><p>M\u00f6chtest du einen unvergesslichen Sommer genie\u00dfen, Spanisch lernen und Freunde aus der ganzen Welt finden? Dann ist unser Sommercamp genau das Richtige fu\u0308r dich!<br \/>\nSommerprogramme fu\u0308r Jugendliche (13 bis 19 Jahre), um in vollem Umfang in einem spanischen Umfeld zu lernen; eine Kombination aus akademischer Qualit\u00e4t und einem umfangreichen Programm an Aktivit\u00e4ten. Dabei teilen wir die Jugendlichen anhand ihres Alters in zwei verschiedene Kurse auf, um uns besser auf ihre Interessen und Bedu\u0308rfnisse konzentrieren zu k\u00f6nnen. Wir freuen uns auf dich!<\/p>\n                            <\/div>\n                                <div class=\"vc_custom_heading vc_gitem-post-data vc_gitem-post-data-source-post_excerpt vc_nopadleft\">\n                                           <div class=\"vc_col-xs-6 vc_col-md-3\">\n                                                <div id=\"iconMini-classnumber\" class=\"iconMini-izq\">\n                                                    <p>20                                                    <\/p>\n                                                <\/div><\/div>\n                                            <div class=\"vc_col-xs-6 vc_col-md-3\">\n                                                <div id=\"iconMini-time\" class=\"iconMini-izq\"><p>50'<\/p>\n                                                <\/div><\/div>\n                                            <div class=\"vc_col-xs-6 vc_col-md-3\"><div id=\"iconMini-level\" class=\"iconMini-izq\"><p>A0 - C1<\/p><\/div><\/div>\n                                            <div class=\"vc_col-xs-6 vc_col-md-3\"><div id=\"iconMini-people\" class=\"iconMini-izq\"><p>12<\/p><\/div><\/div>\n\n                                        <\/div>\n                                        <div class=\"course-actions\">\n                                            <a href=\"https:\/\/espanoleschool.com\/es\/presupuesto-clases-espanol\/\" title=\"Angebot anfordern\" class=\"vc_general btn-grid botones bot-rojo\">Angebot anfordern<\/a>\n                                            <a href=\"https:\/\/espanoleschool.com\/de\/sommercamp\/\" title=\"Erweitern Sie Ihre Informationen\" class=\"vc_general btn-grid botones bot-trans-azul\">Erweitern Sie Ihre Informationen<\/a>\n                                       <\/div>\n                                    <\/div>\n                                <\/div>\n                            <\/div>\n                        <\/div>\n                    <\/div>\n                    <div class=\"vc_clearfix\"><\/div>\n                <\/div>\n\n\t\t\t<\/div>\n\t\t\t<div class=\"swiper-slide\">\n\t\t\t\n\n    <div class=\" vc_clearfix vc_grid-item-zone-c-bottom vc_visible-item fadeIn animated curso-horizontal\">\n        <div class=\" vc_clearfix\">\n            <div class=\"vc_gitem-animated-block vc_col-sm-12 vc_col-md-3\">\n                <div class=\"vc_gitem-zone vc_gitem-zone-a vc-gitem-zone-height-mode-auto vc-gitem-zone-height-mode-auto-1-1 vc_gitem-is-link\" style=\"background-image: url('https:\/\/espanoleschool.com\/escuela\/wp-content\/uploads\/2021\/05\/i20150ppi.png') !important;\">\n                        <a href=\"https:\/\/espanoleschool.com\/de\/kurs-intensiv20\/\" title=\"Intensiv 20\"   class=\"vc_gitem-link vc-zone-link\"><\/a>\n                                <img decoding=\"async\" src=\"https:\/\/espanoleschool.com\/escuela\/wp-content\/uploads\/2021\/05\/i20150ppi.png\" class=\"vc_gitem-zone-img\" alt=\"\">\n                        <div class=\"vc_gitem-zone-mini\"><\/div>\n                <\/div>\n            <\/div>\n            <div class=\"vc_gitem-zone vc_gitem-zone-c vc_col-sm-12 vc_col-md-9 \">\n                <div class=\"vc_gitem-zone-mini\">\n                    <div class=\"vc_gitem_row vc_row vc_gitem-row-position-top\">\n                        <div class=\"vc_col-sm-12 vc_gitem-col vc_gitem-col-align-\">\n                            <div class=\"vc_custom_heading vc_gitem-post-data vc_gitem-post-data-source-post_title\">\n                                <h3 class=\"title\">Intensiv 20<\/h3><p>Unser Intensivkurs hat einen praktischen und kommunikativen Ansatz, der sich auf die wichtigsten Sprachf\u00e4higkeiten konzentriert: Schreiben, Lesen, H\u00f6rverst\u00e4ndnis und Sprechen. Ein Kurs, in dem du das Beste aus jeder Unterrichtsminute machst und viel Spa\u00df am Spanischlernen hast.<\/p>\n                            <\/div>\n                                <div class=\"vc_custom_heading vc_gitem-post-data vc_gitem-post-data-source-post_excerpt vc_nopadleft\">\n                                           <div class=\"vc_col-xs-6 vc_col-md-3\">\n                                                <div id=\"iconMini-classnumber\" class=\"iconMini-izq\">\n                                                    <p>20 Lektionen                                                    <\/p>\n                                                <\/div><\/div>\n                                            <div class=\"vc_col-xs-6 vc_col-md-3\">\n                                                <div id=\"iconMini-time\" class=\"iconMini-izq\"><p>50'<\/p>\n                                                <\/div><\/div>\n                                            <div class=\"vc_col-xs-6 vc_col-md-3\"><div id=\"iconMini-level\" class=\"iconMini-izq\"><p>A1 - C2<\/p><\/div><\/div>\n                                            <div class=\"vc_col-xs-6 vc_col-md-3\"><div id=\"iconMini-people\" class=\"iconMini-izq\"><p>Max 10<\/p><\/div><\/div>\n\n                                        <\/div>\n                                        <div class=\"course-actions\">\n                                            <a href=\"https:\/\/espanoleschool.com\/es\/presupuesto-clases-espanol\/\" title=\"Angebot anfordern\" class=\"vc_general btn-grid botones bot-rojo\">Angebot anfordern<\/a>\n                                            <a href=\"https:\/\/espanoleschool.com\/de\/kurs-intensiv20\/\" title=\"Erweitern Sie Ihre Informationen\" class=\"vc_general btn-grid botones bot-trans-azul\">Erweitern Sie Ihre Informationen<\/a>\n                                       <\/div>\n                                    <\/div>\n                                <\/div>\n                            <\/div>\n                        <\/div>\n                    <\/div>\n                    <div class=\"vc_clearfix\"><\/div>\n                <\/div>\n\n\t\t\t<\/div>\n\t\t\t<div class=\"swiper-slide\">\n\t\t\t\n\n    <div class=\" vc_clearfix vc_grid-item-zone-c-bottom vc_visible-item fadeIn animated curso-horizontal\">\n        <div class=\" vc_clearfix\">\n            <div class=\"vc_gitem-animated-block vc_col-sm-12 vc_col-md-3\">\n                <div class=\"vc_gitem-zone vc_gitem-zone-a vc-gitem-zone-height-mode-auto vc-gitem-zone-height-mode-auto-1-1 vc_gitem-is-link\" style=\"background-image: url('https:\/\/espanoleschool.com\/escuela\/wp-content\/uploads\/2021\/06\/i25150ppi.png') !important;\">\n                        <a href=\"https:\/\/espanoleschool.com\/de\/intensivkurs25\/\" title=\"Intensiv 25 und 30\"   class=\"vc_gitem-link vc-zone-link\"><\/a>\n                                <img decoding=\"async\" src=\"https:\/\/espanoleschool.com\/escuela\/wp-content\/uploads\/2021\/06\/i25150ppi.png\" class=\"vc_gitem-zone-img\" alt=\"\">\n                        <div class=\"vc_gitem-zone-mini\"><\/div>\n                <\/div>\n            <\/div>\n            <div class=\"vc_gitem-zone vc_gitem-zone-c vc_col-sm-12 vc_col-md-9 \">\n                <div class=\"vc_gitem-zone-mini\">\n                    <div class=\"vc_gitem_row vc_row vc_gitem-row-position-top\">\n                        <div class=\"vc_col-sm-12 vc_gitem-col vc_gitem-col-align-\">\n                            <div class=\"vc_custom_heading vc_gitem-post-data vc_gitem-post-data-source-post_title\">\n                                <h3 class=\"title\">Intensiv 25 und 30<\/h3><p>Die Spanischkurse Intensiv 25 und Intensiv 30 sind perfekt, um deinen Lernprozess zu erweitern und anzupassen. Gestalte deinen eigenen Kurs, indem du ein oder zwei Module zum allgemeinen Spanischprogramm hinzuf\u00fcgst. W\u00e4hle deine Option und maximiere dein Spracherlebnis beim Spanischlernen.<\/p>\n                            <\/div>\n                                <div class=\"vc_custom_heading vc_gitem-post-data vc_gitem-post-data-source-post_excerpt vc_nopadleft\">\n                                           <div class=\"vc_col-xs-6 vc_col-md-3\">\n                                                <div id=\"iconMini-classnumber\" class=\"iconMini-izq\">\n                                                    <p>20 + 5\/10                                                    <\/p>\n                                                <\/div><\/div>\n                                            <div class=\"vc_col-xs-6 vc_col-md-3\">\n                                                <div id=\"iconMini-time\" class=\"iconMini-izq\"><p>50'<\/p>\n                                                <\/div><\/div>\n                                            <div class=\"vc_col-xs-6 vc_col-md-3\"><div id=\"iconMini-level\" class=\"iconMini-izq\"><p>A1 - C2<\/p><\/div><\/div>\n                                            <div class=\"vc_col-xs-6 vc_col-md-3\"><div id=\"iconMini-people\" class=\"iconMini-izq\"><p>Max 10<\/p><\/div><\/div>\n\n                                        <\/div>\n                                        <div class=\"course-actions\">\n                                            <a href=\"https:\/\/espanoleschool.com\/es\/presupuesto-clases-espanol\/\" title=\"Angebot anfordern\" class=\"vc_general btn-grid botones bot-rojo\">Angebot anfordern<\/a>\n                                            <a href=\"https:\/\/espanoleschool.com\/de\/intensivkurs25\/\" title=\"Erweitern Sie Ihre Informationen\" class=\"vc_general btn-grid botones bot-trans-azul\">Erweitern Sie Ihre Informationen<\/a>\n                                       <\/div>\n                                    <\/div>\n                                <\/div>\n                            <\/div>\n                        <\/div>\n                    <\/div>\n                    <div class=\"vc_clearfix\"><\/div>\n                <\/div>\n\n\t\t\t<\/div>\n\t\t\t<div class=\"swiper-slide\">\n\t\t\t\n\n    <div class=\" vc_clearfix vc_grid-item-zone-c-bottom vc_visible-item fadeIn animated curso-horizontal\">\n        <div class=\" vc_clearfix\">\n            <div class=\"vc_gitem-animated-block vc_col-sm-12 vc_col-md-3\">\n                <div class=\"vc_gitem-zone vc_gitem-zone-a vc-gitem-zone-height-mode-auto vc-gitem-zone-height-mode-auto-1-1 vc_gitem-is-link\" style=\"background-image: url('https:\/\/espanoleschool.com\/escuela\/wp-content\/uploads\/2021\/07\/iplus150ppi.png') !important;\">\n                        <a href=\"https:\/\/espanoleschool.com\/de\/intensiv-kurs-plus\/\" title=\"Intensiv Plus\"   class=\"vc_gitem-link vc-zone-link\"><\/a>\n                                <img decoding=\"async\" src=\"https:\/\/espanoleschool.com\/escuela\/wp-content\/uploads\/2021\/07\/iplus150ppi.png\" class=\"vc_gitem-zone-img\" alt=\"\">\n                        <div class=\"vc_gitem-zone-mini\"><\/div>\n                <\/div>\n            <\/div>\n            <div class=\"vc_gitem-zone vc_gitem-zone-c vc_col-sm-12 vc_col-md-9 \">\n                <div class=\"vc_gitem-zone-mini\">\n                    <div class=\"vc_gitem_row vc_row vc_gitem-row-position-top\">\n                        <div class=\"vc_col-sm-12 vc_gitem-col vc_gitem-col-align-\">\n                            <div class=\"vc_custom_heading vc_gitem-post-data vc_gitem-post-data-source-post_title\">\n                                <h3 class=\"title\">Intensiv Plus<\/h3><p>Unser Intensivkurs hat einen praktischen und kommunikativen Ansatz, der sich auf die wichtigsten Sprachf\u00e4higkeiten konzentriert: Schreiben, Lesen, H\u00f6rverst\u00e4ndnis und Sprechen. Ein Kurs, in dem du das Beste aus jeder Unterrichtsminute machst und viel Spa\u00df am Spanischlernen hast.<\/p>\n                            <\/div>\n                                <div class=\"vc_custom_heading vc_gitem-post-data vc_gitem-post-data-source-post_excerpt vc_nopadleft\">\n                                           <div class=\"vc_col-xs-6 vc_col-md-3\">\n                                                <div id=\"iconMini-classnumber\" class=\"iconMini-izq\">\n                                                    <p>20 + 5                                                    <\/p>\n                                                <\/div><\/div>\n                                            <div class=\"vc_col-xs-6 vc_col-md-3\">\n                                                <div id=\"iconMini-time\" class=\"iconMini-izq\"><p>50'<\/p>\n                                                <\/div><\/div>\n                                            <div class=\"vc_col-xs-6 vc_col-md-3\"><div id=\"iconMini-level\" class=\"iconMini-izq\"><p>A1 - C2<\/p><\/div><\/div>\n                                            <div class=\"vc_col-xs-6 vc_col-md-3\"><div id=\"iconMini-people\" class=\"iconMini-izq\"><p>Max 10<\/p><\/div><\/div>\n\n                                        <\/div>\n                                        <div class=\"course-actions\">\n                                            <a href=\"https:\/\/espanoleschool.com\/es\/presupuesto-clases-espanol\/\" title=\"Angebot anfordern\" class=\"vc_general btn-grid botones bot-rojo\">Angebot anfordern<\/a>\n                                            <a href=\"https:\/\/espanoleschool.com\/de\/intensiv-kurs-plus\/\" title=\"Erweitern Sie Ihre Informationen\" class=\"vc_general btn-grid botones bot-trans-azul\">Erweitern Sie Ihre Informationen<\/a>\n                                       <\/div>\n                                    <\/div>\n                                <\/div>\n                            <\/div>\n                        <\/div>\n                    <\/div>\n                    <div class=\"vc_clearfix\"><\/div>\n                <\/div>\n\n\t\t\t<\/div>\n\t\t\t<div class=\"swiper-slide\">\n\t\t\t\n\n    <div class=\" vc_clearfix vc_grid-item-zone-c-bottom vc_visible-item fadeIn animated curso-horizontal\">\n        <div class=\" vc_clearfix\">\n            <div class=\"vc_gitem-animated-block vc_col-sm-12 vc_col-md-3\">\n                <div class=\"vc_gitem-zone vc_gitem-zone-a vc-gitem-zone-height-mode-auto vc-gitem-zone-height-mode-auto-1-1 vc_gitem-is-link\" style=\"background-image: url('https:\/\/espanoleschool.com\/escuela\/wp-content\/uploads\/2021\/07\/superintensive150ppi.png') !important;\">\n                        <a href=\"https:\/\/espanoleschool.com\/de\/kurs-superintensiv\/\" title=\"Superintensiv\"   class=\"vc_gitem-link vc-zone-link\"><\/a>\n                                <img decoding=\"async\" src=\"https:\/\/espanoleschool.com\/escuela\/wp-content\/uploads\/2021\/07\/superintensive150ppi.png\" class=\"vc_gitem-zone-img\" alt=\"\">\n                        <div class=\"vc_gitem-zone-mini\"><\/div>\n                <\/div>\n            <\/div>\n            <div class=\"vc_gitem-zone vc_gitem-zone-c vc_col-sm-12 vc_col-md-9 \">\n                <div class=\"vc_gitem-zone-mini\">\n                    <div class=\"vc_gitem_row vc_row vc_gitem-row-position-top\">\n                        <div class=\"vc_col-sm-12 vc_gitem-col vc_gitem-col-align-\">\n                            <div class=\"vc_custom_heading vc_gitem-post-data vc_gitem-post-data-source-post_title\">\n                                <h3 class=\"title\">Superintensiv<\/h3><p>Unser umfassendstes Programm umfasst 20 Unterrichtsstunden Allgemeines Spanisch, ein Wahlfach und 5 private Unterrichtsstunden, um deinen Aufenthalt in Spanien zu optimieren und das Beste aus deinem Spanischlernen herauszuholen.<\/p>\n                            <\/div>\n                                <div class=\"vc_custom_heading vc_gitem-post-data vc_gitem-post-data-source-post_excerpt vc_nopadleft\">\n                                           <div class=\"vc_col-xs-6 vc_col-md-3\">\n                                                <div id=\"iconMini-classnumber\" class=\"iconMini-izq\">\n                                                    <p>20 + 5 + 5                                                    <\/p>\n                                                <\/div><\/div>\n                                            <div class=\"vc_col-xs-6 vc_col-md-3\">\n                                                <div id=\"iconMini-time\" class=\"iconMini-izq\"><p>50'<\/p>\n                                                <\/div><\/div>\n                                            <div class=\"vc_col-xs-6 vc_col-md-3\"><div id=\"iconMini-level\" class=\"iconMini-izq\"><p>A1 - C2<\/p><\/div><\/div>\n                                            <div class=\"vc_col-xs-6 vc_col-md-3\"><div id=\"iconMini-people\" class=\"iconMini-izq\"><p>Max 10<\/p><\/div><\/div>\n\n                                        <\/div>\n                                        <div class=\"course-actions\">\n                                            <a href=\"https:\/\/espanoleschool.com\/es\/presupuesto-clases-espanol\/\" title=\"Angebot anfordern\" class=\"vc_general btn-grid botones bot-rojo\">Angebot anfordern<\/a>\n                                            <a href=\"https:\/\/espanoleschool.com\/de\/kurs-superintensiv\/\" title=\"Erweitern Sie Ihre Informationen\" class=\"vc_general btn-grid botones bot-trans-azul\">Erweitern Sie Ihre Informationen<\/a>\n                                       <\/div>\n                                    <\/div>\n                                <\/div>\n                            <\/div>\n                        <\/div>\n                    <\/div>\n                    <div class=\"vc_clearfix\"><\/div>\n                <\/div>\n\n\t\t\t<\/div>\n\t\t\t<div class=\"swiper-slide\">\n\t\t\t\n\n    <div class=\" vc_clearfix vc_grid-item-zone-c-bottom vc_visible-item fadeIn animated curso-horizontal\">\n        <div class=\" vc_clearfix\">\n            <div class=\"vc_gitem-animated-block vc_col-sm-12 vc_col-md-3\">\n                <div class=\"vc_gitem-zone vc_gitem-zone-a vc-gitem-zone-height-mode-auto vc-gitem-zone-height-mode-auto-1-1 vc_gitem-is-link\" style=\"background-image: url('https:\/\/espanoleschool.com\/escuela\/wp-content\/uploads\/2021\/07\/DELE150ppi.png') !important;\">\n                        <a href=\"https:\/\/espanoleschool.com\/de\/vorbereitung-pruefung-dele\/\" title=\"DELE\"   class=\"vc_gitem-link vc-zone-link\"><\/a>\n                                <img decoding=\"async\" src=\"https:\/\/espanoleschool.com\/escuela\/wp-content\/uploads\/2021\/07\/DELE150ppi.png\" class=\"vc_gitem-zone-img\" alt=\"\">\n                        <div class=\"vc_gitem-zone-mini\"><\/div>\n                <\/div>\n            <\/div>\n            <div class=\"vc_gitem-zone vc_gitem-zone-c vc_col-sm-12 vc_col-md-9 \">\n                <div class=\"vc_gitem-zone-mini\">\n                    <div class=\"vc_gitem_row vc_row vc_gitem-row-position-top\">\n                        <div class=\"vc_col-sm-12 vc_gitem-col vc_gitem-col-align-\">\n                            <div class=\"vc_custom_heading vc_gitem-post-data vc_gitem-post-data-source-post_title\">\n                                <h3 class=\"title\">DELE<\/h3><p>Wenn du die offiziellen Pr\u00fcfungen des Instituto Cervantes Dele und Siele ablegen m\u00f6chtest, helfen wir dir in Espa\u00f1ol\u00e9 dabei, dein Ziel mit Erfolg zu erreichen.<br \/>\n98% der Teilnehmer:innen unserer Vorbereitungsprogramme bestehen die Pr\u00fcfung. Du sicher auch!<\/p>\n                            <\/div>\n                                <div class=\"vc_custom_heading vc_gitem-post-data vc_gitem-post-data-source-post_excerpt vc_nopadleft\">\n                                           <div class=\"vc_col-xs-6 vc_col-md-3\">\n                                                <div id=\"iconMini-classnumber\" class=\"iconMini-izq\">\n                                                    <p>20                                                    <\/p>\n                                                <\/div><\/div>\n                                            <div class=\"vc_col-xs-6 vc_col-md-3\">\n                                                <div id=\"iconMini-time\" class=\"iconMini-izq\"><p>50'<\/p>\n                                                <\/div><\/div>\n                                            <div class=\"vc_col-xs-6 vc_col-md-3\"><div id=\"iconMini-level\" class=\"iconMini-izq\"><p>A2 - C1<\/p><\/div><\/div>\n                                            <div class=\"vc_col-xs-6 vc_col-md-3\"><div id=\"iconMini-people\" class=\"iconMini-izq\"><p>Max 10<\/p><\/div><\/div>\n\n                                        <\/div>\n                                        <div class=\"course-actions\">\n                                            <a href=\"https:\/\/espanoleschool.com\/es\/presupuesto-clases-espanol\/\" title=\"Angebot anfordern\" class=\"vc_general btn-grid botones bot-rojo\">Angebot anfordern<\/a>\n                                            <a href=\"https:\/\/espanoleschool.com\/de\/vorbereitung-pruefung-dele\/\" title=\"Erweitern Sie Ihre Informationen\" class=\"vc_general btn-grid botones bot-trans-azul\">Erweitern Sie Ihre Informationen<\/a>\n                                       <\/div>\n                                    <\/div>\n                                <\/div>\n                            <\/div>\n                        <\/div>\n                    <\/div>\n                    <div class=\"vc_clearfix\"><\/div>\n                <\/div>\n\n\t\t\t<\/div>\n\t\t\t<div class=\"swiper-slide\">\n\t\t\t\n\n    <div class=\" vc_clearfix vc_grid-item-zone-c-bottom vc_visible-item fadeIn animated curso-horizontal\">\n        <div class=\" vc_clearfix\">\n            <div class=\"vc_gitem-animated-block vc_col-sm-12 vc_col-md-3\">\n                <div class=\"vc_gitem-zone vc_gitem-zone-a vc-gitem-zone-height-mode-auto vc-gitem-zone-height-mode-auto-1-1 vc_gitem-is-link\" style=\"background-image: url('https:\/\/espanoleschool.com\/escuela\/wp-content\/uploads\/2021\/07\/SIELE150ppi.png') !important;\">\n                        <a href=\"https:\/\/espanoleschool.com\/de\/vorbereitung-pruefung-siele\/\" title=\"SIELE\"   class=\"vc_gitem-link vc-zone-link\"><\/a>\n                                <img decoding=\"async\" src=\"https:\/\/espanoleschool.com\/escuela\/wp-content\/uploads\/2021\/07\/SIELE150ppi.png\" class=\"vc_gitem-zone-img\" alt=\"\">\n                        <div class=\"vc_gitem-zone-mini\"><\/div>\n                <\/div>\n            <\/div>\n            <div class=\"vc_gitem-zone vc_gitem-zone-c vc_col-sm-12 vc_col-md-9 \">\n                <div class=\"vc_gitem-zone-mini\">\n                    <div class=\"vc_gitem_row vc_row vc_gitem-row-position-top\">\n                        <div class=\"vc_col-sm-12 vc_gitem-col vc_gitem-col-align-\">\n                            <div class=\"vc_custom_heading vc_gitem-post-data vc_gitem-post-data-source-post_title\">\n                                <h3 class=\"title\">SIELE<\/h3><p>Unser Intensivkurs hat einen praktischen und kommunikativen Ansatz, der sich auf die wichtigsten Sprachf\u00e4higkeiten konzentriert: Schreiben, Lesen, H\u00f6rverst\u00e4ndnis und Sprechen. Ein Kurs, in dem du das Beste aus jeder Unterrichtsminute machst und viel Spa\u00df am Spanischlernen hast.<\/p>\n                            <\/div>\n                                <div class=\"vc_custom_heading vc_gitem-post-data vc_gitem-post-data-source-post_excerpt vc_nopadleft\">\n                                           <div class=\"vc_col-xs-6 vc_col-md-3\">\n                                                <div id=\"iconMini-classnumber\" class=\"iconMini-izq\">\n                                                    <p>20 Lektionen + 5                                                    <\/p>\n                                                <\/div><\/div>\n                                            <div class=\"vc_col-xs-6 vc_col-md-3\">\n                                                <div id=\"iconMini-time\" class=\"iconMini-izq\"><p>50'<\/p>\n                                                <\/div><\/div>\n                                            <div class=\"vc_col-xs-6 vc_col-md-3\"><div id=\"iconMini-level\" class=\"iconMini-izq\"><p>A1 - C2<\/p><\/div><\/div>\n                                        <\/div>\n                                        <div class=\"course-actions\">\n                                            <a href=\"https:\/\/espanoleschool.com\/es\/presupuesto-clases-espanol\/\" title=\"Angebot anfordern\" class=\"vc_general btn-grid botones bot-rojo\">Angebot anfordern<\/a>\n                                            <a href=\"https:\/\/espanoleschool.com\/de\/vorbereitung-pruefung-siele\/\" title=\"Erweitern Sie Ihre Informationen\" class=\"vc_general btn-grid botones bot-trans-azul\">Erweitern Sie Ihre Informationen<\/a>\n                                       <\/div>\n                                    <\/div>\n                                <\/div>\n                            <\/div>\n                        <\/div>\n                    <\/div>\n                    <div class=\"vc_clearfix\"><\/div>\n                <\/div>\n\n\t\t\t<\/div>\n\t\t<\/div>\n\t<div class=\"swiper-button-prev\"><\/div>\n\t<div class=\"swiper-button-next\"><\/div>\n<\/div>\n\n<script src=\"https:\/\/espanoleschool.com\/escuela\/wp-content\/plugins\/CPT_Cursos\/js\/swiper-bundle.js\"><\/script>\n<link rel=\"stylesheet\" href=\"https:\/\/unpkg.com\/swiper\/swiper-bundle.min.css\" \/>\n    <script>\n      var swiper = new Swiper(\".swiper-all-courses\", {\n        direction: 'horizontal',\n        loop: true,\n        \/\/ We use 1.01 here to force Swiper to create the duplicate slides\n        \/\/ at all times, so we don't get slides popping in at the head\/tail end\n        \/\/ of the swiper. It's a bit of a hack, but it works great.\n        slidesPerView: 1.01,\n        spaceBetween: 0,\n        centeredSlides: true,\n        pagination: {\n            el: \".swiper-pagination\",\n            clickable: true,\n        },\n        \/\/ Navigation arrows\n        navigation: {\n            nextEl: '.swiper-button-next',\n            prevEl: '.swiper-button-prev',\n        },\n    });\n\n    function slide_to( id )\n    {\n    \tvar swiper_elem = document.getElementsByClassName( \"swiper-all-courses\" )[ 0 ]\n    \tif ( swiper_elem && swiper_elem.offsetParent == null )\n    \t{\n\t    \t\/\/ Carousel is hidden in mobile devices, so make the link just take us to the course page\n    \t\treturn true\n    \t}\n        swiper.slideToLoop( id, 300, true );\n        return false;\n    }\n\n    <\/script>\n\n[\/vc_column_text][\/vc_column][\/vc_row][vc_row content_placement=&#8221;middle&#8221;][vc_column css=&#8221;.vc_custom_1625711534428{margin-top: 24px !important;margin-bottom: 24px !important;}&#8221;][vc_column_text el_id=&#8221;estudiar-espanol-porque&#8221; el_class=&#8221;anchor-target&#8221;]#[\/vc_column_text]<div class=\"templatera_shortcode\"><div id=\"seccion-quiero-estudiar\" class=\"vc_row wpb_row vc_row-fluid\"><div class=\"wpb_column vc_column_container vc_col-sm-12\"><div class=\"vc_column-inner\"><div class=\"wpb_wrapper\">\n\t<div class=\"wpb_text_column wpb_content_element \" >\n\t\t<div class=\"wpb_wrapper\">\n\t\t\t<h2 class=\"p1\" style=\"text-align: center;\">Ich m\u00f6chte Spanisch in Valencia lernen, weil \u2026<\/h2>\n<p class=\"p1\" style=\"text-align: center;\">Spezifische Spanischlernprogramme, die entwickelt wurden, damit du deine Lernziele erreichst.<\/p>\n\n\t\t<\/div>\n\t<\/div>\n<div class=\"vc_row wpb_row vc_inner vc_row-fluid vc_row-o-equal-height vc_row-o-content-middle vc_row-flex\"><div class=\"wpb_column vc_column_container vc_col-sm-4 vc_col-has-fill\"><div class=\"vc_column-inner vc_custom_1624612764051\"><div class=\"wpb_wrapper\">\n\t<div class=\"wpb_text_column wpb_content_element \" >\n\t\t<div class=\"wpb_wrapper\">\n\t\t\t<p>Ich m\u00f6chte mein Spanischniveau verbessern, <a href=\"https:\/\/espanoleschool.com\/es\/experiencial\/\">eine andere Erfahrung machen und Freunde aus der ganzen Welt<\/a> finden.<\/p>\n\n\t\t<\/div>\n\t<\/div>\n<\/div><\/div><\/div><div class=\"wpb_column vc_column_container vc_col-sm-4 vc_col-has-fill\"><div class=\"vc_column-inner vc_custom_1624612776056\"><div class=\"wpb_wrapper\">\n\t<div class=\"wpb_text_column wpb_content_element \" >\n\t\t<div class=\"wpb_wrapper\">\n\t\t\t<p>Ich denke, <a href=\"https:\/\/espanoleschool.com\/es\/examenes-oficiales-espanol\/\">Spanisch ist wichtig f\u00fcr meine Zukunft<\/a> und ich m\u00f6chte eine anerkannte Qualifikation erhalten.<\/p>\n\n\t\t<\/div>\n\t<\/div>\n<\/div><\/div><\/div><div class=\"wpb_column vc_column_container vc_col-sm-4 vc_col-has-fill\"><div class=\"vc_column-inner vc_custom_1624612786758\"><div class=\"wpb_wrapper\">\n\t<div class=\"wpb_text_column wpb_content_element \" >\n\t\t<div class=\"wpb_wrapper\">\n\t\t\t<p>Ich w\u00fcrde gerne an <a href=\"https:\/\/espanoleschool.com\/es\/estudiar-universidad-espana\/\">einer spanischen Universit\u00e4t studieren<\/a> und muss daher <a href=\"https:\/\/espanoleschool.com\/es\/estudiar-universidad-espana\/\">mein Spanisch verbessern.<\/a><\/p>\n\n\t\t<\/div>\n\t<\/div>\n<\/div><\/div><\/div><\/div><div class=\"vc_row wpb_row vc_inner vc_row-fluid vc_row-o-equal-height vc_row-o-content-middle vc_row-flex\"><div class=\"wpb_column vc_column_container vc_col-sm-4 vc_col-has-fill\"><div class=\"vc_column-inner vc_custom_1624612798978\"><div class=\"wpb_wrapper\">\n\t<div class=\"wpb_text_column wpb_content_element \" >\n\t\t<div class=\"wpb_wrapper\">\n\t\t\t<p class=\"p1\">Ich interessiere mich sehr <a href=\"https:\/\/espanoleschool.com\/es\/cursos-espanol-adultos\/\">f\u00fcr die spanische Kultur und das Leben,<\/a> und ich m\u00f6chte mein Spanisch in einem <a href=\"https:\/\/espanoleschool.com\/es\/cursos-espanol-adultos\/\">Kurs fu\u0308r Erwachsene<\/a> verbessern.<\/p>\n\n\t\t<\/div>\n\t<\/div>\n<\/div><\/div><\/div><div class=\"wpb_column vc_column_container vc_col-sm-4 vc_col-has-fill\"><div class=\"vc_column-inner vc_custom_1624612809465\"><div class=\"wpb_wrapper\">\n\t<div class=\"wpb_text_column wpb_content_element \" >\n\t\t<div class=\"wpb_wrapper\">\n\t\t\t<p>Beruflich <a href=\"https:\/\/espanoleschool.com\/es\/cursos-espanol-profesional\/\">bin ich international t\u00e4tig<\/a> und brauche Spanisch <a href=\"https:\/\/espanoleschool.com\/es\/cursos-espanol-profesional\/\">f\u00fcr meine Karriere.<\/a><\/p>\n\n\t\t<\/div>\n\t<\/div>\n<\/div><\/div><\/div><div class=\"wpb_column vc_column_container vc_col-sm-4 vc_col-has-fill\"><div class=\"vc_column-inner vc_custom_1624612823874\"><div class=\"wpb_wrapper\">\n\t<div class=\"wpb_text_column wpb_content_element \" >\n\t\t<div class=\"wpb_wrapper\">\n\t\t\t<p>Ich m\u00f6chte einen <a href=\"https:\/\/espanoleschool.com\/es\/cursos-espanol-jovenes\/\">besonderen Sommer in Spanien erleben<\/a> und <a href=\"https:\/\/espanoleschool.com\/es\/cursos-espanol-jovenes\/\">zusammen mit anderen jungen Menschen<\/a> Spanisch lernen.<\/p>\n\n\t\t<\/div>\n\t<\/div>\n<\/div><\/div><\/div><\/div><div class=\"vc_row wpb_row vc_inner vc_row-fluid vc_row-o-equal-height vc_row-o-content-middle vc_row-flex\"><div class=\"wpb_column vc_column_container vc_col-sm-4 vc_col-has-fill\"><div class=\"vc_column-inner vc_custom_1624612837192\"><div class=\"wpb_wrapper\">\n\t<div class=\"wpb_text_column wpb_content_element \" >\n\t\t<div class=\"wpb_wrapper\">\n\t\t\t<p>Ich m\u00f6chte <a href=\"https:\/\/espanoleschool.com\/es\/formacion-profesor-espanol\/\">Spanisch als Fremdsprache lehren oder im Ausland unterrichten.<\/a><\/p>\n\n\t\t<\/div>\n\t<\/div>\n<\/div><\/div><\/div><div class=\"last-col wpb_column vc_column_container vc_col-sm-8 vc_col-has-fill\"><div class=\"vc_column-inner vc_custom_1624615354259\"><div class=\"wpb_wrapper\">\n\t<div class=\"wpb_text_column wpb_content_element \" >\n\t\t<div class=\"wpb_wrapper\">\n\t\t\t<p class=\"p1\">M\u00f6chtest du auch Spanisch lernen?<\/p>\n<p class=\"p1\">Schaue dir alle unsere Kurse an und finde das Programm, das zu dir passt.<\/p>\n<p><a class=\"botones bot-blanco\" href=\"https:\/\/espanoleschool.com\/es\/cursos-espanol-valencia\/\">Alle Kurse anzeigen<\/a><\/p>\n\n\t\t<\/div>\n\t<\/div>\n<\/div><\/div><\/div><\/div><\/div><\/div><\/div><\/div>\n<\/div>[\/vc_column][\/vc_row][vc_row content_placement=&#8221;middle&#8221; css=&#8221;.vc_custom_1626213231717{margin-top: 24px !important;}&#8221;][vc_column width=&#8221;1\/2&#8243;][vc_video link=&#8221;https:\/\/www.youtube.com\/watch?v=XnO5472dZVE&#8221;][\/vc_column][vc_column width=&#8221;1\/2&#8243;][vc_column_text]<\/p>\n<h2>Eine ganz besondere Schule<\/h2>\n<p>Unsere Schule befindet sich im Stadtzentrum von Valencia in einem vollst\u00e4ndig restaurierten gotischen Stadtpalast und verbindet modernste Technologie und Einrichtungen mit der Bewahrung der historischen Essenz.<\/p>\n<p>\n<a class=\"vc-general btn-grid botones bot-azul\" href=\"https:\/\/espanoleschool.com\/es\/international-house-valencia\/la-escuela\/\">\nLerne unsere schule kennen<\/a>\n\n\n    [\/vc_column_text][\/vc_column][\/vc_row][vc_row][vc_column el_class=&#8221;brighten-up-those-icons&#8221;]<div class=\"templatera_shortcode\"><div id=\"incluidos-nuestros-cursos\" data-vc-full-width=\"true\" data-vc-full-width-init=\"false\" class=\"vc_row wpb_row vc_row-fluid darken-icons vc_custom_1630920458957\"><div class=\"wpb_column vc_column_container vc_col-sm-12\"><div class=\"vc_column-inner\"><div class=\"wpb_wrapper\">\n\t<div class=\"wpb_text_column wpb_content_element \" >\n\t\t<div class=\"wpb_wrapper\">\n\t\t\t<h2 class=\"p1\" style=\"text-align: center;\">In unseren Kursen enthalten<\/h2>\n<p class=\"p1\" style=\"text-align: center;\">Mit der Zahlung des Kurses hast du automatisch Zugriff auf eine Auswahl an Ressourcen und Dienstleistungen.<\/p>\n\n\t\t<\/div>\n\t<\/div>\n<div class=\"vc_row wpb_row vc_inner vc_row-fluid\"><div class=\"wpb_column vc_column_container vc_col-sm-4\"><div class=\"vc_column-inner\"><div class=\"wpb_wrapper\">\n\t<div class=\"wpb_text_column wpb_content_element \" >\n\t\t<div class=\"wpb_wrapper\">\n\t\t\t<div id=\"icon-info\" class=\"icon-izq\">\n<h3>Infopaket und Lernmaterial<\/h3>\n<p>Alle Informationen und das gesamte Lernmaterial, das du ben\u00f6tigst, um dein Spanischprogramm in Valencia erfolgreich zu starten. Die Anmeldegeb\u00fchr beinhaltet das erste Buch. Sobald du das n\u00e4chste Level erreicht hast, wirst du das entsprechende Buch selbst kaufen.<\/p>\n<\/div>\n\n\t\t<\/div>\n\t<\/div>\n<\/div><\/div><\/div><div class=\"wpb_column vc_column_container vc_col-sm-4\"><div class=\"vc_column-inner\"><div class=\"wpb_wrapper\">\n\t<div class=\"wpb_text_column wpb_content_element \" >\n\t\t<div class=\"wpb_wrapper\">\n\t\t\t<div id=\"icon-clip\" class=\"icon-izq\">\n<h3>Online-Plattform<\/h3>\n<p>Dieses Tool erm\u00f6glicht es dir, noch mehr Spanisch au\u00dferhalb deines Unterrichts zu praktizieren. Es ist fu\u0308r alle Sprachniveaus geeignet und ausgestattet mit verschiedenen<br \/>\nMethoden und Aufgaben, die auf alle Bereiche der spanischen Sprache fokussiert sind. Das Beste ist, dass du in deinem eigenen Rhythmus arbeiten und dein Spanisch weiter verbessern kannst, auch, wenn du deinen Kurs beendet hast, da es fu\u0308r 6 Monate ohne Zusatzkosten verfu\u0308gbar ist!<\/p>\n<\/div>\n\n\t\t<\/div>\n\t<\/div>\n<\/div><\/div><\/div><div class=\"wpb_column vc_column_container vc_col-sm-4\"><div class=\"vc_column-inner\"><div class=\"wpb_wrapper\">\n\t<div class=\"wpb_text_column wpb_content_element \" >\n\t\t<div class=\"wpb_wrapper\">\n\t\t\t<div id=\"icon-sos\" class=\"icon-izq\">\n<h3 class=\"p1\">24h-Notrufnummer<\/h3>\n<p class=\"p1\">F\u00fcr unvorhergesehene Zwischenf\u00e4lle steht dir eine Notrufnummer zur Verf\u00fcgung, die dich 24\/7 telefonisch unterst\u00fctzt.<\/p>\n<\/div>\n\n\t\t<\/div>\n\t<\/div>\n<\/div><\/div><\/div><\/div><div class=\"vc_row wpb_row vc_inner vc_row-fluid\"><div class=\"wpb_column vc_column_container vc_col-sm-4\"><div class=\"vc_column-inner\"><div class=\"wpb_wrapper\">\n\t<div class=\"wpb_text_column wpb_content_element \" >\n\t\t<div class=\"wpb_wrapper\">\n\t\t\t<div id=\"icon-school\" class=\"icon-izq\">\n<h3 class=\"p1\">Kostenlose Nutzung der Einrichtungen und Dienstleistungen der Schule<\/h3>\n<p>Unsere Schule verfu\u0308gt u\u0308ber verschiedene Bereiche, die du den ganzen Tag u\u0308ber genie\u00dfen kannst: Lernbereiche, eine Lounge zum Kaffeetrinken und Entspannen, eine Sonnenterrasse mit Liegestu\u0308hlen, Duschen\u2026 und natu\u0308rlich unser Personal, das dir bei allem zur Verfu\u0308gung steht, was du ben\u00f6tigst, damit du dich wie zuhause fu\u0308hlst.<\/p>\n<\/div>\n\n\t\t<\/div>\n\t<\/div>\n<\/div><\/div><\/div><div class=\"wpb_column vc_column_container vc_col-sm-4\"><div class=\"vc_column-inner\"><div class=\"wpb_wrapper\">\n\t<div class=\"wpb_text_column wpb_content_element \" >\n\t\t<div class=\"wpb_wrapper\">\n\t\t\t<div id=\"icon-leisure\" class=\"icon-izq\">\n<h3 class=\"p1\">3 kostenlose Aktivit\u00e4ten pro Woche<\/h3>\n<p class=\"p1\">W\u00e4hle aus all unseren Aktivit\u00e4ten diejenigen aus, die dir am besten gefallen. Mach mit und hab viel Spa\u00df mit deinen Mitsch\u00fcler:innen.<\/p>\n<\/div>\n\n\t\t<\/div>\n\t<\/div>\n<\/div><\/div><\/div><div class=\"wpb_column vc_column_container vc_col-sm-4\"><div class=\"vc_column-inner\"><div class=\"wpb_wrapper\">\n\t<div class=\"wpb_text_column wpb_content_element \" >\n\t\t<div class=\"wpb_wrapper\">\n\t\t\t<div id=\"icon-doc\" class=\"icon-izq\">\n<h3 class=\"p1\">Hilfe bei der Anmeldung f\u00fcr die offiziellen Spanischpr\u00fcfungen<\/h3>\n<p class=\"p1\">Bitte frage uns, wenn du Hilfe bei der Vorbereitung der Anmeldeunterlagen f\u00fcr deine offizielle Spanischpr\u00fcfung ben\u00f6tigst.<\/p>\n<\/div>\n\n\t\t<\/div>\n\t<\/div>\n<\/div><\/div><\/div><\/div><div class=\"vc_row wpb_row vc_inner vc_row-fluid\"><div class=\"wpb_column vc_column_container vc_col-sm-4\"><div class=\"vc_column-inner\"><div class=\"wpb_wrapper\">\n\t<div class=\"wpb_text_column wpb_content_element \" >\n\t\t<div class=\"wpb_wrapper\">\n\t\t\t<div id=\"icon-academic\" class=\"icon-izq\">\n<h3 class=\"p1\">Akademische Beratung und Unterst\u00fctzung<\/h3>\n<p class=\"p1\">Unser akademisches Team unterst\u00fctzt dich gerne bei deinem Lernprozess und ber\u00e4t dich in allen Fragen.<\/p>\n<\/div>\n\n\t\t<\/div>\n\t<\/div>\n<\/div><\/div><\/div><div class=\"wpb_column vc_column_container vc_col-sm-4\"><div class=\"vc_column-inner\"><div class=\"wpb_wrapper\">\n\t<div class=\"wpb_text_column wpb_content_element \" >\n\t\t<div class=\"wpb_wrapper\">\n\t\t\t<div id=\"icon-certificate\" class=\"icon-izq\">\n<h3 class=\"p1\">Zertifikat und Bericht nach Kursende<\/h3>\n<p class=\"p1\">Du erh\u00e4ltst einen detaillierten Bericht \u00fcber deine Fortschritte in jedem Sprachbereich und ein Teilnahmezertifikat.<\/p>\n<\/div>\n\n\t\t<\/div>\n\t<\/div>\n<\/div><\/div><\/div><div class=\"wpb_column vc_column_container vc_col-sm-4\"><div class=\"vc_column-inner\"><div class=\"wpb_wrapper\">\n\t<div class=\"wpb_text_column wpb_content_element \" >\n\t\t<div class=\"wpb_wrapper\">\n\t\t\t<div id=\"icon-welcome\" class=\"icon-izq\">\n<h3 class=\"p1\">Begr\u00fc\u00dfungstour<\/h3>\n<p class=\"p1\">Wir begleiten dich auf eine Begr\u00fc\u00dfungstour, damit du Valencia, die Umgebung der Schule und die bedeutendsten Sehensw\u00fcrdigkeiten der Stadt kennenlernst.<\/p>\n<\/div>\n\n\t\t<\/div>\n\t<\/div>\n<\/div><\/div><\/div><\/div><\/div><\/div><\/div><\/div><div class=\"vc_row-full-width vc_clearfix\"><\/div>\n<\/div>[vc_column_text el_id=&#8221;nuestros-profesores-espanol&#8221; el_class=&#8221;anchor-target&#8221;]#[\/vc_column_text][vc_column_text]<\/p>\n<h2 style=\"text-align: center;\">Lerne unser Lehrpersonal kennen<\/h2>\n<p style=\"text-align: center;\">Sie begleiten dich in deinem Lernprozess, damit du so viel wie m\u00f6glich von deinem Spanischunterricht profitierst.<\/p>\n<p>&nbsp;<\/p>\n<p style=\"text-align: center;\"><div class=\"vc_grid vc_row vc_pageable-wrapper vc_hook_hover grid-teachers-rel\" data-vc-pageable-content=\"true\">\n\t\t\t<div class=\"vc_pageable-slide-wrapper vc_clearfix\" data-vc-grid-content=\"true\">\t\t\t<div class=\"teacher-wrap layout-a\">\n\t\t\t<div class=\" vc_clearfix vc_col-sm-2 vc_grid-item-zone-c-bottom vc_visible-item fadeIn animated\">\n\t\t\t\t<script type=\"text\/template\" id=\"teacher-bio-13883\">\n\t\t\t\t\t<h2>Manoli Alanz\u00e1bez<\/h2>\n\t\t\t\t\t<h3><p>Lehrerin<\/p>\n<\/h3>\n\t\t\t\t\t<p class=\"p1\">Mein Name ist Manoli. Ich komme aus Cordoba, obwohl ich seit klein auf in Valencia lebe. Ich habe einen Bachelor in Geographie, Kunst und Geschichte.<\/p>\n<p class=\"p1\">Spanisch als Fremdsprache zu unterrichten ist seit elf Jahren meine Aufgabe, und ich es gef\u00e4llt mir sehr gut. Ich denke, ich lerne tats\u00e4chlich mehr von meinen Sch\u00fcler:innen als sie von mir.<\/p>\n<p class=\"p1\">Geschichte, Kunst, Literatur, Filme, Brettspiele, Essen im Freundeskreis und gute Unterhaltung sind die Aktivit\u00e4ten, die ich genie\u00dfe.<\/p>\n<p class=\"p1\">Tsch\u00fcs!<\/p>\n\t\t\t\t\t<button class=\"botones bot-azul\" onclick=\"ih_popup_close()\">\n\t\t\t\t\t\tSchlie\u00dfen Sie\t\t\t\t\t<\/button>\n\t\t\t\t\t<p>\n\t\t\t\t<\/script>\n\t\t\t\t<div class=\"vc_grid-item-mini vc_clearfix\">\n\t\t\t\t\t<div class=\"vc_gitem-animated-block\">\n\t\t\t\t\t\t<div class=\"vc_gitem-zone vc_gitem-zone-a vc-gitem-zone-height-mode-auto vc-gitem-zone-height-mode-auto-1-1 vc_gitem-is-link\" style=\"background-image: url('https:\/\/espanoleschool.com\/escuela\/wp-content\/uploads\/2021\/10\/DSC_0947C.jpg') !important;\" onclick=\"return show_teacher(13883)\">\n\t\t\t\t\t\t\t<a href=\"#\" title=\"Manoli Alanz\u00e1bez\" class=\"teacher-details-bg vc_gitem-link vc-zone-link\"><\/a>\n\t\t\t\t\t\t\t<img decoding=\"async\" src=\"https:\/\/espanoleschool.com\/escuela\/wp-content\/uploads\/2021\/10\/DSC_0947C.jpg\" class=\"vc_gitem-zone-img\" alt=\"\">\n\t\t\t\t\t\t\t<div class=\"teacher-details only-pc\">\n\t\t\t\t\t\t\t\t<div class=\"teacher-details-wrap\">\n\t\t\t\t\t\t\t\t\t<span class=\"teacher-name\">Manoli Alanz\u00e1bez<\/span>\n\t\t\t\t\t\t\t\t\t<span class=\"teacher-occupation\"><p>Lehrerin<\/p>\n<\/span>\n\t\t\t\t\t\t\t\t<\/div>\n\t\t\t\t\t\t\t<\/div>\n\t\t\t\t\t\t\t<div class=\"vc_gitem-zone-mini\"><\/div>\n\t\t\t\t\t\t<\/div>\n\t\t\t\t\t<\/div>\n\t\t\t\t<\/div>\n\t\t\t\t<div class=\"vc_clearfix\"><\/div>\n\t\t\t<\/div>\n\t\t\t<div class=\"teacher-details only-mobile\">\n\t\t\t\t<div class=\"teacher-details-wrap\">\n\t\t\t\t\t<span class=\"teacher-name\">Manoli Alanz\u00e1bez<\/span>\n\t\t\t\t\t<span class=\"teacher-occupation\"><p>Lehrerin<\/p>\n<\/span>\n\t\t\t\t<\/div>\n\t\t\t<\/div>\n\t\t\t<\/div>\n\t\t\t<div class=\"teacher-wrap layout-a\">\n\t\t\t<div class=\" vc_clearfix vc_col-sm-2 vc_grid-item-zone-c-bottom vc_visible-item fadeIn animated\">\n\t\t\t\t<script type=\"text\/template\" id=\"teacher-bio-69702\">\n\t\t\t\t\t<h2>Marta Ballester<\/h2>\n\t\t\t\t\t<h3><p>Lehrerin<\/p>\n<\/h3>\n\t\t\t\t\t\t\t\t\t\t<button class=\"botones bot-azul\" onclick=\"ih_popup_close()\">\n\t\t\t\t\t\tSchlie\u00dfen Sie\t\t\t\t\t<\/button>\n\t\t\t\t\t<p>\n\t\t\t\t<\/script>\n\t\t\t\t<div class=\"vc_grid-item-mini vc_clearfix\">\n\t\t\t\t\t<div class=\"vc_gitem-animated-block\">\n\t\t\t\t\t\t<div class=\"vc_gitem-zone vc_gitem-zone-a vc-gitem-zone-height-mode-auto vc-gitem-zone-height-mode-auto-1-1 vc_gitem-is-link\" style=\"background-image: url('https:\/\/espanoleschool.com\/escuela\/wp-content\/uploads\/2026\/02\/Marta.png') !important;\" onclick=\"return show_teacher(69702)\">\n\t\t\t\t\t\t\t<a href=\"#\" title=\"Marta Ballester\" class=\"teacher-details-bg vc_gitem-link vc-zone-link\"><\/a>\n\t\t\t\t\t\t\t<img decoding=\"async\" src=\"https:\/\/espanoleschool.com\/escuela\/wp-content\/uploads\/2026\/02\/Marta.png\" class=\"vc_gitem-zone-img\" alt=\"\">\n\t\t\t\t\t\t\t<div class=\"teacher-details only-pc\">\n\t\t\t\t\t\t\t\t<div class=\"teacher-details-wrap\">\n\t\t\t\t\t\t\t\t\t<span class=\"teacher-name\">Marta Ballester<\/span>\n\t\t\t\t\t\t\t\t\t<span class=\"teacher-occupation\"><p>Lehrerin<\/p>\n<\/span>\n\t\t\t\t\t\t\t\t<\/div>\n\t\t\t\t\t\t\t<\/div>\n\t\t\t\t\t\t\t<div class=\"vc_gitem-zone-mini\"><\/div>\n\t\t\t\t\t\t<\/div>\n\t\t\t\t\t<\/div>\n\t\t\t\t<\/div>\n\t\t\t\t<div class=\"vc_clearfix\"><\/div>\n\t\t\t<\/div>\n\t\t\t<div class=\"teacher-details only-mobile\">\n\t\t\t\t<div class=\"teacher-details-wrap\">\n\t\t\t\t\t<span class=\"teacher-name\">Marta Ballester<\/span>\n\t\t\t\t\t<span class=\"teacher-occupation\"><p>Lehrerin<\/p>\n<\/span>\n\t\t\t\t<\/div>\n\t\t\t<\/div>\n\t\t\t<\/div>\n\t\t\t<div class=\"teacher-wrap layout-a\">\n\t\t\t<div class=\" vc_clearfix vc_col-sm-2 vc_grid-item-zone-c-bottom vc_visible-item fadeIn animated\">\n\t\t\t\t<script type=\"text\/template\" id=\"teacher-bio-69356\">\n\t\t\t\t\t<h2>Mar\u00eda Gardey<\/h2>\n\t\t\t\t\t<h3><p>Lehrerin<\/p>\n<\/h3>\n\t\t\t\t\t<p data-start=\"34\" data-end=\"313\">Mein Name ist Mar\u00eda und ich unterrichte seit acht Jahren Spanisch f\u00fcr Ausl\u00e4nder. Ich wurde in Valencia geboren und habe mein ganzes Leben in dieser Stadt gelebt. Ich habe Hispanische Philologie an der Universit\u00e4t Valencia studiert und liebe meine Sprache und ihre Literatur sehr.<\/p>\n<p data-start=\"315\" data-end=\"595\">Spanisch f\u00fcr Ausl\u00e4nder zu unterrichten ist ein Beruf, den ich zu Beginn meines Studiums noch nicht kannte, aber den ich f\u00fcr wunderbar halte. Ich liebe es, mit verschiedenen Kulturen in Kontakt zu sein und zu sehen, wie die Sch\u00fcler nach und nach Fortschritte in der Sprache machen.<\/p>\n<p data-start=\"597\" data-end=\"688\" data-is-last-node=\"\" data-is-only-node=\"\">In meiner Freizeit lese ich gerne, schaue Serien oder Filme und reise, wann immer ich kann.<\/p>\n\t\t\t\t\t<button class=\"botones bot-azul\" onclick=\"ih_popup_close()\">\n\t\t\t\t\t\tSchlie\u00dfen Sie\t\t\t\t\t<\/button>\n\t\t\t\t\t<p>\n\t\t\t\t<\/script>\n\t\t\t\t<div class=\"vc_grid-item-mini vc_clearfix\">\n\t\t\t\t\t<div class=\"vc_gitem-animated-block\">\n\t\t\t\t\t\t<div class=\"vc_gitem-zone vc_gitem-zone-a vc-gitem-zone-height-mode-auto vc-gitem-zone-height-mode-auto-1-1 vc_gitem-is-link\" style=\"background-image: url('https:\/\/espanoleschool.com\/escuela\/wp-content\/uploads\/2026\/02\/Maria-Gardey.png') !important;\" onclick=\"return show_teacher(69356)\">\n\t\t\t\t\t\t\t<a href=\"#\" title=\"Mar\u00eda Gardey\" class=\"teacher-details-bg vc_gitem-link vc-zone-link\"><\/a>\n\t\t\t\t\t\t\t<img decoding=\"async\" src=\"https:\/\/espanoleschool.com\/escuela\/wp-content\/uploads\/2026\/02\/Maria-Gardey.png\" class=\"vc_gitem-zone-img\" alt=\"\">\n\t\t\t\t\t\t\t<div class=\"teacher-details only-pc\">\n\t\t\t\t\t\t\t\t<div class=\"teacher-details-wrap\">\n\t\t\t\t\t\t\t\t\t<span class=\"teacher-name\">Mar\u00eda Gardey<\/span>\n\t\t\t\t\t\t\t\t\t<span class=\"teacher-occupation\"><p>Lehrerin<\/p>\n<\/span>\n\t\t\t\t\t\t\t\t<\/div>\n\t\t\t\t\t\t\t<\/div>\n\t\t\t\t\t\t\t<div class=\"vc_gitem-zone-mini\"><\/div>\n\t\t\t\t\t\t<\/div>\n\t\t\t\t\t<\/div>\n\t\t\t\t<\/div>\n\t\t\t\t<div class=\"vc_clearfix\"><\/div>\n\t\t\t<\/div>\n\t\t\t<div class=\"teacher-details only-mobile\">\n\t\t\t\t<div class=\"teacher-details-wrap\">\n\t\t\t\t\t<span class=\"teacher-name\">Mar\u00eda Gardey<\/span>\n\t\t\t\t\t<span class=\"teacher-occupation\"><p>Lehrerin<\/p>\n<\/span>\n\t\t\t\t<\/div>\n\t\t\t<\/div>\n\t\t\t<\/div>\n\t\t\t<div class=\"teacher-wrap layout-a\">\n\t\t\t<div class=\" vc_clearfix vc_col-sm-2 vc_grid-item-zone-c-bottom vc_visible-item fadeIn animated\">\n\t\t\t\t<script type=\"text\/template\" id=\"teacher-bio-69877\">\n\t\t\t\t\t<h2>Laura Cattaneo<\/h2>\n\t\t\t\t\t<h3><p>Lehrerin<\/p>\n<\/h3>\n\t\t\t\t\t<p data-path-to-node=\"4\">Hallo zusammen! Mein Name ist Laura.<\/p>\n<p data-path-to-node=\"5\">Ich stamme aus Mar del Plata, Argentiniens sch\u00f6nster K\u00fcstenstadt, und bin seit \u00fcber 25 Jahren als Spanischlehrerin in verschiedenen L\u00e4ndern t\u00e4tig. Ich liebe den Kontakt mit unterschiedlichen Kulturen, die Welt der Sprachen und die interkulturelle Dynamik im Klassenzimmer.<\/p>\n<p data-path-to-node=\"6\">Urspr\u00fcnglich habe ich mein Studium in Biologischen Wissenschaften abgeschlossen. Doch als ich mein Heimatland verlie\u00df, entdeckte ich meine wahre Leidenschaft f\u00fcr das Unterrichten von Spanisch. Dies f\u00fchrte mich dazu, einen Master in Linguistik an der Universit\u00e4t Ja\u00e9n zu absolvieren, mit einer Spezialisierung auf E-Learning und den Einsatz von Informations- und Kommunikationstechnologien (IKT) im Unterricht. W\u00e4hrend meiner Promotionsstudien in Biologie in Athen begann ich, Spanisch zu unterrichten, arbeitete als Dolmetscherin und \u00dcbersetzerin (Griechisch-Spanisch) an der argentinischen Botschaft und war in der Vorbereitung auf DELE-Pr\u00fcfungen sowie in ELSE-Fortbildungsprogrammen t\u00e4tig.<\/p>\n<p data-path-to-node=\"7\">Jahre sp\u00e4ter, nach der R\u00fcckkehr in meine Heimatstadt, wurde ich berufen, Teil des intensiven Sommer-ELE-Programms f\u00fcr Studenten des Hunter College (New York) sowie des IDEAR-Programms (Ingenieros Deutschland-Argentina) an der Fakult\u00e4t f\u00fcr Ingenieurwissenschaften der Nationalen Universit\u00e4t von Mar del Plata (UNMDP) zu werden. Dort haben wir j\u00e4hrlich Austauschstipendiaten aus aller Welt empfangen. In dieser Zeit war ich zudem als koordinierende Professorin der Abteilung f\u00fcr Spanisch als Fremdsprache im Sprachenlabor der UNMDP t\u00e4tig und trug die Verantwortung als Administratorin, Pr\u00fcferin und Korrektorin f\u00fcr die internationalen CELU-Examen (Certificado de Espa\u00f1ol: Lengua y Uso).<\/p>\n<p data-path-to-node=\"8\">Im Jahr 2022 f\u00fchrte mich meine Lehrt\u00e4tigkeit nach Indien an die Lancers International School in Gurgaon, wo ich als Lehrerin und Koordinatorin f\u00fcr die Spanisch-Abteilung sowie f\u00fcr die internationalen Pr\u00fcfungen MYP, DP und IGCSE t\u00e4tig war.<\/p>\n<p data-path-to-node=\"9\">Schlie\u00dflich kam ich 2023 im wundervollen Valencia an, wo mich das gesamte Team von Espa\u00f1ol\u00e9 herzlich aufgenommen und in seine Familie integriert hat.<\/p>\n<p data-path-to-node=\"10\">Ich freue mich sehr darauf, dich in meinem Unterricht zu begr\u00fc\u00dfen und dich bei dieser faszinierenden Erfahrung des immersiven Lernens zu begleiten!<\/p>\n\t\t\t\t\t<button class=\"botones bot-azul\" onclick=\"ih_popup_close()\">\n\t\t\t\t\t\tSchlie\u00dfen Sie\t\t\t\t\t<\/button>\n\t\t\t\t\t<p>\n\t\t\t\t<\/script>\n\t\t\t\t<div class=\"vc_grid-item-mini vc_clearfix\">\n\t\t\t\t\t<div class=\"vc_gitem-animated-block\">\n\t\t\t\t\t\t<div class=\"vc_gitem-zone vc_gitem-zone-a vc-gitem-zone-height-mode-auto vc-gitem-zone-height-mode-auto-1-1 vc_gitem-is-link\" style=\"background-image: url('https:\/\/espanoleschool.com\/escuela\/wp-content\/uploads\/2026\/02\/Laura.png') !important;\" onclick=\"return show_teacher(69877)\">\n\t\t\t\t\t\t\t<a href=\"#\" title=\"Laura Cattaneo\" class=\"teacher-details-bg vc_gitem-link vc-zone-link\"><\/a>\n\t\t\t\t\t\t\t<img decoding=\"async\" src=\"https:\/\/espanoleschool.com\/escuela\/wp-content\/uploads\/2026\/02\/Laura.png\" class=\"vc_gitem-zone-img\" alt=\"\">\n\t\t\t\t\t\t\t<div class=\"teacher-details only-pc\">\n\t\t\t\t\t\t\t\t<div class=\"teacher-details-wrap\">\n\t\t\t\t\t\t\t\t\t<span class=\"teacher-name\">Laura Cattaneo<\/span>\n\t\t\t\t\t\t\t\t\t<span class=\"teacher-occupation\"><p>Lehrerin<\/p>\n<\/span>\n\t\t\t\t\t\t\t\t<\/div>\n\t\t\t\t\t\t\t<\/div>\n\t\t\t\t\t\t\t<div class=\"vc_gitem-zone-mini\"><\/div>\n\t\t\t\t\t\t<\/div>\n\t\t\t\t\t<\/div>\n\t\t\t\t<\/div>\n\t\t\t\t<div class=\"vc_clearfix\"><\/div>\n\t\t\t<\/div>\n\t\t\t<div class=\"teacher-details only-mobile\">\n\t\t\t\t<div class=\"teacher-details-wrap\">\n\t\t\t\t\t<span class=\"teacher-name\">Laura Cattaneo<\/span>\n\t\t\t\t\t<span class=\"teacher-occupation\"><p>Lehrerin<\/p>\n<\/span>\n\t\t\t\t<\/div>\n\t\t\t<\/div>\n\t\t\t<\/div>\n\t\t\t<div class=\"teacher-wrap layout-a\">\n\t\t\t<div class=\" vc_clearfix vc_col-sm-2 vc_grid-item-zone-c-bottom vc_visible-item fadeIn animated\">\n\t\t\t\t<script type=\"text\/template\" id=\"teacher-bio-70185\">\n\t\t\t\t\t<h2>Clara Marzal<\/h2>\n\t\t\t\t\t<h3><p>Lehrerin<\/p>\n<\/h3>\n\t\t\t\t\t<p>Hallo! Ich bin Clara, Spanischlehrerin und leidenschaftliche Sprachenliebhaberin. F\u00fcr mich bedeutet das Lernen einer Sprache, den Geist f\u00fcr die Welt zu \u00f6ffnen. In meinem Unterricht verbinde ich Professionalit\u00e4t mit Herzlichkeit und Begeisterung, damit das Spanischlernen zu einer sch\u00f6nen und bereichernden Erfahrung wird.<\/p>\n\t\t\t\t\t<button class=\"botones bot-azul\" onclick=\"ih_popup_close()\">\n\t\t\t\t\t\tSchlie\u00dfen Sie\t\t\t\t\t<\/button>\n\t\t\t\t\t<p>\n\t\t\t\t<\/script>\n\t\t\t\t<div class=\"vc_grid-item-mini vc_clearfix\">\n\t\t\t\t\t<div class=\"vc_gitem-animated-block\">\n\t\t\t\t\t\t<div class=\"vc_gitem-zone vc_gitem-zone-a vc-gitem-zone-height-mode-auto vc-gitem-zone-height-mode-auto-1-1 vc_gitem-is-link\" style=\"background-image: url('https:\/\/espanoleschool.com\/escuela\/wp-content\/uploads\/2026\/03\/Carla-4.png') !important;\" onclick=\"return show_teacher(70185)\">\n\t\t\t\t\t\t\t<a href=\"#\" title=\"Clara Marzal\" class=\"teacher-details-bg vc_gitem-link vc-zone-link\"><\/a>\n\t\t\t\t\t\t\t<img decoding=\"async\" src=\"https:\/\/espanoleschool.com\/escuela\/wp-content\/uploads\/2026\/03\/Carla-4.png\" class=\"vc_gitem-zone-img\" alt=\"\">\n\t\t\t\t\t\t\t<div class=\"teacher-details only-pc\">\n\t\t\t\t\t\t\t\t<div class=\"teacher-details-wrap\">\n\t\t\t\t\t\t\t\t\t<span class=\"teacher-name\">Clara Marzal<\/span>\n\t\t\t\t\t\t\t\t\t<span class=\"teacher-occupation\"><p>Lehrerin<\/p>\n<\/span>\n\t\t\t\t\t\t\t\t<\/div>\n\t\t\t\t\t\t\t<\/div>\n\t\t\t\t\t\t\t<div class=\"vc_gitem-zone-mini\"><\/div>\n\t\t\t\t\t\t<\/div>\n\t\t\t\t\t<\/div>\n\t\t\t\t<\/div>\n\t\t\t\t<div class=\"vc_clearfix\"><\/div>\n\t\t\t<\/div>\n\t\t\t<div class=\"teacher-details only-mobile\">\n\t\t\t\t<div class=\"teacher-details-wrap\">\n\t\t\t\t\t<span class=\"teacher-name\">Clara Marzal<\/span>\n\t\t\t\t\t<span class=\"teacher-occupation\"><p>Lehrerin<\/p>\n<\/span>\n\t\t\t\t<\/div>\n\t\t\t<\/div>\n\t\t\t<\/div>\n\t\t\t<div class=\"teacher-wrap layout-a\">\n\t\t\t<div class=\" vc_clearfix vc_col-sm-2 vc_grid-item-zone-c-bottom vc_visible-item fadeIn animated\">\n\t\t\t\t<script type=\"text\/template\" id=\"teacher-bio-67347\">\n\t\t\t\t\t<h2>Mar\u00eda Mauro<\/h2>\n\t\t\t\t\t<h3><p>Lehrerin<\/p>\n<\/h3>\n\t\t\t\t\t<p>Hallo! Ich hei\u00dfe Mar\u00eda und komme aus einem kleinen Dorf im Binnenland der Region Valencia. Ich habe Hispanistik studiert und einen Master in Spanisch f\u00fcr Ausl\u00e4nder. Ich habe Erfahrung als Lehrerin sowohl in Spanien als auch im Ausland.<\/p>\n<p>Ich liebe diesen Beruf, weil ich mich damit allem widmen kann, wof\u00fcr ich Leidenschaft empfinde: Sprachen, kultureller Austausch und Kreativit\u00e4t im Allgemeinen. Mein Ziel im Unterricht ist, dass sich alle beim \u00dcben, Lernen und Kommunizieren auf Spanisch wohlf\u00fchlen.<\/p>\n<p>Ich spreche Spanisch, Valencianisch, Englisch und Franz\u00f6sisch und beginne gerade, Chinesisch zu lernen. In meiner Freizeit lese ich gern, schreibe, male und wandere mit meiner H\u00fcndin in den Bergen.<\/p>\n<p>Wir sehen uns im Unterricht!<\/p>\n\t\t\t\t\t<button class=\"botones bot-azul\" onclick=\"ih_popup_close()\">\n\t\t\t\t\t\tSchlie\u00dfen Sie\t\t\t\t\t<\/button>\n\t\t\t\t\t<p>\n\t\t\t\t<\/script>\n\t\t\t\t<div class=\"vc_grid-item-mini vc_clearfix\">\n\t\t\t\t\t<div class=\"vc_gitem-animated-block\">\n\t\t\t\t\t\t<div class=\"vc_gitem-zone vc_gitem-zone-a vc-gitem-zone-height-mode-auto vc-gitem-zone-height-mode-auto-1-1 vc_gitem-is-link\" style=\"background-image: url('https:\/\/espanoleschool.com\/escuela\/wp-content\/uploads\/2025\/11\/Maria_M.jpg') !important;\" onclick=\"return show_teacher(67347)\">\n\t\t\t\t\t\t\t<a href=\"#\" title=\"Mar\u00eda Mauro\" class=\"teacher-details-bg vc_gitem-link vc-zone-link\"><\/a>\n\t\t\t\t\t\t\t<img decoding=\"async\" src=\"https:\/\/espanoleschool.com\/escuela\/wp-content\/uploads\/2025\/11\/Maria_M.jpg\" class=\"vc_gitem-zone-img\" alt=\"\">\n\t\t\t\t\t\t\t<div class=\"teacher-details only-pc\">\n\t\t\t\t\t\t\t\t<div class=\"teacher-details-wrap\">\n\t\t\t\t\t\t\t\t\t<span class=\"teacher-name\">Mar\u00eda Mauro<\/span>\n\t\t\t\t\t\t\t\t\t<span class=\"teacher-occupation\"><p>Lehrerin<\/p>\n<\/span>\n\t\t\t\t\t\t\t\t<\/div>\n\t\t\t\t\t\t\t<\/div>\n\t\t\t\t\t\t\t<div class=\"vc_gitem-zone-mini\"><\/div>\n\t\t\t\t\t\t<\/div>\n\t\t\t\t\t<\/div>\n\t\t\t\t<\/div>\n\t\t\t\t<div class=\"vc_clearfix\"><\/div>\n\t\t\t<\/div>\n\t\t\t<div class=\"teacher-details only-mobile\">\n\t\t\t\t<div class=\"teacher-details-wrap\">\n\t\t\t\t\t<span class=\"teacher-name\">Mar\u00eda Mauro<\/span>\n\t\t\t\t\t<span class=\"teacher-occupation\"><p>Lehrerin<\/p>\n<\/span>\n\t\t\t\t<\/div>\n\t\t\t<\/div>\n\t\t\t<\/div>\n\t\t\t<div class=\"teacher-wrap layout-a\">\n\t\t\t<div class=\" vc_clearfix vc_col-sm-2 vc_grid-item-zone-c-bottom vc_visible-item fadeIn animated\">\n\t\t\t\t<script type=\"text\/template\" id=\"teacher-bio-70117\">\n\t\t\t\t\t<h2>Ana Almansa<\/h2>\n\t\t\t\t\t<h3><p>Lehrerin<\/p>\n<\/h3>\n\t\t\t\t\t\t\t\t\t\t<button class=\"botones bot-azul\" onclick=\"ih_popup_close()\">\n\t\t\t\t\t\tSchlie\u00dfen Sie\t\t\t\t\t<\/button>\n\t\t\t\t\t<p>\n\t\t\t\t<\/script>\n\t\t\t\t<div class=\"vc_grid-item-mini vc_clearfix\">\n\t\t\t\t\t<div class=\"vc_gitem-animated-block\">\n\t\t\t\t\t\t<div class=\"vc_gitem-zone vc_gitem-zone-a vc-gitem-zone-height-mode-auto vc-gitem-zone-height-mode-auto-1-1 vc_gitem-is-link\" style=\"background-image: url('https:\/\/espanoleschool.com\/escuela\/wp-content\/uploads\/2026\/03\/Foto-Profesora-1.png') !important;\" onclick=\"return show_teacher(70117)\">\n\t\t\t\t\t\t\t<a href=\"#\" title=\"Ana Almansa\" class=\"teacher-details-bg vc_gitem-link vc-zone-link\"><\/a>\n\t\t\t\t\t\t\t<img decoding=\"async\" src=\"https:\/\/espanoleschool.com\/escuela\/wp-content\/uploads\/2026\/03\/Foto-Profesora-1.png\" class=\"vc_gitem-zone-img\" alt=\"\">\n\t\t\t\t\t\t\t<div class=\"teacher-details only-pc\">\n\t\t\t\t\t\t\t\t<div class=\"teacher-details-wrap\">\n\t\t\t\t\t\t\t\t\t<span class=\"teacher-name\">Ana Almansa<\/span>\n\t\t\t\t\t\t\t\t\t<span class=\"teacher-occupation\"><p>Lehrerin<\/p>\n<\/span>\n\t\t\t\t\t\t\t\t<\/div>\n\t\t\t\t\t\t\t<\/div>\n\t\t\t\t\t\t\t<div class=\"vc_gitem-zone-mini\"><\/div>\n\t\t\t\t\t\t<\/div>\n\t\t\t\t\t<\/div>\n\t\t\t\t<\/div>\n\t\t\t\t<div class=\"vc_clearfix\"><\/div>\n\t\t\t<\/div>\n\t\t\t<div class=\"teacher-details only-mobile\">\n\t\t\t\t<div class=\"teacher-details-wrap\">\n\t\t\t\t\t<span class=\"teacher-name\">Ana Almansa<\/span>\n\t\t\t\t\t<span class=\"teacher-occupation\"><p>Lehrerin<\/p>\n<\/span>\n\t\t\t\t<\/div>\n\t\t\t<\/div>\n\t\t\t<\/div>\n\t\t\t<div class=\"teacher-wrap layout-a\">\n\t\t\t<div class=\" vc_clearfix vc_col-sm-2 vc_grid-item-zone-c-bottom vc_visible-item fadeIn animated\">\n\t\t\t\t<script type=\"text\/template\" id=\"teacher-bio-13888\">\n\t\t\t\t\t<h2>Luis del Rey<\/h2>\n\t\t\t\t\t<h3><p>Lehrer<\/p>\n<\/h3>\n\t\t\t\t\t<p class=\"p1\">Hallo.<\/p>\n<p class=\"p1\">Ich bin Luis und seit etwa zweieinhalb Jahren geh\u00f6re ich zum Team von Espa\u00f1ol\u00e9. Ich habe kein typisches Lehrerprofil, da ich Rechts- und Wirtschaftswissenschaften studiert habe. Aber Sprachen haben mir schon immer gefallen. Ich habe eine gewisse Leidenschaft f\u00fcr sie, und so spreche ich (bis jetzt) sechs: Spanisch, Deutsch, Englisch, Franz\u00f6sisch, Portugiesisch und Italienisch. Und daneben radebreche ich noch einige Sprachen mehr. Dazu beigetragen hat sicher, dass ich als Sohn einer Deutschen und eines Spaniers zwischen zwei Kulturen aufgewachsen bin. Vor einigen Jahren hatte ich die Gelegenheit, bei Espa\u00f1ol\u00e9 die Sprachlehrerausbildung durchzuf\u00fchren und so entdeckte ich das Unterrichten. Diese T\u00e4tigkeit bringe ich unter einen Hut mit meinen anderen beruflichen Aktivit\u00e4ten: ich bin Schriftsteller und Autor von Berichten \u00fcber das Kulturerbe und gelegentlich auch Berater und Fotograf.<\/p>\n\t\t\t\t\t<button class=\"botones bot-azul\" onclick=\"ih_popup_close()\">\n\t\t\t\t\t\tSchlie\u00dfen Sie\t\t\t\t\t<\/button>\n\t\t\t\t\t<p>\n\t\t\t\t<\/script>\n\t\t\t\t<div class=\"vc_grid-item-mini vc_clearfix\">\n\t\t\t\t\t<div class=\"vc_gitem-animated-block\">\n\t\t\t\t\t\t<div class=\"vc_gitem-zone vc_gitem-zone-a vc-gitem-zone-height-mode-auto vc-gitem-zone-height-mode-auto-1-1 vc_gitem-is-link\" style=\"background-image: url('https:\/\/espanoleschool.com\/escuela\/wp-content\/uploads\/2021\/10\/HRH5391-160x160-1.jpg') !important;\" onclick=\"return show_teacher(13888)\">\n\t\t\t\t\t\t\t<a href=\"#\" title=\"Luis del Rey\" class=\"teacher-details-bg vc_gitem-link vc-zone-link\"><\/a>\n\t\t\t\t\t\t\t<img decoding=\"async\" src=\"https:\/\/espanoleschool.com\/escuela\/wp-content\/uploads\/2021\/10\/HRH5391-160x160-1.jpg\" class=\"vc_gitem-zone-img\" alt=\"\">\n\t\t\t\t\t\t\t<div class=\"teacher-details only-pc\">\n\t\t\t\t\t\t\t\t<div class=\"teacher-details-wrap\">\n\t\t\t\t\t\t\t\t\t<span class=\"teacher-name\">Luis del Rey<\/span>\n\t\t\t\t\t\t\t\t\t<span class=\"teacher-occupation\"><p>Lehrer<\/p>\n<\/span>\n\t\t\t\t\t\t\t\t<\/div>\n\t\t\t\t\t\t\t<\/div>\n\t\t\t\t\t\t\t<div class=\"vc_gitem-zone-mini\"><\/div>\n\t\t\t\t\t\t<\/div>\n\t\t\t\t\t<\/div>\n\t\t\t\t<\/div>\n\t\t\t\t<div class=\"vc_clearfix\"><\/div>\n\t\t\t<\/div>\n\t\t\t<div class=\"teacher-details only-mobile\">\n\t\t\t\t<div class=\"teacher-details-wrap\">\n\t\t\t\t\t<span class=\"teacher-name\">Luis del Rey<\/span>\n\t\t\t\t\t<span class=\"teacher-occupation\"><p>Lehrer<\/p>\n<\/span>\n\t\t\t\t<\/div>\n\t\t\t<\/div>\n\t\t\t<\/div>\n\t\t\t<div class=\"teacher-wrap layout-a\">\n\t\t\t<div class=\" vc_clearfix vc_col-sm-2 vc_grid-item-zone-c-bottom vc_visible-item fadeIn animated\">\n\t\t\t\t<script type=\"text\/template\" id=\"teacher-bio-54617\">\n\t\t\t\t\t<h2>Iris Tarrega<\/h2>\n\t\t\t\t\t<h3><p>Lehrerin<\/p>\n<\/h3>\n\t\t\t\t\t<p class=\"p1\">Hallo zusammen!<\/p>\n<p class=\"p1\">Ich hei\u00dfe Iris T\u00e0rrega. Ich habe Hispanistik an der Universit\u00e4t von Valencia studiert und mich sp\u00e4ter auf das Unterrichten von Spanisch als Fremdsprache spezialisiert. Als ich diesen Beruf entdeckt habe, habe ich mich sofort in ihn verliebt \u2013 aus vielen Gr\u00fcnden, aber vor allem wegen des privilegierten Raums f\u00fcr interkulturelles Lernen, den er bietet. Denn in welchem anderen Beruf kann man die ganze Welt bereisen, ohne die eigene Stadt zu verlassen?<\/p>\n<p class=\"p1\">Derzeit bin ich Lehrerin bei Espa\u00f1ol\u00e9, wo ich jeden Tag von meinen Sch\u00fclern lerne und sie unterrichte.<\/p>\n<p class=\"p1\">Wir sehen uns in der Schule! \ud83d\ude42<\/p>\n\t\t\t\t\t<button class=\"botones bot-azul\" onclick=\"ih_popup_close()\">\n\t\t\t\t\t\tSchlie\u00dfen Sie\t\t\t\t\t<\/button>\n\t\t\t\t\t<p>\n\t\t\t\t<\/script>\n\t\t\t\t<div class=\"vc_grid-item-mini vc_clearfix\">\n\t\t\t\t\t<div class=\"vc_gitem-animated-block\">\n\t\t\t\t\t\t<div class=\"vc_gitem-zone vc_gitem-zone-a vc-gitem-zone-height-mode-auto vc-gitem-zone-height-mode-auto-1-1 vc_gitem-is-link\" style=\"background-image: url('https:\/\/espanoleschool.com\/escuela\/wp-content\/uploads\/2021\/10\/DSC_0873C.jpg') !important;\" onclick=\"return show_teacher(54617)\">\n\t\t\t\t\t\t\t<a href=\"#\" title=\"Iris Tarrega\" class=\"teacher-details-bg vc_gitem-link vc-zone-link\"><\/a>\n\t\t\t\t\t\t\t<img decoding=\"async\" src=\"https:\/\/espanoleschool.com\/escuela\/wp-content\/uploads\/2021\/10\/DSC_0873C.jpg\" class=\"vc_gitem-zone-img\" alt=\"\">\n\t\t\t\t\t\t\t<div class=\"teacher-details only-pc\">\n\t\t\t\t\t\t\t\t<div class=\"teacher-details-wrap\">\n\t\t\t\t\t\t\t\t\t<span class=\"teacher-name\">Iris Tarrega<\/span>\n\t\t\t\t\t\t\t\t\t<span class=\"teacher-occupation\"><p>Lehrerin<\/p>\n<\/span>\n\t\t\t\t\t\t\t\t<\/div>\n\t\t\t\t\t\t\t<\/div>\n\t\t\t\t\t\t\t<div class=\"vc_gitem-zone-mini\"><\/div>\n\t\t\t\t\t\t<\/div>\n\t\t\t\t\t<\/div>\n\t\t\t\t<\/div>\n\t\t\t\t<div class=\"vc_clearfix\"><\/div>\n\t\t\t<\/div>\n\t\t\t<div class=\"teacher-details only-mobile\">\n\t\t\t\t<div class=\"teacher-details-wrap\">\n\t\t\t\t\t<span class=\"teacher-name\">Iris Tarrega<\/span>\n\t\t\t\t\t<span class=\"teacher-occupation\"><p>Lehrerin<\/p>\n<\/span>\n\t\t\t\t<\/div>\n\t\t\t<\/div>\n\t\t\t<\/div>\n\t\t\t<div class=\"teacher-wrap layout-a\">\n\t\t\t<div class=\" vc_clearfix vc_col-sm-2 vc_grid-item-zone-c-bottom vc_visible-item fadeIn animated\">\n\t\t\t\t<script type=\"text\/template\" id=\"teacher-bio-13892\">\n\t\t\t\t\t<h2>Javi Cebolla<\/h2>\n\t\t\t\t\t<h3><p>Lehrer<\/p>\n<\/h3>\n\t\t\t\t\t<p>Hallo zusammen!<\/p>\n<p>Mein Name ist Javi, ich komme aus Valencia und habe einen Abschluss in Hispanistik.<\/p>\n<p>Schon als Kind wusste ich, dass ich Lehrerin werden wollte, deshalb k\u00f6nnte man sagen, dass ich eine gro\u00dfe Berufung habe. Ich genie\u00dfe es sehr, Unterricht zu geben, und ich versuche immer, die Stunden unterhaltsam zu gestalten, weil ich fest davon \u00fcberzeugt bin, dass man viel besser lernt, wenn man Spa\u00df daran hat.<\/p>\n<p>In meiner Freizeit lese ich gerne, spiele Videospiele, verbringe einen Nachmittag (oder eine Nacht) mit Freunden beim Brettspielen und lerne Sprachen (ich bin bei der vierten Sprache und habe nicht vor, damit aufzuh\u00f6ren).<\/p>\n<p>Bis bald in Valencia!<\/p>\n\t\t\t\t\t<button class=\"botones bot-azul\" onclick=\"ih_popup_close()\">\n\t\t\t\t\t\tSchlie\u00dfen Sie\t\t\t\t\t<\/button>\n\t\t\t\t\t<p>\n\t\t\t\t<\/script>\n\t\t\t\t<div class=\"vc_grid-item-mini vc_clearfix\">\n\t\t\t\t\t<div class=\"vc_gitem-animated-block\">\n\t\t\t\t\t\t<div class=\"vc_gitem-zone vc_gitem-zone-a vc-gitem-zone-height-mode-auto vc-gitem-zone-height-mode-auto-1-1 vc_gitem-is-link\" style=\"background-image: url('https:\/\/espanoleschool.com\/escuela\/wp-content\/uploads\/2021\/10\/DSC_0949C.jpg') !important;\" onclick=\"return show_teacher(13892)\">\n\t\t\t\t\t\t\t<a href=\"#\" title=\"Javi Cebolla\" class=\"teacher-details-bg vc_gitem-link vc-zone-link\"><\/a>\n\t\t\t\t\t\t\t<img decoding=\"async\" src=\"https:\/\/espanoleschool.com\/escuela\/wp-content\/uploads\/2021\/10\/DSC_0949C.jpg\" class=\"vc_gitem-zone-img\" alt=\"\">\n\t\t\t\t\t\t\t<div class=\"teacher-details only-pc\">\n\t\t\t\t\t\t\t\t<div class=\"teacher-details-wrap\">\n\t\t\t\t\t\t\t\t\t<span class=\"teacher-name\">Javi Cebolla<\/span>\n\t\t\t\t\t\t\t\t\t<span class=\"teacher-occupation\"><p>Lehrer<\/p>\n<\/span>\n\t\t\t\t\t\t\t\t<\/div>\n\t\t\t\t\t\t\t<\/div>\n\t\t\t\t\t\t\t<div class=\"vc_gitem-zone-mini\"><\/div>\n\t\t\t\t\t\t<\/div>\n\t\t\t\t\t<\/div>\n\t\t\t\t<\/div>\n\t\t\t\t<div class=\"vc_clearfix\"><\/div>\n\t\t\t<\/div>\n\t\t\t<div class=\"teacher-details only-mobile\">\n\t\t\t\t<div class=\"teacher-details-wrap\">\n\t\t\t\t\t<span class=\"teacher-name\">Javi Cebolla<\/span>\n\t\t\t\t\t<span class=\"teacher-occupation\"><p>Lehrer<\/p>\n<\/span>\n\t\t\t\t<\/div>\n\t\t\t<\/div>\n\t\t\t<\/div>\n\t\t\t<div class=\"teacher-wrap layout-a\">\n\t\t\t<div class=\" vc_clearfix vc_col-sm-2 vc_grid-item-zone-c-bottom vc_visible-item fadeIn animated\">\n\t\t\t\t<script type=\"text\/template\" id=\"teacher-bio-13896\">\n\t\t\t\t\t<h2>Carmen G\u00f3mez<\/h2>\n\t\t\t\t\t<h3><p>Lehrerin<\/p>\n<\/h3>\n\t\t\t\t\t<p data-path-to-node=\"3\">Hallo zusammen!<\/p>\n<p data-path-to-node=\"4\">Mein Name ist Carmen und ich bin Lehrerin f\u00fcr Spanisch als Fremdsprache. Ich habe Englische Philologie an der Universit\u00e4t Valencia studiert, da ich Sprachen schon immer sehr geliebt habe. Zudem war es schon immer mein Wunsch, Lehrerin zu werden, um diese Leidenschaft f\u00fcr Sprachen an andere weiterzugeben. Als sich die Gelegenheit bot \u2013 auch wenn es urspr\u00fcnglich nicht die Sprache war, die ich lehren wollte \u2013, habe ich meinen Master f\u00fcr Spanisch als Fremdsprache absolviert, um meinen Sch\u00fclern meine eigene Muttersprache beizubringen.<\/p>\n<p data-path-to-node=\"5\">Ein interessantes Detail: Ich habe mein Master-Praktikum hier bei Espa\u00f1ol\u00e9 gemacht, und f\u00fcnf Jahre sp\u00e4ter bin ich immer noch hier und genie\u00dfe jeden Tag meine Arbeit.<\/p>\n<p data-path-to-node=\"6\">Seit ich denken kann, wei\u00df ich, dass ich mich dem Unterrichten widmen m\u00f6chte. Ich glaube fest daran, dass ich nicht nur Wissen vermittle, sondern auch viel von meinen Sch\u00fclern lernen kann. Daher sch\u00e4tze ich mich sehr gl\u00fccklich, in einem Beruf zu arbeiten, der meine Leidenschaft ist.<\/p>\n<p data-path-to-node=\"7\">In meiner Freizeit lese ich leidenschaftlich gerne B\u00fccher, h\u00f6re Musik, gehe auf Konzerte, wandere in den Bergen, gehe mit meinem Hund am Fluss spazieren und verbringe Zeit mit meinen Freunden und meiner Familie.<\/p>\n<p data-path-to-node=\"8\">Wir sehen uns bei Espa\u00f1ol\u00e9!<\/p>\n\t\t\t\t\t<button class=\"botones bot-azul\" onclick=\"ih_popup_close()\">\n\t\t\t\t\t\tSchlie\u00dfen Sie\t\t\t\t\t<\/button>\n\t\t\t\t\t<p>\n\t\t\t\t<\/script>\n\t\t\t\t<div class=\"vc_grid-item-mini vc_clearfix\">\n\t\t\t\t\t<div class=\"vc_gitem-animated-block\">\n\t\t\t\t\t\t<div class=\"vc_gitem-zone vc_gitem-zone-a vc-gitem-zone-height-mode-auto vc-gitem-zone-height-mode-auto-1-1 vc_gitem-is-link\" style=\"background-image: url('https:\/\/espanoleschool.com\/escuela\/wp-content\/uploads\/2021\/10\/DSC_0954C.jpg') !important;\" onclick=\"return show_teacher(13896)\">\n\t\t\t\t\t\t\t<a href=\"#\" title=\"Carmen G\u00f3mez\" class=\"teacher-details-bg vc_gitem-link vc-zone-link\"><\/a>\n\t\t\t\t\t\t\t<img decoding=\"async\" src=\"https:\/\/espanoleschool.com\/escuela\/wp-content\/uploads\/2021\/10\/DSC_0954C.jpg\" class=\"vc_gitem-zone-img\" alt=\"\">\n\t\t\t\t\t\t\t<div class=\"teacher-details only-pc\">\n\t\t\t\t\t\t\t\t<div class=\"teacher-details-wrap\">\n\t\t\t\t\t\t\t\t\t<span class=\"teacher-name\">Carmen G\u00f3mez<\/span>\n\t\t\t\t\t\t\t\t\t<span class=\"teacher-occupation\"><p>Lehrerin<\/p>\n<\/span>\n\t\t\t\t\t\t\t\t<\/div>\n\t\t\t\t\t\t\t<\/div>\n\t\t\t\t\t\t\t<div class=\"vc_gitem-zone-mini\"><\/div>\n\t\t\t\t\t\t<\/div>\n\t\t\t\t\t<\/div>\n\t\t\t\t<\/div>\n\t\t\t\t<div class=\"vc_clearfix\"><\/div>\n\t\t\t<\/div>\n\t\t\t<div class=\"teacher-details only-mobile\">\n\t\t\t\t<div class=\"teacher-details-wrap\">\n\t\t\t\t\t<span class=\"teacher-name\">Carmen G\u00f3mez<\/span>\n\t\t\t\t\t<span class=\"teacher-occupation\"><p>Lehrerin<\/p>\n<\/span>\n\t\t\t\t<\/div>\n\t\t\t<\/div>\n\t\t\t<\/div>\n\t\t\t<div class=\"teacher-wrap layout-a\">\n\t\t\t<div class=\" vc_clearfix vc_col-sm-2 vc_grid-item-zone-c-bottom vc_visible-item fadeIn animated\">\n\t\t\t\t<script type=\"text\/template\" id=\"teacher-bio-67327\">\n\t\t\t\t\t<h2>Fany Sanchis<\/h2>\n\t\t\t\t\t<h3><p>Lehrerin<\/p>\n<\/h3>\n\t\t\t\t\t<p>Mein Name ist Fanny Sanchis, und ich bin seit dreizehn Jahren Lehrerin f\u00fcr Spanisch als Fremdsprache (ELE). Ich habe acht Jahre lang an zwei Spanischschulen in der Karibik in Costa Rica gearbeitet, und seit meiner R\u00fcckkehr nach Valencia im Jahr 2023 arbeite ich bei Espa\u00f1ol\u00e9. Ich brenne daf\u00fcr, Spanisch zu unterrichten.<\/p>\n\t\t\t\t\t<button class=\"botones bot-azul\" onclick=\"ih_popup_close()\">\n\t\t\t\t\t\tSchlie\u00dfen Sie\t\t\t\t\t<\/button>\n\t\t\t\t\t<p>\n\t\t\t\t<\/script>\n\t\t\t\t<div class=\"vc_grid-item-mini vc_clearfix\">\n\t\t\t\t\t<div class=\"vc_gitem-animated-block\">\n\t\t\t\t\t\t<div class=\"vc_gitem-zone vc_gitem-zone-a vc-gitem-zone-height-mode-auto vc-gitem-zone-height-mode-auto-1-1 vc_gitem-is-link\" style=\"background-image: url('https:\/\/espanoleschool.com\/escuela\/wp-content\/uploads\/2025\/11\/Fany.jpg') !important;\" onclick=\"return show_teacher(67327)\">\n\t\t\t\t\t\t\t<a href=\"#\" title=\"Fany Sanchis\" class=\"teacher-details-bg vc_gitem-link vc-zone-link\"><\/a>\n\t\t\t\t\t\t\t<img decoding=\"async\" src=\"https:\/\/espanoleschool.com\/escuela\/wp-content\/uploads\/2025\/11\/Fany.jpg\" class=\"vc_gitem-zone-img\" alt=\"\">\n\t\t\t\t\t\t\t<div class=\"teacher-details only-pc\">\n\t\t\t\t\t\t\t\t<div class=\"teacher-details-wrap\">\n\t\t\t\t\t\t\t\t\t<span class=\"teacher-name\">Fany Sanchis<\/span>\n\t\t\t\t\t\t\t\t\t<span class=\"teacher-occupation\"><p>Lehrerin<\/p>\n<\/span>\n\t\t\t\t\t\t\t\t<\/div>\n\t\t\t\t\t\t\t<\/div>\n\t\t\t\t\t\t\t<div class=\"vc_gitem-zone-mini\"><\/div>\n\t\t\t\t\t\t<\/div>\n\t\t\t\t\t<\/div>\n\t\t\t\t<\/div>\n\t\t\t\t<div class=\"vc_clearfix\"><\/div>\n\t\t\t<\/div>\n\t\t\t<div class=\"teacher-details only-mobile\">\n\t\t\t\t<div class=\"teacher-details-wrap\">\n\t\t\t\t\t<span class=\"teacher-name\">Fany Sanchis<\/span>\n\t\t\t\t\t<span class=\"teacher-occupation\"><p>Lehrerin<\/p>\n<\/span>\n\t\t\t\t<\/div>\n\t\t\t<\/div>\n\t\t\t<\/div>\n\t\t\t<div class=\"teacher-wrap layout-a\">\n\t\t\t<div class=\" vc_clearfix vc_col-sm-2 vc_grid-item-zone-c-bottom vc_visible-item fadeIn animated\">\n\t\t\t\t<script type=\"text\/template\" id=\"teacher-bio-13901\">\n\t\t\t\t\t<h2>Elena Gholami<\/h2>\n\t\t\t\t\t<h3><p>Lehrerin<\/p>\n<\/h3>\n\t\t\t\t\t<p>Hallo, ich bin Elena, Doktorin der fortgeschrittenen Hispanistik.<\/p>\n<p>Mit \u00fcber 15 Jahren Erfahrung im Unterrichten von Spanisch f\u00fcr Lernende aus verschiedenen Kulturen und auf unterschiedlichen Niveaus habe ich entdeckt, dass Lehren viel mehr als nur ein Beruf ist \u2013 es ist meine Berufung. Ich liebe es, mein Wissen und meine Leidenschaft f\u00fcr die Sprache mit jedem Sch\u00fcler zu teilen und den Unterricht an ihre individuellen Bed\u00fcrfnisse und Ziele anzupassen.<\/p>\n<p>Mein oberstes Ziel ist es, dir zu helfen, Spanisch auf praktische und effektive Weise zu lernen und jeden Schritt auf dem Weg zur Sprachbeherrschung zu genie\u00dfen.<\/p>\n<p>Ich hoffe, dich bald in Valencia zu sehen!<\/p>\n\t\t\t\t\t<button class=\"botones bot-azul\" onclick=\"ih_popup_close()\">\n\t\t\t\t\t\tSchlie\u00dfen Sie\t\t\t\t\t<\/button>\n\t\t\t\t\t<p>\n\t\t\t\t<\/script>\n\t\t\t\t<div class=\"vc_grid-item-mini vc_clearfix\">\n\t\t\t\t\t<div class=\"vc_gitem-animated-block\">\n\t\t\t\t\t\t<div class=\"vc_gitem-zone vc_gitem-zone-a vc-gitem-zone-height-mode-auto vc-gitem-zone-height-mode-auto-1-1 vc_gitem-is-link\" style=\"background-image: url('https:\/\/espanoleschool.com\/escuela\/wp-content\/uploads\/2021\/10\/DSC_0928C1.jpg') !important;\" onclick=\"return show_teacher(13901)\">\n\t\t\t\t\t\t\t<a href=\"#\" title=\"Elena Gholami\" class=\"teacher-details-bg vc_gitem-link vc-zone-link\"><\/a>\n\t\t\t\t\t\t\t<img decoding=\"async\" src=\"https:\/\/espanoleschool.com\/escuela\/wp-content\/uploads\/2021\/10\/DSC_0928C1.jpg\" class=\"vc_gitem-zone-img\" alt=\"\">\n\t\t\t\t\t\t\t<div class=\"teacher-details only-pc\">\n\t\t\t\t\t\t\t\t<div class=\"teacher-details-wrap\">\n\t\t\t\t\t\t\t\t\t<span class=\"teacher-name\">Elena Gholami<\/span>\n\t\t\t\t\t\t\t\t\t<span class=\"teacher-occupation\"><p>Lehrerin<\/p>\n<\/span>\n\t\t\t\t\t\t\t\t<\/div>\n\t\t\t\t\t\t\t<\/div>\n\t\t\t\t\t\t\t<div class=\"vc_gitem-zone-mini\"><\/div>\n\t\t\t\t\t\t<\/div>\n\t\t\t\t\t<\/div>\n\t\t\t\t<\/div>\n\t\t\t\t<div class=\"vc_clearfix\"><\/div>\n\t\t\t<\/div>\n\t\t\t<div class=\"teacher-details only-mobile\">\n\t\t\t\t<div class=\"teacher-details-wrap\">\n\t\t\t\t\t<span class=\"teacher-name\">Elena Gholami<\/span>\n\t\t\t\t\t<span class=\"teacher-occupation\"><p>Lehrerin<\/p>\n<\/span>\n\t\t\t\t<\/div>\n\t\t\t<\/div>\n\t\t\t<\/div>\n\t\t\t<div class=\"teacher-wrap layout-a\">\n\t\t\t<div class=\" vc_clearfix vc_col-sm-2 vc_grid-item-zone-c-bottom vc_visible-item fadeIn animated\">\n\t\t\t\t<script type=\"text\/template\" id=\"teacher-bio-13906\">\n\t\t\t\t\t<h2>Rosa Millet<\/h2>\n\t\t\t\t\t<h3><p>Lehrerin<\/p>\n<\/h3>\n\t\t\t\t\t<p data-path-to-node=\"4\">Hallo! Mein Name ist Rosa. Seit f\u00fcnf Jahren bin ich als Lehrerin t\u00e4tig und habe in dieser Zeit Sch\u00fcler aller Altersgruppen unterrichtet. Es begeistert mich immer wieder zu sehen, wie meine Sch\u00fcler die kulturelle Vielfalt und den Reichtum entdecken, den die spanische Sprache uns bietet.<\/p>\n<p data-path-to-node=\"5\">Bevor ich zum Lehrberuf kam, habe ich in der audiovisuellen Kommunikation gearbeitet. Dort habe ich gelernt, Botschaften zu vermitteln, effektiv zu kommunizieren und Geschichten zu erz\u00e4hlen.<\/p>\n<p data-path-to-node=\"6\">Mein Ziel ist es heute, dass meine Sch\u00fcler ihren eigenen Weg finden, sich auf Spanisch auszudr\u00fccken. Es ist wunderbar mitzuerleben, wie sie Schritt f\u00fcr Schritt lernen, ihre Ideen, Emotionen und ihr Wissen mit anderen zu teilen.<\/p>\n\t\t\t\t\t<button class=\"botones bot-azul\" onclick=\"ih_popup_close()\">\n\t\t\t\t\t\tSchlie\u00dfen Sie\t\t\t\t\t<\/button>\n\t\t\t\t\t<p>\n\t\t\t\t<\/script>\n\t\t\t\t<div class=\"vc_grid-item-mini vc_clearfix\">\n\t\t\t\t\t<div class=\"vc_gitem-animated-block\">\n\t\t\t\t\t\t<div class=\"vc_gitem-zone vc_gitem-zone-a vc-gitem-zone-height-mode-auto vc-gitem-zone-height-mode-auto-1-1 vc_gitem-is-link\" style=\"background-image: url('https:\/\/espanoleschool.com\/escuela\/wp-content\/uploads\/2021\/11\/HRH5386-160x160-1.jpg') !important;\" onclick=\"return show_teacher(13906)\">\n\t\t\t\t\t\t\t<a href=\"#\" title=\"Rosa Millet\" class=\"teacher-details-bg vc_gitem-link vc-zone-link\"><\/a>\n\t\t\t\t\t\t\t<img decoding=\"async\" src=\"https:\/\/espanoleschool.com\/escuela\/wp-content\/uploads\/2021\/11\/HRH5386-160x160-1.jpg\" class=\"vc_gitem-zone-img\" alt=\"\">\n\t\t\t\t\t\t\t<div class=\"teacher-details only-pc\">\n\t\t\t\t\t\t\t\t<div class=\"teacher-details-wrap\">\n\t\t\t\t\t\t\t\t\t<span class=\"teacher-name\">Rosa Millet<\/span>\n\t\t\t\t\t\t\t\t\t<span class=\"teacher-occupation\"><p>Lehrerin<\/p>\n<\/span>\n\t\t\t\t\t\t\t\t<\/div>\n\t\t\t\t\t\t\t<\/div>\n\t\t\t\t\t\t\t<div class=\"vc_gitem-zone-mini\"><\/div>\n\t\t\t\t\t\t<\/div>\n\t\t\t\t\t<\/div>\n\t\t\t\t<\/div>\n\t\t\t\t<div class=\"vc_clearfix\"><\/div>\n\t\t\t<\/div>\n\t\t\t<div class=\"teacher-details only-mobile\">\n\t\t\t\t<div class=\"teacher-details-wrap\">\n\t\t\t\t\t<span class=\"teacher-name\">Rosa Millet<\/span>\n\t\t\t\t\t<span class=\"teacher-occupation\"><p>Lehrerin<\/p>\n<\/span>\n\t\t\t\t<\/div>\n\t\t\t<\/div>\n\t\t\t<\/div>\n\t\t\t<div class=\"teacher-wrap layout-a\">\n\t\t\t<div class=\" vc_clearfix vc_col-sm-2 vc_grid-item-zone-c-bottom vc_visible-item fadeIn animated\">\n\t\t\t\t<script type=\"text\/template\" id=\"teacher-bio-13911\">\n\t\t\t\t\t<h2>Miriam Sancho<\/h2>\n\t\t\t\t\t<h3><p>Lehrerin<\/p>\n<\/h3>\n\t\t\t\t\t<p>Hallo!<\/p>\n<p>Ich hei\u00dfe Miriam, bin geb\u00fcrtige Valencianerin und Valencianerin im Herzen.<br \/>\nIch habe einen Abschluss in Anglistik und habe nach ein paar Jahren als Englischlehrerin einen Master in Spanisch als Fremdsprache gemacht, da es meine Leidenschaft ist, meine Sprache und Kultur anderen Menschen n\u00e4herzubringen.<\/p>\n<p>Ich spreche drei Sprachen: Spanisch, Valencianisch und Englisch. Au\u00dferdem habe ich ein Jahr lang Chinesisch und Japanisch an der Universit\u00e4t studiert und in der Schule auch Latein und Griechisch, weil ich es liebe, neue Kulturen und ihre Sprachen zu entdecken, sowie die Geschichte, Mythologie und Traditionen verschiedener Teile der Welt.<\/p>\n<p>In meiner Freizeit lese ich gerne, vor allem Fantasy-B\u00fccher. Ich liebe es, mit meinen zwei Hunden in den Bergen oder am Strand spazieren zu gehen, mit meinen Freunden auf Rockkonzerte zu gehen, zu reisen und neue Gerichte auszuprobieren.<\/p>\n<p>Ich bin eine fr\u00f6hliche, neugierige, energiegeladene und offene Person, was mir sehr dabei hilft, mit Menschen aus der ganzen Welt in Kontakt zu kommen.<\/p>\n<p>Bis bald in Valencia!<\/p>\n\t\t\t\t\t<button class=\"botones bot-azul\" onclick=\"ih_popup_close()\">\n\t\t\t\t\t\tSchlie\u00dfen Sie\t\t\t\t\t<\/button>\n\t\t\t\t\t<p>\n\t\t\t\t<\/script>\n\t\t\t\t<div class=\"vc_grid-item-mini vc_clearfix\">\n\t\t\t\t\t<div class=\"vc_gitem-animated-block\">\n\t\t\t\t\t\t<div class=\"vc_gitem-zone vc_gitem-zone-a vc-gitem-zone-height-mode-auto vc-gitem-zone-height-mode-auto-1-1 vc_gitem-is-link\" style=\"background-image: url('https:\/\/espanoleschool.com\/escuela\/wp-content\/uploads\/2021\/10\/miriam-Sancho.png') !important;\" onclick=\"return show_teacher(13911)\">\n\t\t\t\t\t\t\t<a href=\"#\" title=\"Miriam Sancho\" class=\"teacher-details-bg vc_gitem-link vc-zone-link\"><\/a>\n\t\t\t\t\t\t\t<img decoding=\"async\" src=\"https:\/\/espanoleschool.com\/escuela\/wp-content\/uploads\/2021\/10\/miriam-Sancho.png\" class=\"vc_gitem-zone-img\" alt=\"\">\n\t\t\t\t\t\t\t<div class=\"teacher-details only-pc\">\n\t\t\t\t\t\t\t\t<div class=\"teacher-details-wrap\">\n\t\t\t\t\t\t\t\t\t<span class=\"teacher-name\">Miriam Sancho<\/span>\n\t\t\t\t\t\t\t\t\t<span class=\"teacher-occupation\"><p>Lehrerin<\/p>\n<\/span>\n\t\t\t\t\t\t\t\t<\/div>\n\t\t\t\t\t\t\t<\/div>\n\t\t\t\t\t\t\t<div class=\"vc_gitem-zone-mini\"><\/div>\n\t\t\t\t\t\t<\/div>\n\t\t\t\t\t<\/div>\n\t\t\t\t<\/div>\n\t\t\t\t<div class=\"vc_clearfix\"><\/div>\n\t\t\t<\/div>\n\t\t\t<div class=\"teacher-details only-mobile\">\n\t\t\t\t<div class=\"teacher-details-wrap\">\n\t\t\t\t\t<span class=\"teacher-name\">Miriam Sancho<\/span>\n\t\t\t\t\t<span class=\"teacher-occupation\"><p>Lehrerin<\/p>\n<\/span>\n\t\t\t\t<\/div>\n\t\t\t<\/div>\n\t\t\t<\/div>\n\t\t\t<div class=\"teacher-wrap layout-a\">\n\t\t\t<div class=\" vc_clearfix vc_col-sm-2 vc_grid-item-zone-c-bottom vc_visible-item fadeIn animated\">\n\t\t\t\t<script type=\"text\/template\" id=\"teacher-bio-13915\">\n\t\t\t\t\t<h2>Mar\u00eda Baza<\/h2>\n\t\t\t\t\t<h3><p>Lehrerin<\/p>\n<\/h3>\n\t\t\t\t\t<p>Hallo, ich hei\u00dfe Mar\u00eda.<\/p>\n<p>Ich habe angefangen, Spanisch zu unterrichten, nachdem ich meiner Karriere eine neue Richtung gegeben habe.<br \/>\nNach meiner Arbeit im Bereich Kommunikation und Journalismus habe ich entdeckt, dass es mich gl\u00fccklich macht, mich der Lehre zu widmen.<\/p>\n<p>Ich liebe es zu unterrichten, mit Sch\u00fclern aus aller Welt in Kontakt zu sein und ihnen ein St\u00fcck von mir selbst mitzugeben.<\/p>\n<p>W\u00e4hrend des Unterrichts lege ich gro\u00dfen Wert darauf, eine motivierende Lernatmosph\u00e4re zu schaffen und auf die Bed\u00fcrfnisse meiner Sch\u00fcler einzugehen.<\/p>\n<p>Meine Hobbys sind sehr vielf\u00e4ltig: Kunst und Musik stehen im Vordergrund, aber auch die Poesie war ein wichtiger Teil meines Lebens.<br \/>\nViele Jahre lang habe ich poetische Texte geschrieben.<\/p>\n<p>Ein weiteres meiner Hobbys sind Wassersportarten und der Strand, wo man mich oft antreffen kann.<\/p>\n<p>Bis bald bei Espa\u00f1ol\u00e9!<\/p>\n\t\t\t\t\t<button class=\"botones bot-azul\" onclick=\"ih_popup_close()\">\n\t\t\t\t\t\tSchlie\u00dfen Sie\t\t\t\t\t<\/button>\n\t\t\t\t\t<p>\n\t\t\t\t<\/script>\n\t\t\t\t<div class=\"vc_grid-item-mini vc_clearfix\">\n\t\t\t\t\t<div class=\"vc_gitem-animated-block\">\n\t\t\t\t\t\t<div class=\"vc_gitem-zone vc_gitem-zone-a vc-gitem-zone-height-mode-auto vc-gitem-zone-height-mode-auto-1-1 vc_gitem-is-link\" style=\"background-image: url('https:\/\/espanoleschool.com\/escuela\/wp-content\/uploads\/2021\/10\/DSC_0894C.jpg') !important;\" onclick=\"return show_teacher(13915)\">\n\t\t\t\t\t\t\t<a href=\"#\" title=\"Mar\u00eda Baza\" class=\"teacher-details-bg vc_gitem-link vc-zone-link\"><\/a>\n\t\t\t\t\t\t\t<img decoding=\"async\" src=\"https:\/\/espanoleschool.com\/escuela\/wp-content\/uploads\/2021\/10\/DSC_0894C.jpg\" class=\"vc_gitem-zone-img\" alt=\"\">\n\t\t\t\t\t\t\t<div class=\"teacher-details only-pc\">\n\t\t\t\t\t\t\t\t<div class=\"teacher-details-wrap\">\n\t\t\t\t\t\t\t\t\t<span class=\"teacher-name\">Mar\u00eda Baza<\/span>\n\t\t\t\t\t\t\t\t\t<span class=\"teacher-occupation\"><p>Lehrerin<\/p>\n<\/span>\n\t\t\t\t\t\t\t\t<\/div>\n\t\t\t\t\t\t\t<\/div>\n\t\t\t\t\t\t\t<div class=\"vc_gitem-zone-mini\"><\/div>\n\t\t\t\t\t\t<\/div>\n\t\t\t\t\t<\/div>\n\t\t\t\t<\/div>\n\t\t\t\t<div class=\"vc_clearfix\"><\/div>\n\t\t\t<\/div>\n\t\t\t<div class=\"teacher-details only-mobile\">\n\t\t\t\t<div class=\"teacher-details-wrap\">\n\t\t\t\t\t<span class=\"teacher-name\">Mar\u00eda Baza<\/span>\n\t\t\t\t\t<span class=\"teacher-occupation\"><p>Lehrerin<\/p>\n<\/span>\n\t\t\t\t<\/div>\n\t\t\t<\/div>\n\t\t\t<\/div>\n\t\t\t<div class=\"teacher-wrap layout-a\">\n\t\t\t<div class=\" vc_clearfix vc_col-sm-2 vc_grid-item-zone-c-bottom vc_visible-item fadeIn animated\">\n\t\t\t\t<script type=\"text\/template\" id=\"teacher-bio-13878\">\n\t\t\t\t\t<h2>Erik C\u00f3rdoba<\/h2>\n\t\t\t\t\t<h3><p>Lehrer<\/p>\n<\/h3>\n\t\t\t\t\t<p>Hallo!<\/p>\n<p>Mein Name ist Erik und ich komme aus Valencia. Ich habe einen Abschluss in P\u00e4dagogik.<br \/>\nObwohl meine Studien verschiedene Fachrichtungen umfassen, habe ich mich immer auf den Bildungs- und Lehrbereich konzentriert.<br \/>\nIch begann damit, Nachhilfe f\u00fcr Oberstufen- und Sekundarsch\u00fcler zu geben, wechselte jedoch bald in den formalen Unterricht, insbesondere in die Vermittlung der spanischen Sprache.<br \/>\nMeine Leidenschaft f\u00fcr Bildung erm\u00f6glicht es mir, diese Arbeit zu genie\u00dfen, indem ich sehe, wie die Sch\u00fcler die Sprache lernen und sich von Tag zu Tag verbessern.<\/p>\n<p>In meiner Freizeit spiele ich gerne Sportarten wie Padel oder wandere, lese B\u00fccher \u00fcber Kunst, h\u00f6re alle m\u00f6glichen Musikrichtungen und verbringe Zeit mit Freunden auf einer sonnigen Terrasse.<\/p>\n<p>Bis bald in Valencia!<\/p>\n\t\t\t\t\t<button class=\"botones bot-azul\" onclick=\"ih_popup_close()\">\n\t\t\t\t\t\tSchlie\u00dfen Sie\t\t\t\t\t<\/button>\n\t\t\t\t\t<p>\n\t\t\t\t<\/script>\n\t\t\t\t<div class=\"vc_grid-item-mini vc_clearfix\">\n\t\t\t\t\t<div class=\"vc_gitem-animated-block\">\n\t\t\t\t\t\t<div class=\"vc_gitem-zone vc_gitem-zone-a vc-gitem-zone-height-mode-auto vc-gitem-zone-height-mode-auto-1-1 vc_gitem-is-link\" style=\"background-image: url('https:\/\/espanoleschool.com\/escuela\/wp-content\/uploads\/2021\/10\/DSC_0934C.jpg') !important;\" onclick=\"return show_teacher(13878)\">\n\t\t\t\t\t\t\t<a href=\"#\" title=\"Erik C\u00f3rdoba\" class=\"teacher-details-bg vc_gitem-link vc-zone-link\"><\/a>\n\t\t\t\t\t\t\t<img decoding=\"async\" src=\"https:\/\/espanoleschool.com\/escuela\/wp-content\/uploads\/2021\/10\/DSC_0934C.jpg\" class=\"vc_gitem-zone-img\" alt=\"\">\n\t\t\t\t\t\t\t<div class=\"teacher-details only-pc\">\n\t\t\t\t\t\t\t\t<div class=\"teacher-details-wrap\">\n\t\t\t\t\t\t\t\t\t<span class=\"teacher-name\">Erik C\u00f3rdoba<\/span>\n\t\t\t\t\t\t\t\t\t<span class=\"teacher-occupation\"><p>Lehrer<\/p>\n<\/span>\n\t\t\t\t\t\t\t\t<\/div>\n\t\t\t\t\t\t\t<\/div>\n\t\t\t\t\t\t\t<div class=\"vc_gitem-zone-mini\"><\/div>\n\t\t\t\t\t\t<\/div>\n\t\t\t\t\t<\/div>\n\t\t\t\t<\/div>\n\t\t\t\t<div class=\"vc_clearfix\"><\/div>\n\t\t\t<\/div>\n\t\t\t<div class=\"teacher-details only-mobile\">\n\t\t\t\t<div class=\"teacher-details-wrap\">\n\t\t\t\t\t<span class=\"teacher-name\">Erik C\u00f3rdoba<\/span>\n\t\t\t\t\t<span class=\"teacher-occupation\"><p>Lehrer<\/p>\n<\/span>\n\t\t\t\t<\/div>\n\t\t\t<\/div>\n\t\t\t<\/div>\n\t\t\t<div class=\"teacher-wrap layout-a\">\n\t\t\t<div class=\" vc_clearfix vc_col-sm-2 vc_grid-item-zone-c-bottom vc_visible-item fadeIn animated\">\n\t\t\t\t<script type=\"text\/template\" id=\"teacher-bio-13504\">\n\t\t\t\t\t<h2>Albert Kovacs<\/h2>\n\t\t\t\t\t<h3><p>Lehrer<\/p>\n<\/h3>\n\t\t\t\t\t<div>\n<p class=\"p1\">Salut! Mein Name ist Albert. Ich bin in Rum\u00e4nien geboren, aber in Spanien aufgewachsen. Dank meines fr\u00fchen Kontakts zu Sprachen begann ich mich bald f\u00fcr sie zu interessieren. Jede Sprache spiegelt eine besondere Sicht der Welt wider und das finde ich faszinierend. Ich bin in der Region La Mancha aufgewachsen, aber jetzt lebe ich in Valencia, wo ich gleichzeitig arbeite und weiterstudiere. Ich habe einen Bachelor in Anglistik, ein Studium, das ich mit dem der Franz\u00f6sischen Sprache und Kultur erg\u00e4nzte.<\/p>\n<\/div>\n<div>\n<div>Schon von klein auf wollte ich Lehrer werden. Ich weiss noch, wie ich Word-Dokumente mit \u00dcbungen f\u00fcr meine Eltern vorbereitete um sie dann zu korrigieren. F\u00fcr mich ist Bildung eine grundlegende S\u00e4ule der Gesellschaft und Sprachen helfen uns, die Welt besser zu verstehen.<\/div>\n<div><\/div>\n<div>Ich bilde mich fort und lerne so immer weiter: man lernt nie aus. Und ich unterrichte genauso gerne wie ich von meinen Sch\u00fcler:innen lerne. Noch nie habe ich eine Stunde beendet, ohne etwas Neues zu lernen. Es ist wunderbar! Au\u00dferdem verwende ich im Unterricht alle m\u00f6glichen Medien: Grammatik war noch nie so einfach.<\/div>\n<div><\/div>\n<div>\n<p class=\"p1\">Ausgehen und im Freundeskreis etwas trinken, Sport treiben, ein gutes Buch lesen oder einfach einen Stadtspaziergang durch Valencia machen, w\u00e4hrend ich Musik h\u00f6re, das sind zweifellos meine Lieblingsmomente.<\/p>\n<\/div>\n<div><\/div>\n<div>Ne vedem! &#8211; \u00a1Nos vemos! &#8211; See you! &#8211; \u00c0 bient\u00f4t ! &#8211; Ens veiem!<\/div>\n<\/div>\n\t\t\t\t\t<button class=\"botones bot-azul\" onclick=\"ih_popup_close()\">\n\t\t\t\t\t\tSchlie\u00dfen Sie\t\t\t\t\t<\/button>\n\t\t\t\t\t<p>\n\t\t\t\t<\/script>\n\t\t\t\t<div class=\"vc_grid-item-mini vc_clearfix\">\n\t\t\t\t\t<div class=\"vc_gitem-animated-block\">\n\t\t\t\t\t\t<div class=\"vc_gitem-zone vc_gitem-zone-a vc-gitem-zone-height-mode-auto vc-gitem-zone-height-mode-auto-1-1 vc_gitem-is-link\" style=\"background-image: url('https:\/\/espanoleschool.com\/escuela\/wp-content\/uploads\/2021\/11\/HRH5353-160x160-1.jpg') !important;\" onclick=\"return show_teacher(13504)\">\n\t\t\t\t\t\t\t<a href=\"#\" title=\"Albert Kovacs\" class=\"teacher-details-bg vc_gitem-link vc-zone-link\"><\/a>\n\t\t\t\t\t\t\t<img decoding=\"async\" src=\"https:\/\/espanoleschool.com\/escuela\/wp-content\/uploads\/2021\/11\/HRH5353-160x160-1.jpg\" class=\"vc_gitem-zone-img\" alt=\"\">\n\t\t\t\t\t\t\t<div class=\"teacher-details only-pc\">\n\t\t\t\t\t\t\t\t<div class=\"teacher-details-wrap\">\n\t\t\t\t\t\t\t\t\t<span class=\"teacher-name\">Albert Kovacs<\/span>\n\t\t\t\t\t\t\t\t\t<span class=\"teacher-occupation\"><p>Lehrer<\/p>\n<\/span>\n\t\t\t\t\t\t\t\t<\/div>\n\t\t\t\t\t\t\t<\/div>\n\t\t\t\t\t\t\t<div class=\"vc_gitem-zone-mini\"><\/div>\n\t\t\t\t\t\t<\/div>\n\t\t\t\t\t<\/div>\n\t\t\t\t<\/div>\n\t\t\t\t<div class=\"vc_clearfix\"><\/div>\n\t\t\t<\/div>\n\t\t\t<div class=\"teacher-details only-mobile\">\n\t\t\t\t<div class=\"teacher-details-wrap\">\n\t\t\t\t\t<span class=\"teacher-name\">Albert Kovacs<\/span>\n\t\t\t\t\t<span class=\"teacher-occupation\"><p>Lehrer<\/p>\n<\/span>\n\t\t\t\t<\/div>\n\t\t\t<\/div>\n\t\t\t<\/div>\n\t\t\t<div class=\"teacher-wrap layout-a\">\n\t\t\t<div class=\" vc_clearfix vc_col-sm-2 vc_grid-item-zone-c-bottom vc_visible-item fadeIn animated\">\n\t\t\t\t<script type=\"text\/template\" id=\"teacher-bio-13930\">\n\t\t\t\t\t<h2>Yolanda Mart\u00ednez<\/h2>\n\t\t\t\t\t<h3><p>Lehrerin<\/p>\n<\/h3>\n\t\t\t\t\t<p class=\"p1\">Hallo, ich bin Yolanda. Obwohl ich in Valencia Wirtschaftswissenschaften studiert hatte und viele Jahre in anderen Unternehmen arbeitete, bildete ich mich vor einiger Zeit als Spanischlehrerin aus, da ich schon immer gerne unterrichtet habe.<\/p>\n<p class=\"p1\">Meine Freizeit verbringe ich gerne im Freundeskreis und mit meiner Familie und reise, lese oder bastle.<\/p>\n<p class=\"p1\">Ich liebe meinen Beruf und es ist sehr bereichernd, die Fortschritte meiner Sch\u00fcler:innen in ihrem Spanisch zu sehen. Der Kontakt mit Menschen aus verschiedenen L\u00e4ndern und Kulturen macht diese Arbeit zu etwas ganz Besonderes.<\/p>\n<p class=\"p1\">Wir sehen uns in Valencia!<\/p>\n\t\t\t\t\t<button class=\"botones bot-azul\" onclick=\"ih_popup_close()\">\n\t\t\t\t\t\tSchlie\u00dfen Sie\t\t\t\t\t<\/button>\n\t\t\t\t\t<p>\n\t\t\t\t<\/script>\n\t\t\t\t<div class=\"vc_grid-item-mini vc_clearfix\">\n\t\t\t\t\t<div class=\"vc_gitem-animated-block\">\n\t\t\t\t\t\t<div class=\"vc_gitem-zone vc_gitem-zone-a vc-gitem-zone-height-mode-auto vc-gitem-zone-height-mode-auto-1-1 vc_gitem-is-link\" style=\"background-image: url('https:\/\/espanoleschool.com\/escuela\/wp-content\/uploads\/2021\/11\/HRH5361-160x160-1.jpg') !important;\" onclick=\"return show_teacher(13930)\">\n\t\t\t\t\t\t\t<a href=\"#\" title=\"Yolanda Mart\u00ednez\" class=\"teacher-details-bg vc_gitem-link vc-zone-link\"><\/a>\n\t\t\t\t\t\t\t<img decoding=\"async\" src=\"https:\/\/espanoleschool.com\/escuela\/wp-content\/uploads\/2021\/11\/HRH5361-160x160-1.jpg\" class=\"vc_gitem-zone-img\" alt=\"\">\n\t\t\t\t\t\t\t<div class=\"teacher-details only-pc\">\n\t\t\t\t\t\t\t\t<div class=\"teacher-details-wrap\">\n\t\t\t\t\t\t\t\t\t<span class=\"teacher-name\">Yolanda Mart\u00ednez<\/span>\n\t\t\t\t\t\t\t\t\t<span class=\"teacher-occupation\"><p>Lehrerin<\/p>\n<\/span>\n\t\t\t\t\t\t\t\t<\/div>\n\t\t\t\t\t\t\t<\/div>\n\t\t\t\t\t\t\t<div class=\"vc_gitem-zone-mini\"><\/div>\n\t\t\t\t\t\t<\/div>\n\t\t\t\t\t<\/div>\n\t\t\t\t<\/div>\n\t\t\t\t<div class=\"vc_clearfix\"><\/div>\n\t\t\t<\/div>\n\t\t\t<div class=\"teacher-details only-mobile\">\n\t\t\t\t<div class=\"teacher-details-wrap\">\n\t\t\t\t\t<span class=\"teacher-name\">Yolanda Mart\u00ednez<\/span>\n\t\t\t\t\t<span class=\"teacher-occupation\"><p>Lehrerin<\/p>\n<\/span>\n\t\t\t\t<\/div>\n\t\t\t<\/div>\n\t\t\t<\/div>\n\t\t\t<div class=\"teacher-wrap layout-a\">\n\t\t\t<div class=\" vc_clearfix vc_col-sm-2 vc_grid-item-zone-c-bottom vc_visible-item fadeIn animated\">\n\t\t\t\t<script type=\"text\/template\" id=\"teacher-bio-13873\">\n\t\t\t\t\t<h2>Rebeca Rodriguez<\/h2>\n\t\t\t\t\t<h3><p>Lehrerin<\/p>\n<\/h3>\n\t\t\t\t\t<p class=\"p1\">Mein Name ist Rebeca und ich komme urspr\u00fcnglich aus Valencia, Spanien. Ich habe einen Abschluss in P\u00e4dagogik von der Universit\u00e4t Valencia sowie einen Master in Spanisch als Fremdsprache. Als mehrsprachige Person verstehe ich die Bedeutung von Sprache und Kommunikation zutiefst \u2013 nicht nur als Werkzeuge zur Verbindung, sondern auch als Tore, um verschiedene Kulturen zu verstehen.<\/p>\n<p class=\"p1\">Das Unterrichten ist eine meiner gr\u00f6\u00dften Leidenschaften, und ich bin ebenso leidenschaftlich gerne auf Reisen. Die M\u00f6glichkeit, neue Menschen kennenzulernen und in unterschiedliche Kulturen einzutauchen, bedeutet mir sehr viel. W\u00e4hrend meiner Kindheit habe ich viele Ferien in Frankreich verbracht, was mein lebenslanges Interesse an Sprachen und Kulturen geweckt hat. Diese Neugier f\u00fchrte dazu, dass ich in der Schule Latein und Griechisch studierte, wodurch ich eine Faszination f\u00fcr die Geschichte, Mythologie und Traditionen antiker Gesellschaften entwickelte.<\/p>\n<p class=\"p1\">Ich habe f\u00fcnf Jahre in D\u00e4nemark gelebt \u2013 eine Erfahrung, die meine Perspektive tiefgreifend beeinflusst hat. Seitdem habe ich eine gro\u00dfe Wertsch\u00e4tzung f\u00fcr die skandinavische Lebensweise entwickelt, was meine weltoffene Natur und meine Freude am Austausch mit Menschen aus aller Welt widerspiegelt.<\/p>\n<p class=\"p1\">Au\u00dferhalb meiner Arbeit widme ich mich gerne kreativen T\u00e4tigkeiten wie der \u00d6lmalerei, dem Lesen und dem Tanzen. Ich finde auch Ruhe und Inspiration in der Natur, wo ich abschalten und mich wieder mit mir selbst verbinden kann.<\/p>\n<p class=\"p1\">Es ist eine echte Freude, meine Leidenschaft f\u00fcr das Unterrichten, Sprachen und Kulturen in meiner Arbeit zu vereinen. Ich freue mich darauf, mich in diesen Bereichen weiterzuentwickeln, Verbindungen zu kn\u00fcpfen und von Menschen auf der ganzen Welt zu lernen.<\/p>\n\t\t\t\t\t<button class=\"botones bot-azul\" onclick=\"ih_popup_close()\">\n\t\t\t\t\t\tSchlie\u00dfen Sie\t\t\t\t\t<\/button>\n\t\t\t\t\t<p>\n\t\t\t\t<\/script>\n\t\t\t\t<div class=\"vc_grid-item-mini vc_clearfix\">\n\t\t\t\t\t<div class=\"vc_gitem-animated-block\">\n\t\t\t\t\t\t<div class=\"vc_gitem-zone vc_gitem-zone-a vc-gitem-zone-height-mode-auto vc-gitem-zone-height-mode-auto-1-1 vc_gitem-is-link\" style=\"background-image: url('https:\/\/espanoleschool.com\/escuela\/wp-content\/uploads\/2025\/01\/rebeca.png') !important;\" onclick=\"return show_teacher(13873)\">\n\t\t\t\t\t\t\t<a href=\"#\" title=\"Rebeca Rodriguez\" class=\"teacher-details-bg vc_gitem-link vc-zone-link\"><\/a>\n\t\t\t\t\t\t\t<img decoding=\"async\" src=\"https:\/\/espanoleschool.com\/escuela\/wp-content\/uploads\/2025\/01\/rebeca.png\" class=\"vc_gitem-zone-img\" alt=\"\">\n\t\t\t\t\t\t\t<div class=\"teacher-details only-pc\">\n\t\t\t\t\t\t\t\t<div class=\"teacher-details-wrap\">\n\t\t\t\t\t\t\t\t\t<span class=\"teacher-name\">Rebeca Rodriguez<\/span>\n\t\t\t\t\t\t\t\t\t<span class=\"teacher-occupation\"><p>Lehrerin<\/p>\n<\/span>\n\t\t\t\t\t\t\t\t<\/div>\n\t\t\t\t\t\t\t<\/div>\n\t\t\t\t\t\t\t<div class=\"vc_gitem-zone-mini\"><\/div>\n\t\t\t\t\t\t<\/div>\n\t\t\t\t\t<\/div>\n\t\t\t\t<\/div>\n\t\t\t\t<div class=\"vc_clearfix\"><\/div>\n\t\t\t<\/div>\n\t\t\t<div class=\"teacher-details only-mobile\">\n\t\t\t\t<div class=\"teacher-details-wrap\">\n\t\t\t\t\t<span class=\"teacher-name\">Rebeca Rodriguez<\/span>\n\t\t\t\t\t<span class=\"teacher-occupation\"><p>Lehrerin<\/p>\n<\/span>\n\t\t\t\t<\/div>\n\t\t\t<\/div>\n\t\t\t<\/div>\n\t\t\t<div class=\"teacher-wrap layout-a\">\n\t\t\t<div class=\" vc_clearfix vc_col-sm-2 vc_grid-item-zone-c-bottom vc_visible-item fadeIn animated\">\n\t\t\t\t<script type=\"text\/template\" id=\"teacher-bio-13775\">\n\t\t\t\t\t<h2>Soraya Rahmati<\/h2>\n\t\t\t\t\t<h3><p>Lehrerin<\/p>\n<\/h3>\n\t\t\t\t\t<p class=\"p1\">Hallo! Mein Name ist Soraya und ich komme aus Valencia. Ich habe einen Bachelor in Interkulturellen Studien.<\/p>\n<p class=\"p1\">Ich begann in Irland Spanisch zu unterrichten, aber ich bin lieber in Valencia, da ich so in der N\u00e4he meiner Familie lebe. Ich unterrichte Spanisch gerne, weil ich so Menschen aus der ganzen Welt treffe, ohne aus Valencia weggehen zu m\u00fcssen. F\u00fcr mich ist die Interaktion mit Sch\u00fcler:innen aus so vielen verschiedenen L\u00e4ndern eine tolle M\u00f6glichkeit, beim Lehren auch selbst zu lernen.<\/p>\n<p class=\"p1\">Wenn ich nicht in der Schule bin, mache ich Sport, gehe spazieren oder lese.<\/p>\n<p class=\"p1\">Wir sehen uns in Valencia!<\/p>\n\t\t\t\t\t<button class=\"botones bot-azul\" onclick=\"ih_popup_close()\">\n\t\t\t\t\t\tSchlie\u00dfen Sie\t\t\t\t\t<\/button>\n\t\t\t\t\t<p>\n\t\t\t\t<\/script>\n\t\t\t\t<div class=\"vc_grid-item-mini vc_clearfix\">\n\t\t\t\t\t<div class=\"vc_gitem-animated-block\">\n\t\t\t\t\t\t<div class=\"vc_gitem-zone vc_gitem-zone-a vc-gitem-zone-height-mode-auto vc-gitem-zone-height-mode-auto-1-1 vc_gitem-is-link\" style=\"background-image: url('https:\/\/espanoleschool.com\/escuela\/wp-content\/uploads\/2021\/11\/HRH5345-160x160-1.jpg') !important;\" onclick=\"return show_teacher(13775)\">\n\t\t\t\t\t\t\t<a href=\"#\" title=\"Soraya Rahmati\" class=\"teacher-details-bg vc_gitem-link vc-zone-link\"><\/a>\n\t\t\t\t\t\t\t<img decoding=\"async\" src=\"https:\/\/espanoleschool.com\/escuela\/wp-content\/uploads\/2021\/11\/HRH5345-160x160-1.jpg\" class=\"vc_gitem-zone-img\" alt=\"\">\n\t\t\t\t\t\t\t<div class=\"teacher-details only-pc\">\n\t\t\t\t\t\t\t\t<div class=\"teacher-details-wrap\">\n\t\t\t\t\t\t\t\t\t<span class=\"teacher-name\">Soraya Rahmati<\/span>\n\t\t\t\t\t\t\t\t\t<span class=\"teacher-occupation\"><p>Lehrerin<\/p>\n<\/span>\n\t\t\t\t\t\t\t\t<\/div>\n\t\t\t\t\t\t\t<\/div>\n\t\t\t\t\t\t\t<div class=\"vc_gitem-zone-mini\"><\/div>\n\t\t\t\t\t\t<\/div>\n\t\t\t\t\t<\/div>\n\t\t\t\t<\/div>\n\t\t\t\t<div class=\"vc_clearfix\"><\/div>\n\t\t\t<\/div>\n\t\t\t<div class=\"teacher-details only-mobile\">\n\t\t\t\t<div class=\"teacher-details-wrap\">\n\t\t\t\t\t<span class=\"teacher-name\">Soraya Rahmati<\/span>\n\t\t\t\t\t<span class=\"teacher-occupation\"><p>Lehrerin<\/p>\n<\/span>\n\t\t\t\t<\/div>\n\t\t\t<\/div>\n\t\t\t<\/div>\n\t\t\t<div class=\"teacher-wrap layout-a\">\n\t\t\t<div class=\" vc_clearfix vc_col-sm-2 vc_grid-item-zone-c-bottom vc_visible-item fadeIn animated\">\n\t\t\t\t<script type=\"text\/template\" id=\"teacher-bio-13623\">\n\t\t\t\t\t<h2>Vera Sevilla<\/h2>\n\t\t\t\t\t<h3><p>Lehrerin<\/p>\n<\/h3>\n\t\t\t\t\t<p>Hallo!<\/p>\n<p>Mein Name ist Vera und ich bin Lehrerin f\u00fcr Spanisch als Fremdsprache. Ich habe Hispanische Philologie an der Universit\u00e4t Valencia studiert und mich sp\u00e4ter auf meine zwei Leidenschaften spezialisiert: das Unterrichten von Spanisch als Fremdsprache und die vergleichende Literaturwissenschaft.<\/p>\n<p>Ich habe mich immer beruflich dem Unterrichten gewidmet, verbringe jedoch meine Freizeit damit, literarische und kulturelle Inhalte \u00fcber soziale Medien zu teilen. Ich bin der Meinung, dass das Verst\u00e4ndnis f\u00fcr Kultur ein sehr wichtiger Bestandteil des Lernens einer neuen Sprache ist. Deshalb versuche ich immer, interessante Aspekte der spanischen und valencianischen Kultur in meinen Unterricht einzubringen.<\/p>\n<p>Wenn ich nicht besch\u00e4ftigt bin, lese ich gerne, schaue Serien oder Filme, mache Spazierg\u00e4nge in der Natur und verbringe Zeit mit meinen Freunden und meiner Familie.<\/p>\n<p>Wir sehen uns bei Espa\u00f1ol\u00e9!<\/p>\n\t\t\t\t\t<button class=\"botones bot-azul\" onclick=\"ih_popup_close()\">\n\t\t\t\t\t\tSchlie\u00dfen Sie\t\t\t\t\t<\/button>\n\t\t\t\t\t<p>\n\t\t\t\t<\/script>\n\t\t\t\t<div class=\"vc_grid-item-mini vc_clearfix\">\n\t\t\t\t\t<div class=\"vc_gitem-animated-block\">\n\t\t\t\t\t\t<div class=\"vc_gitem-zone vc_gitem-zone-a vc-gitem-zone-height-mode-auto vc-gitem-zone-height-mode-auto-1-1 vc_gitem-is-link\" style=\"background-image: url('https:\/\/espanoleschool.com\/escuela\/wp-content\/uploads\/2021\/09\/Vara-Sevilla.png') !important;\" onclick=\"return show_teacher(13623)\">\n\t\t\t\t\t\t\t<a href=\"#\" title=\"Vera Sevilla\" class=\"teacher-details-bg vc_gitem-link vc-zone-link\"><\/a>\n\t\t\t\t\t\t\t<img decoding=\"async\" src=\"https:\/\/espanoleschool.com\/escuela\/wp-content\/uploads\/2021\/09\/Vara-Sevilla.png\" class=\"vc_gitem-zone-img\" alt=\"\">\n\t\t\t\t\t\t\t<div class=\"teacher-details only-pc\">\n\t\t\t\t\t\t\t\t<div class=\"teacher-details-wrap\">\n\t\t\t\t\t\t\t\t\t<span class=\"teacher-name\">Vera Sevilla<\/span>\n\t\t\t\t\t\t\t\t\t<span class=\"teacher-occupation\"><p>Lehrerin<\/p>\n<\/span>\n\t\t\t\t\t\t\t\t<\/div>\n\t\t\t\t\t\t\t<\/div>\n\t\t\t\t\t\t\t<div class=\"vc_gitem-zone-mini\"><\/div>\n\t\t\t\t\t\t<\/div>\n\t\t\t\t\t<\/div>\n\t\t\t\t<\/div>\n\t\t\t\t<div class=\"vc_clearfix\"><\/div>\n\t\t\t<\/div>\n\t\t\t<div class=\"teacher-details only-mobile\">\n\t\t\t\t<div class=\"teacher-details-wrap\">\n\t\t\t\t\t<span class=\"teacher-name\">Vera Sevilla<\/span>\n\t\t\t\t\t<span class=\"teacher-occupation\"><p>Lehrerin<\/p>\n<\/span>\n\t\t\t\t<\/div>\n\t\t\t<\/div>\n\t\t\t<\/div>\n<\/div><\/div>\t<script>\n\t\tfunction show_teacher( id )\n\t\t{\n\t\t\tvar popup = ih_popup( { content_element: document.getElementById( \"teacher-bio-\" + id ) } )\n\t\t\tpopup.popup_content.style.padding = \"2em\"\n\t\t\tpopup.popup_content.style.maxWidth = \"30em\"\n\t\t\treturn false\n\t\t}\n\t<\/script>\n<\/p>\n<p>[\/vc_column_text][\/vc_column][\/vc_row][vc_row][vc_column]<div class=\"templatera_shortcode\"><div id=\"seccion-icons-nivel\" data-vc-full-width=\"true\" data-vc-full-width-init=\"false\" class=\"vc_row wpb_row vc_row-fluid vc_custom_1622213032458 vc_row-has-fill\"><div class=\"wpb_column vc_column_container vc_col-sm-12\"><div class=\"vc_column-inner\"><div class=\"wpb_wrapper\">\n\t<div class=\"wpb_text_column wpb_content_element \" >\n\t\t<div class=\"wpb_wrapper\">\n\t\t\t<h2 class=\"p1\" style=\"text-align: center;\">Welches ist dein Spanischniveau?<\/h2>\n<p class=\"p1\" style=\"text-align: center;\">Bei Espa\u00f1ol\u00e9 findest du das Spanischprogramm, das sich am besten f\u00fcr dein Sprachniveau eignet.<\/p>\n\n\t\t<\/div>\n\t<\/div>\n<div class=\"vc_row wpb_row vc_inner vc_row-fluid\"><div class=\"wpb_column vc_column_container vc_col-sm-4\"><div class=\"vc_column-inner\"><div class=\"wpb_wrapper\">\n\t<div class=\"wpb_text_column wpb_content_element \" >\n\t\t<div class=\"wpb_wrapper\">\n\t\t\t<div id=\"icon-a1\" class=\"icon-izq\">\n<h3 class=\"p1\">A1 &#8211; Anf\u00e4nger:innen<\/h3>\n<p class=\"p1\">Die Lernenden k\u00f6nnen sich mit einfacher und direkter Sprache verst\u00e4ndigen und ein ganz einfaches Gespr\u00e4ch f\u00fchren.<\/p>\n<\/div>\n\n\t\t<\/div>\n\t<\/div>\n<\/div><\/div><\/div><div class=\"wpb_column vc_column_container vc_col-sm-4\"><div class=\"vc_column-inner\"><div class=\"wpb_wrapper\">\n\t<div class=\"wpb_text_column wpb_content_element \" >\n\t\t<div class=\"wpb_wrapper\">\n\t\t\t<div id=\"icon-a2\" class=\"icon-izq\">\n<h3 class=\"p1\">A2 &#8211; Vorstufe<\/h3>\n<p class=\"p1\">Die Lernenden k\u00f6nnen Informationen \u00fcber Gegenwart, Vergangenheit und Zukunft verstehen und \u00fcbermitteln. Sie k\u00f6nnen mit den meisten Situationen umgehen, denen man auf Reisen in einem spanischsprachigen Land begegnet, und pers\u00f6nliche und allt\u00e4gliche Informationen \u00fcbermitteln.<\/p>\n<\/div>\n\n\t\t<\/div>\n\t<\/div>\n<\/div><\/div><\/div><div class=\"wpb_column vc_column_container vc_col-sm-4\"><div class=\"vc_column-inner\"><div class=\"wpb_wrapper\">\n\t<div class=\"wpb_text_column wpb_content_element \" >\n\t\t<div class=\"wpb_wrapper\">\n\t\t\t<div id=\"icon-b1\" class=\"icon-izq\">\n<h3 class=\"p1\">B1 &#8211; Mittelstufe<\/h3>\n<p class=\"p1\">Die Lernenden k\u00f6nnen zusammenh\u00e4ngend mit Muttersprachler:innen kommunizieren. Sie k\u00f6nnen an Diskussionen teilnehmen und ihre Ansichten \u00fcber vertraute Themen zum Ausdruck bringen. Sie k\u00f6nnen Erlebnisse aus ihrer Vergangenheit beschreiben sowie ihre Pl\u00e4ne, Hoffnungen und Ziele f\u00fcr die Zukunft erkl\u00e4ren und begr\u00fcnden.<\/p>\n<\/div>\n\n\t\t<\/div>\n\t<\/div>\n<\/div><\/div><\/div><\/div><div class=\"vc_row wpb_row vc_inner vc_row-fluid\"><div class=\"wpb_column vc_column_container vc_col-sm-4\"><div class=\"vc_column-inner\"><div class=\"wpb_wrapper\">\n\t<div class=\"wpb_text_column wpb_content_element \" >\n\t\t<div class=\"wpb_wrapper\">\n\t\t\t<div id=\"icon-b2\" class=\"icon-izq\">\n<h3 class=\"p1\">B2 &#8211; Obere Mittelstufe<\/h3>\n<p class=\"p1\">Die Lernenden k\u00f6nnen ihren Standpunkt zu allgemeinen Themen in m\u00fcndlicher und schriftlicher Form klar und deutlich erl\u00e4utern. Sie kennen komplexere Strukturen und k\u00f6nnen diese kompetent einsetzen, sie verst\u00e4ndigen sich flie\u00dfend und verf\u00fcgen \u00fcber ein breites Vokabular, das auch einige Redewendungen enth\u00e4lt.<\/p>\n<\/div>\n\n\t\t<\/div>\n\t<\/div>\n<\/div><\/div><\/div><div class=\"wpb_column vc_column_container vc_col-sm-4\"><div class=\"vc_column-inner\"><div class=\"wpb_wrapper\">\n\t<div class=\"wpb_text_column wpb_content_element \" >\n\t\t<div class=\"wpb_wrapper\">\n\t\t\t<div id=\"icon-c1\" class=\"icon-izq\">\n<h3 class=\"p1\">C1 &#8211; Fortgeschrittene<\/h3>\n<p class=\"p1\">Die Lernenden sind in der Lage, die meisten Vortr\u00e4ge und Diskussionen zu verstehen. Sie k\u00f6nnen klar und strukturiert argumentieren und Begr\u00fcndungen sowohl m\u00fcndlich als auch schriftlich zusammenh\u00e4ngend wiedergeben. Die Lernenden haben ihre allgemeinen Sprachkenntnisse sowie den Wortschatz erweitert und sind in der Lage, im sozialen, akademischen und beruflichen Bereich souver\u00e4n zu kommunizieren.<\/p>\n<\/div>\n\n\t\t<\/div>\n\t<\/div>\n<\/div><\/div><\/div><div class=\"wpb_column vc_column_container vc_col-sm-4\"><div class=\"vc_column-inner\"><div class=\"wpb_wrapper\">\n\t<div class=\"wpb_text_column wpb_content_element \" >\n\t\t<div class=\"wpb_wrapper\">\n\t\t\t<div id=\"icon-c2\" class=\"icon-izq\">\n<h3 class=\"p1\">C2 &#8211; Kompetente Sprachverwendung<\/h3>\n<p class=\"p1\">Die Lernenden verf\u00fcgen m\u00fcndlich und schriftlich \u00fcber ein hohes Spanischniveau. Sie k\u00f6nnen fl\u00fcssig und spontan diskutieren und auch in komplexen und ungewohnten Situationen gut strukturierte Texte schreiben. Sie k\u00f6nnen pr\u00e4zise Vortr\u00e4ge \u00fcber komplexe Sachverhalte halten, Unterthemen integrieren und Schwerpunkte darlegen.<\/p>\n<\/div>\n\n\t\t<\/div>\n\t<\/div>\n<\/div><\/div><\/div><\/div>\n\t<div class=\"wpb_text_column wpb_content_element \" >\n\t\t<div class=\"wpb_wrapper\">\n\t\t\t<p style=\"text-align: center;\"><button class=\"botones bot-trans-azul\"><a title=\"Mach deinen Einstufungstest\" href=\"https:\/\/espanoleschool.com\/es\/test-nivel-espanol\/\">Mach deinen Einstufungstest<\/a><\/button><\/p>\n\n\t\t<\/div>\n\t<\/div>\n<\/div><\/div><\/div><\/div><div class=\"vc_row-full-width vc_clearfix\"><\/div>\n<\/div>[\/vc_column][\/vc_row][vc_row css=&#8221;.vc_custom_1626213495873{margin-top: 24px !important;margin-bottom: 24px !important;}&#8221;][vc_column width=&#8221;1\/2&#8243; css=&#8221;.vc_custom_1625711784466{border-right-width: 1px !important;border-right-color: rgba(0,0,0,0.01) !important;}&#8221;][vc_column_text]<\/p>\n<h2 style=\"text-align: center;\">Berechne dein personalisiertes Programm<\/h2>\n<p style=\"text-align: center;\">Stelle dein Programm f\u00fcr einen Sprachaufenthalt in Valencia zusammen und berechne die Kosten schnell und einfach.<\/p>\n<p style=\"text-align: center;\"><a class=\"vc-general btn-grid botones bot-azul\" style=\"color: white; text-decoration: none;\" href=\"https:\/\/espanoleschool.com\/de\/buchen\/\" target=\"_blank\" rel=\"noopener\">Kosten berechnen<\/a><\/p>\n<p>[\/vc_column_text][\/vc_column][vc_column width=&#8221;1\/2&#8243; css=&#8221;.vc_custom_1625711757258{border-left-width: 1px !important;border-left-color: #054a7a !important;border-left-style: solid !important;}&#8221;][vc_column_text]<\/p>\n<h2 style=\"text-align: center;\">Welcher Kurs ist der passende f\u00fcr mich?<\/h2>\n<p style=\"text-align: center;\">Wenn du dir nicht sicher bist, welches Programm sich f\u00fcr dich am besten eignet, kontaktiere uns, damit wir dich unverbindlich beraten k\u00f6nnen.<\/p>\n<p style=\"text-align: center;\"><a class=\"vc-general btn-grid botones bot-azul\" style=\"color: white; text-decoration: none;\" href=\"https:\/\/espanoleschool.com\/contact-us\/\" target=\"_blank\" rel=\"noopener\">Kontaktiere uns<\/a><\/p>\n<p>[\/vc_column_text][\/vc_column][\/vc_row][vc_row content_placement=&#8221;middle&#8221;][vc_column width=&#8221;1\/2&#8243; el_class=&#8221;valign&#8221;][vc_single_image image=&#8221;5089&#8243; img_size=&#8221;full&#8221;][\/vc_column][vc_column width=&#8221;1\/2&#8243; el_id=&#8221;activities-list&#8221; el_class=&#8221;valign&#8221;][vc_column_text]<\/p>\n<h2 style=\"text-align: center;\">Ein umfassendes Programm an Aktivit\u00e4ten<\/h2>\n<p>[\/vc_column_text][vc_row_inner][vc_column_inner][vc_column_text el_class=&#8221;mobile-center&#8221;]<\/p>\n<div id=\"icon-paella\" class=\"icon-izq\">\n<h3>Kulturelle Aktivit\u00e4ten<\/h3>\n<p>Die Geschichte, Kultur und Traditionen Spaniens helfen dir, die Sprache besser zu verstehen und zu perfektionieren.<\/p>\n<\/div>\n<p>[\/vc_column_text][\/vc_column_inner][\/vc_row_inner][vc_row_inner][vc_column_inner][vc_column_text el_class=&#8221;mobile-center&#8221;]<\/p>\n<div id=\"icon-free-time\" class=\"icon-izq\">\n<h3>Outdoor und Sport<\/h3>\n<p>Hab Spa\u00df und \u00fcbe Spanisch mit deinen Mitsch\u00fcler:innen beim Segeln oder beim Tanzunterricht.<\/p>\n<\/div>\n<p>[\/vc_column_text][\/vc_column_inner][\/vc_row_inner][vc_row_inner][vc_column_inner][vc_column_text el_class=&#8221;mobile-center&#8221;]<\/p>\n<div id=\"icon-friends\" class=\"icon-izq\">\n<h3>Spa\u00df und Geselligkeit<\/h3>\n<p>Tauche in das Nachtleben der Stadt ein und mache in einer sicheren Umgebung neue Bekanntschaften, umgeben von Menschen anderer Kulturen.<\/p>\n<\/div>\n<p>[\/vc_column_text][\/vc_column_inner][\/vc_row_inner][\/vc_column][\/vc_row][vc_row][vc_column][vc_column_text]<\/p>\n<h2 style=\"text-align: center;\">Hochwertiges Unterrichtsangebot<\/h2>\n<p style=\"text-align: center;\">Die bedeutendsten Zertifizierungen und G\u00fctesiegel garantieren die Exzellenz unserer Schule.<\/p>\n<p>[\/vc_column_text][vc_column_text el_class=&#8221;relpos&#8221;]\t<div class=\"swiper-container swiper-certifications\">\n\t\t<div class=\"swiper-wrapper\">\n\t\t\t<div class=\"swiper-slide\">\n<a target=\"_blank\" href=\"https:\/\/portail.chorus-pro.gouv.fr\/aife_csm\" rel=\"noopener\">\t\t\t\t<img decoding=\"async\" src=\"https:\/\/espanoleschool.com\/escuela\/wp-content\/uploads\/2025\/09\/ChorusPro.png\" alt=\"Chorus Pro\">\n<\/a>\t\t\t<\/div>\n\t\t\t<div class=\"swiper-slide\">\n<a target=\"_blank\" href=\"https:\/\/ihworld.com\/ih-valencia-ih-quality-inspection-digital-badge\/\" rel=\"noopener\">\t\t\t\t<img decoding=\"async\" src=\"https:\/\/espanoleschool.com\/escuela\/wp-content\/uploads\/2025\/09\/IH-Quality-Inspeciton-badge-2024-2027-1.png\" alt=\"IH Valencia \u2013 IH Quality Inspection Digital Badge\">\n<\/a>\t\t\t<\/div>\n\t\t\t<div class=\"swiper-slide\">\n<a target=\"_blank\" href=\"https:\/\/www.visitvalencia.com\/\" rel=\"noopener\">\t\t\t\t<img decoding=\"async\" src=\"https:\/\/espanoleschool.com\/escuela\/wp-content\/uploads\/2023\/11\/Empresa-Asociada-Fundacio-VISIT-VLC.png\" alt=\"Visit Val\u00e8ncia\">\n<\/a>\t\t\t<\/div>\n\t\t\t<div class=\"swiper-slide\">\n<a target=\"_blank\" href=\"https:\/\/espanoleschool.com\/es\/proyecto\/\">\t\t\t\t<img decoding=\"async\" src=\"https:\/\/espanoleschool.com\/escuela\/wp-content\/uploads\/2022\/11\/colaboracio2025.png\" alt=\"Comunitat Valenciana &#8211; Mediterr\u00e1neo en vivo y seguro\">\n<\/a>\t\t\t<\/div>\n\t\t\t<div class=\"swiper-slide\">\n<a target=\"_blank\" href=\"https:\/\/www.comunitatvalenciana.com\/en\/be-inspired\/language-travel\" rel=\"noopener\">\t\t\t\t<img decoding=\"async\" src=\"https:\/\/espanoleschool.com\/escuela\/wp-content\/uploads\/2022\/02\/learning_spanish-comunitat-valenciana.jpg\" alt=\"Comunitat Valenciana\">\n<\/a>\t\t\t<\/div>\n\t\t\t<div class=\"swiper-slide\">\n<a target=\"_blank\" href=\"https:\/\/bildungsurlaub-approval.de\/#\/\" rel=\"noopener\">\t\t\t\t<img decoding=\"async\" src=\"https:\/\/espanoleschool.com\/escuela\/wp-content\/uploads\/2021\/07\/Picture-1.png\" alt=\"BILDUNGSURLAUB\">\n<\/a>\t\t\t<\/div>\n\t\t\t<div class=\"swiper-slide\">\n\t\t\t\t<img decoding=\"async\" src=\"https:\/\/espanoleschool.com\/escuela\/wp-content\/uploads\/2021\/07\/Picture-2.png\" alt=\"CSN\">\n\t\t\t<\/div>\n\t\t\t<div class=\"swiper-slide\">\n\t\t\t\t<img decoding=\"async\" src=\"https:\/\/espanoleschool.com\/escuela\/wp-content\/uploads\/2021\/07\/Picture-3.png\" alt=\"Certificado ISO-14064\">\n\t\t\t<\/div>\n\t\t\t<div class=\"swiper-slide\">\n<a target=\"_blank\" href=\"https:\/\/acreditacion.cervantes.es\/centros_espana.htm#castellon\" rel=\"noopener\">\t\t\t\t<img decoding=\"async\" src=\"https:\/\/espanoleschool.com\/escuela\/wp-content\/uploads\/2021\/07\/Picture-4.png\" alt=\"Centro Acreditado: Instituto Cervantes\">\n<\/a>\t\t\t<\/div>\n\t\t\t<div class=\"swiper-slide\">\n<a target=\"_blank\" href=\"https:\/\/espanoleschool.com\/es\/proyecto-subvencionado-por-ivace-y-la-ue\/\">\t\t\t\t<img decoding=\"async\" src=\"https:\/\/espanoleschool.com\/escuela\/wp-content\/uploads\/2025\/06\/IVACE.png\" alt=\"Proyecto subvencionado por IVACE y la Uni\u00f3n Europea\">\n<\/a>\t\t\t<\/div>\n\t<\/div>\n\t<div class=\"swiper-button-prev\"><\/div>\n\t<div class=\"swiper-button-next\"><\/div>\n\t<\/div>\n<script src=\"https:\/\/espanoleschool.com\/escuela\/wp-content\/plugins\/CPT_Cursos\/js\/swiper-bundle.js\"><\/script>\n<link rel=\"stylesheet\" href=\"https:\/\/unpkg.com\/swiper\/swiper-bundle.min.css\" \/>\n    <script>\n      var swiper_certs = new Swiper(\".swiper-certifications\", {\n        direction: 'horizontal',\n        loop: true,\n        slidesPerView: 5,\n        spaceBetween: 0,\n        centeredSlides: true,\n        pagination: {\n            el: \".swiper-pagination\",\n            clickable: true,\n        },\n        \/\/ Navigation arrows\n        navigation: {\n            nextEl: '.swiper-button-next',\n            prevEl: '.swiper-button-prev',\n        },\n    });\n    <\/script>\n\n[\/vc_column_text][\/vc_column][\/vc_row][vc_row][vc_column]<div class=\"templatera_shortcode\"><div id=\"seccion-necesitas-alojamiento\" class=\"vc_row wpb_row vc_row-fluid\"><div class=\"wpb_column vc_column_container vc_col-sm-12\"><div class=\"vc_column-inner\"><div class=\"wpb_wrapper\">\n\t<div class=\"wpb_text_column wpb_content_element \" >\n\t\t<div class=\"wpb_wrapper\">\n\t\t\t<h2 style=\"text-align: center;\">Brauchst du eine Unterkunft?<\/h2>\n<p class=\"p1\" style=\"text-align: center;\">In Espa\u00f1ol\u00e9 stellen wir dir unsere Unterk\u00fcnfte zur Verf\u00fcgung, damit du deinen Aufenthalt in Valencia in vollen Z\u00fcgen genie\u00dfen kannst.<\/p>\n\n\t\t<\/div>\n\t<\/div>\n<div class=\"vc_row wpb_row vc_inner vc_row-fluid vc_row-o-equal-height vc_row-o-content-middle vc_row-flex\"><div class=\"wpb_column vc_column_container vc_col-sm-3 vc_col-has-fill\"><div class=\"vc_column-inner vc_custom_1624619327352\"><div class=\"wpb_wrapper\">\n\t<div class=\"wpb_text_column wpb_content_element \" >\n\t\t<div class=\"wpb_wrapper\">\n\t\t\t<p class=\"titulo\"><a style=\"color: #ffffff;\" href=\"https:\/\/espanoleschool.com\/es\/alojamiento\/resiole-residencias-con-el-sello-de-calidad-de-espanole\/\"><strong>Wohnheime<\/strong><\/a><\/p>\n<p>Wir verf\u00fcgen \u00fcber unsere eigenen Wohnm\u00f6glichkeiten im Stadtzentrum, ganz in der N\u00e4he der Schule. Ein komfortabler und exklusiver Wohnraum, um deine Erfahrung mit deinen Mitsch\u00fcler:innen aus der ganzen Welt zu teilen.<\/p>\n\n\t\t<\/div>\n\t<\/div>\n<\/div><\/div><\/div><div class=\"wpb_column vc_column_container vc_col-sm-3 vc_col-has-fill\"><div class=\"vc_column-inner vc_custom_1624619341556\"><div class=\"wpb_wrapper\">\n\t<div class=\"wpb_text_column wpb_content_element \" >\n\t\t<div class=\"wpb_wrapper\">\n\t\t\t<p class=\"titulo\"><a style=\"color: #ffffff;\" href=\"https:\/\/espanoleschool.com\/es\/alojamiento\/apartamentos-compartidos\/\"><strong>Apartments<\/strong><\/a><\/p>\n<p>Das Zusammenwohnen mit gleichaltrigen Mitsch\u00fcler:innen mit \u00e4hnlichen Interessen erm\u00f6glicht es dir, dein Spanisch zu \u00fcben.<\/p>\n\n\t\t<\/div>\n\t<\/div>\n<\/div><\/div><\/div><div class=\"wpb_column vc_column_container vc_col-sm-3 vc_col-has-fill\"><div class=\"vc_column-inner vc_custom_1624619352853\"><div class=\"wpb_wrapper\">\n\t<div class=\"wpb_text_column wpb_content_element \" >\n\t\t<div class=\"wpb_wrapper\">\n\t\t\t<p class=\"titulo\"><a style=\"color: #ffffff;\" href=\"https:\/\/espanoleschool.com\/es\/alojamiento\/familias-anfitrionas\/\"><strong>Gastfamilien<\/strong><\/a><\/p>\n<p>Die beste Art und Weise, die spanische Kultur und Br\u00e4uche kennenzulernen. Die Gastfamilien werden sorgf\u00e4ltig ausgesucht und bieten unseren Sch\u00fcler:innen einen Ort, wo sie sich wie zu Hause f\u00fchlen k\u00f6nnen.<\/p>\n\n\t\t<\/div>\n\t<\/div>\n<\/div><\/div><\/div><div class=\"wpb_column vc_column_container vc_col-sm-3 vc_col-has-fill\"><div class=\"vc_column-inner vc_custom_1624619365251\"><div class=\"wpb_wrapper\">\n\t<div class=\"wpb_text_column wpb_content_element \" >\n\t\t<div class=\"wpb_wrapper\">\n\t\t\t\n\t\t<\/div>\n\t<\/div>\n<\/div><\/div><\/div><\/div><div class=\"vc_empty_space\"   style=\"height: 32px\"><span class=\"vc_empty_space_inner\"><\/span><\/div>\n\t<div class=\"wpb_text_column wpb_content_element \" >\n\t\t<div class=\"wpb_wrapper\">\n\t\t\t<p style=\"text-align: center;\"><button class=\"botones bot-azul \"><a title=\"W\u00e4hle deine Unterkunft aus\" href=\"https:\/\/espanoleschool.com\/es\/alojamiento-valencia\/\">W\u00e4hle deine Unterkunft aus<\/a><\/button><\/p>\n\n\t\t<\/div>\n\t<\/div>\n<\/div><\/div><\/div><\/div>\n<\/div>[\/vc_column][\/vc_row][vc_row][vc_column][vc_column_text]<\/p>\n<h2 style=\"text-align: center;\">Lade unsere Brosch\u00fcren als PDF herunter<\/h2>\n<p style=\"text-align: center;\">Lade die Brosch\u00fcre herunter, die dich am meisten interessiert<\/p>\n<p style=\"text-align: center;\"><a class=\"vc-general btn-grid botones bot-azul\" style=\"color: white; text-decoration: none;\" href=\"https:\/\/espanoleschool.com\/downloads\/\" rel=\"noopener\">Siehe Download-Material<\/a><\/p>\n<p>[\/vc_column_text][\/vc_column][\/vc_row][vc_row full_width=&#8221;stretch_row&#8221; css=&#8221;.vc_custom_1630759040578{background-color: #f0faff !important;}&#8221;][vc_column]<div class=\"templatera_shortcode\"><div class=\"vc_row wpb_row vc_row-fluid\"><div class=\"wpb_column vc_column_container vc_col-sm-12\"><div class=\"vc_column-inner\"><div class=\"wpb_wrapper\">\n\t<div class=\"wpb_text_column wpb_content_element \" >\n\t\t<div class=\"wpb_wrapper\">\n\t\t\t<h2 style=\"text-align: center;\"><span style=\"color: #3a9bde;\">Hast du noch Fragen?<\/span><\/h2>\n<p style=\"text-align: center;\">Kontaktiere uns, wir helfen dir gerne weiter.<\/p>\n<div class=\"templatera_shortcode\"><div class=\"vc_row wpb_row vc_row-fluid\"><div class=\"wpb_column vc_column_container vc_col-sm-12\"><div class=\"vc_column-inner\"><div class=\"wpb_wrapper\">\n\t<div class=\"wpb_raw_code wpb_content_element wpb_raw_html\" >\n\t\t<div class=\"wpb_wrapper\">\n\t\t\t<script charset=\"utf-8\" type=\"text\/javascript\" src=\"\/\/js-eu1.hsforms.net\/forms\/embed\/v2.js\"><\/script>\n<script>\n  hbspt.forms.create({\n    portalId: \"144814303\",\n    formId: \"06089021-e35f-4b50-a986-7a28f3efc60e\"\n  });\n<\/script>\n\t\t<\/div>\n\t<\/div>\n<\/div><\/div><\/div><\/div>\n<\/div>\n\n\t\t<\/div>\n\t<\/div>\n<\/div><\/div><\/div><\/div>\n<\/div>[\/vc_column][\/vc_row][vc_row][vc_column]<div class=\"templatera_shortcode\"><div class=\"vc_row wpb_row vc_row-fluid\"><div class=\"seccion-faq wpb_column vc_column_container vc_col-sm-12\"><div class=\"vc_column-inner\"><div class=\"wpb_wrapper\">\n\t<div class=\"wpb_text_column wpb_content_element \" >\n\t\t<div class=\"wpb_wrapper\">\n\t\t\t<h2 class=\"p1\" style=\"text-align: center;\">H\u00e4ufig gestellte Fragen<\/h2>\n\n\t\t<\/div>\n\t<\/div>\n<div class=\"templatera_shortcode\"><div class=\"vc_row wpb_row vc_row-fluid\"><div class=\"wpb_column vc_column_container vc_col-sm-12\"><div class=\"vc_column-inner\"><div class=\"wpb_wrapper\"><div  class=\"vc_toggle vc_toggle_default vc_toggle_color_default  vc_toggle_size_md\"><div class=\"vc_toggle_title\"><h3>#1 Wann beginnen die Kurse?<\/h3><i class=\"vc_toggle_icon\"><\/i><\/div><div class=\"vc_toggle_content\"><p class=\"p1\">Wenn du keine Vorkenntnisse hast, gibt es feste Starttermine (ca. zweimal im Monat). Wenn du bereits ein wenig Spanisch sprichst, kannst du jeden Montag beginnen.<\/p>\n<\/div><\/div><div  class=\"vc_toggle vc_toggle_default vc_toggle_color_default  vc_toggle_size_md\"><div class=\"vc_toggle_title\"><h3>#2 Welche Lehrmethode wird verwendet?<\/h3><i class=\"vc_toggle_icon\"><\/i><\/div><div class=\"vc_toggle_content\"><p class=\"p1\">Unser Ziel ist es, dass die Kursteilnehmer:innen lernen, auf Spanisch zu kommunizieren. Unsere Lehrmethode ist daher eine Kombination aus mehreren Ans\u00e4tzen, die die Verbesserung der Kommunikationsf\u00e4higkeiten bezwecken soll. Je nachdem, auf welchem Sprachniveau du dich befindest, hast du mehr oder weniger \u00dcbung in der Kommunikation. Je h\u00f6her dein Niveau ist, desto fl\u00fcssiger kannst du sprechen und kommunizieren. In allen Kursen ist die Unterrichtssprache Spanisch.<\/p>\n<\/div><\/div><div  class=\"vc_toggle vc_toggle_default vc_toggle_color_default  vc_toggle_size_md\"><div class=\"vc_toggle_title\"><h3>#3 Kann ich zu Beginn des Kurses die Gruppe\/Stufe \u00e4ndern, wenn mir die zugewiesene Stufe zu hoch oder zu niedrig ist?<\/h3><i class=\"vc_toggle_icon\"><\/i><\/div><div class=\"vc_toggle_content\"><p class=\"p1\">Ja. Wenn du dein Sprachniveau \u00e4ndern m\u00f6chtest, wende dich an deine Lehrperson, die dich an die Leitung des Lehrprogramms weiterleitet, die deinen Wechsel erw\u00e4gen wird.<\/p>\n<\/div><\/div><div  class=\"vc_toggle vc_toggle_default vc_toggle_color_default  vc_toggle_size_md\"><div class=\"vc_toggle_title\"><h3>#4 Wie kalkuliere ich mein Spanischniveau?<\/h3><i class=\"vc_toggle_icon\"><\/i><\/div><div class=\"vc_toggle_content\"><p class=\"p1\">Am ersten Unterrichtstag absolvieren alle Sch\u00fcler:innen einen Einstufungstest (ausgenommen diejenigen, die keine Vorkenntnisse haben), bei dem m\u00fcndliche und schriftliche Kompetenzen sowie das Leseverstehen und Grammatikkenntnisse bewertet werden. W\u00e4hrend des Kurses werden die Fortschritte von den Lehrpersonen aufmerksam beobachtet. Den schriftlichen Test kannst du auch vor dem Kursbeginn online durchf\u00fchren.<\/p>\n<\/div><\/div><div  class=\"vc_toggle vc_toggle_default vc_toggle_color_default  vc_toggle_size_md\"><div class=\"vc_toggle_title\"><h3>#5 Kann ich nach Kursbeginn meinen Stundenplan \u00e4ndern?<\/h3><i class=\"vc_toggle_icon\"><\/i><\/div><div class=\"vc_toggle_content\"><p class=\"p1\">Ja, es ist m\u00f6glich, solange es Platz in der Gruppe gibt, zu der du wechseln m\u00f6chtest.<\/p>\n<\/div><\/div><div  class=\"vc_toggle vc_toggle_default vc_toggle_color_default  vc_toggle_size_md\"><div class=\"vc_toggle_title\"><h3>#6 Gibt es die M\u00f6glichkeit, den Unterricht aufgrund meiner Fortschritte zu wechseln?<\/h3><i class=\"vc_toggle_icon\"><\/i><\/div><div class=\"vc_toggle_content\"><p class=\"p1\">Unser Programm ist in sechs Stufen unterteilt, die in 40 Wochen abgeschlossen werden k\u00f6nnen. Wenn du schneller Fortschritte machst als der Rest deiner Gruppe, kannst (und sollst) du nat\u00fcrlich zu einer h\u00f6heren Gruppe wechseln. Auf diese Weise wirst du schneller als vorgesehen in die n\u00e4chste Niveaustufe aufsteigen.<\/p>\n<\/div><\/div><div  class=\"vc_toggle vc_toggle_default vc_toggle_color_default  vc_toggle_size_md\"><div class=\"vc_toggle_title\"><h3>#7 Wie sieht mein Stundenplan aus?<\/h3><i class=\"vc_toggle_icon\"><\/i><\/div><div class=\"vc_toggle_content\"><p class=\"p1\">Ob du vor- oder nachmittags Unterricht hast, h\u00e4ngt von den verf\u00fcgbaren Pl\u00e4tzen in den Gruppen deines Sprachniveaus ab. Vormittags beginnt der Unterricht um 9:10 Uhr und nachmittags um 14:10 Uhr. Du hast immer einen halben Tag frei, um zu lernen, unsere Stadt zu erforschen und Spa\u00df mit deinen Freund:innen zu haben.<\/p>\n<\/div><\/div><div  class=\"vc_toggle vc_toggle_default vc_toggle_color_default  vc_toggle_size_md\"><div class=\"vc_toggle_title\"><h3>#8 Wie viele Wochen Unterricht kann ich nehmen?<\/h3><i class=\"vc_toggle_icon\"><\/i><\/div><div class=\"vc_toggle_content\"><p class=\"p1\">Ab einer Woche kannst du dich so lange wie du m\u00f6chtest bei uns einschreiben.<\/p>\n<\/div><\/div><div  class=\"vc_toggle vc_toggle_default vc_toggle_color_default  vc_toggle_size_md\"><div class=\"vc_toggle_title\"><h3>#9 Wie fr\u00fch muss ich mich anmelden?<\/h3><i class=\"vc_toggle_icon\"><\/i><\/div><div class=\"vc_toggle_content\"><p class=\"p1\">Du kannst dich jederzeit anmelden, aber wenn du dir einen freien Platz sichern willst, empfehlen wir dir, dies fr\u00fchzeitig zu tun.<\/p>\n<\/div><\/div><div  class=\"vc_toggle vc_toggle_default vc_toggle_color_default  vc_toggle_size_md\"><div class=\"vc_toggle_title\"><h3>#10 Wie melde ich mich an?<\/h3><i class=\"vc_toggle_icon\"><\/i><\/div><div class=\"vc_toggle_content\"><p class=\"p1\">F\u00fcll einfach das Online-Anmeldeformular aus und sende es uns zu.<\/p>\n<\/div><\/div><div  class=\"vc_toggle vc_toggle_default vc_toggle_color_default  vc_toggle_size_md\"><div class=\"vc_toggle_title\"><h3>#11 Werde ich die spanische Kultur, die Kunst, das Nachtleben usw. kennenlernen?<\/h3><i class=\"vc_toggle_icon\"><\/i><\/div><div class=\"vc_toggle_content\"><p class=\"p1\">Wir haben ein tolles Angebot an Aktivit\u00e4ten, profitiere davon! Die Schule bietet Kurse \u00fcber die spanische Kultur, Kunst und Geschichte an und unser<br \/>\nKultur- und Freizeitprogramm beinhaltet jede Woche sowohl Besichtigungen als auch abendliche Veranstaltungen. Dar\u00fcber hinaus hat Valencia ein sehr intensives kulturelles und soziales Leben, an dem du w\u00e4hrend deines Aufenthalts teilnehmen kannst.<\/p>\n<\/div><\/div><div  class=\"vc_toggle vc_toggle_default vc_toggle_color_default  vc_toggle_size_md\"><div class=\"vc_toggle_title\"><h3>#12 Muss ich meine Sprachlehrb\u00fccher mitbringen?<\/h3><i class=\"vc_toggle_icon\"><\/i><\/div><div class=\"vc_toggle_content\"><p class=\"p1\">Nein, wir geben dir am ersten Tag ein Kursbuch. Alles \u00fcbrige Unterrichtsmaterial, das du ben\u00f6tigst, steht dir in der Schule zur Verf\u00fcgung. Das erste Buch ist im Kurspreis inbegriffen.<\/p>\n<\/div><\/div><div  class=\"vc_toggle vc_toggle_default vc_toggle_color_default  vc_toggle_size_md\"><div class=\"vc_toggle_title\"><h3>#13 Was ist der beliebteste Kurs?<\/h3><i class=\"vc_toggle_icon\"><\/i><\/div><div class=\"vc_toggle_content\"><p class=\"p1\">F\u00fcr kompakte Kurse die Kurse Intensiv 25 und Intensiv Plus; f\u00fcr Langzeitkurse der Kurs Intensiv 20.<\/p>\n<\/div><\/div><div  class=\"vc_toggle vc_toggle_default vc_toggle_color_default  vc_toggle_size_md\"><div class=\"vc_toggle_title\"><h3>#14 Werde ich Pr\u00fcfungen haben?<\/h3><i class=\"vc_toggle_icon\"><\/i><\/div><div class=\"vc_toggle_content\"><p class=\"p1\">Mindestens einmal im Monat f\u00fchren wir schulinterne Pr\u00fcfungen durch, um deine Fortschritte zu bewerten.<\/p>\n<\/div><\/div><div  class=\"vc_toggle vc_toggle_default vc_toggle_color_default  vc_toggle_size_md\"><div class=\"vc_toggle_title\"><h3>#15 Bereitet Espa\u00f1ol\u00e9 auf offizielle Pr\u00fcfungen vor?<\/h3><i class=\"vc_toggle_icon\"><\/i><\/div><div class=\"vc_toggle_content\"><p class=\"p1\">Ja, wir bereiten dich auf Dele (Diploma de Espa\u00f1ol como Lengua Extranjera) und Siele (Servicio Internacional de Evaluaci\u00f3n de la Lengua Espa\u00f1ola) vor. Die im Namen des spanischen Ministeriums f\u00fcr Wissenschaft und Bildung ausgestellten Diplome Dele und Siele sind offizielle Zertifikate, die die Kenntnisse von Spanisch als Fremdsprache best\u00e4tigen. Das DELE-Diplom gibt es f\u00fcr sechs Sprachniveaus, von A1 bis C2.<\/p>\n<\/div><\/div><div  class=\"vc_toggle vc_toggle_default vc_toggle_color_default  vc_toggle_size_md\"><div class=\"vc_toggle_title\"><h3>#16 Kann ich Gesch\u00e4ftsspanisch lernen?<\/h3><i class=\"vc_toggle_icon\"><\/i><\/div><div class=\"vc_toggle_content\"><p class=\"p1\">Ja, wir bieten dir einen Business-Spanischkurs an. Er ist f\u00fcr Sch\u00fcler:innen ab Mittelstufe geeignet.<\/p>\n<\/div><\/div><div  class=\"vc_toggle vc_toggle_default vc_toggle_color_default  vc_toggle_size_md\"><div class=\"vc_toggle_title\"><h3>#17 Kann ich Privatunterricht nehmen?<\/h3><i class=\"vc_toggle_icon\"><\/i><\/div><div class=\"vc_toggle_content\"><p class=\"p1\">Du hast die M\u00f6glichkeit, ab einer Lektion pro Woche Privatunterricht als Einzelkurs oder als Erg\u00e4nzung zu anderen Kursen zu buchen. Die Kursinhalte werden deinen spezifischen Bed\u00fcrfnissen und den F\u00e4higkeiten, die du verst\u00e4rken willst, angepasst.<\/p>\n<\/div><\/div><div  class=\"vc_toggle vc_toggle_default vc_toggle_color_default  vc_toggle_size_md\"><div class=\"vc_toggle_title\"><h3>#18 Erhalte ich am Kursende ein Diplom?<\/h3><i class=\"vc_toggle_icon\"><\/i><\/div><div class=\"vc_toggle_content\"><p class=\"p1\">Am Ende des Kurses erh\u00e4ltst du ein Zertifikat, das den Kurstyp, seine Dauer und dein erreichtes Spanischniveau angibt.<\/p>\n<\/div><\/div><div  class=\"vc_toggle vc_toggle_default vc_toggle_color_default  vc_toggle_size_md\"><div class=\"vc_toggle_title\"><h3>#19 Bekomme ich mit dem Spanischkurs Credit Points?<\/h3><i class=\"vc_toggle_icon\"><\/i><\/div><div class=\"vc_toggle_content\"><p class=\"p1\">Wir sind ein akkreditiertes Zentrum des Instituto Cervantes, das die offizielle Einrichtung f\u00fcr die spanische Sprache in Spanien ist. Viele unserer Sch\u00fcler:innen erhalten f\u00fcr einen abgeschlossenen Kurs bei uns Credit Points von ihren Universit\u00e4ten.<\/p>\n<\/div><\/div><div  class=\"vc_toggle vc_toggle_default vc_toggle_color_default  vc_toggle_size_md\"><div class=\"vc_toggle_title\"><h3>#20 Wie bezahle ich?<\/h3><i class=\"vc_toggle_icon\"><\/i><\/div><div class=\"vc_toggle_content\"><p class=\"p1\">Es gibt verschiedene Bezahlm\u00f6glichkeiten: per Bank\u00fcberweisung in \u20ac oder per Kreditkarte.<\/p>\n<\/div><\/div><\/div><\/div><\/div><\/div>\n<\/div><\/div><\/div><\/div><\/div>\n<\/div>[\/vc_column][\/vc_row]<\/p>\n","protected":false},"excerpt":{"rendered":"#1 Wann beginnen die Kurse?Wenn du keine Vorkenntnisse hast, gibt es feste Starttermine (ca. zweimal im Monat). Wenn du bereits ein wenig Spanisch sprichst, kannst du jeden Montag beginnen. #2 [...]","protected":false},"author":5,"featured_media":0,"parent":0,"menu_order":0,"comment_status":"closed","ping_status":"closed","template":"","meta":{"content-type":"","rank_math_lock_modified_date":false,"_genesis_hide_title":false,"_genesis_hide_breadcrumbs":false,"_genesis_hide_singular_image":false,"_genesis_hide_footer_widgets":false,"_genesis_custom_body_class":"","_genesis_custom_post_class":"","_genesis_layout":"full-width-content","_price":"","_stock":"","_tribe_ticket_header":"","_tribe_default_ticket_provider":"","_tribe_ticket_capacity":"0","_ticket_start_date":"","_ticket_end_date":"","_tribe_ticket_show_description":"","_tribe_ticket_show_not_going":false,"_tribe_ticket_use_global_stock":"","_tribe_ticket_global_stock_level":"","_global_stock_mode":"","_global_stock_cap":"","_tribe_rsvp_for_event":"","_tribe_ticket_going_count":"","_tribe_ticket_not_going_count":"","_tribe_tickets_list":[],"_tribe_ticket_has_attendee_info_fields":false,"footnotes":""},"class_list":["post-23391","page","type-page","status-publish","entry"],"rankMath":{"parentDomain":"espanoleschool.com","noFollowDomains":[],"noFollowExcludeDomains":[],"noFollowExternalLinks":false,"featuredImageNotice":"Das angezeigte Beitragsbild sollte mindestens 200x200 px gro\u00df sein, damit Facebook und andere Social-Media-Websites es \u00fcbernehmen.","pluginReviewed":false,"postSettings":{"linkSuggestions":false,"useFocusKeyword":false},"frontEndScore":false,"postName":"faq-generico-cursos-espanol","permalinkFormat":"https:\/\/espanoleschool.com\/de\/templatera\/%templatera%\/","showLockModifiedDate":true,"assessor":{"focusKeywordLink":"https:\/\/espanoleschool.com\/escuela\/wp-admin\/edit.php?focus_keyword=%focus_keyword%&post_type=%post_type%","hasTOCPlugin":false,"primaryTaxonomy":false,"serpData":{"title":"","description":"","focusKeywords":"","pillarContent":false,"canonicalUrl":"","breadcrumbTitle":"","advancedRobots":{"max-snippet":"-1","max-video-preview":"-1","max-image-preview":"large"},"facebookTitle":"","facebookDescription":"","facebookImage":"","facebookImageID":"","facebookHasOverlay":false,"facebookImageOverlay":"","facebookAuthor":"","twitterCardType":"","twitterUseFacebook":true,"twitterTitle":"","twitterDescription":"","twitterImage":"","twitterImageID":"","twitterHasOverlay":false,"twitterImageOverlay":"","twitterPlayerUrl":"","twitterPlayerSize":"","twitterPlayerStream":"","twitterPlayerStreamCtype":"","twitterAppDescription":"","twitterAppIphoneName":"","twitterAppIphoneID":"","twitterAppIphoneUrl":"","twitterAppIpadName":"","twitterAppIpadID":"","twitterAppIpadUrl":"","twitterAppGoogleplayName":"","twitterAppGoogleplayID":"","twitterAppGoogleplayUrl":"","twitterAppCountry":"","robots":{"index":true},"twitterAuthor":"Javier Peinado","primaryTerm":0,"authorName":"Cristina","titleTemplate":"%title% %sep% %sitename%","descriptionTemplate":"","showScoreFrontend":true,"lockModifiedDate":false},"powerWords":["abgelenkt","abgesturzt","absolut","abstossend","aburd","abweisen","adaquat","aggressiv","ahnungslos","akkurat","alarmierend","alarmiert","albtraum","all-inclusive","allererste","allererster","allererstes","alleswisser","am schlechtesten","am wichtigsten","angewidert","angriff","angsteinflossend","angstlich","animiert","ankundigung","anonym","anpassbar","anspruchslos","anstossig","antagonistisch","apokalypse","applaus","argumentativ","arm","armageddon","arrogant","atemberaubend","attacke","attraktiv","aufdeckend","aufgebracht","aufgedeckt","aufgeregt","aufheiternd","aufregend","aufregende","aufregenden","aufregung","aufstachelnd","aufstandisch","aufsteigend","auftreibend","augenoffnend","ausgelassen","ausgeruht","ausgespielt","ausgewahlt","ausgewuhlt","ausnutzen","aussergewohnlich","autark","authentisch","autoritat","backdoor","badass","beangstigend","bedenklich","bedingungslos","bedrohen","bedroht","beforderung","befreit","befriedigend","befriedigt","begehren","begeistern","begeistert","begeisterung","beherzt","behind the scenes","beichte","beleidigung","belohnung","bemerkenswert","beneiden","bequem","beruhmt","beschadigen","beschamend","beschmutzt","beschuldigen","beschutzen","besitz","bessesen","bestatigen","bestatigt","beste","bestimmt","bestrafen","betrug","betrugen","bewahrt","bewiesen","bewiesenermassen","bewusst","bezahlbar","bezaubernd","bizarre","bleich","blendend","blut","blutbad","blutig","bombe","bonanza","bonus","bosartig","bose","boshaft","brilliant","brodelnd","brutal","budget","bullshit","bully","bunt","bunte","bunten","case study","cash","challenge","challgene","chaos","cheat-sheet","clever","content","cool","courage","dankbar","daruber redet keiner","deadline","definitiv","dekadent","demoralisierend","demut","desillusioniert","detailiert","diagnose","die wahrheit","direkt","disastros","discount","dokument","dollar","dominieren","doppelt","download","dreckig","dreifach","dreistigkeit","dringend","dringlichkeit","dumm","dummkopf","dummlich","durchbruch","duselig","dynamik","echt","effektiv","effizient","ehrlich","eier","eifersuchtig","eifrig","eindeutig","eindrucksvoll","eine stufe besser","einfach","einfachheit","einfallsreich","eingebildet","eingeschrankt","eingesperrt","einmalig","einsam","eintauchen","einzigartig","eisern","eliminieren","elite","empathie","empfehle","empfehlen","endeffekt","energie","energisch","enorm","entdecken","entfesselt","entfremdet","enthullen","enthullung","enthusiastisch","entmachtet","entsetzlich","entspannt","entzuckend","entzunden","epidemisch","episch","erbarmlich","erfolg","erfolgreich","erfolgsbilanz","erfreut","erfullen","erfullt","ergebnisse","ergreifen","erhaben","erheben","erhohen","erledigt","ermachtigt","ermudet","ernmutigt","ernsthaft","erobern","erroten","errungenschaft","erschaffen","erschrocken","ersehnen","ersparnisse","erstattbar","erstatten","erstaunlich","erste","ertrinken","essentiell","ethisch","euphorisch","exakt","exklusiv","exklusivitat","exkuisit","experte","explodieren","explosiv","exposed","extrem","exzellent","fahig","fahigkeiten","fail","falle","fantasie","fantastischen","farbenfroh","farbenfrohe","faszinierend","faszinierende","faul","faux pas","faux","fehler","feindselig","feldstudie","fesselnd","festlich","festmahl","festplatte","final","flirt","fluchtling","flussig","fokus","fokussiert","folter","formel","frech","freebie","frei","freiheit","freudig","friedlich","frohlich","frohlichkeit","frustriert","fundamental","fur immer","furchtbar","furchtlos","gangster","garantiert","geblendet","geehrt","gefahr","gefahrlich","gefangen","gefangnis","gefeuert","gegensatzlich","gehassig","geheimnis","geheimnisse","geil","geisseln","geist","geistesgestort","gelassen","geld zuruck","geld","genial","gepackt","gerade angekommen","gerissen","geschenk","geschmuggelt","geschutzt","gestandnis","gestandnisse","gestopft","gestresst","gesucht","gesund","getauscht","getestet","getotet","gewaltig","gewalttatig","gewidmet","gewinnspiel","gier","gierig","gift","giftig","gigantisch","giveaway","glamourose","glanzend","glaube","glaubwurdig","gleichmassig","glittering","glitzernde","gluckselig","golden","grandios","grandiose","grandiosen","grandioses","grauenhaft","grausamkeit","grinsen","groesste","gross","grossartig","grossartig","grossartige","grossartigen","grossartiger","grossartiges","grosse","grossen","grosste","grosszugig","grotesk","grube","grundlegend","gruselig","gunstig","hack","hamisch","hammer","handelsgeheimnis","hartnackig","hass","heilig","heimlich","heisshunger","heisshungrig","heiter","held","hell","herablassend","herausfordernd","herausforderung","herausvorderung","herrlichen","herrschend","hervorragend","herz","herzbrechend","herzerwahrmend","heute","hightech","hilflosigkeit","hilfreich","hilfsbereit","himmlisch","hinterhaltig","hoax","hocheffektiv","hochnasig","hochste","hoffnung","hoffnungsvoll","holle","holocaust","horror","how to","humor","hungrige","hurrikan","hypnotisch","hypnotisierend","idiot","idiotisch","illegal","immer","informativ","inhalt","inkompetent","innovativ","insider","inspirierend","inspiriert","intelligent","intensiv","interessant","interessante","invasion","investment","ist da","jackpot","jederzeit kundigen","jetzt","jubilant","jumpstart","jung","kadaver","kampf","katapult","katastrophe","kaufen","kein risiko","keine verpflichtung","kickstart","kindisch","kitschig","klaglich","klar","knast","kollabieren","kollosal","komfortabel","komisch","kompetitiv","komplett","kompromiss","komsich","konstruktiv","kontrollierend","kontrollverlust","kooperativ","kopie","korrupt","kostenlos","kraftlos","kraftvoll","krankhaft","kreativ","kreative","kriese","kritisch","kruppel","lachen","lacherlich","lahm","last minute","lauernd","lebendig","lebenslanglich","lecken","lecker","legendar","legitim","leiche","leicht","leiden","leider","leise","letzte chance","letzte","leuchtend","liberal","licht","liebe","liebenswurdig","liebevoll","life-changing","limitiert","lohnend","loser","losung","lugen","lugend","lukrativ","lust","lustig","lustige","lustigsten","luxorios","magisch","mainstream","mammut","manipulativ","massiv","masterclass","meditierend","meiseter","meistverkauft","meltdown","millionen","mind-blowing","minderwertig","minimalist","missbrauch","misstrauisch","mittelmassig","mittig","modern","moderne","moglichkeiten","monetarisieren","monumental","mord","motiviert","muhelos","muhevoll","mull","mut","mutig","nachmachen","nachteile","nackt","nagel","naiv","natural","nazi","neid","nervos","neu","niedertrachtig","niemals","notfall","notiert","nutzlich","nutzlos","offensichtlich","offiziel","offnen","ohne hintergedanken","ok","okay","okonomisch","on-demand","opfer","optimistisch","overnight","packend","panik","panzer","paralisiert","pas","passioniert","pause","payback","peinlich","perfekt","perplex","perskeptive","pessimistisch","pfund","piranha","pleite","plotzlich","pochend","polarisierend","popular","portfolio","praktisch","preis","prestige","privat","privatsphare","priviligiert","problem","produktiv","professionell","profit","profitabel","provokativ","provozierend","prozess","psychologisch","qual","qualen","qualitat","rabatt","rache","rachsuchtig","raffiniert","rasend","rat","rau","recherche","reduziert","reflektieren","regeln","reich","reiche","reichtum","relaxed","report","responsive","revolutionar","riesig","risiko","riskant","riskieren","rotzfrech","rowdy","ruckrat","ruckschlag","rucksichtlos","ruhig","ruiniert","sabotiert","sadistisch","sale","sarkastisch","scam","schabig","schadigend","schadlich","schamlos","schatz","schicksal","schlachten","schlafen","schlag","schlau","schlimm","schmerzhaft","schmerzlos","schmuggel","schnell","schnellstart","schokierend","schonheit","schrecklich","schreien","schritt fur schritt","schuld","schuldlos","schwach","schwarm","schwarzmarkt","schwerkraft","schwinden","sechsstellig","sehenswerte","selbsthass","selten","sensationell","sex","sexy","sicher","sicherheit","sicherlich","sieg","sill","simpel","sinnlich","sinnlos","skandal","skandalos","skill","sklave","sneak-peek","snob","sofort gespart","sofort","sollte","sonnig","sonnige","sonnigen","sorgen","sorgfaltig","sorglos","spannend","sparen","sparsam","spass","spassig","spektakular","speziell","spielen","spoiler","spontan","spotlight","stabil","stark","start","stoisch","stolz","stop","strahlend","strangulieren","strategie","studien","stumperhaft","stur","sunden","sundigend","super","superb","survival","tapfer","tauschend","teaser","technologie","terror","terrorist","teuer","tief","tiefgreifend","tierisch","tod","todlich","toll","tolle","toller","tortur","tot","tote","toten","totend","toxisch","tragisch","tragodie","transfomieren","transparenz","trauma","traumatisiert","traurigkeit","trend","tricks","trigger","triumpf","trocken","trotz","trugerisch","tweaks","tyrann","ubel","uberfordert","uberkommen","uberleben","uberlegen","uberraschend","uberrascht","uberraschung","uberwaltigend","uberwinden","ultimativ","umfassend","umstritten","umwerfend","unatorisiert","unaufhaltbar","unausgelasted","unbedacht","unbeliebt","unbeschwert","unbewusst","undercover","undokumentiert","unehrlich","unentschlossen","unerwartet","unfahig","ungeduldig","ungedult","ungehort","ungemutlich","ungerechtfertigt","ungesehen","ungetrubt","ungewohnlich","ungezogen","unglaublich","unglaubliches","uninteressiert","unkontrollierbar","unkonventionell","unlimitiert","unpenetrierbar","unschuldig","unsicher","unstabil","unter verschluss","untergrund","unterhaltsam","unterstutz","unterstutzend","unubertroffen","unvergesslich","unverneinbar","unvoreingenommen","unwiderstehlich","unwirtlich","unzensiert","unzuverlassig","up-selling","vaporisieren","verangstigt","verantwortlich","verargert","verarscht","verbessert","verbluffend","verblufft","verboten","verbreiten","verdachtig","verdammt","verdeckt","vereinfacht","verfuhrend","vergebend","vergessen","vergleich","verhauen","verifizieren","verkommen","verlegen","verletzbar","verletzt","verlockend","verloren","vermasselt","vermeiden","vermogen","vernichten","vernichtend","vernunftig","veroffentlichung","verpassen","verraterisch","verruckt","versagen","verschwitzt","versichert","verspielt","versprechend","versteckt","vertrauenswurdig","vertraulich","vertraumt","verurteilend","verwunderlich","verwundet","verzaubernd","verzweifelt","vierfach","vogelfrei","vollig","vollstandig","vorsicht","vorstellungskraft","vorteil","wachstum","wagemutig","wahnsinn","wahnsinnig","wahrhaftig","wahrheit","wahrheitsgemass","wahrscheinlich","warnung","was dir keiner sagt","wehleidig","welt","wenig bekannt","wert","wertvoll","wichtig","widerlich","wiedererkannt","wild","wilde","wilden","willensstarke","wirr","wohltatigkeit","wortlich","wunder","wunderbar","wunderbaren","wunderschon","wutend","zeichen","zeitig","zen","zensiert","zerschlagen","zerschmetternd","zerstorend","zertifiziert","zielorientiert","zischend","zischt","zocken","zogernd","zugeben","zuruckgehalten","zuruckgelassen","zuruckweisen","zusatzlich","zutaten","zuverlassig","zwangsernahrt","zweifelnd","zwickend","zwingend","einfache","einfachen","einfaches","einfacher","simple","simplen","simples","simpler","besten","bestes","bester","beste","bestbewertet","bestbewerteten","bestbewertete","bestbewerteter","bestbewertetes","\u00fcberraschende","\u00fcberraschenden","\u00fcberraschendes","\u00fcberraschender","hilfreiche","hilfreiches","hilfreichen","hilfreicher","f\u00f6rdern","unterst\u00fctzen","helfen","spielerisch","spannende","spannendes","spannenden","spannender","gro\u00dfartige","gro\u00dfartiges","gro\u00dfartigen","gro\u00dfartiger","ideal","ideales","idealen","idealer","faszinierend","faszinierendes","faszinierenden","faszinierender","wichtig","wichtige","wichtiges","wichtigen","wichtiger","sicher","sichere","sicheres","sicheren","sicherer","umfassende","umfassendes","umfassenden","umfassender","ultimative","ultimatives","ultimativen","ultimativer","einzigartige","einzigartiges","einzigartigen","einzigartiger"],"diacritics":{"A":"[\\u0041\\u24B6\\uFF21\\u00C0\\u00C1\\u00C2\\u1EA6\\u1EA4\\u1EAA\\u1EA8\\u00C3\\u0100\\u0102\\u1EB0\\u1EAE\\u1EB4\\u1EB2\\u0226\\u01E0\\u01DE\\u1EA2\\u00C5\\u01FA\\u01CD\\u0200\\u0202\\u1EA0\\u1EAC\\u1EB6\\u1E00\\u0104\\u023A\\u2C6F]","AA":"[\\uA732]","AE":"[\\u00C6\\u01FC\\u01E2\\u00C4]","AO":"[\\uA734]","AU":"[\\uA736]","AV":"[\\uA738\\uA73A]","AY":"[\\uA73C]","B":"[\\u0042\\u24B7\\uFF22\\u1E02\\u1E04\\u1E06\\u0243\\u0182\\u0181]","C":"[\\u0043\\u24B8\\uFF23\\u0106\\u0108\\u010A\\u010C\\u00C7\\u1E08\\u0187\\u023B\\uA73E]","D":"[\\u0044\\u24B9\\uFF24\\u1E0A\\u010E\\u1E0C\\u1E10\\u1E12\\u1E0E\\u0110\\u018B\\u018A\\u0189\\uA779]","DZ":"[\\u01F1\\u01C4]","Dz":"[\\u01F2\\u01C5]","E":"[\\u0045\\u24BA\\uFF25\\u00C8\\u00C9\\u00CA\\u1EC0\\u1EBE\\u1EC4\\u1EC2\\u1EBC\\u0112\\u1E14\\u1E16\\u0114\\u0116\\u00CB\\u1EBA\\u011A\\u0204\\u0206\\u1EB8\\u1EC6\\u0228\\u1E1C\\u0118\\u1E18\\u1E1A\\u0190\\u018E]","F":"[\\u0046\\u24BB\\uFF26\\u1E1E\\u0191\\uA77B]","G":"[\\u0047\\u24BC\\uFF27\\u01F4\\u011C\\u1E20\\u011E\\u0120\\u01E6\\u0122\\u01E4\\u0193\\uA7A0\\uA77D\\uA77E]","H":"[\\u0048\\u24BD\\uFF28\\u0124\\u1E22\\u1E26\\u021E\\u1E24\\u1E28\\u1E2A\\u0126\\u2C67\\u2C75\\uA78D]","I":"[\\u0049\\u24BE\\uFF29\\u00CC\\u00CD\\u00CE\\u0128\\u012A\\u012C\\u0130\\u00CF\\u1E2E\\u1EC8\\u01CF\\u0208\\u020A\\u1ECA\\u012E\\u1E2C\\u0197]","J":"[\\u004A\\u24BF\\uFF2A\\u0134\\u0248]","K":"[\\u004B\\u24C0\\uFF2B\\u1E30\\u01E8\\u1E32\\u0136\\u1E34\\u0198\\u2C69\\uA740\\uA742\\uA744\\uA7A2]","L":"[\\u004C\\u24C1\\uFF2C\\u013F\\u0139\\u013D\\u1E36\\u1E38\\u013B\\u1E3C\\u1E3A\\u0141\\u023D\\u2C62\\u2C60\\uA748\\uA746\\uA780]","LJ":"[\\u01C7]","Lj":"[\\u01C8]","M":"[\\u004D\\u24C2\\uFF2D\\u1E3E\\u1E40\\u1E42\\u2C6E\\u019C]","N":"[\\u004E\\u24C3\\uFF2E\\u01F8\\u0143\\u00D1\\u1E44\\u0147\\u1E46\\u0145\\u1E4A\\u1E48\\u0220\\u019D\\uA790\\uA7A4]","NJ":"[\\u01CA]","Nj":"[\\u01CB]","O":"[\\u004F\\u24C4\\uFF2F\\u00D2\\u00D3\\u00D4\\u1ED2\\u1ED0\\u1ED6\\u1ED4\\u00D5\\u1E4C\\u022C\\u1E4E\\u014C\\u1E50\\u1E52\\u014E\\u022E\\u0230\\u022A\\u1ECE\\u0150\\u01D1\\u020C\\u020E\\u01A0\\u1EDC\\u1EDA\\u1EE0\\u1EDE\\u1EE2\\u1ECC\\u1ED8\\u01EA\\u01EC\\u00D8\\u01FE\\u0186\\u019F\\uA74A\\uA74C]","OE":"[\\u00D6]","OI":"[\\u01A2]","OO":"[\\uA74E]","OU":"[\\u0222]","P":"[\\u0050\\u24C5\\uFF30\\u1E54\\u1E56\\u01A4\\u2C63\\uA750\\uA752\\uA754]","Q":"[\\u0051\\u24C6\\uFF31\\uA756\\uA758\\u024A]","R":"[\\u0052\\u24C7\\uFF32\\u0154\\u1E58\\u0158\\u0210\\u0212\\u1E5A\\u1E5C\\u0156\\u1E5E\\u024C\\u2C64\\uA75A\\uA7A6\\uA782]","S":"[\\u0053\\u24C8\\uFF33\\u1E9E\\u015A\\u1E64\\u015C\\u1E60\\u0160\\u1E66\\u1E62\\u1E68\\u0218\\u015E\\u2C7E\\uA7A8\\uA784]","T":"[\\u0054\\u24C9\\uFF34\\u1E6A\\u0164\\u1E6C\\u021A\\u0162\\u1E70\\u1E6E\\u0166\\u01AC\\u01AE\\u023E\\uA786]","TZ":"[\\uA728]","U":"[\\u0055\\u24CA\\uFF35\\u00D9\\u00DA\\u00DB\\u0168\\u1E78\\u016A\\u1E7A\\u016C\\u01DB\\u01D7\\u01D5\\u01D9\\u1EE6\\u016E\\u0170\\u01D3\\u0214\\u0216\\u01AF\\u1EEA\\u1EE8\\u1EEE\\u1EEC\\u1EF0\\u1EE4\\u1E72\\u0172\\u1E76\\u1E74\\u0244]","UE":"[\\u00DC]","V":"[\\u0056\\u24CB\\uFF36\\u1E7C\\u1E7E\\u01B2\\uA75E\\u0245]","VY":"[\\uA760]","W":"[\\u0057\\u24CC\\uFF37\\u1E80\\u1E82\\u0174\\u1E86\\u1E84\\u1E88\\u2C72]","X":"[\\u0058\\u24CD\\uFF38\\u1E8A\\u1E8C]","Y":"[\\u0059\\u24CE\\uFF39\\u1EF2\\u00DD\\u0176\\u1EF8\\u0232\\u1E8E\\u0178\\u1EF6\\u1EF4\\u01B3\\u024E\\u1EFE]","Z":"[\\u005A\\u24CF\\uFF3A\\u0179\\u1E90\\u017B\\u017D\\u1E92\\u1E94\\u01B5\\u0224\\u2C7F\\u2C6B\\uA762]","a":"[\\u0061\\u24D0\\uFF41\\u1E9A\\u00E0\\u00E1\\u00E2\\u1EA7\\u1EA5\\u1EAB\\u1EA9\\u00E3\\u0101\\u0103\\u1EB1\\u1EAF\\u1EB5\\u1EB3\\u0227\\u01E1\\u01DF\\u1EA3\\u00E5\\u01FB\\u01CE\\u0201\\u0203\\u1EA1\\u1EAD\\u1EB7\\u1E01\\u0105\\u2C65\\u0250]","aa":"[\\uA733]","ae":"[\\u00E6\\u01FD\\u01E3\\u00E4]","ao":"[\\uA735]","au":"[\\uA737]","av":"[\\uA739\\uA73B]","ay":"[\\uA73D]","b":"[\\u0062\\u24D1\\uFF42\\u1E03\\u1E05\\u1E07\\u0180\\u0183\\u0253]","c":"[\\u0063\\u24D2\\uFF43\\u0107\\u0109\\u010B\\u010D\\u00E7\\u1E09\\u0188\\u023C\\uA73F\\u2184]","d":"[\\u0064\\u24D3\\uFF44\\u1E0B\\u010F\\u1E0D\\u1E11\\u1E13\\u1E0F\\u0111\\u018C\\u0256\\u0257\\uA77A]","dz":"[\\u01F3\\u01C6]","e":"[\\u0065\\u24D4\\uFF45\\u00E8\\u00E9\\u00EA\\u1EC1\\u1EBF\\u1EC5\\u1EC3\\u1EBD\\u0113\\u1E15\\u1E17\\u0115\\u0117\\u00EB\\u1EBB\\u011B\\u0205\\u0207\\u1EB9\\u1EC7\\u0229\\u1E1D\\u0119\\u1E19\\u1E1B\\u0247\\u025B\\u01DD]","f":"[\\u0066\\u24D5\\uFF46\\u1E1F\\u0192\\uA77C]","g":"[\\u0067\\u24D6\\uFF47\\u01F5\\u011D\\u1E21\\u011F\\u0121\\u01E7\\u0123\\u01E5\\u0260\\uA7A1\\u1D79\\uA77F]","h":"[\\u0068\\u24D7\\uFF48\\u0125\\u1E23\\u1E27\\u021F\\u1E25\\u1E29\\u1E2B\\u1E96\\u0127\\u2C68\\u2C76\\u0265]","hv":"[\\u0195]","i":"[\\u0069\\u24D8\\uFF49\\u00EC\\u00ED\\u00EE\\u0129\\u012B\\u012D\\u00EF\\u1E2F\\u1EC9\\u01D0\\u0209\\u020B\\u1ECB\\u012F\\u1E2D\\u0268\\u0131]","j":"[\\u006A\\u24D9\\uFF4A\\u0135\\u01F0\\u0249]","k":"[\\u006B\\u24DA\\uFF4B\\u1E31\\u01E9\\u1E33\\u0137\\u1E35\\u0199\\u2C6A\\uA741\\uA743\\uA745\\uA7A3]","l":"[\\u006C\\u24DB\\uFF4C\\u0140\\u013A\\u013E\\u1E37\\u1E39\\u013C\\u1E3D\\u1E3B\\u017F\\u0142\\u019A\\u026B\\u2C61\\uA749\\uA781\\uA747]","lj":"[\\u01C9]","m":"[\\u006D\\u24DC\\uFF4D\\u1E3F\\u1E41\\u1E43\\u0271\\u026F]","n":"[\\u006E\\u24DD\\uFF4E\\u01F9\\u0144\\u00F1\\u1E45\\u0148\\u1E47\\u0146\\u1E4B\\u1E49\\u019E\\u0272\\u0149\\uA791\\uA7A5]","nj":"[\\u01CC]","o":"[\\u006F\\u24DE\\uFF4F\\u00F2\\u00F3\\u00F4\\u1ED3\\u1ED1\\u1ED7\\u1ED5\\u00F5\\u1E4D\\u022D\\u1E4F\\u014D\\u1E51\\u1E53\\u014F\\u022F\\u0231\\u022B\\u1ECF\\u0151\\u01D2\\u020D\\u020F\\u01A1\\u1EDD\\u1EDB\\u1EE1\\u1EDF\\u1EE3\\u1ECD\\u1ED9\\u01EB\\u01ED\\u00F8\\u01FF\\u0254\\uA74B\\uA74D\\u0275]","oe":"[\\u00f6]","oi":"[\\u01A3]","ou":"[\\u0223]","oo":"[\\uA74F]","p":"[\\u0070\\u24DF\\uFF50\\u1E55\\u1E57\\u01A5\\u1D7D\\uA751\\uA753\\uA755]","q":"[\\u0071\\u24E0\\uFF51\\u024B\\uA757\\uA759]","r":"[\\u0072\\u24E1\\uFF52\\u0155\\u1E59\\u0159\\u0211\\u0213\\u1E5B\\u1E5D\\u0157\\u1E5F\\u024D\\u027D\\uA75B\\uA7A7\\uA783]","s":"[\\u0073\\u24E2\\uFF53\\u015B\\u1E65\\u015D\\u1E61\\u0161\\u1E67\\u1E63\\u1E69\\u0219\\u015F\\u023F\\uA7A9\\uA785\\u1E9B]","ss":"[\\u00DF]","t":"[\\u0074\\u24E3\\uFF54\\u1E6B\\u1E97\\u0165\\u1E6D\\u021B\\u0163\\u1E71\\u1E6F\\u0167\\u01AD\\u0288\\u2C66\\uA787]","tz":"[\\uA729]","u":"[\\u0075\\u24E4\\uFF55\\u00F9\\u00FA\\u00FB\\u0169\\u1E79\\u016B\\u1E7B\\u016D\\u01DC\\u01D8\\u01D6\\u01DA\\u1EE7\\u016F\\u0171\\u01D4\\u0215\\u0217\\u01B0\\u1EEB\\u1EE9\\u1EEF\\u1EED\\u1EF1\\u1EE5\\u1E73\\u0173\\u1E77\\u1E75\\u0289]","ue":"[\\u00FC]","v":"[\\u0076\\u24E5\\uFF56\\u1E7D\\u1E7F\\u028B\\uA75F\\u028C]","vy":"[\\uA761]","w":"[\\u0077\\u24E6\\uFF57\\u1E81\\u1E83\\u0175\\u1E87\\u1E85\\u1E98\\u1E89\\u2C73]","x":"[\\u0078\\u24E7\\uFF58\\u1E8B\\u1E8D]","y":"[\\u0079\\u24E8\\uFF59\\u1EF3\\u00FD\\u0177\\u1EF9\\u0233\\u1E8F\\u00FF\\u1EF7\\u1E99\\u1EF5\\u01B4\\u024F\\u1EFF]","z":"[\\u007A\\u24E9\\uFF5A\\u017A\\u1E91\\u017C\\u017E\\u1E93\\u1E95\\u01B6\\u0225\\u0240\\u2C6C\\uA763]"},"researchesTests":["contentHasTOC","contentHasShortParagraphs","contentHasAssets","keywordInTitle","keywordInMetaDescription","keywordInPermalink","keywordIn10Percent","keywordInContent","keywordInSubheadings","keywordInImageAlt","keywordDensity","keywordNotUsed","lengthContent","lengthPermalink","linksHasInternal","linksHasExternals","linksNotAllExternals","titleStartWithKeyword","titleSentiment","titleHasPowerWords","titleHasNumber","hasContentAI"],"hasRedirection":true,"hasBreadcrumb":false},"homeUrl":"https:\/\/espanoleschool.com\/de\/","objectID":13832,"objectType":"post","locale":"de","localeFull":"de_DE","overlayImages":{"play":{"name":"Wiedergabezeichen","url":"https:\/\/espanoleschool.com\/escuela\/wp-content\/plugins\/seo-by-rank-math\/assets\/admin\/img\/icon-play.png","path":"\/var\/www\/vhosts\/espanoleschool.com\/public_html\/escuela\/wp-content\/plugins\/seo-by-rank-math\/assets\/admin\/img\/icon-play.png","position":"middle_center"},"gif":{"name":"GIF-Symbol","url":"https:\/\/espanoleschool.com\/escuela\/wp-content\/plugins\/seo-by-rank-math\/assets\/admin\/img\/icon-gif.png","path":"\/var\/www\/vhosts\/espanoleschool.com\/public_html\/escuela\/wp-content\/plugins\/seo-by-rank-math\/assets\/admin\/img\/icon-gif.png","position":"middle_center"}},"defautOgImage":"https:\/\/espanoleschool.com\/escuela\/wp-content\/plugins\/seo-by-rank-math\/assets\/admin\/img\/social-placeholder.jpg","customPermalinks":true,"isUserRegistered":false,"autoSuggestKeywords":false,"connectSiteUrl":"https:\/\/rankmath.com\/auth?site=https%3A%2F%2Fespanoleschool.com%2Fde%2F&r=https%3A%2F%2Fespanoleschool.com%2Fde%2Fwp-json%2Fwp%2Fv2%2Fpages%2F23391%2F%3Fnonce%3D086a19ad61","maxTags":5,"trendsIcon":"<svg viewBox=\"0 0 610 610\"><path d=\"M18.85,446,174.32,290.48l58.08,58.08L76.93,504a14.54,14.54,0,0,1-20.55,0L18.83,466.48a14.54,14.54,0,0,1,0-20.55Z\" style=\"fill:#4285f4\"\/><path d=\"M242.65,242.66,377.59,377.6l-47.75,47.75a14.54,14.54,0,0,1-20.55,0L174.37,290.43l47.75-47.75A14.52,14.52,0,0,1,242.65,242.66Z\" style=\"fill:#ea4335\"\/><polygon points=\"319.53 319.53 479.26 159.8 537.34 217.88 377.61 377.62 319.53 319.53\" style=\"fill:#fabb05\"\/><path d=\"M594.26,262.73V118.61h0a16.94,16.94,0,0,0-16.94-16.94H433.2a16.94,16.94,0,0,0-12,28.92L565.34,274.71h0a16.94,16.94,0,0,0,28.92-12Z\" style=\"fill:#34a853\"\/><rect width=\"610\" height=\"610\" style=\"fill:none\"\/><\/svg>","showScore":true,"siteFavIcon":"https:\/\/espanoleschool.com\/escuela\/wp-content\/uploads\/2021\/04\/cropped-Logo-Espanole-32x32.png","canUser":{"general":false,"advanced":false,"snippet":false,"social":false,"analysis":false,"analytics":false,"content_ai":false},"isPro":false,"is_front_page":false,"trendsUpgradeLink":"https:\/\/rankmath.com\/pricing\/?utm_source=Plugin&utm_medium=CE%20General%20Tab%20Trends&utm_campaign=WP","trendsUpgradeLabel":"Upgraden","trendsPreviewImage":"https:\/\/espanoleschool.com\/escuela\/wp-content\/plugins\/seo-by-rank-math\/assets\/admin\/img\/trends-preview.jpg","currentEditor":false,"homepageData":{"assessor":{"powerWords":["abgelenkt","abgesturzt","absolut","abstossend","aburd","abweisen","adaquat","aggressiv","ahnungslos","akkurat","alarmierend","alarmiert","albtraum","all-inclusive","allererste","allererster","allererstes","alleswisser","am schlechtesten","am wichtigsten","angewidert","angriff","angsteinflossend","angstlich","animiert","ankundigung","anonym","anpassbar","anspruchslos","anstossig","antagonistisch","apokalypse","applaus","argumentativ","arm","armageddon","arrogant","atemberaubend","attacke","attraktiv","aufdeckend","aufgebracht","aufgedeckt","aufgeregt","aufheiternd","aufregend","aufregende","aufregenden","aufregung","aufstachelnd","aufstandisch","aufsteigend","auftreibend","augenoffnend","ausgelassen","ausgeruht","ausgespielt","ausgewahlt","ausgewuhlt","ausnutzen","aussergewohnlich","autark","authentisch","autoritat","backdoor","badass","beangstigend","bedenklich","bedingungslos","bedrohen","bedroht","beforderung","befreit","befriedigend","befriedigt","begehren","begeistern","begeistert","begeisterung","beherzt","behind the scenes","beichte","beleidigung","belohnung","bemerkenswert","beneiden","bequem","beruhmt","beschadigen","beschamend","beschmutzt","beschuldigen","beschutzen","besitz","bessesen","bestatigen","bestatigt","beste","bestimmt","bestrafen","betrug","betrugen","bewahrt","bewiesen","bewiesenermassen","bewusst","bezahlbar","bezaubernd","bizarre","bleich","blendend","blut","blutbad","blutig","bombe","bonanza","bonus","bosartig","bose","boshaft","brilliant","brodelnd","brutal","budget","bullshit","bully","bunt","bunte","bunten","case study","cash","challenge","challgene","chaos","cheat-sheet","clever","content","cool","courage","dankbar","daruber redet keiner","deadline","definitiv","dekadent","demoralisierend","demut","desillusioniert","detailiert","diagnose","die wahrheit","direkt","disastros","discount","dokument","dollar","dominieren","doppelt","download","dreckig","dreifach","dreistigkeit","dringend","dringlichkeit","dumm","dummkopf","dummlich","durchbruch","duselig","dynamik","echt","effektiv","effizient","ehrlich","eier","eifersuchtig","eifrig","eindeutig","eindrucksvoll","eine stufe besser","einfach","einfachheit","einfallsreich","eingebildet","eingeschrankt","eingesperrt","einmalig","einsam","eintauchen","einzigartig","eisern","eliminieren","elite","empathie","empfehle","empfehlen","endeffekt","energie","energisch","enorm","entdecken","entfesselt","entfremdet","enthullen","enthullung","enthusiastisch","entmachtet","entsetzlich","entspannt","entzuckend","entzunden","epidemisch","episch","erbarmlich","erfolg","erfolgreich","erfolgsbilanz","erfreut","erfullen","erfullt","ergebnisse","ergreifen","erhaben","erheben","erhohen","erledigt","ermachtigt","ermudet","ernmutigt","ernsthaft","erobern","erroten","errungenschaft","erschaffen","erschrocken","ersehnen","ersparnisse","erstattbar","erstatten","erstaunlich","erste","ertrinken","essentiell","ethisch","euphorisch","exakt","exklusiv","exklusivitat","exkuisit","experte","explodieren","explosiv","exposed","extrem","exzellent","fahig","fahigkeiten","fail","falle","fantasie","fantastischen","farbenfroh","farbenfrohe","faszinierend","faszinierende","faul","faux pas","faux","fehler","feindselig","feldstudie","fesselnd","festlich","festmahl","festplatte","final","flirt","fluchtling","flussig","fokus","fokussiert","folter","formel","frech","freebie","frei","freiheit","freudig","friedlich","frohlich","frohlichkeit","frustriert","fundamental","fur immer","furchtbar","furchtlos","gangster","garantiert","geblendet","geehrt","gefahr","gefahrlich","gefangen","gefangnis","gefeuert","gegensatzlich","gehassig","geheimnis","geheimnisse","geil","geisseln","geist","geistesgestort","gelassen","geld zuruck","geld","genial","gepackt","gerade angekommen","gerissen","geschenk","geschmuggelt","geschutzt","gestandnis","gestandnisse","gestopft","gestresst","gesucht","gesund","getauscht","getestet","getotet","gewaltig","gewalttatig","gewidmet","gewinnspiel","gier","gierig","gift","giftig","gigantisch","giveaway","glamourose","glanzend","glaube","glaubwurdig","gleichmassig","glittering","glitzernde","gluckselig","golden","grandios","grandiose","grandiosen","grandioses","grauenhaft","grausamkeit","grinsen","groesste","gross","grossartig","grossartig","grossartige","grossartigen","grossartiger","grossartiges","grosse","grossen","grosste","grosszugig","grotesk","grube","grundlegend","gruselig","gunstig","hack","hamisch","hammer","handelsgeheimnis","hartnackig","hass","heilig","heimlich","heisshunger","heisshungrig","heiter","held","hell","herablassend","herausfordernd","herausforderung","herausvorderung","herrlichen","herrschend","hervorragend","herz","herzbrechend","herzerwahrmend","heute","hightech","hilflosigkeit","hilfreich","hilfsbereit","himmlisch","hinterhaltig","hoax","hocheffektiv","hochnasig","hochste","hoffnung","hoffnungsvoll","holle","holocaust","horror","how to","humor","hungrige","hurrikan","hypnotisch","hypnotisierend","idiot","idiotisch","illegal","immer","informativ","inhalt","inkompetent","innovativ","insider","inspirierend","inspiriert","intelligent","intensiv","interessant","interessante","invasion","investment","ist da","jackpot","jederzeit kundigen","jetzt","jubilant","jumpstart","jung","kadaver","kampf","katapult","katastrophe","kaufen","kein risiko","keine verpflichtung","kickstart","kindisch","kitschig","klaglich","klar","knast","kollabieren","kollosal","komfortabel","komisch","kompetitiv","komplett","kompromiss","komsich","konstruktiv","kontrollierend","kontrollverlust","kooperativ","kopie","korrupt","kostenlos","kraftlos","kraftvoll","krankhaft","kreativ","kreative","kriese","kritisch","kruppel","lachen","lacherlich","lahm","last minute","lauernd","lebendig","lebenslanglich","lecken","lecker","legendar","legitim","leiche","leicht","leiden","leider","leise","letzte chance","letzte","leuchtend","liberal","licht","liebe","liebenswurdig","liebevoll","life-changing","limitiert","lohnend","loser","losung","lugen","lugend","lukrativ","lust","lustig","lustige","lustigsten","luxorios","magisch","mainstream","mammut","manipulativ","massiv","masterclass","meditierend","meiseter","meistverkauft","meltdown","millionen","mind-blowing","minderwertig","minimalist","missbrauch","misstrauisch","mittelmassig","mittig","modern","moderne","moglichkeiten","monetarisieren","monumental","mord","motiviert","muhelos","muhevoll","mull","mut","mutig","nachmachen","nachteile","nackt","nagel","naiv","natural","nazi","neid","nervos","neu","niedertrachtig","niemals","notfall","notiert","nutzlich","nutzlos","offensichtlich","offiziel","offnen","ohne hintergedanken","ok","okay","okonomisch","on-demand","opfer","optimistisch","overnight","packend","panik","panzer","paralisiert","pas","passioniert","pause","payback","peinlich","perfekt","perplex","perskeptive","pessimistisch","pfund","piranha","pleite","plotzlich","pochend","polarisierend","popular","portfolio","praktisch","preis","prestige","privat","privatsphare","priviligiert","problem","produktiv","professionell","profit","profitabel","provokativ","provozierend","prozess","psychologisch","qual","qualen","qualitat","rabatt","rache","rachsuchtig","raffiniert","rasend","rat","rau","recherche","reduziert","reflektieren","regeln","reich","reiche","reichtum","relaxed","report","responsive","revolutionar","riesig","risiko","riskant","riskieren","rotzfrech","rowdy","ruckrat","ruckschlag","rucksichtlos","ruhig","ruiniert","sabotiert","sadistisch","sale","sarkastisch","scam","schabig","schadigend","schadlich","schamlos","schatz","schicksal","schlachten","schlafen","schlag","schlau","schlimm","schmerzhaft","schmerzlos","schmuggel","schnell","schnellstart","schokierend","schonheit","schrecklich","schreien","schritt fur schritt","schuld","schuldlos","schwach","schwarm","schwarzmarkt","schwerkraft","schwinden","sechsstellig","sehenswerte","selbsthass","selten","sensationell","sex","sexy","sicher","sicherheit","sicherlich","sieg","sill","simpel","sinnlich","sinnlos","skandal","skandalos","skill","sklave","sneak-peek","snob","sofort gespart","sofort","sollte","sonnig","sonnige","sonnigen","sorgen","sorgfaltig","sorglos","spannend","sparen","sparsam","spass","spassig","spektakular","speziell","spielen","spoiler","spontan","spotlight","stabil","stark","start","stoisch","stolz","stop","strahlend","strangulieren","strategie","studien","stumperhaft","stur","sunden","sundigend","super","superb","survival","tapfer","tauschend","teaser","technologie","terror","terrorist","teuer","tief","tiefgreifend","tierisch","tod","todlich","toll","tolle","toller","tortur","tot","tote","toten","totend","toxisch","tragisch","tragodie","transfomieren","transparenz","trauma","traumatisiert","traurigkeit","trend","tricks","trigger","triumpf","trocken","trotz","trugerisch","tweaks","tyrann","ubel","uberfordert","uberkommen","uberleben","uberlegen","uberraschend","uberrascht","uberraschung","uberwaltigend","uberwinden","ultimativ","umfassend","umstritten","umwerfend","unatorisiert","unaufhaltbar","unausgelasted","unbedacht","unbeliebt","unbeschwert","unbewusst","undercover","undokumentiert","unehrlich","unentschlossen","unerwartet","unfahig","ungeduldig","ungedult","ungehort","ungemutlich","ungerechtfertigt","ungesehen","ungetrubt","ungewohnlich","ungezogen","unglaublich","unglaubliches","uninteressiert","unkontrollierbar","unkonventionell","unlimitiert","unpenetrierbar","unschuldig","unsicher","unstabil","unter verschluss","untergrund","unterhaltsam","unterstutz","unterstutzend","unubertroffen","unvergesslich","unverneinbar","unvoreingenommen","unwiderstehlich","unwirtlich","unzensiert","unzuverlassig","up-selling","vaporisieren","verangstigt","verantwortlich","verargert","verarscht","verbessert","verbluffend","verblufft","verboten","verbreiten","verdachtig","verdammt","verdeckt","vereinfacht","verfuhrend","vergebend","vergessen","vergleich","verhauen","verifizieren","verkommen","verlegen","verletzbar","verletzt","verlockend","verloren","vermasselt","vermeiden","vermogen","vernichten","vernichtend","vernunftig","veroffentlichung","verpassen","verraterisch","verruckt","versagen","verschwitzt","versichert","verspielt","versprechend","versteckt","vertrauenswurdig","vertraulich","vertraumt","verurteilend","verwunderlich","verwundet","verzaubernd","verzweifelt","vierfach","vogelfrei","vollig","vollstandig","vorsicht","vorstellungskraft","vorteil","wachstum","wagemutig","wahnsinn","wahnsinnig","wahrhaftig","wahrheit","wahrheitsgemass","wahrscheinlich","warnung","was dir keiner sagt","wehleidig","welt","wenig bekannt","wert","wertvoll","wichtig","widerlich","wiedererkannt","wild","wilde","wilden","willensstarke","wirr","wohltatigkeit","wortlich","wunder","wunderbar","wunderbaren","wunderschon","wutend","zeichen","zeitig","zen","zensiert","zerschlagen","zerschmetternd","zerstorend","zertifiziert","zielorientiert","zischend","zischt","zocken","zogernd","zugeben","zuruckgehalten","zuruckgelassen","zuruckweisen","zusatzlich","zutaten","zuverlassig","zwangsernahrt","zweifelnd","zwickend","zwingend","einfache","einfachen","einfaches","einfacher","simple","simplen","simples","simpler","besten","bestes","bester","beste","bestbewertet","bestbewerteten","bestbewertete","bestbewerteter","bestbewertetes","\u00fcberraschende","\u00fcberraschenden","\u00fcberraschendes","\u00fcberraschender","hilfreiche","hilfreiches","hilfreichen","hilfreicher","f\u00f6rdern","unterst\u00fctzen","helfen","spielerisch","spannende","spannendes","spannenden","spannender","gro\u00dfartige","gro\u00dfartiges","gro\u00dfartigen","gro\u00dfartiger","ideal","ideales","idealen","idealer","faszinierend","faszinierendes","faszinierenden","faszinierender","wichtig","wichtige","wichtiges","wichtigen","wichtiger","sicher","sichere","sicheres","sicheren","sicherer","umfassende","umfassendes","umfassenden","umfassender","ultimative","ultimatives","ultimativen","ultimativer","einzigartige","einzigartiges","einzigartigen","einzigartiger"],"diacritics":true,"researchesTests":["contentHasTOC","contentHasShortParagraphs","contentHasAssets","keywordInTitle","keywordInMetaDescription","keywordInPermalink","keywordIn10Percent","keywordInContent","keywordInSubheadings","keywordInImageAlt","keywordDensity","keywordNotUsed","lengthContent","lengthPermalink","linksHasInternal","linksHasExternals","linksNotAllExternals","titleStartWithKeyword","titleSentiment","titleHasPowerWords","titleHasNumber","hasContentAI"],"hasBreadcrumb":false,"serpData":{"title":"%sitename% %page% %sep% %sitedesc%","description":"","titleTemplate":"%sitename% %page% %sep% %sitedesc%","descriptionTemplate":"","focusKeywords":"","breadcrumbTitle":"Home","robots":{"index":true},"advancedRobots":{"max-snippet":"-1","max-video-preview":"-1","max-image-preview":"large"},"facebookTitle":"","facebookDescription":"","facebookImage":"","facebookImageID":""}}},"tocTitle":"Table of Contents","tocExcludeHeadings":[],"listStyle":"ul"},"_links":{"self":[{"href":"https:\/\/espanoleschool.com\/de\/wp-json\/wp\/v2\/pages\/23391","targetHints":{"allow":["GET"]}}],"collection":[{"href":"https:\/\/espanoleschool.com\/de\/wp-json\/wp\/v2\/pages"}],"about":[{"href":"https:\/\/espanoleschool.com\/de\/wp-json\/wp\/v2\/types\/page"}],"author":[{"embeddable":true,"href":"https:\/\/espanoleschool.com\/de\/wp-json\/wp\/v2\/users\/5"}],"replies":[{"embeddable":true,"href":"https:\/\/espanoleschool.com\/de\/wp-json\/wp\/v2\/comments?post=23391"}],"version-history":[{"count":7,"href":"https:\/\/espanoleschool.com\/de\/wp-json\/wp\/v2\/pages\/23391\/revisions"}],"predecessor-version":[{"id":65834,"href":"https:\/\/espanoleschool.com\/de\/wp-json\/wp\/v2\/pages\/23391\/revisions\/65834"}],"wp:attachment":[{"href":"https:\/\/espanoleschool.com\/de\/wp-json\/wp\/v2\/media?parent=23391"}],"curies":[{"name":"wp","href":"https:\/\/api.w.org\/{rel}","templated":true}]}}